{"id":8,"date":"2022-09-19T15:21:15","date_gmt":"2022-09-19T15:21:15","guid":{"rendered":"https:\/\/regionordvest.ro\/?page_id=8"},"modified":"2026-08-14T12:47:57","modified_gmt":"2026-08-14T09:47:57","slug":"acasa","status":"publish","type":"page","link":"https:\/\/regionordvest.ro\/en\/","title":{"rendered":"Home"},"content":{"rendered":"<section class=\"l-section wpb_row us_custom_4f8d2b39 height_huge with_slider\"><div class=\"l-section-slider\"><div class=\"w-slider style_none fit_cover nav_none count_5\"><div class=\"w-slider-h\" aria-hidden=\"true\"><div class=\"royalSlider\"><div class=\"rsContent\"><a class=\"rsImg\" data-rsw=\"2560\" data-rsh=\"1440\" href=\"https:\/\/regionordvest.ro\/wp-content\/uploads\/2022\/11\/Modernizare-DJ172D_BN-scaled.jpg\"><span data-alt=\"\"><\/span><\/a><\/div><div class=\"rsContent\"><a class=\"rsImg\" data-rsw=\"2560\" data-rsh=\"1707\" href=\"https:\/\/regionordvest.ro\/wp-content\/uploads\/2022\/11\/Castelul-Kaloly_Carei_SM-scaled.jpg\"><span data-alt=\"\"><\/span><\/a><\/div><div class=\"rsContent\"><a class=\"rsImg\" data-rsw=\"1920\" data-rsh=\"1080\" href=\"https:\/\/regionordvest.ro\/wp-content\/uploads\/2022\/11\/Autobuze-electrice-Cluj-7.jpg\"><span data-alt=\"\"><\/span><\/a><\/div><div class=\"rsContent\"><a class=\"rsImg\" data-rsw=\"2560\" data-rsh=\"1707\" href=\"https:\/\/regionordvest.ro\/wp-content\/uploads\/2022\/11\/Casino-Cluj-Napoca_CJ-scaled.jpg\"><span data-alt=\"\"><\/span><\/a><\/div><div class=\"rsContent\"><a class=\"rsImg\" data-rsw=\"2560\" data-rsh=\"1440\" href=\"https:\/\/regionordvest.ro\/wp-content\/uploads\/2022\/11\/Panorama-Lac-Colibita-2-scaled.jpg\"><span data-alt=\"\"><\/span><\/a><\/div><\/div><img decoding=\"async\" src=\"https:\/\/regionordvest.ro\/wp-content\/uploads\/2022\/11\/Modernizare-DJ172D_BN-scaled.jpg\" width=\"2560\" height=\"1440\" alt loading=\"lazy\"><\/div><div class=\"w-slider-json\" onclick='return {&quot;autoScaleSlider&quot;:true,&quot;addActiveClass&quot;:true,&quot;loop&quot;:true,&quot;fadeInLoadedSlide&quot;:false,&quot;slidesSpacing&quot;:0,&quot;imageScalePadding&quot;:0,&quot;numImagesToPreload&quot;:2,&quot;arrowsNav&quot;:false,&quot;arrowsNavAutoHide&quot;:false,&quot;transitionType&quot;:&quot;fade&quot;,&quot;transitionSpeed&quot;:1000,&quot;block&quot;:{&quot;moveEffect&quot;:&quot;none&quot;,&quot;speed&quot;:300},&quot;thumbs&quot;:{&quot;fitInViewport&quot;:false,&quot;firstMargin&quot;:false,&quot;spacing&quot;:4},&quot;controlNavigation&quot;:&quot;none&quot;,&quot;autoplay&quot;:{&quot;enabled&quot;:true,&quot;pauseOnHover&quot;:false,&quot;delay&quot;:3000},&quot;autoScaleSliderWidth&quot;:2560,&quot;autoScaleSliderHeight&quot;:1440}'><\/div><\/div><\/div><div class=\"l-section-overlay\" style=\"background:rgba(0,0,0,0.30)\"><\/div><div class=\"l-section-h i-cf\"><div class=\"g-cols vc_row via_grid cols_1 laptops-cols_inherit tablets-cols_inherit mobiles-cols_1 valign_top type_default stacking_default\"><div class=\"wpb_column vc_column_container us_custom_33b9ee00\"><div class=\"vc_column-inner\"><div class=\"g-cols wpb_row us_custom_95481f48 via_grid cols_1 laptops-cols_inherit tablets-cols_inherit mobiles-cols_1 valign_top type_default stacking_default\" style=\"--columns-gap:3rem;\"><div class=\"wpb_column vc_column_container\"><div class=\"vc_column-inner\"><div class=\"w-vwrapper align_none valign_top\" style=\"--vwrapper-gap:0.7rem\"><h2 class=\"w-text us_custom_d309a239 has_text_color\"><span class=\"w-text-h\"><span class=\"w-text-value\">Autoritatea de Management pentru<\/span><\/span><\/h2><\/div><div class=\"w-vwrapper align_none valign_top\" style=\"--vwrapper-gap:0.7rem\"><h2 class=\"w-text us_custom_92d05337 has_text_color\"><span class=\"w-text-h\"><span class=\"w-text-value\">Programul Regional REGIO Nord-Vest<\/span><\/span><\/h2><\/div><div class=\"w-vwrapper align_none valign_top\" style=\"--vwrapper-gap:0.7rem\"><h2 class=\"w-text us_custom_67a3fa08 has_text_color\"><span class=\"w-text-h\"><span class=\"w-text-value\">2021-2027<\/span><\/span><\/h2><\/div><\/div><\/div><\/div><\/div><\/div><\/div><\/div><\/section><section class=\"l-section wpb_row us_custom_fff866c5 height_small width_full\"><div class=\"l-section-h i-cf\"><div class=\"g-cols vc_row via_grid cols_2 laptops-cols_inherit tablets-cols_inherit mobiles-cols_1 valign_top type_default stacking_default\" style=\"--columns-gap:55px;\"><div class=\"wpb_column vc_column_container us_custom_33b9ee00\"><div class=\"vc_column-inner\"><div class=\"g-cols wpb_row us_custom_d7d47add via_grid cols_4 laptops-cols_2 tablets-cols_2 mobiles-cols_1 valign_top type_default stacking_default\" style=\"--columns-gap:55px;\"><div class=\"wpb_column vc_column_container us_custom_3b85e1e3\"><div class=\"vc_column-inner\"><div class=\"w-vwrapper align_center valign_middle us_custom_3f959b36 hvr-float item\" style=\"--vwrapper-gap:0rem\"><div class=\"w-iconbox us_custom_bbe9ad87 has_text_color iconpos_top style_default color_primary align_center no_text icontype_img\"><a href=\"https:\/\/regionordvest.ro\/programul-regional-nv\/\" class=\"w-iconbox-link\" aria-label=\"Programul Regional NV\"><div class=\"w-iconbox-icon\" style=\"font-size:3rem;\"><svg xmlns=\"http:\/\/www.w3.org\/2000\/svg\" viewBox=\"0 0 512 512\"><!--! Font Awesome Pro 6.2.0 by @fontawesome - https:\/\/fontawesome.com License - https:\/\/fontawesome.com\/license (Commercial License) Copyright 2022 Fonticons, Inc. --><path d=\"M243.4 2.6l-224 96c-14 6-21.8 21-18.7 35.8S16.8 160 32 160v8c0 13.3 10.7 24 24 24H456c13.3 0 24-10.7 24-24v-8c15.2 0 28.3-10.7 31.3-25.6s-4.8-29.9-18.7-35.8l-224-96c-8.1-3.4-17.2-3.4-25.2 0zM128 224H64V420.3c-.6 .3-1.2 .7-1.8 1.1l-48 32c-11.7 7.8-17 22.4-12.9 35.9S17.9 512 32 512H480c14.1 0 26.5-9.2 30.6-22.7s-1.1-28.1-12.9-35.9l-48-32c-.6-.4-1.2-.7-1.8-1.1V224H384V416H344V224H280V416H232V224H168V416H128V224zm128-96c-17.7 0-32-14.3-32-32s14.3-32 32-32s32 14.3 32 32s-14.3 32-32 32z\" fill=\"#023e8a\"\/><\/svg><\/div><\/a><div class=\"w-iconbox-meta\"><h5 class=\"w-iconbox-title\"><a href=\"https:\/\/regionordvest.ro\/programul-regional-nv\/\" class=\"w-iconbox-link\" aria-label=\"Programul Regional NV\">Programul Regional NV<\/a><\/h5><\/div><\/div><\/div><\/div><\/div><div class=\"wpb_column vc_column_container us_custom_3b85e1e3\"><div class=\"vc_column-inner\"><div class=\"w-vwrapper align_center valign_middle us_custom_3f959b36 hvr-float item\" style=\"--vwrapper-gap:0rem\"><div class=\"w-iconbox us_custom_bbe9ad87 has_text_color iconpos_top style_default color_primary align_center no_text icontype_img\"><a href=\"https:\/\/regionordvest.ro\/documente-utile\/\" class=\"w-iconbox-link\" aria-label=\"Documente\nutile\"><div class=\"w-iconbox-icon\" style=\"font-size:2.30rem;\"><svg xmlns=\"http:\/\/www.w3.org\/2000\/svg\" viewBox=\"0 0 384 512\"><!--! Font Awesome Pro 6.2.0 by @fontawesome - https:\/\/fontawesome.com License - https:\/\/fontawesome.com\/license (Commercial License) Copyright 2022 Fonticons, Inc. --><path d=\"M64 0C28.7 0 0 28.7 0 64V448c0 35.3 28.7 64 64 64H320c35.3 0 64-28.7 64-64V160H256c-17.7 0-32-14.3-32-32V0H64zM256 0V128H384L256 0zM112 256H272c8.8 0 16 7.2 16 16s-7.2 16-16 16H112c-8.8 0-16-7.2-16-16s7.2-16 16-16zm0 64H272c8.8 0 16 7.2 16 16s-7.2 16-16 16H112c-8.8 0-16-7.2-16-16s7.2-16 16-16zm0 64H272c8.8 0 16 7.2 16 16s-7.2 16-16 16H112c-8.8 0-16-7.2-16-16s7.2-16 16-16z\" fill=\"#023e8a\"\/><\/svg><\/div><\/a><div class=\"w-iconbox-meta\"><h5 class=\"w-iconbox-title\"><a href=\"https:\/\/regionordvest.ro\/documente-utile\/\" class=\"w-iconbox-link\" aria-label=\"Documente\nutile\">Documente<br \/>\nutile<\/a><\/h5><\/div><\/div><\/div><\/div><\/div><div class=\"wpb_column vc_column_container us_custom_3b85e1e3\"><div class=\"vc_column-inner\"><div class=\"w-vwrapper align_center valign_middle us_custom_3f959b36 hvr-float item\" style=\"--vwrapper-gap:0rem\"><div class=\"w-iconbox us_custom_bbe9ad87 has_text_color iconpos_top style_default color_custom align_center no_text\"><a href=\"https:\/\/regionordvest.ro\/helpdesk\/\" class=\"w-iconbox-link\" aria-label=\"Helpdesk\"><div class=\"w-iconbox-icon\" style=\"font-size:3.5rem;--icon-color:#0d388f;\"><i class=\"fas fa-life-ring\"><\/i><\/div><\/a><div class=\"w-iconbox-meta\"><h5 class=\"w-iconbox-title\"><a href=\"https:\/\/regionordvest.ro\/helpdesk\/\" class=\"w-iconbox-link\" aria-label=\"Helpdesk\">Helpdesk<\/a><\/h5><\/div><\/div><\/div><\/div><\/div><div class=\"wpb_column vc_column_container us_custom_3b85e1e3\"><div class=\"vc_column-inner\"><div class=\"w-vwrapper align_center valign_middle us_custom_3f959b36 hvr-float item\" style=\"--vwrapper-gap:0rem\"><div class=\"w-iconbox us_custom_bbe9ad87 has_text_color iconpos_top style_default color_custom align_center no_text\"><a href=\"https:\/\/regionordvest.ro\/consultare\/\" class=\"w-iconbox-link\" aria-label=\"Consultare Public\u0103\"><div class=\"w-iconbox-icon\" style=\"font-size:3rem;--icon-color:#0d388f;\"><i class=\"fas fa-user-headset\"><\/i><\/div><\/a><div class=\"w-iconbox-meta\"><h5 class=\"w-iconbox-title\"><a href=\"https:\/\/regionordvest.ro\/consultare\/\" class=\"w-iconbox-link\" aria-label=\"Consultare Public\u0103\">Consultare Public\u0103<\/a><\/h5><\/div><\/div><\/div><\/div><\/div><\/div><\/div><\/div><div class=\"wpb_column vc_column_container\"><div class=\"vc_column-inner\"><div class=\"g-cols wpb_row us_custom_d7d47add via_grid cols_4 laptops-cols_2 tablets-cols_2 mobiles-cols_1 valign_top type_default stacking_default\" style=\"--columns-gap:55px;\"><div class=\"wpb_column vc_column_container us_custom_3b85e1e3\"><div class=\"vc_column-inner\"><div class=\"w-vwrapper align_center valign_middle us_custom_3f959b36 hvr-float item\" style=\"--vwrapper-gap:0rem\"><div class=\"w-iconbox us_custom_bf7e0ae5 has_text_color iconpos_top style_default color_primary align_center no_text icontype_img\"><a href=\"https:\/\/regionordvest.ro\/apeluri-de-proiecte\/\" class=\"w-iconbox-link\" aria-label=\"Apeluri de proiecte\"><div class=\"w-iconbox-icon\" style=\"font-size:3rem;\"><svg xmlns=\"http:\/\/www.w3.org\/2000\/svg\" viewBox=\"0 0 640 512\"><!--! Font Awesome Pro 6.2.0 by @fontawesome - https:\/\/fontawesome.com License - https:\/\/fontawesome.com\/license (Commercial License) Copyright 2022 Fonticons, Inc. --><path d=\"M184 88c0 30.9-25.1 56-56 56s-56-25.1-56-56s25.1-56 56-56s56 25.1 56 56zM64 245.7C54 256.9 48 271.8 48 288s6 31.1 16 42.3V245.7zm144.4-49.3C178.7 222.7 160 261.2 160 304c0 34.3 12 65.8 32 90.5V416c0 17.7-14.3 32-32 32H96c-17.7 0-32-14.3-32-32V389.2C26.2 371.2 0 332.7 0 288c0-61.9 50.1-112 112-112h32c24 0 46.2 7.5 64.4 20.3zM448 416V394.5c20-24.7 32-56.2 32-90.5c0-42.8-18.7-81.3-48.4-107.7C449.8 183.5 472 176 496 176h32c61.9 0 112 50.1 112 112c0 44.7-26.2 83.2-64 101.2V416c0 17.7-14.3 32-32 32H480c-17.7 0-32-14.3-32-32zM568 88c0 30.9-25.1 56-56 56s-56-25.1-56-56s25.1-56 56-56s56 25.1 56 56zm8 157.7v84.7c10-11.3 16-26.1 16-42.3s-6-31.1-16-42.3zM320 160c-35.3 0-64-28.7-64-64s28.7-64 64-64s64 28.7 64 64s-28.7 64-64 64zM240 304c0 16.2 6 31 16 42.3V261.7c-10 11.3-16 26.1-16 42.3zm144-42.3v84.7c10-11.3 16-26.1 16-42.3s-6-31.1-16-42.3zM448 304c0 44.7-26.2 83.2-64 101.2V448c0 17.7-14.3 32-32 32H288c-17.7 0-32-14.3-32-32V405.2c-37.8-18-64-56.5-64-101.2c0-61.9 50.1-112 112-112h32c61.9 0 112 50.1 112 112z\" fill=\"#023e8a\"\/><\/svg><\/div><\/a><div class=\"w-iconbox-meta\"><h5 class=\"w-iconbox-title\"><a href=\"https:\/\/regionordvest.ro\/apeluri-de-proiecte\/\" class=\"w-iconbox-link\" aria-label=\"Apeluri de proiecte\">Apeluri de proiecte<\/a><\/h5><\/div><\/div><\/div><\/div><\/div><div class=\"wpb_column vc_column_container us_custom_3b85e1e3\"><div class=\"vc_column-inner\"><div class=\"w-vwrapper align_center valign_middle us_custom_3f959b36 hvr-float item\" style=\"--vwrapper-gap:0rem\"><div class=\"w-iconbox us_custom_bbe9ad87 has_text_color iconpos_top style_default color_custom align_center no_text\"><a href=\"https:\/\/regionordvest.ro\/implementare\/\" class=\"w-iconbox-link\" aria-label=\"Implementare\"><div class=\"w-iconbox-icon\" style=\"font-size:3rem;--icon-color:#0d388f;\"><i class=\"fas fa-inbox-in\"><\/i><\/div><\/a><div class=\"w-iconbox-meta\"><h5 class=\"w-iconbox-title\"><a href=\"https:\/\/regionordvest.ro\/implementare\/\" class=\"w-iconbox-link\" aria-label=\"Implementare\">Implementare<\/a><\/h5><\/div><\/div><\/div><\/div><\/div><div class=\"wpb_column vc_column_container us_custom_3b85e1e3\"><div class=\"vc_column-inner\"><div class=\"w-vwrapper align_center valign_middle us_custom_3f959b36 hvr-float item\" style=\"--vwrapper-gap:0rem\"><div class=\"w-iconbox us_custom_bbe9ad87 has_text_color iconpos_top style_default color_primary align_center no_text icontype_img\"><a title=\"Comunicare\" href=\"https:\/\/regionordvest.ro\/comunicare\/\" class=\"w-iconbox-link\" aria-label=\"Comunicare\"><div class=\"w-iconbox-icon\" style=\"font-size:3rem;\"><svg xmlns=\"http:\/\/www.w3.org\/2000\/svg\" viewBox=\"0 0 512 512\"><!--! Font Awesome Pro 6.2.0 by @fontawesome - https:\/\/fontawesome.com License - https:\/\/fontawesome.com\/license (Commercial License) Copyright 2022 Fonticons, Inc. --><path d=\"M256 448c141.4 0 256-93.1 256-208S397.4 32 256 32S0 125.1 0 240c0 45.1 17.7 86.8 47.7 120.9c-1.9 24.5-11.4 46.3-21.4 62.9c-5.5 9.2-11.1 16.6-15.2 21.6c-2.1 2.5-3.7 4.4-4.9 5.7c-.6 .6-1 1.1-1.3 1.4l-.3 .3 0 0 0 0 0 0 0 0c-4.6 4.6-5.9 11.4-3.4 17.4c2.5 6 8.3 9.9 14.8 9.9c28.7 0 57.6-8.9 81.6-19.3c22.9-10 42.4-21.9 54.3-30.6c31.8 11.5 67 17.9 104.1 17.9zM128 272c-17.7 0-32-14.3-32-32s14.3-32 32-32s32 14.3 32 32s-14.3 32-32 32zm128 0c-17.7 0-32-14.3-32-32s14.3-32 32-32s32 14.3 32 32s-14.3 32-32 32zm160-32c0 17.7-14.3 32-32 32s-32-14.3-32-32s14.3-32 32-32s32 14.3 32 32z\" fill=\"#023e8a\"\/><\/svg><\/div><\/a><div class=\"w-iconbox-meta\"><h5 class=\"w-iconbox-title\"><a title=\"Comunicare\" href=\"https:\/\/regionordvest.ro\/comunicare\/\" class=\"w-iconbox-link\" aria-label=\"Comunicare\">Comunicare<\/a><\/h5><\/div><\/div><\/div><\/div><\/div><div class=\"wpb_column vc_column_container\"><div class=\"vc_column-inner\"><div class=\"w-vwrapper align_center valign_middle us_custom_3f959b36 hvr-float item\" style=\"--vwrapper-gap:0rem\"><div class=\"w-iconbox us_custom_bbe9ad87 has_text_color iconpos_top style_default color_custom align_center no_text\"><a title=\"Comunicare\" href=\"https:\/\/regionordvest.ro\/date-statistice\/\" class=\"w-iconbox-link\" aria-label=\"Date statistice\"><div class=\"w-iconbox-icon\" style=\"font-size:3rem;--icon-color:#023e8a;\"><i class=\"fas fa-database\"><\/i><\/div><\/a><div class=\"w-iconbox-meta\"><h5 class=\"w-iconbox-title\"><a title=\"Comunicare\" href=\"https:\/\/regionordvest.ro\/date-statistice\/\" class=\"w-iconbox-link\" aria-label=\"Date statistice\">Date statistice<\/a><\/h5><\/div><\/div><\/div><\/div><\/div><\/div><\/div><\/div><\/div><\/div><\/section><section class=\"l-section wpb_row height_small\"><div class=\"l-section-h i-cf\"><div class=\"g-cols vc_row via_grid cols_1 laptops-cols_inherit tablets-cols_inherit mobiles-cols_1 valign_top type_default stacking_default\"><div class=\"wpb_column vc_column_container\"><div class=\"vc_column-inner\"><div class=\"w-separator size_medium with_line width_50 thick_3 style_solid color_border align_center with_text with_content\"><div class=\"w-separator-h\"><h3 class=\"w-separator-text\"><span>Nout\u0103\u021bi<\/span><\/h3><\/div><\/div><div class=\"w-grid us_grid us_custom_47b9bba8 type_grid layout_1345 cols_3 preload_style_spinner overflow_hidden\" id=\"us_grid_1\" style=\"--columns:3;--gap:1.5rem;--title-font-size: 14px;\" data-filterable=\"true\"><style>@media (max-width:1024px){#us_grid_1{--columns:2!important}}@media (max-width:700px){#us_grid_1{--columns:1!important}}.layout_1345 .w-grid-item-h{background:var(--color-content-bg-alt);color:var(--color-content-text);border-radius:0rem;box-shadow:0 0.03rem 0.06rem rgba(0,0,0,0.1),0 0.1rem 0.3rem rgba(0,0,0,0.1);transition-duration:0.3s}.no-touch .layout_1345 .w-grid-item-h:hover{box-shadow:0 0.1rem 0.2rem rgba(0,0,0,0.1),0 0.33rem 1rem rgba(0,0,0,0.15);z-index:4}.layout_1345 .usg_post_title_1{font-weight:700!important;font-size:1.2rem!important}.layout_1345 .usg_vwrapper_1{padding:4% 11% 4% 11%!important}.layout_1345 .usg_vwrapper_2{padding:4% 11% 4% 11%!important}.layout_1345 .usg_vwrapper_3{margin-bottom:1em!important}@media (max-width:700px){.layout_1345 .usg_post_title_1{font-size:1.2rem!important}}<\/style><div class=\"w-grid-list\">\t<article class=\"w-grid-item size_1x1 post-11042 post type-post status-publish format-standard has-post-thumbnail hentry category-corrigendum category-por-2021-2027\" data-id=\"11042\">\r\n\t\t<div class=\"w-grid-item-h\">\r\n\t\t\t\t\t\t\t<a href=\"https:\/\/regionordvest.ro\/en\/corrigendum-nr-2-pentru-ghidul-solicitantului-113-ecosisteme-de-inovare-centre-cdi-inclusiv-cercetare-in-colaborare\/\" class=\"w-grid-item-anchor\" aria-label=\"CORRIGENDUM nr. 2 pentru Ghidul Solicitantului 113 &#8211; Ecosisteme de inovare \u2013 centre CDI \u2013 Inclusiv cercetare \u00een colaborare\"><\/a>\r\n\t\t\t\t\t\t<div class=\"w-vwrapper usg_vwrapper_3 align_none valign_top\" style=\"--vwrapper-gap: 2rem;\"><div class=\"w-post-elm post_image usg_post_image_1 has_ratio\"><img loading=\"lazy\" decoding=\"async\" width=\"1024\" height=\"961\" src=\"https:\/\/regionordvest.ro\/wp-content\/uploads\/2026\/06\/113-CORRIGENDUM-2-1024x961.jpg\" class=\"attachment-large size-large wp-post-image\" alt=\"\" \/><div style=\"padding-bottom:75%\"><\/div><\/div><\/div><div class=\"w-vwrapper usg_vwrapper_1 align_none valign_middle\" style=\"--vwrapper-gap: 0.5rem;\"><h2 class=\"w-post-elm post_title usg_post_title_1 wrapper align_left color_link_inherit\">CORRIGENDUM nr. 2 pentru Ghidul Solicitantului 113 &#8211; Ecosisteme de inovare \u2013 centre CDI \u2013 Inclusiv cercetare \u00een colaborare<\/h2><\/div><div class=\"w-vwrapper usg_vwrapper_2 align_none valign_bottom\" style=\"--vwrapper-gap: 0.4rem;\"><time class=\"w-post-elm post_date usg_post_date_2 icon-data entry-date published\" datetime=\"2026-08-31T14:36:51+03:00\"><i class=\"far fa-calendar\"><\/i>August 31, 2026<\/time><\/div>\t\t<\/div>\r\n\t\t\t<\/article>\r\n\t<article class=\"w-grid-item size_1x1 post-11770 post type-post status-publish format-standard has-post-thumbnail hentry category-por-2021-2027\" data-id=\"11770\">\r\n\t\t<div class=\"w-grid-item-h\">\r\n\t\t\t\t\t\t\t<a href=\"https:\/\/regionordvest.ro\/en\/apelul-de-proiecte-dedicat-investitiilor-in-tehnologii-strategice-step-este-deschis-de-la-ora-1000\/\" class=\"w-grid-item-anchor\" aria-label=\"Apelul de proiecte dedicat investi\u021biilor \u00een tehnologii strategice (STEP) este deschis de la ora 10:00\"><\/a>\r\n\t\t\t\t\t\t<div class=\"w-vwrapper usg_vwrapper_3 align_none valign_top\" style=\"--vwrapper-gap: 2rem;\"><div class=\"w-post-elm post_image usg_post_image_1 has_ratio\"><img loading=\"lazy\" decoding=\"async\" width=\"1024\" height=\"859\" src=\"https:\/\/regionordvest.ro\/wp-content\/uploads\/2026\/08\/961-3-1024x859.png\" class=\"attachment-large size-large wp-post-image\" alt=\"\" \/><div style=\"padding-bottom:75%\"><\/div><\/div><\/div><div class=\"w-vwrapper usg_vwrapper_1 align_none valign_middle\" style=\"--vwrapper-gap: 0.5rem;\"><h2 class=\"w-post-elm post_title usg_post_title_1 wrapper align_left color_link_inherit\">Apelul de proiecte dedicat investi\u021biilor \u00een tehnologii strategice (STEP) este deschis de la ora 10:00<\/h2><\/div><div class=\"w-vwrapper usg_vwrapper_2 align_none valign_bottom\" style=\"--vwrapper-gap: 0.4rem;\"><time class=\"w-post-elm post_date usg_post_date_2 icon-data entry-date published\" datetime=\"2026-08-28T10:00:59+03:00\"><i class=\"far fa-calendar\"><\/i>August 28, 2026<\/time><\/div>\t\t<\/div>\r\n\t\t\t<\/article>\r\n\t<article class=\"w-grid-item size_1x1 post-11748 post type-post status-publish format-standard has-post-thumbnail hentry category-corrigendum category-por-2021-2027\" data-id=\"11748\">\r\n\t\t<div class=\"w-grid-item-h\">\r\n\t\t\t\t\t\t\t<a href=\"https:\/\/regionordvest.ro\/en\/corrigendum-nr-1-pentru-ghidul-solicitantului-961-sprijinirea-proiectelor-cu-aplicabilitate-in-domeniile-step-din-regiunea-de-dezvoltare-nord-vest\/\" class=\"w-grid-item-anchor\" aria-label=\"CORRIGENDUM nr. 1 pentru Ghidul Solicitantului 961 \u2013 Sprijinirea proiectelor cu aplicabilitate \u00een domeniile STEP din Regiunea de Dezvoltare Nord-Vest\"><\/a>\r\n\t\t\t\t\t\t<div class=\"w-vwrapper usg_vwrapper_3 align_none valign_top\" style=\"--vwrapper-gap: 2rem;\"><div class=\"w-post-elm post_image usg_post_image_1 has_ratio\"><img loading=\"lazy\" decoding=\"async\" width=\"1024\" height=\"961\" src=\"https:\/\/regionordvest.ro\/wp-content\/uploads\/2026\/08\/961_CORRIGENDUM-nr.-1-1024x961.jpg\" class=\"attachment-large size-large wp-post-image\" alt=\"\" \/><div style=\"padding-bottom:75%\"><\/div><\/div><\/div><div class=\"w-vwrapper usg_vwrapper_1 align_none valign_middle\" style=\"--vwrapper-gap: 0.5rem;\"><h2 class=\"w-post-elm post_title usg_post_title_1 wrapper align_left color_link_inherit\">CORRIGENDUM nr. 1 pentru Ghidul Solicitantului 961 \u2013 Sprijinirea proiectelor cu aplicabilitate \u00een domeniile STEP din Regiunea de Dezvoltare Nord-Vest<\/h2><\/div><div class=\"w-vwrapper usg_vwrapper_2 align_none valign_bottom\" style=\"--vwrapper-gap: 0.4rem;\"><time class=\"w-post-elm post_date usg_post_date_2 icon-data entry-date published\" datetime=\"2026-08-27T11:15:54+03:00\"><i class=\"far fa-calendar\"><\/i>August 27, 2026<\/time><\/div>\t\t<\/div>\r\n\t\t\t<\/article>\r\n<\/div>\t<div class=\"w-grid-preloader\">\r\n\t\t<div class=\"g-preloader type_1\">\r\n\t\t\t<div><\/div>\r\n\t\t<\/div>\r\n\t<\/div>\r\n\t\t<div class=\"w-grid-json hidden\" onclick='return {&quot;action&quot;:&quot;us_ajax_grid&quot;,&quot;infinite_scroll&quot;:0,&quot;max_num_pages&quot;:193,&quot;pagination&quot;:&quot;none&quot;,&quot;template_vars&quot;:{&quot;columns&quot;:&quot;3&quot;,&quot;exclude_items&quot;:&quot;none&quot;,&quot;img_size&quot;:&quot;default&quot;,&quot;ignore_items_size&quot;:0,&quot;items_layout&quot;:&quot;1345&quot;,&quot;items_offset&quot;:&quot;1&quot;,&quot;load_animation&quot;:&quot;none&quot;,&quot;overriding_link&quot;:&quot;%7B%22type%22%3A%22post%22%7D&quot;,&quot;post_id&quot;:0,&quot;query_args&quot;:{&quot;post_type&quot;:[&quot;post&quot;],&quot;tax_query&quot;:[{&quot;taxonomy&quot;:&quot;category&quot;,&quot;field&quot;:&quot;slug&quot;,&quot;terms&quot;:[&quot;por-2021-2027&quot;]}],&quot;post_status&quot;:[&quot;publish&quot;],&quot;posts_per_page&quot;:&quot;3&quot;},&quot;orderby_query_args&quot;:{&quot;orderby&quot;:{&quot;date&quot;:&quot;DESC&quot;}},&quot;type&quot;:&quot;grid&quot;,&quot;us_grid_post_type&quot;:&quot;post&quot;,&quot;us_grid_ajax_index&quot;:1,&quot;us_grid_filter_query_string&quot;:null,&quot;us_grid_index&quot;:1,&quot;page_args&quot;:[]}}'><\/div>\r\n\t<\/div><div class=\"w-btn-wrapper align_center\"><a class=\"w-btn us-btn-style_2\" href=\"https:\/\/regionordvest.ro\/stiri-si-anunturi\/\"><span class=\"w-btn-label\">MAI MULTE<\/span><\/a><\/div><\/div><\/div><\/div><\/div><\/section><section class=\"l-section wpb_row height_small\"><div class=\"l-section-h i-cf\"><div class=\"g-cols vc_row via_grid cols_1 laptops-cols_inherit tablets-cols_inherit mobiles-cols_1 valign_top type_default stacking_default\"><div class=\"wpb_column vc_column_container\"><div class=\"vc_column-inner\"><div class=\"g-cols wpb_row us_custom_6e5d6474 via_grid cols_3 laptops-cols_inherit tablets-cols_inherit mobiles-cols_1 valign_middle type_default stacking_default\" style=\"--columns-gap:0rem;\"><div class=\"wpb_column vc_column_container\"><div class=\"vc_column-inner\"><div class=\"w-counter color_primary align_center animation_none\" data-duration=\"3\" style=\"--w-counter-duration: 3s;\"><div class=\"w-counter-value\" role=\"text\" aria-label=\"1,43 mld. \u20ac\"><span class=\"w-counter-value-part final\" aria-hidden=\"true\">1,43 mld. \u20ac<\/span><span class=\"w-counter-value-part hidden type_text\" aria-hidden=\"true\" data-final><\/span><span class=\"w-counter-value-part hidden type_number\" aria-hidden=\"true\" data-final=\"1,43\">1<\/span><span class=\"w-counter-value-part hidden type_text\" aria-hidden=\"true\" data-final=\" mld. \u20ac\"><\/span><\/div><h6 class=\"w-counter-title\" style=\"font-size:14px;\">Valoarea Programului Regional Nord-Vest 2021-2027<\/h6><\/div><\/div><\/div><div class=\"wpb_column vc_column_container\"><div class=\"vc_column-inner\"><div class=\"w-counter color_primary align_center animation_none\" data-duration=\"3\" style=\"--w-counter-duration: 3s;\"><div class=\"w-counter-value\" role=\"text\" aria-label=\"568\"><span class=\"w-counter-value-part final\" aria-hidden=\"true\">568<\/span><span class=\"w-counter-value-part hidden type_text\" aria-hidden=\"true\" data-final><\/span><span class=\"w-counter-value-part hidden type_number\" aria-hidden=\"true\" data-final=\"568\">1<\/span><span class=\"w-counter-value-part hidden type_text\" aria-hidden=\"true\" data-final><\/span><\/div><h6 class=\"w-counter-title\" style=\"font-size:14px;\">Contracte semnate<\/h6><\/div><\/div><\/div><div class=\"wpb_column vc_column_container\"><div class=\"vc_column-inner\"><div class=\"w-counter color_primary align_center animation_none\" data-duration=\"5\" style=\"--w-counter-duration: 5s;\"><div class=\"w-counter-value\" role=\"text\" aria-label=\"2,93 mld. \u20ac\"><span class=\"w-counter-value-part final\" aria-hidden=\"true\">2,93 mld. \u20ac<\/span><span class=\"w-counter-value-part hidden type_text\" aria-hidden=\"true\" data-final><\/span><span class=\"w-counter-value-part hidden type_number\" aria-hidden=\"true\" data-final=\"2,93\">1<\/span><span class=\"w-counter-value-part hidden type_text\" aria-hidden=\"true\" data-final=\" mld. \u20ac\"><\/span><\/div><h6 class=\"w-counter-title\" style=\"font-size:14px;\">Valoarea total\u0103 a contractelor semnate<\/h6><\/div><\/div><\/div><\/div><div class=\"w-separator size_large\"><\/div><div class=\"g-cols wpb_row us_custom_6e5d6474 via_grid cols_3 laptops-cols_inherit tablets-cols_inherit mobiles-cols_1 valign_middle type_default stacking_default\" style=\"--columns-gap:0rem;\"><div class=\"wpb_column vc_column_container\"><div class=\"vc_column-inner\"><div class=\"w-counter color_primary align_center animation_none\" data-duration=\"2\" style=\"--w-counter-duration: 2s;\"><div class=\"w-counter-value\" role=\"text\" aria-label=\"1\"><span class=\"w-counter-value-part final\" aria-hidden=\"true\">1<\/span><span class=\"w-counter-value-part hidden type_text\" aria-hidden=\"true\" data-final><\/span><span class=\"w-counter-value-part hidden type_number\" aria-hidden=\"true\" data-final=\"1\">1<\/span><span class=\"w-counter-value-part hidden type_text\" aria-hidden=\"true\" data-final><\/span><\/div><h6 class=\"w-counter-title\">Program Regional<\/h6><\/div><\/div><\/div><div class=\"wpb_column vc_column_container\"><div class=\"vc_column-inner\"><div class=\"w-counter color_primary align_center animation_none\" data-duration=\"2\" style=\"--w-counter-duration: 2s;\"><div class=\"w-counter-value\" role=\"text\" aria-label=\"10\"><span class=\"w-counter-value-part final\" aria-hidden=\"true\">10<\/span><span class=\"w-counter-value-part hidden type_text\" aria-hidden=\"true\" data-final><\/span><span class=\"w-counter-value-part hidden type_number\" aria-hidden=\"true\" data-final=\"10\">1<\/span><span class=\"w-counter-value-part hidden type_text\" aria-hidden=\"true\" data-final><\/span><\/div><h6 class=\"w-counter-title\">Priorit\u0103\u021bi<\/h6><\/div><\/div><\/div><div class=\"wpb_column vc_column_container\"><div class=\"vc_column-inner\"><div class=\"w-counter color_primary align_center animation_none\" data-duration=\"2\" style=\"--w-counter-duration: 2s;\"><div class=\"w-counter-value\" role=\"text\" aria-label=\"1,43 mld. \u20ac\"><span class=\"w-counter-value-part final\" aria-hidden=\"true\">1,43 mld. \u20ac<\/span><span class=\"w-counter-value-part hidden type_text\" aria-hidden=\"true\" data-final><\/span><span class=\"w-counter-value-part hidden type_number\" aria-hidden=\"true\" data-final=\"1,43\">1<\/span><span class=\"w-counter-value-part hidden type_text\" aria-hidden=\"true\" data-final=\" mld. \u20ac\"><\/span><\/div><h6 class=\"w-counter-title\">Alocare financiar\u0103<\/h6><\/div><\/div><\/div><\/div><\/div><\/div><\/div><\/div><\/section><section class=\"l-section wpb_row height_small width_full\"><div class=\"l-section-h i-cf\"><div class=\"g-cols vc_row via_grid cols_1 laptops-cols_inherit tablets-cols_inherit mobiles-cols_1 valign_top type_default stacking_default\"><div class=\"wpb_column vc_column_container\"><div class=\"vc_column-inner\"><div class=\"w-separator size_medium with_line width_50 thick_3 style_solid color_border align_center with_text with_content\"><div class=\"w-separator-h\"><h3 class=\"w-separator-text\"><span>Contracte semnate<\/span><\/h3><\/div><\/div><div class=\"w-grid us_post_carousel type_carousel layout_1345 preload_style_spinner items_4 overflow_hidden\" id=\"us_post_list_vfad\" style=\"--items:4;--gap:1.5rem;\"><div class=\"w-grid-list owl-carousel valign_stretch dotstyle_circle navstyle_circle arrows-ver-pos_middle arrows-hor-pos_on_sides_outside arrows-disabled_fade autoplay_continual owl-responsive-2000 with_arrows\" style=\"--transition-duration:350ms;--arrows-size:1.5rem;--arrows-gap:10px;\">\t<article class=\"w-grid-item size_1x1 post-11718 post type-post status-publish format-standard has-post-thumbnail hentry category-contract category-judetul-bistrita-nasaud category-por-2021-2027\" data-id=\"11718\">\r\n\t\t<div class=\"w-grid-item-h\">\r\n\t\t\t\t\t\t<div class=\"w-vwrapper usg_vwrapper_3 align_none valign_top\" style=\"--vwrapper-gap: 2rem;\"><div class=\"w-post-elm post_image usg_post_image_1 has_ratio\"><a href=\"https:\/\/regionordvest.ro\/en\/de-la-incalzirea-individuala-la-un-sistem-comun-prundu-bargaului-investeste-aproape-95-milioane-de-euro-prin-programul-regional-nord-vest-2021-2027\/\" aria-label=\"De la \u00eenc\u0103lzirea individual\u0103 la un sistem comun: Prundu B\u00e2rg\u0103ului investe\u0219te aproape 9,5 milioane de euro prin Programul Regional Nord-Vest 2021\u20132027\"><img loading=\"lazy\" decoding=\"async\" width=\"1024\" height=\"859\" src=\"https:\/\/regionordvest.ro\/wp-content\/uploads\/2026\/08\/364468-SACET-Prundu-Bargaului-BN-1024x859.png\" class=\"attachment-large size-large wp-post-image\" alt=\"\" \/><\/a><div style=\"padding-bottom:75%\"><\/div><\/div><\/div><div class=\"w-vwrapper usg_vwrapper_1 align_none valign_middle\" style=\"--vwrapper-gap: 0.5rem;\"><h2 class=\"w-post-elm post_title usg_post_title_1 wrapper align_left color_link_inherit\"><a href=\"https:\/\/regionordvest.ro\/en\/de-la-incalzirea-individuala-la-un-sistem-comun-prundu-bargaului-investeste-aproape-95-milioane-de-euro-prin-programul-regional-nord-vest-2021-2027\/\">De la \u00eenc\u0103lzirea individual\u0103 la un sistem comun: Prundu B\u00e2rg\u0103ului investe\u0219te aproape 9,5 milioane de euro prin Programul Regional Nord-Vest 2021\u20132027<\/a><\/h2><\/div><div class=\"w-vwrapper usg_vwrapper_2 align_none valign_bottom\" style=\"--vwrapper-gap: 0.4rem;\"><time class=\"w-post-elm post_date usg_post_date_2 icon-data entry-date published\" datetime=\"2026-08-19T16:29:29+03:00\"><i class=\"far fa-calendar\"><\/i>August 19, 2026<\/time><\/div>\t\t<\/div>\r\n\t\t\t<\/article>\r\n\t<article class=\"w-grid-item size_1x1 post-11695 post type-post status-publish format-standard has-post-thumbnail hentry category-contract category-judetul-salaj category-por-2021-2027\" data-id=\"11695\">\r\n\t\t<div class=\"w-grid-item-h\">\r\n\t\t\t\t\t\t<div class=\"w-vwrapper usg_vwrapper_3 align_none valign_top\" style=\"--vwrapper-gap: 2rem;\"><div class=\"w-post-elm post_image usg_post_image_1 has_ratio\"><a href=\"https:\/\/regionordvest.ro\/en\/sarmasag-va-incalzi-locuinte-si-institutii-publice-printr-un-sistem-centralizat-din-biomasa-construit-cu-o-investitie-de-aproape-95-milioane-de-euro-prin-programul-regional-nord-vest-2021-20\/\" aria-label=\"S\u0103rm\u0103\u0219ag va \u00eenc\u0103lzi locuin\u021be \u0219i institu\u021bii publice printr-un sistem centralizat din biomas\u0103, construit cu o investi\u021bie de aproape 9,5 milioane de euro prin Programul Regional Nord-Vest 2021\u20132027\"><img loading=\"lazy\" decoding=\"async\" width=\"1024\" height=\"859\" src=\"https:\/\/regionordvest.ro\/wp-content\/uploads\/2026\/08\/364433-SACET-Sarmasag-SJ-1-1024x859.png\" class=\"attachment-large size-large wp-post-image\" alt=\"\" \/><\/a><div style=\"padding-bottom:75%\"><\/div><\/div><\/div><div class=\"w-vwrapper usg_vwrapper_1 align_none valign_middle\" style=\"--vwrapper-gap: 0.5rem;\"><h2 class=\"w-post-elm post_title usg_post_title_1 wrapper align_left color_link_inherit\"><a href=\"https:\/\/regionordvest.ro\/en\/sarmasag-va-incalzi-locuinte-si-institutii-publice-printr-un-sistem-centralizat-din-biomasa-construit-cu-o-investitie-de-aproape-95-milioane-de-euro-prin-programul-regional-nord-vest-2021-20\/\">S\u0103rm\u0103\u0219ag va \u00eenc\u0103lzi locuin\u021be \u0219i institu\u021bii publice printr-un sistem centralizat din biomas\u0103, construit cu o investi\u021bie de aproape 9,5 milioane de euro prin Programul Regional Nord-Vest 2021\u20132027<\/a><\/h2><\/div><div class=\"w-vwrapper usg_vwrapper_2 align_none valign_bottom\" style=\"--vwrapper-gap: 0.4rem;\"><time class=\"w-post-elm post_date usg_post_date_2 icon-data entry-date published\" datetime=\"2026-08-18T14:13:15+03:00\"><i class=\"far fa-calendar\"><\/i>August 18, 2026<\/time><\/div>\t\t<\/div>\r\n\t\t\t<\/article>\r\n\t<article class=\"w-grid-item size_1x1 post-11690 post type-post status-publish format-standard has-post-thumbnail hentry category-contract category-judetul-bihor category-por-2021-2027\" data-id=\"11690\">\r\n\t\t<div class=\"w-grid-item-h\">\r\n\t\t\t\t\t\t<div class=\"w-vwrapper usg_vwrapper_3 align_none valign_top\" style=\"--vwrapper-gap: 2rem;\"><div class=\"w-post-elm post_image usg_post_image_1 has_ratio\"><a href=\"https:\/\/regionordvest.ro\/en\/119-gospodarii-si-10-cladiri-publice-din-dobresti-vor-fi-conectate-la-un-nou-sistem-de-incalzire-printr-o-investitie-de-aproape-98-milioane-de-euro-finantata-prin-programul-regional-nord-vest-2021\/\" aria-label=\"119 gospod\u0103rii \u0219i 10 cl\u0103diri publice din Dobre\u0219ti vor fi conectate la un nou sistem de \u00eenc\u0103lzire, printr-o investi\u021bie de aproape 9,8 milioane de euro finan\u021bat\u0103 prin Programul Regional Nord-Vest 2021\u20132027\"><img loading=\"lazy\" decoding=\"async\" width=\"1024\" height=\"859\" src=\"https:\/\/regionordvest.ro\/wp-content\/uploads\/2026\/08\/364467-SACET-Dobresti-BH-1024x859.png\" class=\"attachment-large size-large wp-post-image\" alt=\"\" \/><\/a><div style=\"padding-bottom:75%\"><\/div><\/div><\/div><div class=\"w-vwrapper usg_vwrapper_1 align_none valign_middle\" style=\"--vwrapper-gap: 0.5rem;\"><h2 class=\"w-post-elm post_title usg_post_title_1 wrapper align_left color_link_inherit\"><a href=\"https:\/\/regionordvest.ro\/en\/119-gospodarii-si-10-cladiri-publice-din-dobresti-vor-fi-conectate-la-un-nou-sistem-de-incalzire-printr-o-investitie-de-aproape-98-milioane-de-euro-finantata-prin-programul-regional-nord-vest-2021\/\">119 gospod\u0103rii \u0219i 10 cl\u0103diri publice din Dobre\u0219ti vor fi conectate la un nou sistem de \u00eenc\u0103lzire, printr-o investi\u021bie de aproape 9,8 milioane de euro finan\u021bat\u0103 prin Programul Regional Nord-Vest 2021\u20132027<\/a><\/h2><\/div><div class=\"w-vwrapper usg_vwrapper_2 align_none valign_bottom\" style=\"--vwrapper-gap: 0.4rem;\"><time class=\"w-post-elm post_date usg_post_date_2 icon-data entry-date published\" datetime=\"2026-08-17T16:49:19+03:00\"><i class=\"far fa-calendar\"><\/i>August 17, 2026<\/time><\/div>\t\t<\/div>\r\n\t\t\t<\/article>\r\n\t<article class=\"w-grid-item size_1x1 post-11682 post type-post status-publish format-standard has-post-thumbnail hentry category-contract category-judetul-salaj category-por-2021-2027\" data-id=\"11682\">\r\n\t\t<div class=\"w-grid-item-h\">\r\n\t\t\t\t\t\t<div class=\"w-vwrapper usg_vwrapper_3 align_none valign_top\" style=\"--vwrapper-gap: 2rem;\"><div class=\"w-post-elm post_image usg_post_image_1 has_ratio\"><a href=\"https:\/\/regionordvest.ro\/en\/aproape-jumatate-din-populatia-comunei-rus-va-putea-beneficia-de-incalzire-centralizata-printr-o-investitie-de-aproape-95-milioane-de-euro-finantata-prin-programul-regional-nord-vest-2021-202\/\" aria-label=\"Aproape jum\u0103tate din popula\u021bia comunei Rus va putea beneficia de \u00eenc\u0103lzire centralizat\u0103 printr-o investi\u021bie de aproape 9,5 milioane de euro finan\u021bat\u0103 prin Programul Regional Nord-Vest 2021\u20132027\"><img loading=\"lazy\" decoding=\"async\" width=\"1024\" height=\"859\" src=\"https:\/\/regionordvest.ro\/wp-content\/uploads\/2026\/08\/364451-SACET-Rus-SJ-1024x859.png\" class=\"attachment-large size-large wp-post-image\" alt=\"\" \/><\/a><div style=\"padding-bottom:75%\"><\/div><\/div><\/div><div class=\"w-vwrapper usg_vwrapper_1 align_none valign_middle\" style=\"--vwrapper-gap: 0.5rem;\"><h2 class=\"w-post-elm post_title usg_post_title_1 wrapper align_left color_link_inherit\"><a href=\"https:\/\/regionordvest.ro\/en\/aproape-jumatate-din-populatia-comunei-rus-va-putea-beneficia-de-incalzire-centralizata-printr-o-investitie-de-aproape-95-milioane-de-euro-finantata-prin-programul-regional-nord-vest-2021-202\/\">Aproape jum\u0103tate din popula\u021bia comunei Rus va putea beneficia de \u00eenc\u0103lzire centralizat\u0103 printr-o investi\u021bie de aproape 9,5 milioane de euro finan\u021bat\u0103 prin Programul Regional Nord-Vest 2021\u20132027<\/a><\/h2><\/div><div class=\"w-vwrapper usg_vwrapper_2 align_none valign_bottom\" style=\"--vwrapper-gap: 0.4rem;\"><time class=\"w-post-elm post_date usg_post_date_2 icon-data entry-date published\" datetime=\"2026-08-14T12:00:45+03:00\"><i class=\"far fa-calendar\"><\/i>August 14, 2026<\/time><\/div>\t\t<\/div>\r\n\t\t\t<\/article>\r\n\t<article class=\"w-grid-item size_1x1 post-11679 post type-post status-publish format-standard has-post-thumbnail hentry category-contract category-judetul-satu-mare category-por-2021-2027\" data-id=\"11679\">\r\n\t\t<div class=\"w-grid-item-h\">\r\n\t\t\t\t\t\t<div class=\"w-vwrapper usg_vwrapper_3 align_none valign_top\" style=\"--vwrapper-gap: 2rem;\"><div class=\"w-post-elm post_image usg_post_image_1 has_ratio\"><a href=\"https:\/\/regionordvest.ro\/en\/caldura-produsa-local-pentru-o-intreaga-comunitate-santau-investeste-aproape-94-milioane-de-euro-prin-programul-regional-nord-vest-2021-2027\/\" aria-label=\"C\u0103ldur\u0103 produs\u0103 local pentru o \u00eentreag\u0103 comunitate: Sant\u0103u investe\u0219te aproape 9,4 milioane de euro prin Programul Regional Nord-Vest 2021\u20132027\"><img loading=\"lazy\" decoding=\"async\" width=\"1024\" height=\"859\" src=\"https:\/\/regionordvest.ro\/wp-content\/uploads\/2026\/08\/364452-SACET-Santau-SM-1024x859.png\" class=\"attachment-large size-large wp-post-image\" alt=\"\" \/><\/a><div style=\"padding-bottom:75%\"><\/div><\/div><\/div><div class=\"w-vwrapper usg_vwrapper_1 align_none valign_middle\" style=\"--vwrapper-gap: 0.5rem;\"><h2 class=\"w-post-elm post_title usg_post_title_1 wrapper align_left color_link_inherit\"><a href=\"https:\/\/regionordvest.ro\/en\/caldura-produsa-local-pentru-o-intreaga-comunitate-santau-investeste-aproape-94-milioane-de-euro-prin-programul-regional-nord-vest-2021-2027\/\">C\u0103ldur\u0103 produs\u0103 local pentru o \u00eentreag\u0103 comunitate: Sant\u0103u investe\u0219te aproape 9,4 milioane de euro prin Programul Regional Nord-Vest 2021\u20132027<\/a><\/h2><\/div><div class=\"w-vwrapper usg_vwrapper_2 align_none valign_bottom\" style=\"--vwrapper-gap: 0.4rem;\"><time class=\"w-post-elm post_date usg_post_date_2 icon-data entry-date published\" datetime=\"2026-08-13T13:45:24+03:00\"><i class=\"far fa-calendar\"><\/i>August 13, 2026<\/time><\/div>\t\t<\/div>\r\n\t\t\t<\/article>\r\n\t<article class=\"w-grid-item size_1x1 post-11671 post type-post status-publish format-standard has-post-thumbnail hentry category-contract category-judetul-cluj category-por-2021-2027\" data-id=\"11671\">\r\n\t\t<div class=\"w-grid-item-h\">\r\n\t\t\t\t\t\t<div class=\"w-vwrapper usg_vwrapper_3 align_none valign_top\" style=\"--vwrapper-gap: 2rem;\"><div class=\"w-post-elm post_image usg_post_image_1 has_ratio\"><a href=\"https:\/\/regionordvest.ro\/en\/comuna-sacuieu-va-avea-un-sistem-centralizat-de-incalzire-din-surse-regenerabile-printr-o-investitie-de-peste-73-milioane-de-euro-finantata-prin-programul-regional-nord-vest-2021-2027\/\" aria-label=\"Comuna S\u0103cuieu va avea un sistem centralizat de \u00eenc\u0103lzire din surse regenerabile printr-o investi\u021bie de peste 7,3 milioane de euro finan\u021bat\u0103 prin Programul Regional Nord-Vest 2021\u20132027\"><img loading=\"lazy\" decoding=\"async\" width=\"1024\" height=\"859\" src=\"https:\/\/regionordvest.ro\/wp-content\/uploads\/2026\/08\/364431-SACET-Sacuieu-CJ-1024x859.png\" class=\"attachment-large size-large wp-post-image\" alt=\"\" \/><\/a><div style=\"padding-bottom:75%\"><\/div><\/div><\/div><div class=\"w-vwrapper usg_vwrapper_1 align_none valign_middle\" style=\"--vwrapper-gap: 0.5rem;\"><h2 class=\"w-post-elm post_title usg_post_title_1 wrapper align_left color_link_inherit\"><a href=\"https:\/\/regionordvest.ro\/en\/comuna-sacuieu-va-avea-un-sistem-centralizat-de-incalzire-din-surse-regenerabile-printr-o-investitie-de-peste-73-milioane-de-euro-finantata-prin-programul-regional-nord-vest-2021-2027\/\">Comuna S\u0103cuieu va avea un sistem centralizat de \u00eenc\u0103lzire din surse regenerabile printr-o investi\u021bie de peste 7,3 milioane de euro finan\u021bat\u0103 prin Programul Regional Nord-Vest 2021\u20132027<\/a><\/h2><\/div><div class=\"w-vwrapper usg_vwrapper_2 align_none valign_bottom\" style=\"--vwrapper-gap: 0.4rem;\"><time class=\"w-post-elm post_date usg_post_date_2 icon-data entry-date published\" datetime=\"2026-08-12T17:40:10+03:00\"><i class=\"far fa-calendar\"><\/i>August 12, 2026<\/time><\/div>\t\t<\/div>\r\n\t\t\t<\/article>\r\n\t<article class=\"w-grid-item size_1x1 post-11583 post type-post status-publish format-standard has-post-thumbnail hentry category-contract category-judetul-bistrita-nasaud category-por-2021-2027\" data-id=\"11583\">\r\n\t\t<div class=\"w-grid-item-h\">\r\n\t\t\t\t\t\t<div class=\"w-vwrapper usg_vwrapper_3 align_none valign_top\" style=\"--vwrapper-gap: 2rem;\"><div class=\"w-post-elm post_image usg_post_image_1 has_ratio\"><a href=\"https:\/\/regionordvest.ro\/en\/doua-blocuri-din-beclean-vor-deveni-mai-eficiente-energetic-printr-o-investitie-de-peste-53-milioane-de-euro-finantata-prin-programul-regional-nord-vest-2021-2027\/\" aria-label=\"Dou\u0103 blocuri din Beclean vor deveni mai eficiente energetic printr-o investi\u021bie de peste 5,3 milioane de euro finan\u021bat\u0103 prin Programul Regional Nord-Vest 2021\u20132027\"><img loading=\"lazy\" decoding=\"async\" width=\"1024\" height=\"859\" src=\"https:\/\/regionordvest.ro\/wp-content\/uploads\/2026\/08\/331661-Lot-II-Cladiri-rezidentiale-Beclean-BN-1024x859.png\" class=\"attachment-large size-large wp-post-image\" alt=\"\" \/><\/a><div style=\"padding-bottom:75%\"><\/div><\/div><\/div><div class=\"w-vwrapper usg_vwrapper_1 align_none valign_middle\" style=\"--vwrapper-gap: 0.5rem;\"><h2 class=\"w-post-elm post_title usg_post_title_1 wrapper align_left color_link_inherit\"><a href=\"https:\/\/regionordvest.ro\/en\/doua-blocuri-din-beclean-vor-deveni-mai-eficiente-energetic-printr-o-investitie-de-peste-53-milioane-de-euro-finantata-prin-programul-regional-nord-vest-2021-2027\/\">Dou\u0103 blocuri din Beclean vor deveni mai eficiente energetic printr-o investi\u021bie de peste 5,3 milioane de euro finan\u021bat\u0103 prin Programul Regional Nord-Vest 2021\u20132027<\/a><\/h2><\/div><div class=\"w-vwrapper usg_vwrapper_2 align_none valign_bottom\" style=\"--vwrapper-gap: 0.4rem;\"><time class=\"w-post-elm post_date usg_post_date_2 icon-data entry-date published\" datetime=\"2026-08-05T14:53:41+03:00\"><i class=\"far fa-calendar\"><\/i>August 5, 2026<\/time><\/div>\t\t<\/div>\r\n\t\t\t<\/article>\r\n\t<article class=\"w-grid-item size_1x1 post-11329 post type-post status-publish format-standard has-post-thumbnail hentry category-contract category-judetul-salaj category-por-2021-2027\" data-id=\"11329\">\r\n\t\t<div class=\"w-grid-item-h\">\r\n\t\t\t\t\t\t<div class=\"w-vwrapper usg_vwrapper_3 align_none valign_top\" style=\"--vwrapper-gap: 2rem;\"><div class=\"w-post-elm post_image usg_post_image_1 has_ratio\"><a href=\"https:\/\/regionordvest.ro\/en\/fostul-cinematograf-din-simleu-silvaniei-va-deveni-un-centru-cultural-multifunctional-printr-un-proiect-de-peste-22-milioane-de-euro-finantat-prin-programul-regional-nord-vest-2021-2027\/\" aria-label=\"Fostul cinematograf din \u0218imleu Silvaniei va deveni un centru cultural multifunc\u021bional printr-un proiect de peste 2,2 milioane de euro finan\u021bat prin Programul Regional Nord-Vest 2021\u20132027\"><img loading=\"lazy\" decoding=\"async\" width=\"1024\" height=\"859\" src=\"https:\/\/regionordvest.ro\/wp-content\/uploads\/2026\/07\/319665-Cinematograf-Centru-Multifunctional-Salaj-1024x859.png\" class=\"attachment-large size-large wp-post-image\" alt=\"\" \/><\/a><div style=\"padding-bottom:75%\"><\/div><\/div><\/div><div class=\"w-vwrapper usg_vwrapper_1 align_none valign_middle\" style=\"--vwrapper-gap: 0.5rem;\"><h2 class=\"w-post-elm post_title usg_post_title_1 wrapper align_left color_link_inherit\"><a href=\"https:\/\/regionordvest.ro\/en\/fostul-cinematograf-din-simleu-silvaniei-va-deveni-un-centru-cultural-multifunctional-printr-un-proiect-de-peste-22-milioane-de-euro-finantat-prin-programul-regional-nord-vest-2021-2027\/\">Fostul cinematograf din \u0218imleu Silvaniei va deveni un centru cultural multifunc\u021bional printr-un proiect de peste 2,2 milioane de euro finan\u021bat prin Programul Regional Nord-Vest 2021\u20132027<\/a><\/h2><\/div><div class=\"w-vwrapper usg_vwrapper_2 align_none valign_bottom\" style=\"--vwrapper-gap: 0.4rem;\"><time class=\"w-post-elm post_date usg_post_date_2 icon-data entry-date published\" datetime=\"2026-07-16T17:29:02+03:00\"><i class=\"far fa-calendar\"><\/i>July 16, 2026<\/time><\/div>\t\t<\/div>\r\n\t\t\t<\/article>\r\n\t<article class=\"w-grid-item size_1x1 post-11317 post type-post status-publish format-standard has-post-thumbnail hentry category-contract category-judetul-bihor category-por-2021-2027\" data-id=\"11317\">\r\n\t\t<div class=\"w-grid-item-h\">\r\n\t\t\t\t\t\t<div class=\"w-vwrapper usg_vwrapper_3 align_none valign_top\" style=\"--vwrapper-gap: 2rem;\"><div class=\"w-post-elm post_image usg_post_image_1 has_ratio\"><a href=\"https:\/\/regionordvest.ro\/en\/comuna-nojorid-va-avea-un-centru-multifunctional-si-recreativ-printr-un-proiect-de-peste-22-milioane-de-euro-finantat-prin-programul-regional-nord-vest-2021-2027\/\" aria-label=\"Comuna Nojorid va avea un centru multifunc\u021bional \u0219i recreativ printr-un proiect de peste 2,2 milioane de euro finan\u021bat prin Programul Regional Nord-Vest 2021\u20132027\"><img loading=\"lazy\" decoding=\"async\" width=\"1024\" height=\"859\" src=\"https:\/\/regionordvest.ro\/wp-content\/uploads\/2026\/07\/321016-Centru-Multifunctional-Nojorid-BH-1024x859.png\" class=\"attachment-large size-large wp-post-image\" alt=\"\" \/><\/a><div style=\"padding-bottom:75%\"><\/div><\/div><\/div><div class=\"w-vwrapper usg_vwrapper_1 align_none valign_middle\" style=\"--vwrapper-gap: 0.5rem;\"><h2 class=\"w-post-elm post_title usg_post_title_1 wrapper align_left color_link_inherit\"><a href=\"https:\/\/regionordvest.ro\/en\/comuna-nojorid-va-avea-un-centru-multifunctional-si-recreativ-printr-un-proiect-de-peste-22-milioane-de-euro-finantat-prin-programul-regional-nord-vest-2021-2027\/\">Comuna Nojorid va avea un centru multifunc\u021bional \u0219i recreativ printr-un proiect de peste 2,2 milioane de euro finan\u021bat prin Programul Regional Nord-Vest 2021\u20132027<\/a><\/h2><\/div><div class=\"w-vwrapper usg_vwrapper_2 align_none valign_bottom\" style=\"--vwrapper-gap: 0.4rem;\"><time class=\"w-post-elm post_date usg_post_date_2 icon-data entry-date published\" datetime=\"2026-07-14T13:03:13+03:00\"><i class=\"far fa-calendar\"><\/i>July 14, 2026<\/time><\/div>\t\t<\/div>\r\n\t\t\t<\/article>\r\n\t<article class=\"w-grid-item size_1x1 post-11260 post type-post status-publish format-standard has-post-thumbnail hentry category-contract category-judetul-maramures category-por-2021-2027\" data-id=\"11260\">\r\n\t\t<div class=\"w-grid-item-h\">\r\n\t\t\t\t\t\t<div class=\"w-vwrapper usg_vwrapper_3 align_none valign_top\" style=\"--vwrapper-gap: 2rem;\"><div class=\"w-post-elm post_image usg_post_image_1 has_ratio\"><a href=\"https:\/\/regionordvest.ro\/en\/viseu-de-sus-va-avea-un-coridor-modern-de-mobilitate-spre-valea-vaserului-printr-un-proiect-de-peste-132-milioane-de-euro-finantat-prin-programul-regional-nord-vest-2021-2027\/\" aria-label=\"Vi\u0219eu de Sus va avea un coridor modern de mobilitate spre Valea Vaserului printr-un proiect de peste 13,2 milioane de euro finan\u021bat prin Programul Regional Nord-Vest 2021\u20132027\"><img loading=\"lazy\" decoding=\"async\" width=\"1024\" height=\"859\" src=\"https:\/\/regionordvest.ro\/wp-content\/uploads\/2026\/07\/301380-Coridor-de-mobilitate-Valea-Vaserului-Viseu-de-Sus-MM-1024x859.png\" class=\"attachment-large size-large wp-post-image\" alt=\"\" \/><\/a><div style=\"padding-bottom:75%\"><\/div><\/div><\/div><div class=\"w-vwrapper usg_vwrapper_1 align_none valign_middle\" style=\"--vwrapper-gap: 0.5rem;\"><h2 class=\"w-post-elm post_title usg_post_title_1 wrapper align_left color_link_inherit\"><a href=\"https:\/\/regionordvest.ro\/en\/viseu-de-sus-va-avea-un-coridor-modern-de-mobilitate-spre-valea-vaserului-printr-un-proiect-de-peste-132-milioane-de-euro-finantat-prin-programul-regional-nord-vest-2021-2027\/\">Vi\u0219eu de Sus va avea un coridor modern de mobilitate spre Valea Vaserului printr-un proiect de peste 13,2 milioane de euro finan\u021bat prin Programul Regional Nord-Vest 2021\u20132027<\/a><\/h2><\/div><div class=\"w-vwrapper usg_vwrapper_2 align_none valign_bottom\" style=\"--vwrapper-gap: 0.4rem;\"><time class=\"w-post-elm post_date usg_post_date_2 icon-data entry-date published\" datetime=\"2026-07-10T12:55:47+03:00\"><i class=\"far fa-calendar\"><\/i>July 10, 2026<\/time><\/div>\t\t<\/div>\r\n\t\t\t<\/article>\r\n\t<article class=\"w-grid-item size_1x1 post-11257 post type-post status-publish format-standard has-post-thumbnail hentry category-contract category-judetul-satu-mare category-por-2021-2027\" data-id=\"11257\">\r\n\t\t<div class=\"w-grid-item-h\">\r\n\t\t\t\t\t\t<div class=\"w-vwrapper usg_vwrapper_3 align_none valign_top\" style=\"--vwrapper-gap: 2rem;\"><div class=\"w-post-elm post_image usg_post_image_1 has_ratio\"><a href=\"https:\/\/regionordvest.ro\/en\/cartierul-micro-15-din-satu-mare-va-fi-regenerat-printr-un-proiect-de-peste-62-milioane-de-euro-finantat-prin-programul-regional-nord-vest-2021-2027\/\" aria-label=\"Cartierul Micro 15 din Satu Mare va fi regenerat printr-un proiect de peste 6,2 milioane de euro finan\u021bat prin Programul Regional Nord-Vest 2021\u20132027\"><img loading=\"lazy\" decoding=\"async\" width=\"1024\" height=\"859\" src=\"https:\/\/regionordvest.ro\/wp-content\/uploads\/2026\/07\/304810-Regenerare-urbana-Micro-15-Satu-Mare-SM-1024x859.png\" class=\"attachment-large size-large wp-post-image\" alt=\"\" \/><\/a><div style=\"padding-bottom:75%\"><\/div><\/div><\/div><div class=\"w-vwrapper usg_vwrapper_1 align_none valign_middle\" style=\"--vwrapper-gap: 0.5rem;\"><h2 class=\"w-post-elm post_title usg_post_title_1 wrapper align_left color_link_inherit\"><a href=\"https:\/\/regionordvest.ro\/en\/cartierul-micro-15-din-satu-mare-va-fi-regenerat-printr-un-proiect-de-peste-62-milioane-de-euro-finantat-prin-programul-regional-nord-vest-2021-2027\/\">Cartierul Micro 15 din Satu Mare va fi regenerat printr-un proiect de peste 6,2 milioane de euro finan\u021bat prin Programul Regional Nord-Vest 2021\u20132027<\/a><\/h2><\/div><div class=\"w-vwrapper usg_vwrapper_2 align_none valign_bottom\" style=\"--vwrapper-gap: 0.4rem;\"><time class=\"w-post-elm post_date usg_post_date_2 icon-data entry-date published\" datetime=\"2026-07-10T10:33:46+03:00\"><i class=\"far fa-calendar\"><\/i>July 10, 2026<\/time><\/div>\t\t<\/div>\r\n\t\t\t<\/article>\r\n\t<article class=\"w-grid-item size_1x1 post-11247 post type-post status-publish format-standard has-post-thumbnail hentry category-contract category-judetul-maramures category-por-2021-2027\" data-id=\"11247\">\r\n\t\t<div class=\"w-grid-item-h\">\r\n\t\t\t\t\t\t<div class=\"w-vwrapper usg_vwrapper_3 align_none valign_top\" style=\"--vwrapper-gap: 2rem;\"><div class=\"w-post-elm post_image usg_post_image_1 has_ratio\"><a href=\"https:\/\/regionordvest.ro\/en\/o-tabara-scolara-moderna-va-fi-construita-in-comuna-lapus-printr-un-proiect-de-peste-21-milioane-de-euro-finantat-prin-programul-regional-nord-vest-2021-2027\/\" aria-label=\"O tab\u0103r\u0103 \u0219colar\u0103 modern\u0103 va fi construit\u0103 \u00een comuna L\u0103pu\u0219 printr-un proiect de peste 2,1 milioane de euro finan\u021bat prin Programul Regional Nord-Vest 2021\u20132027\"><img loading=\"lazy\" decoding=\"async\" width=\"1024\" height=\"859\" src=\"https:\/\/regionordvest.ro\/wp-content\/uploads\/2026\/07\/355910-Tabara-Copilariei-Curate-Lapus-MM-1024x859.png\" class=\"attachment-large size-large wp-post-image\" alt=\"\" \/><\/a><div style=\"padding-bottom:75%\"><\/div><\/div><\/div><div class=\"w-vwrapper usg_vwrapper_1 align_none valign_middle\" style=\"--vwrapper-gap: 0.5rem;\"><h2 class=\"w-post-elm post_title usg_post_title_1 wrapper align_left color_link_inherit\"><a href=\"https:\/\/regionordvest.ro\/en\/o-tabara-scolara-moderna-va-fi-construita-in-comuna-lapus-printr-un-proiect-de-peste-21-milioane-de-euro-finantat-prin-programul-regional-nord-vest-2021-2027\/\">O tab\u0103r\u0103 \u0219colar\u0103 modern\u0103 va fi construit\u0103 \u00een comuna L\u0103pu\u0219 printr-un proiect de peste 2,1 milioane de euro finan\u021bat prin Programul Regional Nord-Vest 2021\u20132027<\/a><\/h2><\/div><div class=\"w-vwrapper usg_vwrapper_2 align_none valign_bottom\" style=\"--vwrapper-gap: 0.4rem;\"><time class=\"w-post-elm post_date usg_post_date_2 icon-data entry-date published\" datetime=\"2026-07-09T12:11:05+03:00\"><i class=\"far fa-calendar\"><\/i>July 9, 2026<\/time><\/div>\t\t<\/div>\r\n\t\t\t<\/article>\r\n\t<article class=\"w-grid-item size_1x1 post-11241 post type-post status-publish format-standard has-post-thumbnail hentry category-contract category-judetul-maramures category-por-2021-2027\" data-id=\"11241\">\r\n\t\t<div class=\"w-grid-item-h\">\r\n\t\t\t\t\t\t<div class=\"w-vwrapper usg_vwrapper_3 align_none valign_top\" style=\"--vwrapper-gap: 2rem;\"><div class=\"w-post-elm post_image usg_post_image_1 has_ratio\"><a href=\"https:\/\/regionordvest.ro\/en\/casa-pocol-din-baia-mare-va-fi-inconjurata-de-un-nou-parc-urban-printr-un-proiect-de-peste-31-milioane-de-euro-finantat-prin-programul-regional-nord-vest-2021-2027\/\" aria-label=\"Casa Pocol din Baia Mare va fi \u00eenconjurat\u0103 de un nou parc urban printr-un proiect de peste 3,1 milioane de euro finan\u021bat prin Programul Regional Nord-Vest 2021\u20132027\"><img loading=\"lazy\" decoding=\"async\" width=\"1024\" height=\"859\" src=\"https:\/\/regionordvest.ro\/wp-content\/uploads\/2026\/07\/361096-Sistematizare-Casa-Pocol-Baia-Mare-Maramures-1024x859.png\" class=\"attachment-large size-large wp-post-image\" alt=\"\" \/><\/a><div style=\"padding-bottom:75%\"><\/div><\/div><\/div><div class=\"w-vwrapper usg_vwrapper_1 align_none valign_middle\" style=\"--vwrapper-gap: 0.5rem;\"><h2 class=\"w-post-elm post_title usg_post_title_1 wrapper align_left color_link_inherit\"><a href=\"https:\/\/regionordvest.ro\/en\/casa-pocol-din-baia-mare-va-fi-inconjurata-de-un-nou-parc-urban-printr-un-proiect-de-peste-31-milioane-de-euro-finantat-prin-programul-regional-nord-vest-2021-2027\/\">Casa Pocol din Baia Mare va fi \u00eenconjurat\u0103 de un nou parc urban printr-un proiect de peste 3,1 milioane de euro finan\u021bat prin Programul Regional Nord-Vest 2021\u20132027<\/a><\/h2><\/div><div class=\"w-vwrapper usg_vwrapper_2 align_none valign_bottom\" style=\"--vwrapper-gap: 0.4rem;\"><time class=\"w-post-elm post_date usg_post_date_2 icon-data entry-date published\" datetime=\"2026-07-09T11:34:05+03:00\"><i class=\"far fa-calendar\"><\/i>July 9, 2026<\/time><\/div>\t\t<\/div>\r\n\t\t\t<\/article>\r\n\t<article class=\"w-grid-item size_1x1 post-11235 post type-post status-publish format-standard has-post-thumbnail hentry category-contract category-judetul-maramures category-por-2021-2027\" data-id=\"11235\">\r\n\t\t<div class=\"w-grid-item-h\">\r\n\t\t\t\t\t\t<div class=\"w-vwrapper usg_vwrapper_3 align_none valign_top\" style=\"--vwrapper-gap: 2rem;\"><div class=\"w-post-elm post_image usg_post_image_1 has_ratio\"><a href=\"https:\/\/regionordvest.ro\/en\/o-tabara-moderna-pentru-copii-va-fi-construita-in-targu-lapus-printr-un-proiect-de-aproape-28-milioane-de-euro-finantat-prin-programul-regional-nord-vest-2021-2027\/\" aria-label=\"O tab\u0103r\u0103 modern\u0103 pentru copii va fi construit\u0103 \u00een T\u00e2rgu L\u0103pu\u0219 printr-un proiect de aproape 2,8 milioane de euro finan\u021bat prin Programul Regional Nord-Vest 2021\u20132027\"><img loading=\"lazy\" decoding=\"async\" width=\"1024\" height=\"859\" src=\"https:\/\/regionordvest.ro\/wp-content\/uploads\/2026\/07\/355633-Tabara-Tara-Lapusului-Targu-Lapus-MM-1024x859.png\" class=\"attachment-large size-large wp-post-image\" alt=\"\" \/><\/a><div style=\"padding-bottom:75%\"><\/div><\/div><\/div><div class=\"w-vwrapper usg_vwrapper_1 align_none valign_middle\" style=\"--vwrapper-gap: 0.5rem;\"><h2 class=\"w-post-elm post_title usg_post_title_1 wrapper align_left color_link_inherit\"><a href=\"https:\/\/regionordvest.ro\/en\/o-tabara-moderna-pentru-copii-va-fi-construita-in-targu-lapus-printr-un-proiect-de-aproape-28-milioane-de-euro-finantat-prin-programul-regional-nord-vest-2021-2027\/\">O tab\u0103r\u0103 modern\u0103 pentru copii va fi construit\u0103 \u00een T\u00e2rgu L\u0103pu\u0219 printr-un proiect de aproape 2,8 milioane de euro finan\u021bat prin Programul Regional Nord-Vest 2021\u20132027<\/a><\/h2><\/div><div class=\"w-vwrapper usg_vwrapper_2 align_none valign_bottom\" style=\"--vwrapper-gap: 0.4rem;\"><time class=\"w-post-elm post_date usg_post_date_2 icon-data entry-date published\" datetime=\"2026-07-09T09:55:57+03:00\"><i class=\"far fa-calendar\"><\/i>July 9, 2026<\/time><\/div>\t\t<\/div>\r\n\t\t\t<\/article>\r\n\t<article class=\"w-grid-item size_1x1 post-11023 post type-post status-publish format-standard has-post-thumbnail hentry category-contract category-judetul-cluj category-por-2021-2027\" data-id=\"11023\">\r\n\t\t<div class=\"w-grid-item-h\">\r\n\t\t\t\t\t\t<div class=\"w-vwrapper usg_vwrapper_3 align_none valign_top\" style=\"--vwrapper-gap: 2rem;\"><div class=\"w-post-elm post_image usg_post_image_1 has_ratio\"><a href=\"https:\/\/regionordvest.ro\/en\/infrastructura-turistica-a-parcului-balnear-toroc-din-dej-va-fi-modernizata-printr-un-proiect-de-peste-45-milioane-de-euro-finantat-prin-programul-regional-nord-vest-2021-2027\/\" aria-label=\"Infrastructura turistic\u0103 a Parcului Balnear Toroc din Dej va fi modernizat\u0103 printr-un proiect de peste 4,5 milioane de euro finan\u021bat prin Programul Regional Nord-Vest 2021\u20132027\"><img loading=\"lazy\" decoding=\"async\" width=\"1024\" height=\"859\" src=\"https:\/\/regionordvest.ro\/wp-content\/uploads\/2026\/06\/324116-Infrastructura-de-turism-Dej-CJ-1-1024x859.png\" class=\"attachment-large size-large wp-post-image\" alt=\"\" \/><\/a><div style=\"padding-bottom:75%\"><\/div><\/div><\/div><div class=\"w-vwrapper usg_vwrapper_1 align_none valign_middle\" style=\"--vwrapper-gap: 0.5rem;\"><h2 class=\"w-post-elm post_title usg_post_title_1 wrapper align_left color_link_inherit\"><a href=\"https:\/\/regionordvest.ro\/en\/infrastructura-turistica-a-parcului-balnear-toroc-din-dej-va-fi-modernizata-printr-un-proiect-de-peste-45-milioane-de-euro-finantat-prin-programul-regional-nord-vest-2021-2027\/\">Infrastructura turistic\u0103 a Parcului Balnear Toroc din Dej va fi modernizat\u0103 printr-un proiect de peste 4,5 milioane de euro finan\u021bat prin Programul Regional Nord-Vest 2021\u20132027<\/a><\/h2><\/div><div class=\"w-vwrapper usg_vwrapper_2 align_none valign_bottom\" style=\"--vwrapper-gap: 0.4rem;\"><time class=\"w-post-elm post_date usg_post_date_2 icon-data entry-date published\" datetime=\"2026-06-05T17:59:37+03:00\"><i class=\"far fa-calendar\"><\/i>June 5, 2026<\/time><\/div>\t\t<\/div>\r\n\t\t\t<\/article>\r\n\t<article class=\"w-grid-item size_1x1 post-11016 post type-post status-publish format-standard has-post-thumbnail hentry category-contract category-judetul-bihor category-por-2021-2027\" data-id=\"11016\">\r\n\t\t<div class=\"w-grid-item-h\">\r\n\t\t\t\t\t\t<div class=\"w-vwrapper usg_vwrapper_3 align_none valign_top\" style=\"--vwrapper-gap: 2rem;\"><div class=\"w-post-elm post_image usg_post_image_1 has_ratio\"><a href=\"https:\/\/regionordvest.ro\/en\/regenerarea-urbana-din-cartierul-nufarul-i-va-transforma-peste-75-hectare-de-spatii-publice-din-oradea-printr-un-proiect-de-peste-136-milioane-de-euro-finantat-prin-programul-regional-nord-vest-2021\/\" aria-label=\"Regenerarea urban\u0103 din cartierul Nuf\u0103rul I va transforma peste 7,5 hectare de spa\u021bii publice din Oradea printr-un proiect de peste 13,6 milioane de euro finan\u021bat prin Programul Regional Nord-Vest 2021\u20132027\"><img loading=\"lazy\" decoding=\"async\" width=\"1024\" height=\"859\" src=\"https:\/\/regionordvest.ro\/wp-content\/uploads\/2026\/06\/329130-Regenerare-urbana-Nufarul-Oradea-BH-1-1024x859.png\" class=\"attachment-large size-large wp-post-image\" alt=\"\" \/><\/a><div style=\"padding-bottom:75%\"><\/div><\/div><\/div><div class=\"w-vwrapper usg_vwrapper_1 align_none valign_middle\" style=\"--vwrapper-gap: 0.5rem;\"><h2 class=\"w-post-elm post_title usg_post_title_1 wrapper align_left color_link_inherit\"><a href=\"https:\/\/regionordvest.ro\/en\/regenerarea-urbana-din-cartierul-nufarul-i-va-transforma-peste-75-hectare-de-spatii-publice-din-oradea-printr-un-proiect-de-peste-136-milioane-de-euro-finantat-prin-programul-regional-nord-vest-2021\/\">Regenerarea urban\u0103 din cartierul Nuf\u0103rul I va transforma peste 7,5 hectare de spa\u021bii publice din Oradea printr-un proiect de peste 13,6 milioane de euro finan\u021bat prin Programul Regional Nord-Vest 2021\u20132027<\/a><\/h2><\/div><div class=\"w-vwrapper usg_vwrapper_2 align_none valign_bottom\" style=\"--vwrapper-gap: 0.4rem;\"><time class=\"w-post-elm post_date usg_post_date_2 icon-data entry-date published\" datetime=\"2026-06-04T18:07:50+03:00\"><i class=\"far fa-calendar\"><\/i>June 4, 2026<\/time><\/div>\t\t<\/div>\r\n\t\t\t<\/article>\r\n\t<article class=\"w-grid-item size_1x1 post-11013 post type-post status-publish format-standard has-post-thumbnail hentry category-contract category-judetul-salaj category-por-2021-2027\" data-id=\"11013\">\r\n\t\t<div class=\"w-grid-item-h\">\r\n\t\t\t\t\t\t<div class=\"w-vwrapper usg_vwrapper_3 align_none valign_top\" style=\"--vwrapper-gap: 2rem;\"><div class=\"w-post-elm post_image usg_post_image_1 has_ratio\"><a href=\"https:\/\/regionordvest.ro\/en\/amenajarea-a-aproape-un-hectar-de-spatii-verzi-va-transforma-doua-zone-din-simleu-silvaniei-printr-un-proiect-de-peste-12-milioane-de-euro-finantat-prin-programul-regional-nord-vest-2021-2027\/\" aria-label=\"Amenajarea a aproape un hectar de spa\u021bii verzi va transforma dou\u0103 zone din \u0218imleu Silvaniei printr-un proiect de peste 1,2 milioane de euro finan\u021bat prin Programul Regional Nord-Vest 2021\u20132027\"><img loading=\"lazy\" decoding=\"async\" width=\"1024\" height=\"859\" src=\"https:\/\/regionordvest.ro\/wp-content\/uploads\/2026\/06\/318801-Amenajare-spatii-verzi-Simleu-Silvaniei-SJ-1024x859.png\" class=\"attachment-large size-large wp-post-image\" alt=\"\" \/><\/a><div style=\"padding-bottom:75%\"><\/div><\/div><\/div><div class=\"w-vwrapper usg_vwrapper_1 align_none valign_middle\" style=\"--vwrapper-gap: 0.5rem;\"><h2 class=\"w-post-elm post_title usg_post_title_1 wrapper align_left color_link_inherit\"><a href=\"https:\/\/regionordvest.ro\/en\/amenajarea-a-aproape-un-hectar-de-spatii-verzi-va-transforma-doua-zone-din-simleu-silvaniei-printr-un-proiect-de-peste-12-milioane-de-euro-finantat-prin-programul-regional-nord-vest-2021-2027\/\">Amenajarea a aproape un hectar de spa\u021bii verzi va transforma dou\u0103 zone din \u0218imleu Silvaniei printr-un proiect de peste 1,2 milioane de euro finan\u021bat prin Programul Regional Nord-Vest 2021\u20132027<\/a><\/h2><\/div><div class=\"w-vwrapper usg_vwrapper_2 align_none valign_bottom\" style=\"--vwrapper-gap: 0.4rem;\"><time class=\"w-post-elm post_date usg_post_date_2 icon-data entry-date published\" datetime=\"2026-06-04T17:19:52+03:00\"><i class=\"far fa-calendar\"><\/i>June 4, 2026<\/time><\/div>\t\t<\/div>\r\n\t\t\t<\/article>\r\n\t<article class=\"w-grid-item size_1x1 post-10978 post type-post status-publish format-standard has-post-thumbnail hentry category-contract category-judetul-bihor category-por-2021-2027\" data-id=\"10978\">\r\n\t\t<div class=\"w-grid-item-h\">\r\n\t\t\t\t\t\t<div class=\"w-vwrapper usg_vwrapper_3 align_none valign_top\" style=\"--vwrapper-gap: 2rem;\"><div class=\"w-post-elm post_image usg_post_image_1 has_ratio\"><a href=\"https:\/\/regionordvest.ro\/en\/o-tabara-educationala-pentru-copii-va-fi-construita-in-tasad-comuna-dragesti-printr-un-proiect-de-peste-1-milion-de-euro-finantat-prin-programul-regional-nord-vest-2021-2027\/\" aria-label=\"O tab\u0103r\u0103 educa\u021bional\u0103 pentru copii va fi construit\u0103 \u00een T\u0103\u0219ad, comuna Dr\u0103ge\u0219ti, printr-un proiect de peste 1 milion de euro finan\u021bat prin Programul Regional Nord-Vest 2021\u20132027\"><img loading=\"lazy\" decoding=\"async\" width=\"1024\" height=\"859\" src=\"https:\/\/regionordvest.ro\/wp-content\/uploads\/2026\/06\/355632-Tabere-scolare-Dragesti-BH-1024x859.png\" class=\"attachment-large size-large wp-post-image\" alt=\"\" \/><\/a><div style=\"padding-bottom:75%\"><\/div><\/div><\/div><div class=\"w-vwrapper usg_vwrapper_1 align_none valign_middle\" style=\"--vwrapper-gap: 0.5rem;\"><h2 class=\"w-post-elm post_title usg_post_title_1 wrapper align_left color_link_inherit\"><a href=\"https:\/\/regionordvest.ro\/en\/o-tabara-educationala-pentru-copii-va-fi-construita-in-tasad-comuna-dragesti-printr-un-proiect-de-peste-1-milion-de-euro-finantat-prin-programul-regional-nord-vest-2021-2027\/\">O tab\u0103r\u0103 educa\u021bional\u0103 pentru copii va fi construit\u0103 \u00een T\u0103\u0219ad, comuna Dr\u0103ge\u0219ti, printr-un proiect de peste 1 milion de euro finan\u021bat prin Programul Regional Nord-Vest 2021\u20132027<\/a><\/h2><\/div><div class=\"w-vwrapper usg_vwrapper_2 align_none valign_bottom\" style=\"--vwrapper-gap: 0.4rem;\"><time class=\"w-post-elm post_date usg_post_date_2 icon-data entry-date published\" datetime=\"2026-06-02T16:47:43+03:00\"><i class=\"far fa-calendar\"><\/i>June 2, 2026<\/time><\/div>\t\t<\/div>\r\n\t\t\t<\/article>\r\n\t<article class=\"w-grid-item size_1x1 post-10975 post type-post status-publish format-standard has-post-thumbnail hentry category-contract category-judetul-salaj category-por-2021-2027\" data-id=\"10975\">\r\n\t\t<div class=\"w-grid-item-h\">\r\n\t\t\t\t\t\t<div class=\"w-vwrapper usg_vwrapper_3 align_none valign_top\" style=\"--vwrapper-gap: 2rem;\"><div class=\"w-post-elm post_image usg_post_image_1 has_ratio\"><a href=\"https:\/\/regionordvest.ro\/en\/transportul-public-din-zalau-va-fi-modernizat-printr-un-proiect-de-peste-54-milioane-de-euro-finantat-prin-programul-regional-nord-vest-2021-2027\/\" aria-label=\"Transportul public din Zal\u0103u va fi modernizat printr-un proiect de peste 5,4 milioane de euro finan\u021bat prin Programul Regional Nord-Vest 2021\u20132027\"><img loading=\"lazy\" decoding=\"async\" width=\"1024\" height=\"859\" src=\"https:\/\/regionordvest.ro\/wp-content\/uploads\/2026\/05\/335809-Autobaza-secundare-si-cinci-autobuze-Zalau-SJ-1024x859.png\" class=\"attachment-large size-large wp-post-image\" alt=\"\" \/><\/a><div style=\"padding-bottom:75%\"><\/div><\/div><\/div><div class=\"w-vwrapper usg_vwrapper_1 align_none valign_middle\" style=\"--vwrapper-gap: 0.5rem;\"><h2 class=\"w-post-elm post_title usg_post_title_1 wrapper align_left color_link_inherit\"><a href=\"https:\/\/regionordvest.ro\/en\/transportul-public-din-zalau-va-fi-modernizat-printr-un-proiect-de-peste-54-milioane-de-euro-finantat-prin-programul-regional-nord-vest-2021-2027\/\">Transportul public din Zal\u0103u va fi modernizat printr-un proiect de peste 5,4 milioane de euro finan\u021bat prin Programul Regional Nord-Vest 2021\u20132027<\/a><\/h2><\/div><div class=\"w-vwrapper usg_vwrapper_2 align_none valign_bottom\" style=\"--vwrapper-gap: 0.4rem;\"><time class=\"w-post-elm post_date usg_post_date_2 icon-data entry-date published\" datetime=\"2026-05-29T19:18:24+03:00\"><i class=\"far fa-calendar\"><\/i>May 29, 2026<\/time><\/div>\t\t<\/div>\r\n\t\t\t<\/article>\r\n\t<article class=\"w-grid-item size_1x1 post-10959 post type-post status-publish format-standard has-post-thumbnail hentry category-contract category-judetul-bistrita-nasaud category-por-2021-2027\" data-id=\"10959\">\r\n\t\t<div class=\"w-grid-item-h\">\r\n\t\t\t\t\t\t<div class=\"w-vwrapper usg_vwrapper_3 align_none valign_top\" style=\"--vwrapper-gap: 2rem;\"><div class=\"w-post-elm post_image usg_post_image_1 has_ratio\"><a href=\"https:\/\/regionordvest.ro\/en\/zona-lacului-mhc-din-bistrita-va-fi-transformata-printr-un-proiect-de-peste-35-milioane-de-euro-finantat-prin-programul-regional-nord-vest-2021-2027\/\" aria-label=\"Zona lacului MHC din Bistri\u021ba va fi transformat\u0103 printr-un proiect de peste 3,5 milioane de euro finan\u021bat prin Programul Regional Nord-Vest 2021\u20132027\"><img loading=\"lazy\" decoding=\"async\" width=\"1024\" height=\"859\" src=\"https:\/\/regionordvest.ro\/wp-content\/uploads\/2026\/05\/356536-Regenerare-Urbana-Lac-MHC-Bistrita-BN-1024x859.png\" class=\"attachment-large size-large wp-post-image\" alt=\"\" \/><\/a><div style=\"padding-bottom:75%\"><\/div><\/div><\/div><div class=\"w-vwrapper usg_vwrapper_1 align_none valign_middle\" style=\"--vwrapper-gap: 0.5rem;\"><h2 class=\"w-post-elm post_title usg_post_title_1 wrapper align_left color_link_inherit\"><a href=\"https:\/\/regionordvest.ro\/en\/zona-lacului-mhc-din-bistrita-va-fi-transformata-printr-un-proiect-de-peste-35-milioane-de-euro-finantat-prin-programul-regional-nord-vest-2021-2027\/\">Zona lacului MHC din Bistri\u021ba va fi transformat\u0103 printr-un proiect de peste 3,5 milioane de euro finan\u021bat prin Programul Regional Nord-Vest 2021\u20132027<\/a><\/h2><\/div><div class=\"w-vwrapper usg_vwrapper_2 align_none valign_bottom\" style=\"--vwrapper-gap: 0.4rem;\"><time class=\"w-post-elm post_date usg_post_date_2 icon-data entry-date published\" datetime=\"2026-05-28T18:22:05+03:00\"><i class=\"far fa-calendar\"><\/i>May 28, 2026<\/time><\/div>\t\t<\/div>\r\n\t\t\t<\/article>\r\n\t<article class=\"w-grid-item size_1x1 post-10955 post type-post status-publish format-standard has-post-thumbnail hentry category-contract category-judetul-bihor category-por-2021-2027\" data-id=\"10955\">\r\n\t\t<div class=\"w-grid-item-h\">\r\n\t\t\t\t\t\t<div class=\"w-vwrapper usg_vwrapper_3 align_none valign_top\" style=\"--vwrapper-gap: 2rem;\"><div class=\"w-post-elm post_image usg_post_image_1 has_ratio\"><a href=\"https:\/\/regionordvest.ro\/en\/transportul-judetean-din-intreg-judetul-bihor-va-fi-modernizat-printr-o-finantare-de-peste-17-milioane-de-euro-prin-programul-regional-nord-vest-2021-2027\/\" aria-label=\"Transportul jude\u021bean din \u00eentreg jude\u021bul Bihor va fi modernizat printr-o finan\u021bare de peste 17 milioane de euro prin Programul Regional Nord-Vest 2021\u20132027\"><img loading=\"lazy\" decoding=\"async\" width=\"1024\" height=\"859\" src=\"https:\/\/regionordvest.ro\/wp-content\/uploads\/2026\/05\/334612-334613-334610-Transport-judetean-BH-1024x859.png\" class=\"attachment-large size-large wp-post-image\" alt=\"\" \/><\/a><div style=\"padding-bottom:75%\"><\/div><\/div><\/div><div class=\"w-vwrapper usg_vwrapper_1 align_none valign_middle\" style=\"--vwrapper-gap: 0.5rem;\"><h2 class=\"w-post-elm post_title usg_post_title_1 wrapper align_left color_link_inherit\"><a href=\"https:\/\/regionordvest.ro\/en\/transportul-judetean-din-intreg-judetul-bihor-va-fi-modernizat-printr-o-finantare-de-peste-17-milioane-de-euro-prin-programul-regional-nord-vest-2021-2027\/\">Transportul jude\u021bean din \u00eentreg jude\u021bul Bihor va fi modernizat printr-o finan\u021bare de peste 17 milioane de euro prin Programul Regional Nord-Vest 2021\u20132027<\/a><\/h2><\/div><div class=\"w-vwrapper usg_vwrapper_2 align_none valign_bottom\" style=\"--vwrapper-gap: 0.4rem;\"><time class=\"w-post-elm post_date usg_post_date_2 icon-data entry-date published\" datetime=\"2026-05-27T18:57:53+03:00\"><i class=\"far fa-calendar\"><\/i>May 27, 2026<\/time><\/div>\t\t<\/div>\r\n\t\t\t<\/article>\r\n\t<article class=\"w-grid-item size_1x1 post-10940 post type-post status-publish format-standard has-post-thumbnail hentry category-contract category-judetul-maramures category-por-2021-2027\" data-id=\"10940\">\r\n\t\t<div class=\"w-grid-item-h\">\r\n\t\t\t\t\t\t<div class=\"w-vwrapper usg_vwrapper_3 align_none valign_top\" style=\"--vwrapper-gap: 2rem;\"><div class=\"w-post-elm post_image usg_post_image_1 has_ratio\"><a href=\"https:\/\/regionordvest.ro\/en\/un-centru-multifunctional-modern-va-fi-construit-in-tautii-magheraus-printr-un-proiect-de-peste-36-milioane-de-euro-finantat-prin-programul-regional-nord-vest-2021-2027\/\" aria-label=\"Un centru multifunc\u021bional modern va fi construit \u00een T\u0103u\u021bii-M\u0103gher\u0103u\u0219 printr-un proiect de peste 3,6 milioane de euro finan\u021bat prin Programul Regional Nord-Vest 2021\u20132027\"><img loading=\"lazy\" decoding=\"async\" width=\"1024\" height=\"859\" src=\"https:\/\/regionordvest.ro\/wp-content\/uploads\/2026\/05\/319594-Centru-Multifunctional-Tautii-Magheraus-MM-1024x859.png\" class=\"attachment-large size-large wp-post-image\" alt=\"\" \/><\/a><div style=\"padding-bottom:75%\"><\/div><\/div><\/div><div class=\"w-vwrapper usg_vwrapper_1 align_none valign_middle\" style=\"--vwrapper-gap: 0.5rem;\"><h2 class=\"w-post-elm post_title usg_post_title_1 wrapper align_left color_link_inherit\"><a href=\"https:\/\/regionordvest.ro\/en\/un-centru-multifunctional-modern-va-fi-construit-in-tautii-magheraus-printr-un-proiect-de-peste-36-milioane-de-euro-finantat-prin-programul-regional-nord-vest-2021-2027\/\">Un centru multifunc\u021bional modern va fi construit \u00een T\u0103u\u021bii-M\u0103gher\u0103u\u0219 printr-un proiect de peste 3,6 milioane de euro finan\u021bat prin Programul Regional Nord-Vest 2021\u20132027<\/a><\/h2><\/div><div class=\"w-vwrapper usg_vwrapper_2 align_none valign_bottom\" style=\"--vwrapper-gap: 0.4rem;\"><time class=\"w-post-elm post_date usg_post_date_2 icon-data entry-date published\" datetime=\"2026-05-26T17:00:52+03:00\"><i class=\"far fa-calendar\"><\/i>May 26, 2026<\/time><\/div>\t\t<\/div>\r\n\t\t\t<\/article>\r\n\t<article class=\"w-grid-item size_1x1 post-10951 post type-post status-publish format-standard has-post-thumbnail hentry category-contract category-judetul-bihor category-por-2021-2027\" data-id=\"10951\">\r\n\t\t<div class=\"w-grid-item-h\">\r\n\t\t\t\t\t\t<div class=\"w-vwrapper usg_vwrapper_3 align_none valign_top\" style=\"--vwrapper-gap: 2rem;\"><div class=\"w-post-elm post_image usg_post_image_1 has_ratio\"><a href=\"https:\/\/regionordvest.ro\/en\/transportul-judetean-din-zona-sud-vest-a-judetului-bihor-va-fi-modernizat-printr-un-proiect-de-aproape-57-milioane-de-euro-finantat-prin-programul-regional-nord-vest-2021-2027\/\" aria-label=\"Transportul jude\u021bean din zona Sud\u2013Vest a jude\u021bului Bihor va fi modernizat printr-un proiect de aproape 5,7 milioane de euro finan\u021bat prin Programul Regional Nord-Vest 2021\u20132027\"><img loading=\"lazy\" decoding=\"async\" width=\"1024\" height=\"859\" src=\"https:\/\/regionordvest.ro\/wp-content\/uploads\/2026\/05\/334619-Transport-judetean-zona-Sud-Vest-BH-1-1024x859.png\" class=\"attachment-large size-large wp-post-image\" alt=\"\" \/><\/a><div style=\"padding-bottom:75%\"><\/div><\/div><\/div><div class=\"w-vwrapper usg_vwrapper_1 align_none valign_middle\" style=\"--vwrapper-gap: 0.5rem;\"><h2 class=\"w-post-elm post_title usg_post_title_1 wrapper align_left color_link_inherit\"><a href=\"https:\/\/regionordvest.ro\/en\/transportul-judetean-din-zona-sud-vest-a-judetului-bihor-va-fi-modernizat-printr-un-proiect-de-aproape-57-milioane-de-euro-finantat-prin-programul-regional-nord-vest-2021-2027\/\">Transportul jude\u021bean din zona Sud\u2013Vest a jude\u021bului Bihor va fi modernizat printr-un proiect de aproape 5,7 milioane de euro finan\u021bat prin Programul Regional Nord-Vest 2021\u20132027<\/a><\/h2><\/div><div class=\"w-vwrapper usg_vwrapper_2 align_none valign_bottom\" style=\"--vwrapper-gap: 0.4rem;\"><time class=\"w-post-elm post_date usg_post_date_2 icon-data entry-date published\" datetime=\"2026-05-22T18:10:15+03:00\"><i class=\"far fa-calendar\"><\/i>May 22, 2026<\/time><\/div>\t\t<\/div>\r\n\t\t\t<\/article>\r\n\t<article class=\"w-grid-item size_1x1 post-10946 post type-post status-publish format-standard has-post-thumbnail hentry category-contract category-judetul-bihor category-por-2021-2027\" data-id=\"10946\">\r\n\t\t<div class=\"w-grid-item-h\">\r\n\t\t\t\t\t\t<div class=\"w-vwrapper usg_vwrapper_3 align_none valign_top\" style=\"--vwrapper-gap: 2rem;\"><div class=\"w-post-elm post_image usg_post_image_1 has_ratio\"><a href=\"https:\/\/regionordvest.ro\/en\/transportul-judetean-din-zona-centru-est-a-judetului-bihor-va-fi-modernizat-printr-un-proiect-de-aproape-57-milioane-de-euro-finantat-prin-programul-regional-nord-vest-2021-2027\/\" aria-label=\"Transportul jude\u021bean din zona Centru\u2013Est a jude\u021bului Bihor va fi modernizat printr-un proiect de aproape 5,7 milioane de euro finan\u021bat prin Programul Regional Nord-Vest 2021\u20132027\"><img loading=\"lazy\" decoding=\"async\" width=\"1024\" height=\"859\" src=\"https:\/\/regionordvest.ro\/wp-content\/uploads\/2026\/05\/334613-Transport-judetean-zona-Centru-Est-BH-2-1024x859.png\" class=\"attachment-large size-large wp-post-image\" alt=\"\" \/><\/a><div style=\"padding-bottom:75%\"><\/div><\/div><\/div><div class=\"w-vwrapper usg_vwrapper_1 align_none valign_middle\" style=\"--vwrapper-gap: 0.5rem;\"><h2 class=\"w-post-elm post_title usg_post_title_1 wrapper align_left color_link_inherit\"><a href=\"https:\/\/regionordvest.ro\/en\/transportul-judetean-din-zona-centru-est-a-judetului-bihor-va-fi-modernizat-printr-un-proiect-de-aproape-57-milioane-de-euro-finantat-prin-programul-regional-nord-vest-2021-2027\/\">Transportul jude\u021bean din zona Centru\u2013Est a jude\u021bului Bihor va fi modernizat printr-un proiect de aproape 5,7 milioane de euro finan\u021bat prin Programul Regional Nord-Vest 2021\u20132027<\/a><\/h2><\/div><div class=\"w-vwrapper usg_vwrapper_2 align_none valign_bottom\" style=\"--vwrapper-gap: 0.4rem;\"><time class=\"w-post-elm post_date usg_post_date_2 icon-data entry-date published\" datetime=\"2026-05-22T17:45:03+03:00\"><i class=\"far fa-calendar\"><\/i>May 22, 2026<\/time><\/div>\t\t<\/div>\r\n\t\t\t<\/article>\r\n\t<article class=\"w-grid-item size_1x1 post-10943 post type-post status-publish format-standard has-post-thumbnail hentry category-contract category-judetul-bihor category-por-2021-2027\" data-id=\"10943\">\r\n\t\t<div class=\"w-grid-item-h\">\r\n\t\t\t\t\t\t<div class=\"w-vwrapper usg_vwrapper_3 align_none valign_top\" style=\"--vwrapper-gap: 2rem;\"><div class=\"w-post-elm post_image usg_post_image_1 has_ratio\"><a href=\"https:\/\/regionordvest.ro\/en\/transportul-judetean-din-nordul-judetului-bihor-va-fi-modernizat-printr-un-proiect-de-aproape-57-milioane-de-euro-finantat-prin-programul-regional-nord-vest-2021-2027\/\" aria-label=\"Transportul jude\u021bean din nordul jude\u021bului Bihor va fi modernizat printr-un proiect de aproape 5,7 milioane de euro finan\u021bat prin Programul Regional Nord-Vest 2021\u20132027\"><img loading=\"lazy\" decoding=\"async\" width=\"1024\" height=\"859\" src=\"https:\/\/regionordvest.ro\/wp-content\/uploads\/2026\/05\/334612-Transport-judetean-zona-Nord-BH-3-1024x859.png\" class=\"attachment-large size-large wp-post-image\" alt=\"\" \/><\/a><div style=\"padding-bottom:75%\"><\/div><\/div><\/div><div class=\"w-vwrapper usg_vwrapper_1 align_none valign_middle\" style=\"--vwrapper-gap: 0.5rem;\"><h2 class=\"w-post-elm post_title usg_post_title_1 wrapper align_left color_link_inherit\"><a href=\"https:\/\/regionordvest.ro\/en\/transportul-judetean-din-nordul-judetului-bihor-va-fi-modernizat-printr-un-proiect-de-aproape-57-milioane-de-euro-finantat-prin-programul-regional-nord-vest-2021-2027\/\">Transportul jude\u021bean din nordul jude\u021bului Bihor va fi modernizat printr-un proiect de aproape 5,7 milioane de euro finan\u021bat prin Programul Regional Nord-Vest 2021\u20132027<\/a><\/h2><\/div><div class=\"w-vwrapper usg_vwrapper_2 align_none valign_bottom\" style=\"--vwrapper-gap: 0.4rem;\"><time class=\"w-post-elm post_date usg_post_date_2 icon-data entry-date published\" datetime=\"2026-05-22T16:40:17+03:00\"><i class=\"far fa-calendar\"><\/i>May 22, 2026<\/time><\/div>\t\t<\/div>\r\n\t\t\t<\/article>\r\n\t<article class=\"w-grid-item size_1x1 post-10930 post type-post status-publish format-standard has-post-thumbnail hentry category-contract category-judetul-satu-mare category-por-2021-2027\" data-id=\"10930\">\r\n\t\t<div class=\"w-grid-item-h\">\r\n\t\t\t\t\t\t<div class=\"w-vwrapper usg_vwrapper_3 align_none valign_top\" style=\"--vwrapper-gap: 2rem;\"><div class=\"w-post-elm post_image usg_post_image_1 has_ratio\"><a href=\"https:\/\/regionordvest.ro\/en\/peste-300-de-treceri-de-pietoni-din-judetul-satu-mare-vor-fi-iluminate-inteligent-printr-un-proiect-de-aproape-38-milioane-de-euro-finantat-prin-programul-regional-nord-vest-2021-2027\/\" aria-label=\"Peste 300 de treceri de pietoni din jude\u021bul Satu Mare vor fi iluminate inteligent printr-un proiect de aproape 3,8 milioane de euro finan\u021bat prin Programul Regional Nord-Vest 2021\u20132027\"><img loading=\"lazy\" decoding=\"async\" width=\"1024\" height=\"859\" src=\"https:\/\/regionordvest.ro\/wp-content\/uploads\/2026\/05\/319093-Iluminare-Treceri-Pietoni-SM-1024x859.png\" class=\"attachment-large size-large wp-post-image\" alt=\"\" \/><\/a><div style=\"padding-bottom:75%\"><\/div><\/div><\/div><div class=\"w-vwrapper usg_vwrapper_1 align_none valign_middle\" style=\"--vwrapper-gap: 0.5rem;\"><h2 class=\"w-post-elm post_title usg_post_title_1 wrapper align_left color_link_inherit\"><a href=\"https:\/\/regionordvest.ro\/en\/peste-300-de-treceri-de-pietoni-din-judetul-satu-mare-vor-fi-iluminate-inteligent-printr-un-proiect-de-aproape-38-milioane-de-euro-finantat-prin-programul-regional-nord-vest-2021-2027\/\">Peste 300 de treceri de pietoni din jude\u021bul Satu Mare vor fi iluminate inteligent printr-un proiect de aproape 3,8 milioane de euro finan\u021bat prin Programul Regional Nord-Vest 2021\u20132027<\/a><\/h2><\/div><div class=\"w-vwrapper usg_vwrapper_2 align_none valign_bottom\" style=\"--vwrapper-gap: 0.4rem;\"><time class=\"w-post-elm post_date usg_post_date_2 icon-data entry-date published\" datetime=\"2026-05-20T16:09:37+03:00\"><i class=\"far fa-calendar\"><\/i>May 20, 2026<\/time><\/div>\t\t<\/div>\r\n\t\t\t<\/article>\r\n\t<article class=\"w-grid-item size_1x1 post-10900 post type-post status-publish format-standard has-post-thumbnail hentry category-contract category-judetul-bistrita-nasaud category-por-2021-2027\" data-id=\"10900\">\r\n\t\t<div class=\"w-grid-item-h\">\r\n\t\t\t\t\t\t<div class=\"w-vwrapper usg_vwrapper_3 align_none valign_top\" style=\"--vwrapper-gap: 2rem;\"><div class=\"w-post-elm post_image usg_post_image_1 has_ratio\"><a href=\"https:\/\/regionordvest.ro\/en\/gradinita-trenuletul-veseliei-din-bistrita-va-fi-reabilitata-si-modernizata-printr-un-proiect-de-peste-3-milioane-de-euro-finantat-prin-programul-regional-nord-vest-2021-2027\/\" aria-label=\"Gr\u0103dini\u021ba \u201eTrenule\u021bul Veseliei\u201d din Bistri\u021ba va fi reabilitat\u0103 \u0219i modernizat\u0103 printr-un proiect de peste 3 milioane de euro finan\u021bat prin Programul Regional Nord-Vest 2021\u20132027\"><img loading=\"lazy\" decoding=\"async\" width=\"1024\" height=\"859\" src=\"https:\/\/regionordvest.ro\/wp-content\/uploads\/2026\/05\/321563-GPP-Trenuletul-Veseliei-Bistrita-BN-1024x859.png\" class=\"attachment-large size-large wp-post-image\" alt=\"\" \/><\/a><div style=\"padding-bottom:75%\"><\/div><\/div><\/div><div class=\"w-vwrapper usg_vwrapper_1 align_none valign_middle\" style=\"--vwrapper-gap: 0.5rem;\"><h2 class=\"w-post-elm post_title usg_post_title_1 wrapper align_left color_link_inherit\"><a href=\"https:\/\/regionordvest.ro\/en\/gradinita-trenuletul-veseliei-din-bistrita-va-fi-reabilitata-si-modernizata-printr-un-proiect-de-peste-3-milioane-de-euro-finantat-prin-programul-regional-nord-vest-2021-2027\/\">Gr\u0103dini\u021ba \u201eTrenule\u021bul Veseliei\u201d din Bistri\u021ba va fi reabilitat\u0103 \u0219i modernizat\u0103 printr-un proiect de peste 3 milioane de euro finan\u021bat prin Programul Regional Nord-Vest 2021\u20132027<\/a><\/h2><\/div><div class=\"w-vwrapper usg_vwrapper_2 align_none valign_bottom\" style=\"--vwrapper-gap: 0.4rem;\"><time class=\"w-post-elm post_date usg_post_date_2 icon-data entry-date published\" datetime=\"2026-05-18T11:12:00+03:00\"><i class=\"far fa-calendar\"><\/i>May 18, 2026<\/time><\/div>\t\t<\/div>\r\n\t\t\t<\/article>\r\n\t<article class=\"w-grid-item size_1x1 post-10890 post type-post status-publish format-standard has-post-thumbnail hentry category-contract category-judetul-satu-mare category-por-2021-2027\" data-id=\"10890\">\r\n\t\t<div class=\"w-grid-item-h\">\r\n\t\t\t\t\t\t<div class=\"w-vwrapper usg_vwrapper_3 align_none valign_top\" style=\"--vwrapper-gap: 2rem;\"><div class=\"w-post-elm post_image usg_post_image_1 has_ratio\"><a href=\"https:\/\/regionordvest.ro\/en\/blocurile-de-pe-strada-victoriei-din-negresti-oas-vor-fi-renovate-energetic-printr-o-investitie-de-aproape-51-milioane-de-euro-finantata-prin-programul-regional-nord-vest-2021-2027\/\" aria-label=\"Blocurile de pe strada Victoriei din Negre\u0219ti-Oa\u0219 vor fi renovate energetic printr-o investi\u021bie de aproape 5,1 milioane de euro finan\u021bat\u0103 prin Programul Regional Nord-Vest 2021-2027\"><img loading=\"lazy\" decoding=\"async\" width=\"1024\" height=\"859\" src=\"https:\/\/regionordvest.ro\/wp-content\/uploads\/2026\/05\/331654-Renovare-energetica-Negresti-Oas-SM-1024x859.png\" class=\"attachment-large size-large wp-post-image\" alt=\"\" \/><\/a><div style=\"padding-bottom:75%\"><\/div><\/div><\/div><div class=\"w-vwrapper usg_vwrapper_1 align_none valign_middle\" style=\"--vwrapper-gap: 0.5rem;\"><h2 class=\"w-post-elm post_title usg_post_title_1 wrapper align_left color_link_inherit\"><a href=\"https:\/\/regionordvest.ro\/en\/blocurile-de-pe-strada-victoriei-din-negresti-oas-vor-fi-renovate-energetic-printr-o-investitie-de-aproape-51-milioane-de-euro-finantata-prin-programul-regional-nord-vest-2021-2027\/\">Blocurile de pe strada Victoriei din Negre\u0219ti-Oa\u0219 vor fi renovate energetic printr-o investi\u021bie de aproape 5,1 milioane de euro finan\u021bat\u0103 prin Programul Regional Nord-Vest 2021-2027<\/a><\/h2><\/div><div class=\"w-vwrapper usg_vwrapper_2 align_none valign_bottom\" style=\"--vwrapper-gap: 0.4rem;\"><time class=\"w-post-elm post_date usg_post_date_2 icon-data entry-date published\" datetime=\"2026-05-15T17:24:49+03:00\"><i class=\"far fa-calendar\"><\/i>May 15, 2026<\/time><\/div>\t\t<\/div>\r\n\t\t\t<\/article>\r\n\t<article class=\"w-grid-item size_1x1 post-10734 post type-post status-publish format-standard has-post-thumbnail hentry category-contract category-judetul-bistrita-nasaud category-por-2021-2027\" data-id=\"10734\">\r\n\t\t<div class=\"w-grid-item-h\">\r\n\t\t\t\t\t\t<div class=\"w-vwrapper usg_vwrapper_3 align_none valign_top\" style=\"--vwrapper-gap: 2rem;\"><div class=\"w-post-elm post_image usg_post_image_1 has_ratio\"><a href=\"https:\/\/regionordvest.ro\/en\/un-punct-critic-din-trafic-dispare-pasaj-subteran-in-beclean-pentru-traversarea-sigura-a-caii-ferate-si-a-dn17-printr-o-investitie-de-peste-84-milioane-de-euro-finantata-prin-prnv-2021-2027\/\" aria-label=\"Un punct critic din trafic dispare: pasaj subteran \u00een Beclean pentru traversarea sigur\u0103 a c\u0103ii ferate \u0219i a DN17, printr-o investi\u021bie de peste 8,4 milioane de euro finan\u021bat\u0103 prin Programul Regional Nord-Vest 2021-2027\"><img loading=\"lazy\" decoding=\"async\" width=\"1024\" height=\"859\" src=\"https:\/\/regionordvest.ro\/wp-content\/uploads\/2026\/04\/334181-Pasaj-rutier-DN17-Beclean-BN-1024x859.png\" class=\"attachment-large size-large wp-post-image\" alt=\"\" \/><\/a><div style=\"padding-bottom:75%\"><\/div><\/div><\/div><div class=\"w-vwrapper usg_vwrapper_1 align_none valign_middle\" style=\"--vwrapper-gap: 0.5rem;\"><h2 class=\"w-post-elm post_title usg_post_title_1 wrapper align_left color_link_inherit\"><a href=\"https:\/\/regionordvest.ro\/en\/un-punct-critic-din-trafic-dispare-pasaj-subteran-in-beclean-pentru-traversarea-sigura-a-caii-ferate-si-a-dn17-printr-o-investitie-de-peste-84-milioane-de-euro-finantata-prin-prnv-2021-2027\/\">Un punct critic din trafic dispare: pasaj subteran \u00een Beclean pentru traversarea sigur\u0103 a c\u0103ii ferate \u0219i a DN17, printr-o investi\u021bie de peste 8,4 milioane de euro finan\u021bat\u0103 prin Programul Regional Nord-Vest 2021-2027<\/a><\/h2><\/div><div class=\"w-vwrapper usg_vwrapper_2 align_none valign_bottom\" style=\"--vwrapper-gap: 0.4rem;\"><time class=\"w-post-elm post_date usg_post_date_2 icon-data entry-date published\" datetime=\"2026-03-31T17:00:00+03:00\"><i class=\"far fa-calendar\"><\/i>March 31, 2026<\/time><\/div>\t\t<\/div>\r\n\t\t\t<\/article>\r\n\t<article class=\"w-grid-item size_1x1 post-10706 post type-post status-publish format-standard has-post-thumbnail hentry category-contract category-judetul-maramures category-por-2021-2027\" data-id=\"10706\">\r\n\t\t<div class=\"w-grid-item-h\">\r\n\t\t\t\t\t\t<div class=\"w-vwrapper usg_vwrapper_3 align_none valign_top\" style=\"--vwrapper-gap: 2rem;\"><div class=\"w-post-elm post_image usg_post_image_1 has_ratio\"><a href=\"https:\/\/regionordvest.ro\/en\/primul-contract-semnat-pentru-internationalizarea-imm-urilor-produse-realizate-in-baia-mare-ajung-pe-piete-din-europa-sua-si-asia-printr-o-investitie-de-300-000-de-euro-finantata-prin-prnv-2021-2027\/\" aria-label=\"Primul contract semnat pentru interna\u021bionalizarea IMM-urilor: produse realizate \u00een Baia Mare ajung pe pie\u021be din Europa, SUA \u0219i Asia printr-o investi\u021bie de peste 300.000 de euro finan\u021bat\u0103 prin Programul Regional Nord-Vest 2021\u20132027\"><img loading=\"lazy\" decoding=\"async\" width=\"1024\" height=\"859\" src=\"https:\/\/regionordvest.ro\/wp-content\/uploads\/2026\/03\/Primul-contract-131F-IMM-1024x859.png\" class=\"attachment-large size-large wp-post-image\" alt=\"\" \/><\/a><div style=\"padding-bottom:75%\"><\/div><\/div><\/div><div class=\"w-vwrapper usg_vwrapper_1 align_none valign_middle\" style=\"--vwrapper-gap: 0.5rem;\"><h2 class=\"w-post-elm post_title usg_post_title_1 wrapper align_left color_link_inherit\"><a href=\"https:\/\/regionordvest.ro\/en\/primul-contract-semnat-pentru-internationalizarea-imm-urilor-produse-realizate-in-baia-mare-ajung-pe-piete-din-europa-sua-si-asia-printr-o-investitie-de-300-000-de-euro-finantata-prin-prnv-2021-2027\/\">Primul contract semnat pentru interna\u021bionalizarea IMM-urilor: produse realizate \u00een Baia Mare ajung pe pie\u021be din Europa, SUA \u0219i Asia printr-o investi\u021bie de peste 300.000 de euro finan\u021bat\u0103 prin Programul Regional Nord-Vest 2021\u20132027<\/a><\/h2><\/div><div class=\"w-vwrapper usg_vwrapper_2 align_none valign_bottom\" style=\"--vwrapper-gap: 0.4rem;\"><time class=\"w-post-elm post_date usg_post_date_2 icon-data entry-date published\" datetime=\"2026-03-27T17:28:22+02:00\"><i class=\"far fa-calendar\"><\/i>March 27, 2026<\/time><\/div>\t\t<\/div>\r\n\t\t\t<\/article>\r\n\t<article class=\"w-grid-item size_1x1 post-10703 post type-post status-publish format-standard has-post-thumbnail hentry category-contract category-judetul-cluj category-por-2021-2027\" data-id=\"10703\">\r\n\t\t<div class=\"w-grid-item-h\">\r\n\t\t\t\t\t\t<div class=\"w-vwrapper usg_vwrapper_3 align_none valign_top\" style=\"--vwrapper-gap: 2rem;\"><div class=\"w-post-elm post_image usg_post_image_1 has_ratio\"><a href=\"https:\/\/regionordvest.ro\/en\/unul-dintre-cartierele-importante-din-cluj-napoca-devine-mai-usor-de-traversat-printr-un-proiect-de-peste-26-milioane-de-euro-finantat-prin-programul-regional-nord-vest-2021-2027\/\" aria-label=\"Unul dintre cartierele importante din Cluj-Napoca devine mai u\u0219or de traversat printr-un proiect de peste 26 milioane de euro finan\u021bat prin Programul Regional Nord-Vest 2021\u20132027\"><img loading=\"lazy\" decoding=\"async\" width=\"1024\" height=\"859\" src=\"https:\/\/regionordvest.ro\/wp-content\/uploads\/2026\/03\/320877-Piata-14-Iulie-Cluj-Napoca-CJ-1024x859.png\" class=\"attachment-large size-large wp-post-image\" alt=\"\" \/><\/a><div style=\"padding-bottom:75%\"><\/div><\/div><\/div><div class=\"w-vwrapper usg_vwrapper_1 align_none valign_middle\" style=\"--vwrapper-gap: 0.5rem;\"><h2 class=\"w-post-elm post_title usg_post_title_1 wrapper align_left color_link_inherit\"><a href=\"https:\/\/regionordvest.ro\/en\/unul-dintre-cartierele-importante-din-cluj-napoca-devine-mai-usor-de-traversat-printr-un-proiect-de-peste-26-milioane-de-euro-finantat-prin-programul-regional-nord-vest-2021-2027\/\">Unul dintre cartierele importante din Cluj-Napoca devine mai u\u0219or de traversat printr-un proiect de peste 26 milioane de euro finan\u021bat prin Programul Regional Nord-Vest 2021\u20132027<\/a><\/h2><\/div><div class=\"w-vwrapper usg_vwrapper_2 align_none valign_bottom\" style=\"--vwrapper-gap: 0.4rem;\"><time class=\"w-post-elm post_date usg_post_date_2 icon-data entry-date published\" datetime=\"2026-03-26T17:42:28+02:00\"><i class=\"far fa-calendar\"><\/i>March 26, 2026<\/time><\/div>\t\t<\/div>\r\n\t\t\t<\/article>\r\n\t<article class=\"w-grid-item size_1x1 post-10698 post type-post status-publish format-standard has-post-thumbnail hentry category-contract category-judetul-satu-mare category-por-2021-2027\" data-id=\"10698\">\r\n\t\t<div class=\"w-grid-item-h\">\r\n\t\t\t\t\t\t<div class=\"w-vwrapper usg_vwrapper_3 align_none valign_top\" style=\"--vwrapper-gap: 2rem;\"><div class=\"w-post-elm post_image usg_post_image_1 has_ratio\"><a href=\"https:\/\/regionordvest.ro\/en\/o-noua-gradinita-pentru-copiii-din-ghirisa-construita-printr-un-proiect-de-peste-500-000-de-euro-finantat-prin-programul-regional-nord-vest-2021-2027\/\" aria-label=\"O nou\u0103 gr\u0103dini\u021b\u0103 pentru copiii din Ghiri\u0219a, construit\u0103 printr-un proiect de peste 500.000 de euro finan\u021bat prin Programul Regional Nord-Vest 2021\u20132027\"><img loading=\"lazy\" decoding=\"async\" width=\"1024\" height=\"859\" src=\"https:\/\/regionordvest.ro\/wp-content\/uploads\/2026\/03\/325258-Construire-Gradinita-Beltiug-SM-1024x859.png\" class=\"attachment-large size-large wp-post-image\" alt=\"\" \/><\/a><div style=\"padding-bottom:75%\"><\/div><\/div><\/div><div class=\"w-vwrapper usg_vwrapper_1 align_none valign_middle\" style=\"--vwrapper-gap: 0.5rem;\"><h2 class=\"w-post-elm post_title usg_post_title_1 wrapper align_left color_link_inherit\"><a href=\"https:\/\/regionordvest.ro\/en\/o-noua-gradinita-pentru-copiii-din-ghirisa-construita-printr-un-proiect-de-peste-500-000-de-euro-finantat-prin-programul-regional-nord-vest-2021-2027\/\">O nou\u0103 gr\u0103dini\u021b\u0103 pentru copiii din Ghiri\u0219a, construit\u0103 printr-un proiect de peste 500.000 de euro finan\u021bat prin Programul Regional Nord-Vest 2021\u20132027<\/a><\/h2><\/div><div class=\"w-vwrapper usg_vwrapper_2 align_none valign_bottom\" style=\"--vwrapper-gap: 0.4rem;\"><time class=\"w-post-elm post_date usg_post_date_2 icon-data entry-date published\" datetime=\"2026-03-25T18:00:02+02:00\"><i class=\"far fa-calendar\"><\/i>March 25, 2026<\/time><\/div>\t\t<\/div>\r\n\t\t\t<\/article>\r\n\t<article class=\"w-grid-item size_1x1 post-10681 post type-post status-publish format-standard has-post-thumbnail hentry category-contract category-judetul-maramures category-por-2021-2027\" data-id=\"10681\">\r\n\t\t<div class=\"w-grid-item-h\">\r\n\t\t\t\t\t\t<div class=\"w-vwrapper usg_vwrapper_3 align_none valign_top\" style=\"--vwrapper-gap: 2rem;\"><div class=\"w-post-elm post_image usg_post_image_1 has_ratio\"><a href=\"https:\/\/regionordvest.ro\/en\/lacul-gavril-din-ocna-sugatag-va-deveni-un-nou-punct-de-atractie-turistica-printr-un-proiect-de-peste-51-milioane-de-euro-finantat-prin-programul-regional-nord-vest-2021-2027\/\" aria-label=\"Lacul Gavril din Ocna \u0218ugatag va deveni un nou punct de atrac\u021bie turistic\u0103 printr-un proiect de peste 5,1 milioane de euro finan\u021bat prin Programul Regional Nord-Vest 2021\u20132027\"><img loading=\"lazy\" decoding=\"async\" width=\"1024\" height=\"859\" src=\"https:\/\/regionordvest.ro\/wp-content\/uploads\/2026\/03\/324046-Lacul-Gavril-Ocna-Sugatag-MM-1024x859.png\" class=\"attachment-large size-large wp-post-image\" alt=\"\" \/><\/a><div style=\"padding-bottom:75%\"><\/div><\/div><\/div><div class=\"w-vwrapper usg_vwrapper_1 align_none valign_middle\" style=\"--vwrapper-gap: 0.5rem;\"><h2 class=\"w-post-elm post_title usg_post_title_1 wrapper align_left color_link_inherit\"><a href=\"https:\/\/regionordvest.ro\/en\/lacul-gavril-din-ocna-sugatag-va-deveni-un-nou-punct-de-atractie-turistica-printr-un-proiect-de-peste-51-milioane-de-euro-finantat-prin-programul-regional-nord-vest-2021-2027\/\">Lacul Gavril din Ocna \u0218ugatag va deveni un nou punct de atrac\u021bie turistic\u0103 printr-un proiect de peste 5,1 milioane de euro finan\u021bat prin Programul Regional Nord-Vest 2021\u20132027<\/a><\/h2><\/div><div class=\"w-vwrapper usg_vwrapper_2 align_none valign_bottom\" style=\"--vwrapper-gap: 0.4rem;\"><time class=\"w-post-elm post_date usg_post_date_2 icon-data entry-date published\" datetime=\"2026-03-23T16:00:31+02:00\"><i class=\"far fa-calendar\"><\/i>March 23, 2026<\/time><\/div>\t\t<\/div>\r\n\t\t\t<\/article>\r\n\t<article class=\"w-grid-item size_1x1 post-10678 post type-post status-publish format-standard has-post-thumbnail hentry category-contract category-judetul-maramures category-por-2021-2027\" data-id=\"10678\">\r\n\t\t<div class=\"w-grid-item-h\">\r\n\t\t\t\t\t\t<div class=\"w-vwrapper usg_vwrapper_3 align_none valign_top\" style=\"--vwrapper-gap: 2rem;\"><div class=\"w-post-elm post_image usg_post_image_1 has_ratio\"><a href=\"https:\/\/regionordvest.ro\/en\/o-noua-gradinita-va-fi-construita-in-trestia-comuna-cernesti-printr-un-proiect-de-peste-400-000-de-euro-finantat-prin-programul-regional-nord-vest-2021-2027\/\" aria-label=\"O nou\u0103 gr\u0103dini\u021b\u0103 va fi construit\u0103 \u00een Trestia, comuna Cerne\u0219ti, printr-un proiect de peste 400.000 de euro finan\u021bat prin Programul Regional Nord-Vest 2021\u20132027\"><img loading=\"lazy\" decoding=\"async\" width=\"1024\" height=\"859\" src=\"https:\/\/regionordvest.ro\/wp-content\/uploads\/2026\/03\/320183-Gradinita-Program-Normal-Cernesti-MM-1024x859.png\" class=\"attachment-large size-large wp-post-image\" alt=\"\" \/><\/a><div style=\"padding-bottom:75%\"><\/div><\/div><\/div><div class=\"w-vwrapper usg_vwrapper_1 align_none valign_middle\" style=\"--vwrapper-gap: 0.5rem;\"><h2 class=\"w-post-elm post_title usg_post_title_1 wrapper align_left color_link_inherit\"><a href=\"https:\/\/regionordvest.ro\/en\/o-noua-gradinita-va-fi-construita-in-trestia-comuna-cernesti-printr-un-proiect-de-peste-400-000-de-euro-finantat-prin-programul-regional-nord-vest-2021-2027\/\">O nou\u0103 gr\u0103dini\u021b\u0103 va fi construit\u0103 \u00een Trestia, comuna Cerne\u0219ti, printr-un proiect de peste 400.000 de euro finan\u021bat prin Programul Regional Nord-Vest 2021\u20132027<\/a><\/h2><\/div><div class=\"w-vwrapper usg_vwrapper_2 align_none valign_bottom\" style=\"--vwrapper-gap: 0.4rem;\"><time class=\"w-post-elm post_date usg_post_date_2 icon-data entry-date published\" datetime=\"2026-03-22T16:00:27+02:00\"><i class=\"far fa-calendar\"><\/i>March 22, 2026<\/time><\/div>\t\t<\/div>\r\n\t\t\t<\/article>\r\n\t<article class=\"w-grid-item size_1x1 post-10675 post type-post status-publish format-standard has-post-thumbnail hentry category-contract category-judetul-salaj category-por-2021-2027\" data-id=\"10675\">\r\n\t\t<div class=\"w-grid-item-h\">\r\n\t\t\t\t\t\t<div class=\"w-vwrapper usg_vwrapper_3 align_none valign_top\" style=\"--vwrapper-gap: 2rem;\"><div class=\"w-post-elm post_image usg_post_image_1 has_ratio\"><a href=\"https:\/\/regionordvest.ro\/en\/105-locuinte-din-simleu-silvaniei-vor-fi-reabilitate-energetic-printr-un-proiect-de-peste-3-milioane-de-euro-finantat-prin-programul-regional-nord-vest-2021-2027\/\" aria-label=\"105 locuin\u021be din \u0218imleu Silvaniei vor fi reabilitate energetic printr-un proiect de peste 3 milioane de euro finan\u021bat prin Programul Regional Nord-Vest 2021\u20132027\"><img loading=\"lazy\" decoding=\"async\" width=\"1024\" height=\"859\" src=\"https:\/\/regionordvest.ro\/wp-content\/uploads\/2026\/03\/331646-Cladiri-Rezidentiale-Multifamiliale-Simleu-Silvaniei-SJ-1-1024x859.png\" class=\"attachment-large size-large wp-post-image\" alt=\"\" \/><\/a><div style=\"padding-bottom:75%\"><\/div><\/div><\/div><div class=\"w-vwrapper usg_vwrapper_1 align_none valign_middle\" style=\"--vwrapper-gap: 0.5rem;\"><h2 class=\"w-post-elm post_title usg_post_title_1 wrapper align_left color_link_inherit\"><a href=\"https:\/\/regionordvest.ro\/en\/105-locuinte-din-simleu-silvaniei-vor-fi-reabilitate-energetic-printr-un-proiect-de-peste-3-milioane-de-euro-finantat-prin-programul-regional-nord-vest-2021-2027\/\">105 locuin\u021be din \u0218imleu Silvaniei vor fi reabilitate energetic printr-un proiect de peste 3 milioane de euro finan\u021bat prin Programul Regional Nord-Vest 2021\u20132027<\/a><\/h2><\/div><div class=\"w-vwrapper usg_vwrapper_2 align_none valign_bottom\" style=\"--vwrapper-gap: 0.4rem;\"><time class=\"w-post-elm post_date usg_post_date_2 icon-data entry-date published\" datetime=\"2026-03-21T16:00:39+02:00\"><i class=\"far fa-calendar\"><\/i>March 21, 2026<\/time><\/div>\t\t<\/div>\r\n\t\t\t<\/article>\r\n\t<article class=\"w-grid-item size_1x1 post-10667 post type-post status-publish format-standard has-post-thumbnail hentry category-contract category-judetul-satu-mare category-por-2021-2027\" data-id=\"10667\">\r\n\t\t<div class=\"w-grid-item-h\">\r\n\t\t\t\t\t\t<div class=\"w-vwrapper usg_vwrapper_3 align_none valign_top\" style=\"--vwrapper-gap: 2rem;\"><div class=\"w-post-elm post_image usg_post_image_1 has_ratio\"><a href=\"https:\/\/regionordvest.ro\/en\/parcul-vasile-lucaciu-din-satu-mare-va-fi-reabilitat-printr-un-proiect-de-peste-54-milioane-de-euro-finantat-prin-programul-regional-nord-vest-2021-2027\/\" aria-label=\"Parcul Vasile Lucaciu din Satu Mare va fi reabilitat printr-un proiect de peste 5,4 milioane de euro finan\u021bat prin Programul Regional Nord-Vest 2021\u20132027\"><img loading=\"lazy\" decoding=\"async\" width=\"1024\" height=\"859\" src=\"https:\/\/regionordvest.ro\/wp-content\/uploads\/2026\/03\/321135-Parc-Vasile-Lucaciu-Satu-Mare-SM-1024x859.png\" class=\"attachment-large size-large wp-post-image\" alt=\"\" \/><\/a><div style=\"padding-bottom:75%\"><\/div><\/div><\/div><div class=\"w-vwrapper usg_vwrapper_1 align_none valign_middle\" style=\"--vwrapper-gap: 0.5rem;\"><h2 class=\"w-post-elm post_title usg_post_title_1 wrapper align_left color_link_inherit\"><a href=\"https:\/\/regionordvest.ro\/en\/parcul-vasile-lucaciu-din-satu-mare-va-fi-reabilitat-printr-un-proiect-de-peste-54-milioane-de-euro-finantat-prin-programul-regional-nord-vest-2021-2027\/\">Parcul Vasile Lucaciu din Satu Mare va fi reabilitat printr-un proiect de peste 5,4 milioane de euro finan\u021bat prin Programul Regional Nord-Vest 2021\u20132027<\/a><\/h2><\/div><div class=\"w-vwrapper usg_vwrapper_2 align_none valign_bottom\" style=\"--vwrapper-gap: 0.4rem;\"><time class=\"w-post-elm post_date usg_post_date_2 icon-data entry-date published\" datetime=\"2026-03-20T17:00:08+02:00\"><i class=\"far fa-calendar\"><\/i>March 20, 2026<\/time><\/div>\t\t<\/div>\r\n\t\t\t<\/article>\r\n\t<article class=\"w-grid-item size_1x1 post-10664 post type-post status-publish format-standard has-post-thumbnail hentry category-contract category-judetul-cluj category-por-2021-2027\" data-id=\"10664\">\r\n\t\t<div class=\"w-grid-item-h\">\r\n\t\t\t\t\t\t<div class=\"w-vwrapper usg_vwrapper_3 align_none valign_top\" style=\"--vwrapper-gap: 2rem;\"><div class=\"w-post-elm post_image usg_post_image_1 has_ratio\"><a href=\"https:\/\/regionordvest.ro\/en\/cel-mai-mare-parc-de-agrement-din-floresti-va-fi-realizat-printr-un-proiect-de-peste-44-milioane-de-euro-finantat-prin-programul-regional-nord-vest-2021-2027\/\" aria-label=\"Cel mai mare parc de agrement din Flore\u0219ti va fi realizat printr-un proiect de peste 4,4 milioane de euro finan\u021bat prin Programul Regional Nord-Vest 2021\u20132027\"><img loading=\"lazy\" decoding=\"async\" width=\"1024\" height=\"859\" src=\"https:\/\/regionordvest.ro\/wp-content\/uploads\/2026\/03\/303498-Poligon-Zona-de-Agrement-Floresti-CJ-1024x859.png\" class=\"attachment-large size-large wp-post-image\" alt=\"\" \/><\/a><div style=\"padding-bottom:75%\"><\/div><\/div><\/div><div class=\"w-vwrapper usg_vwrapper_1 align_none valign_middle\" style=\"--vwrapper-gap: 0.5rem;\"><h2 class=\"w-post-elm post_title usg_post_title_1 wrapper align_left color_link_inherit\"><a href=\"https:\/\/regionordvest.ro\/en\/cel-mai-mare-parc-de-agrement-din-floresti-va-fi-realizat-printr-un-proiect-de-peste-44-milioane-de-euro-finantat-prin-programul-regional-nord-vest-2021-2027\/\">Cel mai mare parc de agrement din Flore\u0219ti va fi realizat printr-un proiect de peste 4,4 milioane de euro finan\u021bat prin Programul Regional Nord-Vest 2021\u20132027<\/a><\/h2><\/div><div class=\"w-vwrapper usg_vwrapper_2 align_none valign_bottom\" style=\"--vwrapper-gap: 0.4rem;\"><time class=\"w-post-elm post_date usg_post_date_2 icon-data entry-date published\" datetime=\"2026-03-19T17:00:14+02:00\"><i class=\"far fa-calendar\"><\/i>March 19, 2026<\/time><\/div>\t\t<\/div>\r\n\t\t\t<\/article>\r\n\t<article class=\"w-grid-item size_1x1 post-10656 post type-post status-publish format-standard has-post-thumbnail hentry category-contract category-judetul-bistrita-nasaud category-por-2021-2027\" data-id=\"10656\">\r\n\t\t<div class=\"w-grid-item-h\">\r\n\t\t\t\t\t\t<div class=\"w-vwrapper usg_vwrapper_3 align_none valign_top\" style=\"--vwrapper-gap: 2rem;\"><div class=\"w-post-elm post_image usg_post_image_1 has_ratio\"><a href=\"https:\/\/regionordvest.ro\/en\/o-noua-cresa-pentru-copiii-din-bistrita-construita-printr-un-proiect-de-peste-14-milioane-de-euro-finantat-prin-programul-regional-nord-vest-2021-2027\/\" aria-label=\"O nou\u0103 cre\u0219\u0103 pentru copiii din Bistri\u021ba, construit\u0103 printr-un proiect de peste 1,4 milioane de euro finan\u021bat prin Programul Regional Nord-Vest 2021\u20132027\"><img loading=\"lazy\" decoding=\"async\" width=\"1024\" height=\"859\" src=\"https:\/\/regionordvest.ro\/wp-content\/uploads\/2026\/03\/304815-Cresa-Andrei-Muresanu-Bistrita-BN-1024x859.png\" class=\"attachment-large size-large wp-post-image\" alt=\"\" \/><\/a><div style=\"padding-bottom:75%\"><\/div><\/div><\/div><div class=\"w-vwrapper usg_vwrapper_1 align_none valign_middle\" style=\"--vwrapper-gap: 0.5rem;\"><h2 class=\"w-post-elm post_title usg_post_title_1 wrapper align_left color_link_inherit\"><a href=\"https:\/\/regionordvest.ro\/en\/o-noua-cresa-pentru-copiii-din-bistrita-construita-printr-un-proiect-de-peste-14-milioane-de-euro-finantat-prin-programul-regional-nord-vest-2021-2027\/\">O nou\u0103 cre\u0219\u0103 pentru copiii din Bistri\u021ba, construit\u0103 printr-un proiect de peste 1,4 milioane de euro finan\u021bat prin Programul Regional Nord-Vest 2021\u20132027<\/a><\/h2><\/div><div class=\"w-vwrapper usg_vwrapper_2 align_none valign_bottom\" style=\"--vwrapper-gap: 0.4rem;\"><time class=\"w-post-elm post_date usg_post_date_2 icon-data entry-date published\" datetime=\"2026-03-18T17:00:29+02:00\"><i class=\"far fa-calendar\"><\/i>March 18, 2026<\/time><\/div>\t\t<\/div>\r\n\t\t\t<\/article>\r\n\t<article class=\"w-grid-item size_1x1 post-10652 post type-post status-publish format-standard has-post-thumbnail hentry category-contract category-judetul-bistrita-nasaud category-por-2021-2027\" data-id=\"10652\">\r\n\t\t<div class=\"w-grid-item-h\">\r\n\t\t\t\t\t\t<div class=\"w-vwrapper usg_vwrapper_3 align_none valign_top\" style=\"--vwrapper-gap: 2rem;\"><div class=\"w-post-elm post_image usg_post_image_1 has_ratio\"><a href=\"https:\/\/regionordvest.ro\/en\/coridorul-ecologic-valea-castailor-din-bistrita-va-fi-amenajat-printr-un-proiect-de-peste-33-milioane-de-euro-finantat-prin-programul-regional-nord-vest-2021-2027\/\" aria-label=\"Coridorul ecologic Valea C\u0103st\u0103ilor din Bistri\u021ba va fi amenajat printr-un proiect de peste 3,3 milioane de euro finan\u021bat prin Programul Regional Nord-Vest 2021\u20132027\"><img loading=\"lazy\" decoding=\"async\" width=\"1024\" height=\"859\" src=\"https:\/\/regionordvest.ro\/wp-content\/uploads\/2026\/03\/325556-Coridor-Valea-Castailor-Bistrita-BN-1024x859.png\" class=\"attachment-large size-large wp-post-image\" alt=\"\" \/><\/a><div style=\"padding-bottom:75%\"><\/div><\/div><\/div><div class=\"w-vwrapper usg_vwrapper_1 align_none valign_middle\" style=\"--vwrapper-gap: 0.5rem;\"><h2 class=\"w-post-elm post_title usg_post_title_1 wrapper align_left color_link_inherit\"><a href=\"https:\/\/regionordvest.ro\/en\/coridorul-ecologic-valea-castailor-din-bistrita-va-fi-amenajat-printr-un-proiect-de-peste-33-milioane-de-euro-finantat-prin-programul-regional-nord-vest-2021-2027\/\">Coridorul ecologic Valea C\u0103st\u0103ilor din Bistri\u021ba va fi amenajat printr-un proiect de peste 3,3 milioane de euro finan\u021bat prin Programul Regional Nord-Vest 2021\u20132027<\/a><\/h2><\/div><div class=\"w-vwrapper usg_vwrapper_2 align_none valign_bottom\" style=\"--vwrapper-gap: 0.4rem;\"><time class=\"w-post-elm post_date usg_post_date_2 icon-data entry-date published\" datetime=\"2026-03-17T18:13:23+02:00\"><i class=\"far fa-calendar\"><\/i>March 17, 2026<\/time><\/div>\t\t<\/div>\r\n\t\t\t<\/article>\r\n\t<article class=\"w-grid-item size_1x1 post-10625 post type-post status-publish format-standard has-post-thumbnail hentry category-contract category-judetul-cluj category-por-2021-2027\" data-id=\"10625\">\r\n\t\t<div class=\"w-grid-item-h\">\r\n\t\t\t\t\t\t<div class=\"w-vwrapper usg_vwrapper_3 align_none valign_top\" style=\"--vwrapper-gap: 2rem;\"><div class=\"w-post-elm post_image usg_post_image_1 has_ratio\"><a href=\"https:\/\/regionordvest.ro\/en\/zona-parcului-etnografic-romulus-vuia-si-padurea-hoia-din-cluj-napoca-vor-fi-revitalizate-printr-un-proiect-de-peste-66-milioane-de-euro-finantat-prin-prnv-2021-2027\/\" aria-label=\"Zona Parcului Etnografic \u201eRomulus Vuia\u201d \u0219i P\u0103durea Hoia din Cluj-Napoca vor fi revitalizate printr-un proiect de peste 6,6 milioane de euro finan\u021bat prin Programul Regional Nord-Vest 2021\u20132027\"><img loading=\"lazy\" decoding=\"async\" width=\"1024\" height=\"859\" src=\"https:\/\/regionordvest.ro\/wp-content\/uploads\/2026\/03\/323384-Parcul-Etnografic-Cluj-Napoca-CJ-1024x859.png\" class=\"attachment-large size-large wp-post-image\" alt=\"\" \/><\/a><div style=\"padding-bottom:75%\"><\/div><\/div><\/div><div class=\"w-vwrapper usg_vwrapper_1 align_none valign_middle\" style=\"--vwrapper-gap: 0.5rem;\"><h2 class=\"w-post-elm post_title usg_post_title_1 wrapper align_left color_link_inherit\"><a href=\"https:\/\/regionordvest.ro\/en\/zona-parcului-etnografic-romulus-vuia-si-padurea-hoia-din-cluj-napoca-vor-fi-revitalizate-printr-un-proiect-de-peste-66-milioane-de-euro-finantat-prin-prnv-2021-2027\/\">Zona Parcului Etnografic \u201eRomulus Vuia\u201d \u0219i P\u0103durea Hoia din Cluj-Napoca vor fi revitalizate printr-un proiect de peste 6,6 milioane de euro finan\u021bat prin Programul Regional Nord-Vest 2021\u20132027<\/a><\/h2><\/div><div class=\"w-vwrapper usg_vwrapper_2 align_none valign_bottom\" style=\"--vwrapper-gap: 0.4rem;\"><time class=\"w-post-elm post_date usg_post_date_2 icon-data entry-date published\" datetime=\"2026-03-16T17:38:57+02:00\"><i class=\"far fa-calendar\"><\/i>March 16, 2026<\/time><\/div>\t\t<\/div>\r\n\t\t\t<\/article>\r\n\t<article class=\"w-grid-item size_1x1 post-10621 post type-post status-publish format-standard has-post-thumbnail hentry category-contract category-judetul-cluj category-por-2021-2027\" data-id=\"10621\">\r\n\t\t<div class=\"w-grid-item-h\">\r\n\t\t\t\t\t\t<div class=\"w-vwrapper usg_vwrapper_3 align_none valign_top\" style=\"--vwrapper-gap: 2rem;\"><div class=\"w-post-elm post_image usg_post_image_1 has_ratio\"><a href=\"https:\/\/regionordvest.ro\/en\/gradinita-piticot-din-dej-va-fi-modernizata-si-extinsa-printr-un-proiect-de-peste-21-milioane-de-euro-finantat-prin-programul-regional-nord-vest-2021-2027\/\" aria-label=\"Gr\u0103dini\u021ba \u201ePiticot\u201d din Dej va fi modernizat\u0103 \u0219i extins\u0103 printr-un proiect de peste 2,1 milioane de euro finan\u021bat prin Programul Regional Nord-Vest 2021\u20132027\"><img loading=\"lazy\" decoding=\"async\" width=\"1024\" height=\"859\" src=\"https:\/\/regionordvest.ro\/wp-content\/uploads\/2026\/03\/325451-Gradinita-Piticot-Dej-CJ-1024x859.png\" class=\"attachment-large size-large wp-post-image\" alt=\"\" \/><\/a><div style=\"padding-bottom:75%\"><\/div><\/div><\/div><div class=\"w-vwrapper usg_vwrapper_1 align_none valign_middle\" style=\"--vwrapper-gap: 0.5rem;\"><h2 class=\"w-post-elm post_title usg_post_title_1 wrapper align_left color_link_inherit\"><a href=\"https:\/\/regionordvest.ro\/en\/gradinita-piticot-din-dej-va-fi-modernizata-si-extinsa-printr-un-proiect-de-peste-21-milioane-de-euro-finantat-prin-programul-regional-nord-vest-2021-2027\/\">Gr\u0103dini\u021ba \u201ePiticot\u201d din Dej va fi modernizat\u0103 \u0219i extins\u0103 printr-un proiect de peste 2,1 milioane de euro finan\u021bat prin Programul Regional Nord-Vest 2021\u20132027<\/a><\/h2><\/div><div class=\"w-vwrapper usg_vwrapper_2 align_none valign_bottom\" style=\"--vwrapper-gap: 0.4rem;\"><time class=\"w-post-elm post_date usg_post_date_2 icon-data entry-date published\" datetime=\"2026-03-15T16:00:04+02:00\"><i class=\"far fa-calendar\"><\/i>March 15, 2026<\/time><\/div>\t\t<\/div>\r\n\t\t\t<\/article>\r\n\t<article class=\"w-grid-item size_1x1 post-10618 post type-post status-publish format-standard has-post-thumbnail hentry category-contract category-judetul-satu-mare category-por-2021-2027\" data-id=\"10618\">\r\n\t\t<div class=\"w-grid-item-h\">\r\n\t\t\t\t\t\t<div class=\"w-vwrapper usg_vwrapper_3 align_none valign_top\" style=\"--vwrapper-gap: 2rem;\"><div class=\"w-post-elm post_image usg_post_image_1 has_ratio\"><a href=\"https:\/\/regionordvest.ro\/en\/o-gradinita-noua-pentru-copiii-din-tasnad-construita-printr-un-proiect-de-peste-42-milioane-de-euro-finantat-prin-programul-regional-nord-vest-2021-2027\/\" aria-label=\"O gr\u0103dini\u021b\u0103 nou\u0103 pentru copiii din T\u0103\u0219nad, construit\u0103 printr-un proiect de peste 4,2 milioane de euro finan\u021bat prin Programul Regional Nord-Vest 2021\u20132027\"><img loading=\"lazy\" decoding=\"async\" width=\"1024\" height=\"859\" src=\"https:\/\/regionordvest.ro\/wp-content\/uploads\/2026\/03\/327190-Gradinita-de-pe-str.-Lacramioarelor-Tasnad-SM-1024x859.png\" class=\"attachment-large size-large wp-post-image\" alt=\"\" \/><\/a><div style=\"padding-bottom:75%\"><\/div><\/div><\/div><div class=\"w-vwrapper usg_vwrapper_1 align_none valign_middle\" style=\"--vwrapper-gap: 0.5rem;\"><h2 class=\"w-post-elm post_title usg_post_title_1 wrapper align_left color_link_inherit\"><a href=\"https:\/\/regionordvest.ro\/en\/o-gradinita-noua-pentru-copiii-din-tasnad-construita-printr-un-proiect-de-peste-42-milioane-de-euro-finantat-prin-programul-regional-nord-vest-2021-2027\/\">O gr\u0103dini\u021b\u0103 nou\u0103 pentru copiii din T\u0103\u0219nad, construit\u0103 printr-un proiect de peste 4,2 milioane de euro finan\u021bat prin Programul Regional Nord-Vest 2021\u20132027<\/a><\/h2><\/div><div class=\"w-vwrapper usg_vwrapper_2 align_none valign_bottom\" style=\"--vwrapper-gap: 0.4rem;\"><time class=\"w-post-elm post_date usg_post_date_2 icon-data entry-date published\" datetime=\"2026-03-14T15:00:19+02:00\"><i class=\"far fa-calendar\"><\/i>March 14, 2026<\/time><\/div>\t\t<\/div>\r\n\t\t\t<\/article>\r\n\t<article class=\"w-grid-item size_1x1 post-10615 post type-post status-publish format-standard has-post-thumbnail hentry category-contract category-judetul-bistrita-nasaud category-por-2021-2027\" data-id=\"10615\">\r\n\t\t<div class=\"w-grid-item-h\">\r\n\t\t\t\t\t\t<div class=\"w-vwrapper usg_vwrapper_3 align_none valign_top\" style=\"--vwrapper-gap: 2rem;\"><div class=\"w-post-elm post_image usg_post_image_1 has_ratio\"><a href=\"https:\/\/regionordvest.ro\/en\/comuna-parva-va-construi-o-punte-suspendata-de-620-de-metri-peste-valea-rebrei-printr-o-investitie-de-aproape-6-milioane-de-euro-finantata-prin-programul-regional-nord-vest-2021-2027\/\" aria-label=\"Comuna Parva va construi o punte suspendat\u0103 de 620 de metri peste Valea Rebrei, printr-o investi\u021bie de aproape 6 milioane de euro finan\u021bat\u0103 prin Programul Regional Nord-Vest 2021\u20132027\"><img loading=\"lazy\" decoding=\"async\" width=\"1024\" height=\"859\" src=\"https:\/\/regionordvest.ro\/wp-content\/uploads\/2026\/03\/324063-Peisaj-Montan-Rodna-Parva-BN-1024x859.png\" class=\"attachment-large size-large wp-post-image\" alt=\"\" \/><\/a><div style=\"padding-bottom:75%\"><\/div><\/div><\/div><div class=\"w-vwrapper usg_vwrapper_1 align_none valign_middle\" style=\"--vwrapper-gap: 0.5rem;\"><h2 class=\"w-post-elm post_title usg_post_title_1 wrapper align_left color_link_inherit\"><a href=\"https:\/\/regionordvest.ro\/en\/comuna-parva-va-construi-o-punte-suspendata-de-620-de-metri-peste-valea-rebrei-printr-o-investitie-de-aproape-6-milioane-de-euro-finantata-prin-programul-regional-nord-vest-2021-2027\/\">Comuna Parva va construi o punte suspendat\u0103 de 620 de metri peste Valea Rebrei, printr-o investi\u021bie de aproape 6 milioane de euro finan\u021bat\u0103 prin Programul Regional Nord-Vest 2021\u20132027<\/a><\/h2><\/div><div class=\"w-vwrapper usg_vwrapper_2 align_none valign_bottom\" style=\"--vwrapper-gap: 0.4rem;\"><time class=\"w-post-elm post_date usg_post_date_2 icon-data entry-date published\" datetime=\"2026-03-13T16:00:01+02:00\"><i class=\"far fa-calendar\"><\/i>March 13, 2026<\/time><\/div>\t\t<\/div>\r\n\t\t\t<\/article>\r\n\t<article class=\"w-grid-item size_1x1 post-10603 post type-post status-publish format-standard has-post-thumbnail hentry category-contract category-judetul-bihor category-por-2021-2027\" data-id=\"10603\">\r\n\t\t<div class=\"w-grid-item-h\">\r\n\t\t\t\t\t\t<div class=\"w-vwrapper usg_vwrapper_3 align_none valign_top\" style=\"--vwrapper-gap: 2rem;\"><div class=\"w-post-elm post_image usg_post_image_1 has_ratio\"><a href=\"https:\/\/regionordvest.ro\/en\/o-tabara-pentru-copii-va-prinde-viata-in-satul-camp-langa-vascau-printr-o-investitie-de-peste-28-milioane-de-euro-finantata-prin-programul-regional-nord-vest-2021-2027\/\" aria-label=\"O tab\u0103r\u0103 pentru copii va prinde via\u021b\u0103 \u00een satul C\u00e2mp, l\u00e2ng\u0103 Va\u0219c\u0103u, printr-o investi\u021bie de peste 2,8 milioane de euro finan\u021bat\u0103 prin Programul Regional Nord-Vest 2021\u20132027\"><img loading=\"lazy\" decoding=\"async\" width=\"1024\" height=\"859\" src=\"https:\/\/regionordvest.ro\/wp-content\/uploads\/2026\/03\/355631-Tabara-pentru-Tineret-Bihor-Vascau-1024x859.png\" class=\"attachment-large size-large wp-post-image\" alt=\"\" \/><\/a><div style=\"padding-bottom:75%\"><\/div><\/div><\/div><div class=\"w-vwrapper usg_vwrapper_1 align_none valign_middle\" style=\"--vwrapper-gap: 0.5rem;\"><h2 class=\"w-post-elm post_title usg_post_title_1 wrapper align_left color_link_inherit\"><a href=\"https:\/\/regionordvest.ro\/en\/o-tabara-pentru-copii-va-prinde-viata-in-satul-camp-langa-vascau-printr-o-investitie-de-peste-28-milioane-de-euro-finantata-prin-programul-regional-nord-vest-2021-2027\/\">O tab\u0103r\u0103 pentru copii va prinde via\u021b\u0103 \u00een satul C\u00e2mp, l\u00e2ng\u0103 Va\u0219c\u0103u, printr-o investi\u021bie de peste 2,8 milioane de euro finan\u021bat\u0103 prin Programul Regional Nord-Vest 2021\u20132027<\/a><\/h2><\/div><div class=\"w-vwrapper usg_vwrapper_2 align_none valign_bottom\" style=\"--vwrapper-gap: 0.4rem;\"><time class=\"w-post-elm post_date usg_post_date_2 icon-data entry-date published\" datetime=\"2026-03-12T12:33:23+02:00\"><i class=\"far fa-calendar\"><\/i>March 12, 2026<\/time><\/div>\t\t<\/div>\r\n\t\t\t<\/article>\r\n\t<article class=\"w-grid-item size_1x1 post-10606 post type-post status-publish format-standard has-post-thumbnail hentry category-contract category-judetul-cluj category-por-2021-2027\" data-id=\"10606\">\r\n\t\t<div class=\"w-grid-item-h\">\r\n\t\t\t\t\t\t<div class=\"w-vwrapper usg_vwrapper_3 align_none valign_top\" style=\"--vwrapper-gap: 2rem;\"><div class=\"w-post-elm post_image usg_post_image_1 has_ratio\"><a href=\"https:\/\/regionordvest.ro\/en\/parcul-i-l-caragiale-si-strada-octavian-petrovici-din-cluj-napoca-vor-fi-reamenajate-printr-o-investitie-de-peste-61-milioane-de-euro-finantata-prin-programul-regional-nord-vest-2021-2027\/\" aria-label=\"Parcul I.L. Caragiale \u0219i strada Octavian Petrovici din Cluj-Napoca vor fi reamenajate printr-o investi\u021bie de peste 6,1 milioane de euro, finan\u021bat\u0103 prin Programul Regional Nord-Vest 2021\u20132027\"><img loading=\"lazy\" decoding=\"async\" width=\"1024\" height=\"859\" src=\"https:\/\/regionordvest.ro\/wp-content\/uploads\/2026\/03\/321172-Parc-ILC-Str.-Octavian-Petrovici-Cluj-Napoca-CJ-1024x859.png\" class=\"attachment-large size-large wp-post-image\" alt=\"\" \/><\/a><div style=\"padding-bottom:75%\"><\/div><\/div><\/div><div class=\"w-vwrapper usg_vwrapper_1 align_none valign_middle\" style=\"--vwrapper-gap: 0.5rem;\"><h2 class=\"w-post-elm post_title usg_post_title_1 wrapper align_left color_link_inherit\"><a href=\"https:\/\/regionordvest.ro\/en\/parcul-i-l-caragiale-si-strada-octavian-petrovici-din-cluj-napoca-vor-fi-reamenajate-printr-o-investitie-de-peste-61-milioane-de-euro-finantata-prin-programul-regional-nord-vest-2021-2027\/\">Parcul I.L. Caragiale \u0219i strada Octavian Petrovici din Cluj-Napoca vor fi reamenajate printr-o investi\u021bie de peste 6,1 milioane de euro, finan\u021bat\u0103 prin Programul Regional Nord-Vest 2021\u20132027<\/a><\/h2><\/div><div class=\"w-vwrapper usg_vwrapper_2 align_none valign_bottom\" style=\"--vwrapper-gap: 0.4rem;\"><time class=\"w-post-elm post_date usg_post_date_2 icon-data entry-date published\" datetime=\"2026-03-11T17:36:54+02:00\"><i class=\"far fa-calendar\"><\/i>March 11, 2026<\/time><\/div>\t\t<\/div>\r\n\t\t\t<\/article>\r\n\t<article class=\"w-grid-item size_1x1 post-10596 post type-post status-publish format-standard has-post-thumbnail hentry category-contract category-judetul-bistrita-nasaud category-por-2021-2027\" data-id=\"10596\">\r\n\t\t<div class=\"w-grid-item-h\">\r\n\t\t\t\t\t\t<div class=\"w-vwrapper usg_vwrapper_3 align_none valign_top\" style=\"--vwrapper-gap: 2rem;\"><div class=\"w-post-elm post_image usg_post_image_1 has_ratio\"><a href=\"https:\/\/regionordvest.ro\/en\/casuta-cu-povesti-din-bistrita-va-fi-modernizata-pentru-copiii-orasului-printr-un-proiect-de-peste-46-milioane-de-euro-finantat-prin-programul-regional-nord-vest-2021-2027\/\" aria-label=\"\u201eC\u0103su\u021ba cu pove\u0219ti\u201d din Bistri\u021ba va fi modernizat\u0103 pentru copiii ora\u0219ului printr-un proiect de peste 4,6 milioane de euro finan\u021bat prin Programul Regional Nord-Vest 2021\u20132027\"><img loading=\"lazy\" decoding=\"async\" width=\"1024\" height=\"859\" src=\"https:\/\/regionordvest.ro\/wp-content\/uploads\/2026\/03\/320623-Gradinita-si-Cresa-Bistrita-BN-1024x859.png\" class=\"attachment-large size-large wp-post-image\" alt=\"\" \/><\/a><div style=\"padding-bottom:75%\"><\/div><\/div><\/div><div class=\"w-vwrapper usg_vwrapper_1 align_none valign_middle\" style=\"--vwrapper-gap: 0.5rem;\"><h2 class=\"w-post-elm post_title usg_post_title_1 wrapper align_left color_link_inherit\"><a href=\"https:\/\/regionordvest.ro\/en\/casuta-cu-povesti-din-bistrita-va-fi-modernizata-pentru-copiii-orasului-printr-un-proiect-de-peste-46-milioane-de-euro-finantat-prin-programul-regional-nord-vest-2021-2027\/\">\u201eC\u0103su\u021ba cu pove\u0219ti\u201d din Bistri\u021ba va fi modernizat\u0103 pentru copiii ora\u0219ului printr-un proiect de peste 4,6 milioane de euro finan\u021bat prin Programul Regional Nord-Vest 2021\u20132027<\/a><\/h2><\/div><div class=\"w-vwrapper usg_vwrapper_2 align_none valign_bottom\" style=\"--vwrapper-gap: 0.4rem;\"><time class=\"w-post-elm post_date usg_post_date_2 icon-data entry-date published\" datetime=\"2026-03-10T16:08:29+02:00\"><i class=\"far fa-calendar\"><\/i>March 10, 2026<\/time><\/div>\t\t<\/div>\r\n\t\t\t<\/article>\r\n\t<article class=\"w-grid-item size_1x1 post-10587 post type-post status-publish format-standard has-post-thumbnail hentry category-contract category-judetul-bihor category-por-2021-2027\" data-id=\"10587\">\r\n\t\t<div class=\"w-grid-item-h\">\r\n\t\t\t\t\t\t<div class=\"w-vwrapper usg_vwrapper_3 align_none valign_top\" style=\"--vwrapper-gap: 2rem;\"><div class=\"w-post-elm post_image usg_post_image_1 has_ratio\"><a href=\"https:\/\/regionordvest.ro\/en\/o-tabara-pentru-copii-va-prinde-viata-la-salacea-o-fosta-scoala-se-transforma-printr-un-proiect-de-peste-800-000-de-euro-finantat-prin-programul-regional-nord-vest-2021-2027\/\" aria-label=\"O tab\u0103r\u0103 pentru copii va prinde via\u021b\u0103 la S\u0103lacea: o fost\u0103 \u0219coal\u0103 se transform\u0103, printr-un proiect de peste 800.000 de euro finan\u021bat prin Programul Regional Nord-Vest 2021\u20132027\"><img loading=\"lazy\" decoding=\"async\" width=\"1024\" height=\"859\" src=\"https:\/\/regionordvest.ro\/wp-content\/uploads\/2026\/03\/355656-Tabere-scolare-si-prescolare-Comuna-Salacea-1024x859.png\" class=\"attachment-large size-large wp-post-image\" alt=\"\" \/><\/a><div style=\"padding-bottom:75%\"><\/div><\/div><\/div><div class=\"w-vwrapper usg_vwrapper_1 align_none valign_middle\" style=\"--vwrapper-gap: 0.5rem;\"><h2 class=\"w-post-elm post_title usg_post_title_1 wrapper align_left color_link_inherit\"><a href=\"https:\/\/regionordvest.ro\/en\/o-tabara-pentru-copii-va-prinde-viata-la-salacea-o-fosta-scoala-se-transforma-printr-un-proiect-de-peste-800-000-de-euro-finantat-prin-programul-regional-nord-vest-2021-2027\/\">O tab\u0103r\u0103 pentru copii va prinde via\u021b\u0103 la S\u0103lacea: o fost\u0103 \u0219coal\u0103 se transform\u0103, printr-un proiect de peste 800.000 de euro finan\u021bat prin Programul Regional Nord-Vest 2021\u20132027<\/a><\/h2><\/div><div class=\"w-vwrapper usg_vwrapper_2 align_none valign_bottom\" style=\"--vwrapper-gap: 0.4rem;\"><time class=\"w-post-elm post_date usg_post_date_2 icon-data entry-date published\" datetime=\"2026-03-09T17:44:39+02:00\"><i class=\"far fa-calendar\"><\/i>March 9, 2026<\/time><\/div>\t\t<\/div>\r\n\t\t\t<\/article>\r\n\t<article class=\"w-grid-item size_1x1 post-10584 post type-post status-publish format-standard has-post-thumbnail hentry category-contract category-judetul-bihor category-por-2021-2027\" data-id=\"10584\">\r\n\t\t<div class=\"w-grid-item-h\">\r\n\t\t\t\t\t\t<div class=\"w-vwrapper usg_vwrapper_3 align_none valign_top\" style=\"--vwrapper-gap: 2rem;\"><div class=\"w-post-elm post_image usg_post_image_1 has_ratio\"><a href=\"https:\/\/regionordvest.ro\/en\/spatiile-de-invatamant-din-cladirea-c-a-universitatii-din-oradea-vor-fi-modernizate-printr-un-contract-de-peste-89-milioane-de-euro-finantat-prin-programul-regional-nord-vest-2021-2027\/\" aria-label=\"Spa\u021biile de \u00eenv\u0103\u021b\u0103m\u00e2nt din Cl\u0103direa C a Universit\u0103\u021bii din Oradea vor fi modernizate printr-un contract de peste 8,9 milioane de euro, finan\u021bat prin Programul Regional Nord-Vest 2021\u20132027\"><img loading=\"lazy\" decoding=\"async\" width=\"1024\" height=\"859\" src=\"https:\/\/regionordvest.ro\/wp-content\/uploads\/2026\/03\/305032-Cladire-C-Universitatea-din-Oradea-Oradea-BH-1024x859.png\" class=\"attachment-large size-large wp-post-image\" alt=\"\" \/><\/a><div style=\"padding-bottom:75%\"><\/div><\/div><\/div><div class=\"w-vwrapper usg_vwrapper_1 align_none valign_middle\" style=\"--vwrapper-gap: 0.5rem;\"><h2 class=\"w-post-elm post_title usg_post_title_1 wrapper align_left color_link_inherit\"><a href=\"https:\/\/regionordvest.ro\/en\/spatiile-de-invatamant-din-cladirea-c-a-universitatii-din-oradea-vor-fi-modernizate-printr-un-contract-de-peste-89-milioane-de-euro-finantat-prin-programul-regional-nord-vest-2021-2027\/\">Spa\u021biile de \u00eenv\u0103\u021b\u0103m\u00e2nt din Cl\u0103direa C a Universit\u0103\u021bii din Oradea vor fi modernizate printr-un contract de peste 8,9 milioane de euro, finan\u021bat prin Programul Regional Nord-Vest 2021\u20132027<\/a><\/h2><\/div><div class=\"w-vwrapper usg_vwrapper_2 align_none valign_bottom\" style=\"--vwrapper-gap: 0.4rem;\"><time class=\"w-post-elm post_date usg_post_date_2 icon-data entry-date published\" datetime=\"2026-03-08T13:40:45+02:00\"><i class=\"far fa-calendar\"><\/i>March 8, 2026<\/time><\/div>\t\t<\/div>\r\n\t\t\t<\/article>\r\n\t<article class=\"w-grid-item size_1x1 post-10581 post type-post status-publish format-standard has-post-thumbnail hentry category-contract category-judetul-salaj category-por-2021-2027\" data-id=\"10581\">\r\n\t\t<div class=\"w-grid-item-h\">\r\n\t\t\t\t\t\t<div class=\"w-vwrapper usg_vwrapper_3 align_none valign_top\" style=\"--vwrapper-gap: 2rem;\"><div class=\"w-post-elm post_image usg_post_image_1 has_ratio\"><a href=\"https:\/\/regionordvest.ro\/en\/primaria-orasului-jibou-va-fi-reabilitata-si-eficientizata-energetic-printr-un-contract-de-peste-37-milioane-euro-finantat-prin-programul-regional-nord-vest-2021-2027\/\" aria-label=\"Prim\u0103ria ora\u0219ului Jibou va fi reabilitat\u0103 \u0219i eficientizat\u0103 energetic printr-un contract de peste 3,7 milioane euro finan\u021bat prin Programul Regional Nord-Vest 2021\u20132027\"><img loading=\"lazy\" decoding=\"async\" width=\"1024\" height=\"859\" src=\"https:\/\/regionordvest.ro\/wp-content\/uploads\/2026\/03\/319471-Primarie-Piata-Jibou-SJ-1024x859.png\" class=\"attachment-large size-large wp-post-image\" alt=\"\" \/><\/a><div style=\"padding-bottom:75%\"><\/div><\/div><\/div><div class=\"w-vwrapper usg_vwrapper_1 align_none valign_middle\" style=\"--vwrapper-gap: 0.5rem;\"><h2 class=\"w-post-elm post_title usg_post_title_1 wrapper align_left color_link_inherit\"><a href=\"https:\/\/regionordvest.ro\/en\/primaria-orasului-jibou-va-fi-reabilitata-si-eficientizata-energetic-printr-un-contract-de-peste-37-milioane-euro-finantat-prin-programul-regional-nord-vest-2021-2027\/\">Prim\u0103ria ora\u0219ului Jibou va fi reabilitat\u0103 \u0219i eficientizat\u0103 energetic printr-un contract de peste 3,7 milioane euro finan\u021bat prin Programul Regional Nord-Vest 2021\u20132027<\/a><\/h2><\/div><div class=\"w-vwrapper usg_vwrapper_2 align_none valign_bottom\" style=\"--vwrapper-gap: 0.4rem;\"><time class=\"w-post-elm post_date usg_post_date_2 icon-data entry-date published\" datetime=\"2026-03-07T15:39:50+02:00\"><i class=\"far fa-calendar\"><\/i>March 7, 2026<\/time><\/div>\t\t<\/div>\r\n\t\t\t<\/article>\r\n\t<article class=\"w-grid-item size_1x1 post-10578 post type-post status-publish format-standard has-post-thumbnail hentry category-contract category-judetul-bihor category-por-2021-2027\" data-id=\"10578\">\r\n\t\t<div class=\"w-grid-item-h\">\r\n\t\t\t\t\t\t<div class=\"w-vwrapper usg_vwrapper_3 align_none valign_top\" style=\"--vwrapper-gap: 2rem;\"><div class=\"w-post-elm post_image usg_post_image_1 has_ratio\"><a href=\"https:\/\/regionordvest.ro\/en\/zona-lacului-carasau-va-fi-amenajata-pentru-agrement-printr-un-contract-de-peste-6-milioane-euro-finantat-prin-programul-regional-nord-vest-2021-2027\/\" aria-label=\"Zona lacului C\u0103r\u0103s\u0103u va fi amenajat\u0103 pentru agrement printr-un contract de peste 6 milioane euro, finan\u021bat prin Programul Regional Nord-Vest 2021\u20132027\"><img loading=\"lazy\" decoding=\"async\" width=\"1024\" height=\"859\" src=\"https:\/\/regionordvest.ro\/wp-content\/uploads\/2026\/03\/328763-Amenajare-Zona-de-Agrement-Lac-Carasau-Cociuba-Mare-BH-1024x859.png\" class=\"attachment-large size-large wp-post-image\" alt=\"\" \/><\/a><div style=\"padding-bottom:75%\"><\/div><\/div><\/div><div class=\"w-vwrapper usg_vwrapper_1 align_none valign_middle\" style=\"--vwrapper-gap: 0.5rem;\"><h2 class=\"w-post-elm post_title usg_post_title_1 wrapper align_left color_link_inherit\"><a href=\"https:\/\/regionordvest.ro\/en\/zona-lacului-carasau-va-fi-amenajata-pentru-agrement-printr-un-contract-de-peste-6-milioane-euro-finantat-prin-programul-regional-nord-vest-2021-2027\/\">Zona lacului C\u0103r\u0103s\u0103u va fi amenajat\u0103 pentru agrement printr-un contract de peste 6 milioane euro, finan\u021bat prin Programul Regional Nord-Vest 2021\u20132027<\/a><\/h2><\/div><div class=\"w-vwrapper usg_vwrapper_2 align_none valign_bottom\" style=\"--vwrapper-gap: 0.4rem;\"><time class=\"w-post-elm post_date usg_post_date_2 icon-data entry-date published\" datetime=\"2026-03-06T12:28:57+02:00\"><i class=\"far fa-calendar\"><\/i>March 6, 2026<\/time><\/div>\t\t<\/div>\r\n\t\t\t<\/article>\r\n\t<article class=\"w-grid-item size_1x1 post-10575 post type-post status-publish format-standard has-post-thumbnail hentry category-contract category-judetul-cluj category-por-2021-2027\" data-id=\"10575\">\r\n\t\t<div class=\"w-grid-item-h\">\r\n\t\t\t\t\t\t<div class=\"w-vwrapper usg_vwrapper_3 align_none valign_top\" style=\"--vwrapper-gap: 2rem;\"><div class=\"w-post-elm post_image usg_post_image_1 has_ratio\"><a href=\"https:\/\/regionordvest.ro\/en\/un-parc-de-aventura-va-fi-amenajat-la-sacuieu-printr-un-contract-de-aproape-10-milioane-euro-finantat-prin-programul-regional-nord-vest-2021-2027\/\" aria-label=\"Un parc de aventur\u0103 va fi amenajat la S\u0103cuieu printr-un contract de aproape 10 milioane euro, finan\u021bat prin Programul Regional Nord-Vest 2021\u20132027\"><img loading=\"lazy\" decoding=\"async\" width=\"1024\" height=\"859\" src=\"https:\/\/regionordvest.ro\/wp-content\/uploads\/2026\/03\/333863-Parc-de-Aventura-Sacuieu-CJ-1-1024x859.png\" class=\"attachment-large size-large wp-post-image\" alt=\"\" \/><\/a><div style=\"padding-bottom:75%\"><\/div><\/div><\/div><div class=\"w-vwrapper usg_vwrapper_1 align_none valign_middle\" style=\"--vwrapper-gap: 0.5rem;\"><h2 class=\"w-post-elm post_title usg_post_title_1 wrapper align_left color_link_inherit\"><a href=\"https:\/\/regionordvest.ro\/en\/un-parc-de-aventura-va-fi-amenajat-la-sacuieu-printr-un-contract-de-aproape-10-milioane-euro-finantat-prin-programul-regional-nord-vest-2021-2027\/\">Un parc de aventur\u0103 va fi amenajat la S\u0103cuieu printr-un contract de aproape 10 milioane euro, finan\u021bat prin Programul Regional Nord-Vest 2021\u20132027<\/a><\/h2><\/div><div class=\"w-vwrapper usg_vwrapper_2 align_none valign_bottom\" style=\"--vwrapper-gap: 0.4rem;\"><time class=\"w-post-elm post_date usg_post_date_2 icon-data entry-date published\" datetime=\"2026-03-05T12:00:17+02:00\"><i class=\"far fa-calendar\"><\/i>March 5, 2026<\/time><\/div>\t\t<\/div>\r\n\t\t\t<\/article>\r\n\t<article class=\"w-grid-item size_1x1 post-10572 post type-post status-publish format-standard has-post-thumbnail hentry category-contract category-judetul-bihor category-por-2021-2027\" data-id=\"10572\">\r\n\t\t<div class=\"w-grid-item-h\">\r\n\t\t\t\t\t\t<div class=\"w-vwrapper usg_vwrapper_3 align_none valign_top\" style=\"--vwrapper-gap: 2rem;\"><div class=\"w-post-elm post_image usg_post_image_1 has_ratio\"><a href=\"https:\/\/regionordvest.ro\/en\/gradinita-nr-5-din-oradea-va-fi-modernizata-printr-un-contract-de-peste-12-milioane-euro-finantat-prin-programul-regional-nord-vest-2021-2027\/\" aria-label=\"Gr\u0103dini\u021ba nr. 5 din Oradea va fi modernizat\u0103 printr-un contract de peste 1,2 milioane euro, finan\u021bat prin Programul Regional Nord-Vest 2021\u20132027\"><img loading=\"lazy\" decoding=\"async\" width=\"1024\" height=\"859\" src=\"https:\/\/regionordvest.ro\/wp-content\/uploads\/2026\/03\/324444-Gradinita-Nr.-5-Oradea-BH-1024x859.png\" class=\"attachment-large size-large wp-post-image\" alt=\"\" \/><\/a><div style=\"padding-bottom:75%\"><\/div><\/div><\/div><div class=\"w-vwrapper usg_vwrapper_1 align_none valign_middle\" style=\"--vwrapper-gap: 0.5rem;\"><h2 class=\"w-post-elm post_title usg_post_title_1 wrapper align_left color_link_inherit\"><a href=\"https:\/\/regionordvest.ro\/en\/gradinita-nr-5-din-oradea-va-fi-modernizata-printr-un-contract-de-peste-12-milioane-euro-finantat-prin-programul-regional-nord-vest-2021-2027\/\">Gr\u0103dini\u021ba nr. 5 din Oradea va fi modernizat\u0103 printr-un contract de peste 1,2 milioane euro, finan\u021bat prin Programul Regional Nord-Vest 2021\u20132027<\/a><\/h2><\/div><div class=\"w-vwrapper usg_vwrapper_2 align_none valign_bottom\" style=\"--vwrapper-gap: 0.4rem;\"><time class=\"w-post-elm post_date usg_post_date_2 icon-data entry-date published\" datetime=\"2026-03-04T15:02:47+02:00\"><i class=\"far fa-calendar\"><\/i>March 4, 2026<\/time><\/div>\t\t<\/div>\r\n\t\t\t<\/article>\r\n\t<article class=\"w-grid-item size_1x1 post-10567 post type-post status-publish format-standard has-post-thumbnail hentry category-contract category-judetul-maramures category-por-2021-2027 category-proiecte-finalizate\" data-id=\"10567\">\r\n\t\t<div class=\"w-grid-item-h\">\r\n\t\t\t\t\t\t<div class=\"w-vwrapper usg_vwrapper_3 align_none valign_top\" style=\"--vwrapper-gap: 2rem;\"><div class=\"w-post-elm post_image usg_post_image_1 has_ratio\"><a href=\"https:\/\/regionordvest.ro\/en\/o-investitie-de-278-000-euro-finalizata-inainte-de-termen-o-microintreprindere-de-langa-targu-lapus-a-modernizat-productia-si-a-investit-in-sanse-egale-la-locul-de-munca\/\" aria-label=\"O investi\u021bie de 278.000 euro, finalizat\u0103 \u00eenainte de termen: o micro\u00eentreprindere de l\u00e2ng\u0103 T\u00e2rgu L\u0103pu\u0219 a modernizat produc\u021bia \u0219i a investit \u00een \u0219anse egale la locul de munc\u0103\"><img loading=\"lazy\" decoding=\"async\" width=\"1024\" height=\"859\" src=\"https:\/\/regionordvest.ro\/wp-content\/uploads\/2026\/03\/332817-MARYOL-SILV.COM-SRL-MM-1024x859.png\" class=\"attachment-large size-large wp-post-image\" alt=\"\" \/><\/a><div style=\"padding-bottom:75%\"><\/div><\/div><\/div><div class=\"w-vwrapper usg_vwrapper_1 align_none valign_middle\" style=\"--vwrapper-gap: 0.5rem;\"><h2 class=\"w-post-elm post_title usg_post_title_1 wrapper align_left color_link_inherit\"><a href=\"https:\/\/regionordvest.ro\/en\/o-investitie-de-278-000-euro-finalizata-inainte-de-termen-o-microintreprindere-de-langa-targu-lapus-a-modernizat-productia-si-a-investit-in-sanse-egale-la-locul-de-munca\/\">O investi\u021bie de 278.000 euro, finalizat\u0103 \u00eenainte de termen: o micro\u00eentreprindere de l\u00e2ng\u0103 T\u00e2rgu L\u0103pu\u0219 a modernizat produc\u021bia \u0219i a investit \u00een \u0219anse egale la locul de munc\u0103<\/a><\/h2><\/div><div class=\"w-vwrapper usg_vwrapper_2 align_none valign_bottom\" style=\"--vwrapper-gap: 0.4rem;\"><time class=\"w-post-elm post_date usg_post_date_2 icon-data entry-date published\" datetime=\"2026-03-03T11:45:30+02:00\"><i class=\"far fa-calendar\"><\/i>March 3, 2026<\/time><\/div>\t\t<\/div>\r\n\t\t\t<\/article>\r\n\t<article class=\"w-grid-item size_1x1 post-10563 post type-post status-publish format-standard has-post-thumbnail hentry category-contract category-judetul-maramures category-por-2021-2027\" data-id=\"10563\">\r\n\t\t<div class=\"w-grid-item-h\">\r\n\t\t\t\t\t\t<div class=\"w-vwrapper usg_vwrapper_3 align_none valign_top\" style=\"--vwrapper-gap: 2rem;\"><div class=\"w-post-elm post_image usg_post_image_1 has_ratio\"><a href=\"https:\/\/regionordvest.ro\/en\/77-de-apartamente-din-municipiul-baia-mare-vor-fi-reabilitate-energetic-printr-un-contract-de-peste-31-milioane-euro-finantat-prin-programul-regional-nord-vest-2021-2027\/\" aria-label=\"77 de apartamente din Municipiul Baia Mare vor fi reabilitate energetic printr-un contract de peste 3,1 milioane euro, finan\u021bat prin Programul Regional Nord-Vest 2021\u20132027\"><img loading=\"lazy\" decoding=\"async\" width=\"1024\" height=\"859\" src=\"https:\/\/regionordvest.ro\/wp-content\/uploads\/2026\/03\/331685-Bloc-CF19-Baia-Mare-MM-1024x859.png\" class=\"attachment-large size-large wp-post-image\" alt=\"\" \/><\/a><div style=\"padding-bottom:75%\"><\/div><\/div><\/div><div class=\"w-vwrapper usg_vwrapper_1 align_none valign_middle\" style=\"--vwrapper-gap: 0.5rem;\"><h2 class=\"w-post-elm post_title usg_post_title_1 wrapper align_left color_link_inherit\"><a href=\"https:\/\/regionordvest.ro\/en\/77-de-apartamente-din-municipiul-baia-mare-vor-fi-reabilitate-energetic-printr-un-contract-de-peste-31-milioane-euro-finantat-prin-programul-regional-nord-vest-2021-2027\/\">77 de apartamente din Municipiul Baia Mare vor fi reabilitate energetic printr-un contract de peste 3,1 milioane euro, finan\u021bat prin Programul Regional Nord-Vest 2021\u20132027<\/a><\/h2><\/div><div class=\"w-vwrapper usg_vwrapper_2 align_none valign_bottom\" style=\"--vwrapper-gap: 0.4rem;\"><time class=\"w-post-elm post_date usg_post_date_2 icon-data entry-date published\" datetime=\"2026-03-02T16:00:04+02:00\"><i class=\"far fa-calendar\"><\/i>March 2, 2026<\/time><\/div>\t\t<\/div>\r\n\t\t\t<\/article>\r\n\t<article class=\"w-grid-item size_1x1 post-10557 post type-post status-publish format-standard has-post-thumbnail hentry category-contract category-judetul-bihor category-por-2021-2027\" data-id=\"10557\">\r\n\t\t<div class=\"w-grid-item-h\">\r\n\t\t\t\t\t\t<div class=\"w-vwrapper usg_vwrapper_3 align_none valign_top\" style=\"--vwrapper-gap: 2rem;\"><div class=\"w-post-elm post_image usg_post_image_1 has_ratio\"><a href=\"https:\/\/regionordvest.ro\/en\/117-locuinte-din-sanmartin-vor-fi-reabilitate-energetic-printr-un-contract-de-peste-41-milioane-euro-finantat-prin-programul-regional-nord-vest-2021-2027\/\" aria-label=\"117 locuin\u021be din S\u00e2nmartin vor fi reabilitate energetic printr-un contract de peste 4,1 milioane euro, finan\u021bat prin Programul Regional Nord-Vest 2021\u20132027\"><img loading=\"lazy\" decoding=\"async\" width=\"1024\" height=\"859\" src=\"https:\/\/regionordvest.ro\/wp-content\/uploads\/2026\/03\/331648-Eficienta-energetica-Sanmartin-BH-1024x859.png\" class=\"attachment-large size-large wp-post-image\" alt=\"\" \/><\/a><div style=\"padding-bottom:75%\"><\/div><\/div><\/div><div class=\"w-vwrapper usg_vwrapper_1 align_none valign_middle\" style=\"--vwrapper-gap: 0.5rem;\"><h2 class=\"w-post-elm post_title usg_post_title_1 wrapper align_left color_link_inherit\"><a href=\"https:\/\/regionordvest.ro\/en\/117-locuinte-din-sanmartin-vor-fi-reabilitate-energetic-printr-un-contract-de-peste-41-milioane-euro-finantat-prin-programul-regional-nord-vest-2021-2027\/\">117 locuin\u021be din S\u00e2nmartin vor fi reabilitate energetic printr-un contract de peste 4,1 milioane euro, finan\u021bat prin Programul Regional Nord-Vest 2021\u20132027<\/a><\/h2><\/div><div class=\"w-vwrapper usg_vwrapper_2 align_none valign_bottom\" style=\"--vwrapper-gap: 0.4rem;\"><time class=\"w-post-elm post_date usg_post_date_2 icon-data entry-date published\" datetime=\"2026-03-01T17:00:47+02:00\"><i class=\"far fa-calendar\"><\/i>March 1, 2026<\/time><\/div>\t\t<\/div>\r\n\t\t\t<\/article>\r\n\t<article class=\"w-grid-item size_1x1 post-10147 post type-post status-publish format-standard has-post-thumbnail hentry category-contract category-por-2021-2027\" data-id=\"10147\">\r\n\t\t<div class=\"w-grid-item-h\">\r\n\t\t\t\t\t\t<div class=\"w-vwrapper usg_vwrapper_3 align_none valign_top\" style=\"--vwrapper-gap: 2rem;\"><div class=\"w-post-elm post_image usg_post_image_1 has_ratio\"><a href=\"https:\/\/regionordvest.ro\/en\/astazi-a-fost-semnat-contractul-pentru-crearea-fondului-de-investitii-care-va-oferi-peste-30-de-milioane-de-euro-pentru-visurile-antreprenorilor-din-regiunea-de-nord-vest\/\" aria-label=\"Ast\u0103zi a fost semnat contractul pentru crearea fondului de investi\u021bii care va oferi peste 30 de milioane de euro pentru visurile antreprenorilor din regiunea de nord-vest\"><img loading=\"lazy\" decoding=\"async\" width=\"1024\" height=\"859\" src=\"https:\/\/regionordvest.ro\/wp-content\/uploads\/2025\/11\/Contract-ADRNV-Fortech-1-1024x859.png\" class=\"attachment-large size-large wp-post-image\" alt=\"\" \/><\/a><div style=\"padding-bottom:75%\"><\/div><\/div><\/div><div class=\"w-vwrapper usg_vwrapper_1 align_none valign_middle\" style=\"--vwrapper-gap: 0.5rem;\"><h2 class=\"w-post-elm post_title usg_post_title_1 wrapper align_left color_link_inherit\"><a href=\"https:\/\/regionordvest.ro\/en\/astazi-a-fost-semnat-contractul-pentru-crearea-fondului-de-investitii-care-va-oferi-peste-30-de-milioane-de-euro-pentru-visurile-antreprenorilor-din-regiunea-de-nord-vest\/\">Ast\u0103zi a fost semnat contractul pentru crearea fondului de investi\u021bii care va oferi peste 30 de milioane de euro pentru visurile antreprenorilor din regiunea de nord-vest<\/a><\/h2><\/div><div class=\"w-vwrapper usg_vwrapper_2 align_none valign_bottom\" style=\"--vwrapper-gap: 0.4rem;\"><time class=\"w-post-elm post_date usg_post_date_2 icon-data entry-date published\" datetime=\"2025-11-26T18:00:37+02:00\"><i class=\"far fa-calendar\"><\/i>November 26, 2025<\/time><\/div>\t\t<\/div>\r\n\t\t\t<\/article>\r\n\t<article class=\"w-grid-item size_1x1 post-9666 post type-post status-publish format-standard has-post-thumbnail hentry category-contract category-judetul-cluj category-por-2021-2027\" data-id=\"9666\">\r\n\t\t<div class=\"w-grid-item-h\">\r\n\t\t\t\t\t\t<div class=\"w-vwrapper usg_vwrapper_3 align_none valign_top\" style=\"--vwrapper-gap: 2rem;\"><div class=\"w-post-elm post_image usg_post_image_1 has_ratio\"><a href=\"https:\/\/regionordvest.ro\/en\/pod-nou-peste-somesul-mic-pe-strada-fabricii-de-zahar-din-cluj-napoca-printr-un-proiect-de-peste-11-milioane-de-euro-finantat-in-cadrul-programului-regional-nord-vest-2021-2027\/\" aria-label=\"Pod nou peste Some\u0219ul Mic pe strada Fabricii de Zah\u0103r din Cluj-Napoca, printr-un proiect de peste 11 milioane de euro, finan\u021bat \u00een cadrul Programului Regional Nord-Vest 2021\u20132027\"><img loading=\"lazy\" decoding=\"async\" width=\"1024\" height=\"859\" src=\"https:\/\/regionordvest.ro\/wp-content\/uploads\/2025\/08\/323353-Pod-Somesul-Mic-Cluj-Napoca-CJ-1024x859.png\" class=\"attachment-large size-large wp-post-image\" alt=\"\" \/><\/a><div style=\"padding-bottom:75%\"><\/div><\/div><\/div><div class=\"w-vwrapper usg_vwrapper_1 align_none valign_middle\" style=\"--vwrapper-gap: 0.5rem;\"><h2 class=\"w-post-elm post_title usg_post_title_1 wrapper align_left color_link_inherit\"><a href=\"https:\/\/regionordvest.ro\/en\/pod-nou-peste-somesul-mic-pe-strada-fabricii-de-zahar-din-cluj-napoca-printr-un-proiect-de-peste-11-milioane-de-euro-finantat-in-cadrul-programului-regional-nord-vest-2021-2027\/\">Pod nou peste Some\u0219ul Mic pe strada Fabricii de Zah\u0103r din Cluj-Napoca, printr-un proiect de peste 11 milioane de euro, finan\u021bat \u00een cadrul Programului Regional Nord-Vest 2021\u20132027<\/a><\/h2><\/div><div class=\"w-vwrapper usg_vwrapper_2 align_none valign_bottom\" style=\"--vwrapper-gap: 0.4rem;\"><time class=\"w-post-elm post_date usg_post_date_2 icon-data entry-date published\" datetime=\"2025-07-31T17:20:40+03:00\"><i class=\"far fa-calendar\"><\/i>July 31, 2025<\/time><\/div>\t\t<\/div>\r\n\t\t\t<\/article>\r\n\t<article class=\"w-grid-item size_1x1 post-9679 post type-post status-publish format-standard has-post-thumbnail hentry category-contract category-judetul-satu-mare category-por-2021-2027\" data-id=\"9679\">\r\n\t\t<div class=\"w-grid-item-h\">\r\n\t\t\t\t\t\t<div class=\"w-vwrapper usg_vwrapper_3 align_none valign_top\" style=\"--vwrapper-gap: 2rem;\"><div class=\"w-post-elm post_image usg_post_image_1 has_ratio\"><a href=\"https:\/\/regionordvest.ro\/en\/negresti-oas-investeste-peste-20-milioane-euro-pentru-mobilitate-urbana-durabila-prin-programul-regional-nord-vest-2021-2027\/\" aria-label=\"Negre\u0219ti-Oa\u0219 investe\u0219te peste 20 milioane euro pentru mobilitate urban\u0103 durabil\u0103, prin Programul Regional Nord-Vest 2021\u20132027\"><img loading=\"lazy\" decoding=\"async\" width=\"1024\" height=\"859\" src=\"https:\/\/regionordvest.ro\/wp-content\/uploads\/2025\/08\/301404-Mobilitate-urbana-Negresti-Oas-Satu-Mare-1024x859.png\" class=\"attachment-large size-large wp-post-image\" alt=\"\" \/><\/a><div style=\"padding-bottom:75%\"><\/div><\/div><\/div><div class=\"w-vwrapper usg_vwrapper_1 align_none valign_middle\" style=\"--vwrapper-gap: 0.5rem;\"><h2 class=\"w-post-elm post_title usg_post_title_1 wrapper align_left color_link_inherit\"><a href=\"https:\/\/regionordvest.ro\/en\/negresti-oas-investeste-peste-20-milioane-euro-pentru-mobilitate-urbana-durabila-prin-programul-regional-nord-vest-2021-2027\/\">Negre\u0219ti-Oa\u0219 investe\u0219te peste 20 milioane euro pentru mobilitate urban\u0103 durabil\u0103, prin Programul Regional Nord-Vest 2021\u20132027<\/a><\/h2><\/div><div class=\"w-vwrapper usg_vwrapper_2 align_none valign_bottom\" style=\"--vwrapper-gap: 0.4rem;\"><time class=\"w-post-elm post_date usg_post_date_2 icon-data entry-date published\" datetime=\"2025-07-30T12:22:23+03:00\"><i class=\"far fa-calendar\"><\/i>July 30, 2025<\/time><\/div>\t\t<\/div>\r\n\t\t\t<\/article>\r\n\t<article class=\"w-grid-item size_1x1 post-9691 post type-post status-publish format-standard has-post-thumbnail hentry category-contract category-judetul-bistrita-nasaud category-por-2021-2027\" data-id=\"9691\">\r\n\t\t<div class=\"w-grid-item-h\">\r\n\t\t\t\t\t\t<div class=\"w-vwrapper usg_vwrapper_3 align_none valign_top\" style=\"--vwrapper-gap: 2rem;\"><div class=\"w-post-elm post_image usg_post_image_1 has_ratio\"><a href=\"https:\/\/regionordvest.ro\/en\/bistrita-va-avea-un-cartier-mai-verde-si-mai-modern-printr-un-proiect-de-peste-65-milioane-de-euro-finantat-in-cadrul-programului-regional-nord-vest-2021-2027\/\" aria-label=\"Bistri\u021ba va avea un cartier mai verde \u0219i mai modern, printr-un proiect de peste 6,5 milioane de euro finan\u021bat \u00een cadrul Programului Regional Nord-Vest 2021\u20132027\"><img loading=\"lazy\" decoding=\"async\" width=\"1024\" height=\"859\" src=\"https:\/\/regionordvest.ro\/wp-content\/uploads\/2025\/08\/318453-Regenerare-urbana-Bistrita-BN-1024x859.png\" class=\"attachment-large size-large wp-post-image\" alt=\"\" \/><\/a><div style=\"padding-bottom:75%\"><\/div><\/div><\/div><div class=\"w-vwrapper usg_vwrapper_1 align_none valign_middle\" style=\"--vwrapper-gap: 0.5rem;\"><h2 class=\"w-post-elm post_title usg_post_title_1 wrapper align_left color_link_inherit\"><a href=\"https:\/\/regionordvest.ro\/en\/bistrita-va-avea-un-cartier-mai-verde-si-mai-modern-printr-un-proiect-de-peste-65-milioane-de-euro-finantat-in-cadrul-programului-regional-nord-vest-2021-2027\/\">Bistri\u021ba va avea un cartier mai verde \u0219i mai modern, printr-un proiect de peste 6,5 milioane de euro finan\u021bat \u00een cadrul Programului Regional Nord-Vest 2021\u20132027<\/a><\/h2><\/div><div class=\"w-vwrapper usg_vwrapper_2 align_none valign_bottom\" style=\"--vwrapper-gap: 0.4rem;\"><time class=\"w-post-elm post_date usg_post_date_2 icon-data entry-date published\" datetime=\"2025-07-28T14:00:56+03:00\"><i class=\"far fa-calendar\"><\/i>July 28, 2025<\/time><\/div>\t\t<\/div>\r\n\t\t\t<\/article>\r\n\t<article class=\"w-grid-item size_1x1 post-10691 post type-post status-publish format-standard has-post-thumbnail hentry category-contract category-judetul-cluj category-por-2021-2027\" data-id=\"10691\">\r\n\t\t<div class=\"w-grid-item-h\">\r\n\t\t\t\t\t\t<div class=\"w-vwrapper usg_vwrapper_3 align_none valign_top\" style=\"--vwrapper-gap: 2rem;\"><div class=\"w-post-elm post_image usg_post_image_1 has_ratio\"><a href=\"https:\/\/regionordvest.ro\/en\/parcul-ansamblului-octavian-goga-din-ciucea-va-fi-modernizat-printr-o-investitie-de-peste-72-milioane-de-euro-finantata-prin-programul-regional-nord-vest-2021-2027\/\" aria-label=\"Parcul Ansamblului \u201eOctavian Goga\u201d din Ciucea va fi modernizat printr-o investi\u021bie de peste 7,2 milioane de euro finan\u021bat\u0103 prin Programul Regional Nord-Vest 2021\u20132027\"><img loading=\"lazy\" decoding=\"async\" width=\"1024\" height=\"859\" src=\"https:\/\/regionordvest.ro\/wp-content\/uploads\/2026\/03\/324049-Infrastructura-Turism-Octavian-Goga-Ciucea-CJ-1024x859.png\" class=\"attachment-large size-large wp-post-image\" alt=\"\" \/><\/a><div style=\"padding-bottom:75%\"><\/div><\/div><\/div><div class=\"w-vwrapper usg_vwrapper_1 align_none valign_middle\" style=\"--vwrapper-gap: 0.5rem;\"><h2 class=\"w-post-elm post_title usg_post_title_1 wrapper align_left color_link_inherit\"><a href=\"https:\/\/regionordvest.ro\/en\/parcul-ansamblului-octavian-goga-din-ciucea-va-fi-modernizat-printr-o-investitie-de-peste-72-milioane-de-euro-finantata-prin-programul-regional-nord-vest-2021-2027\/\">Parcul Ansamblului \u201eOctavian Goga\u201d din Ciucea va fi modernizat printr-o investi\u021bie de peste 7,2 milioane de euro finan\u021bat\u0103 prin Programul Regional Nord-Vest 2021\u20132027<\/a><\/h2><\/div><div class=\"w-vwrapper usg_vwrapper_2 align_none valign_bottom\" style=\"--vwrapper-gap: 0.4rem;\"><time class=\"w-post-elm post_date usg_post_date_2 icon-data entry-date published\" datetime=\"2025-07-24T17:00:28+03:00\"><i class=\"far fa-calendar\"><\/i>July 24, 2025<\/time><\/div>\t\t<\/div>\r\n\t\t\t<\/article>\r\n\t<article class=\"w-grid-item size_1x1 post-9641 post type-post status-publish format-standard has-post-thumbnail hentry category-contract category-judetul-satu-mare category-por-2021-2027\" data-id=\"9641\">\r\n\t\t<div class=\"w-grid-item-h\">\r\n\t\t\t\t\t\t<div class=\"w-vwrapper usg_vwrapper_3 align_none valign_top\" style=\"--vwrapper-gap: 2rem;\"><div class=\"w-post-elm post_image usg_post_image_1 has_ratio\"><a href=\"https:\/\/regionordvest.ro\/en\/ardud-va-avea-o-gradina-urbana-moderna-printr-un-proiect-de-aproape-25-milioane-de-euro-finantat-in-cadrul-programului-regional-nord-vest-2021-2027\/\" aria-label=\"Ardud va avea o gr\u0103din\u0103 urban\u0103 modern\u0103, printr-un proiect de aproape 2,5 milioane de euro finan\u021bat \u00een cadrul Programului Regional Nord-Vest 2021\u20132027\"><img loading=\"lazy\" decoding=\"async\" width=\"1024\" height=\"859\" src=\"https:\/\/regionordvest.ro\/wp-content\/uploads\/2025\/08\/313259-Gradina-Urbana-Ardud-Satu-Mare-1024x859.png\" class=\"attachment-large size-large wp-post-image\" alt=\"\" \/><\/a><div style=\"padding-bottom:75%\"><\/div><\/div><\/div><div class=\"w-vwrapper usg_vwrapper_1 align_none valign_middle\" style=\"--vwrapper-gap: 0.5rem;\"><h2 class=\"w-post-elm post_title usg_post_title_1 wrapper align_left color_link_inherit\"><a href=\"https:\/\/regionordvest.ro\/en\/ardud-va-avea-o-gradina-urbana-moderna-printr-un-proiect-de-aproape-25-milioane-de-euro-finantat-in-cadrul-programului-regional-nord-vest-2021-2027\/\">Ardud va avea o gr\u0103din\u0103 urban\u0103 modern\u0103, printr-un proiect de aproape 2,5 milioane de euro finan\u021bat \u00een cadrul Programului Regional Nord-Vest 2021\u20132027<\/a><\/h2><\/div><div class=\"w-vwrapper usg_vwrapper_2 align_none valign_bottom\" style=\"--vwrapper-gap: 0.4rem;\"><time class=\"w-post-elm post_date usg_post_date_2 icon-data entry-date published\" datetime=\"2025-07-23T12:46:37+03:00\"><i class=\"far fa-calendar\"><\/i>July 23, 2025<\/time><\/div>\t\t<\/div>\r\n\t\t\t<\/article>\r\n\t<article class=\"w-grid-item size_1x1 post-9637 post type-post status-publish format-standard has-post-thumbnail hentry category-contract category-judetul-salaj category-por-2021-2027\" data-id=\"9637\">\r\n\t\t<div class=\"w-grid-item-h\">\r\n\t\t\t\t\t\t<div class=\"w-vwrapper usg_vwrapper_3 align_none valign_top\" style=\"--vwrapper-gap: 2rem;\"><div class=\"w-post-elm post_image usg_post_image_1 has_ratio\"><a href=\"https:\/\/regionordvest.ro\/en\/jibou-va-avea-o-zona-de-promenada-moderna-pe-valea-apa-sarata-printr-un-proiect-de-aproape-78-milioane-de-euro-finantat-in-cadrul-programului-regional-nord-vest-2021-2027\/\" aria-label=\"Jibou va avea o zon\u0103 de promenad\u0103 modern\u0103 pe Valea Apa S\u0103rat\u0103, printr-un proiect de aproape 7,8 milioane de euro finan\u021bat \u00een cadrul Programului Regional Nord-Vest 2021\u20132027\"><img loading=\"lazy\" decoding=\"async\" width=\"1024\" height=\"859\" src=\"https:\/\/regionordvest.ro\/wp-content\/uploads\/2025\/08\/303494-Amenajare-promenada-Jibou-SJ-1024x859.png\" class=\"attachment-large size-large wp-post-image\" alt=\"\" \/><\/a><div style=\"padding-bottom:75%\"><\/div><\/div><\/div><div class=\"w-vwrapper usg_vwrapper_1 align_none valign_middle\" style=\"--vwrapper-gap: 0.5rem;\"><h2 class=\"w-post-elm post_title usg_post_title_1 wrapper align_left color_link_inherit\"><a href=\"https:\/\/regionordvest.ro\/en\/jibou-va-avea-o-zona-de-promenada-moderna-pe-valea-apa-sarata-printr-un-proiect-de-aproape-78-milioane-de-euro-finantat-in-cadrul-programului-regional-nord-vest-2021-2027\/\">Jibou va avea o zon\u0103 de promenad\u0103 modern\u0103 pe Valea Apa S\u0103rat\u0103, printr-un proiect de aproape 7,8 milioane de euro finan\u021bat \u00een cadrul Programului Regional Nord-Vest 2021\u20132027<\/a><\/h2><\/div><div class=\"w-vwrapper usg_vwrapper_2 align_none valign_bottom\" style=\"--vwrapper-gap: 0.4rem;\"><time class=\"w-post-elm post_date usg_post_date_2 icon-data entry-date published\" datetime=\"2025-07-23T11:57:28+03:00\"><i class=\"far fa-calendar\"><\/i>July 23, 2025<\/time><\/div>\t\t<\/div>\r\n\t\t\t<\/article>\r\n\t<article class=\"w-grid-item size_1x1 post-9587 post type-post status-publish format-standard has-post-thumbnail hentry category-contract category-judetul-cluj category-por-2021-2027\" data-id=\"9587\">\r\n\t\t<div class=\"w-grid-item-h\">\r\n\t\t\t\t\t\t<div class=\"w-vwrapper usg_vwrapper_3 align_none valign_top\" style=\"--vwrapper-gap: 2rem;\"><div class=\"w-post-elm post_image usg_post_image_1 has_ratio\"><a href=\"https:\/\/regionordvest.ro\/en\/gherla-va-avea-un-centru-cultural-multifunctional-modern-printr-un-proiect-de-aproape-48-milioane-de-euro-finantat-in-cadrul-programului-regional-nord-vest-2021-2027\/\" aria-label=\"Gherla va avea un centru cultural multifunc\u021bional modern, printr-un proiect de aproape 4,8 milioane de euro finan\u021bat \u00een cadrul Programului Regional Nord-Vest 2021\u20132027\"><img loading=\"lazy\" decoding=\"async\" width=\"1024\" height=\"859\" src=\"https:\/\/regionordvest.ro\/wp-content\/uploads\/2025\/08\/321254-Centru-Multifunctional-Gherla-CJ-1024x859.png\" class=\"attachment-large size-large wp-post-image\" alt=\"\" \/><\/a><div style=\"padding-bottom:75%\"><\/div><\/div><\/div><div class=\"w-vwrapper usg_vwrapper_1 align_none valign_middle\" style=\"--vwrapper-gap: 0.5rem;\"><h2 class=\"w-post-elm post_title usg_post_title_1 wrapper align_left color_link_inherit\"><a href=\"https:\/\/regionordvest.ro\/en\/gherla-va-avea-un-centru-cultural-multifunctional-modern-printr-un-proiect-de-aproape-48-milioane-de-euro-finantat-in-cadrul-programului-regional-nord-vest-2021-2027\/\">Gherla va avea un centru cultural multifunc\u021bional modern, printr-un proiect de aproape 4,8 milioane de euro finan\u021bat \u00een cadrul Programului Regional Nord-Vest 2021\u20132027<\/a><\/h2><\/div><div class=\"w-vwrapper usg_vwrapper_2 align_none valign_bottom\" style=\"--vwrapper-gap: 0.4rem;\"><time class=\"w-post-elm post_date usg_post_date_2 icon-data entry-date published\" datetime=\"2025-07-21T10:00:38+03:00\"><i class=\"far fa-calendar\"><\/i>July 21, 2025<\/time><\/div>\t\t<\/div>\r\n\t\t\t<\/article>\r\n\t<article class=\"w-grid-item size_1x1 post-9663 post type-post status-publish format-standard has-post-thumbnail hentry category-contract category-judetul-satu-mare category-por-2021-2027\" data-id=\"9663\">\r\n\t\t<div class=\"w-grid-item-h\">\r\n\t\t\t\t\t\t<div class=\"w-vwrapper usg_vwrapper_3 align_none valign_top\" style=\"--vwrapper-gap: 2rem;\"><div class=\"w-post-elm post_image usg_post_image_1 has_ratio\"><a href=\"https:\/\/regionordvest.ro\/en\/tasnadul-va-avea-primul-parc-de-specializare-inteligenta-din-judetul-satu-mare-printr-un-proiect-de-peste-43-milioane-de-euro-finantat-in-cadrul-programului-regional-nord-vest-2021-2027\/\" aria-label=\"T\u0103\u0219nadul va avea primul Parc de Specializare Inteligent\u0103 din jude\u021bul Satu Mare, printr-un proiect de peste 4,3 milioane de euro finan\u021bat \u00een cadrul Programului Regional Nord-Vest 2021\u20132027\"><img loading=\"lazy\" decoding=\"async\" width=\"1024\" height=\"859\" src=\"https:\/\/regionordvest.ro\/wp-content\/uploads\/2025\/08\/332445-PSI-Tasnad-Tasnad-Satu-Mare-1024x859.png\" class=\"attachment-large size-large wp-post-image\" alt=\"\" \/><\/a><div style=\"padding-bottom:75%\"><\/div><\/div><\/div><div class=\"w-vwrapper usg_vwrapper_1 align_none valign_middle\" style=\"--vwrapper-gap: 0.5rem;\"><h2 class=\"w-post-elm post_title usg_post_title_1 wrapper align_left color_link_inherit\"><a href=\"https:\/\/regionordvest.ro\/en\/tasnadul-va-avea-primul-parc-de-specializare-inteligenta-din-judetul-satu-mare-printr-un-proiect-de-peste-43-milioane-de-euro-finantat-in-cadrul-programului-regional-nord-vest-2021-2027\/\">T\u0103\u0219nadul va avea primul Parc de Specializare Inteligent\u0103 din jude\u021bul Satu Mare, printr-un proiect de peste 4,3 milioane de euro finan\u021bat \u00een cadrul Programului Regional Nord-Vest 2021\u20132027<\/a><\/h2><\/div><div class=\"w-vwrapper usg_vwrapper_2 align_none valign_bottom\" style=\"--vwrapper-gap: 0.4rem;\"><time class=\"w-post-elm post_date usg_post_date_2 icon-data entry-date published\" datetime=\"2025-07-04T16:56:34+03:00\"><i class=\"far fa-calendar\"><\/i>July 4, 2025<\/time><\/div>\t\t<\/div>\r\n\t\t\t<\/article>\r\n\t<article class=\"w-grid-item size_1x1 post-9651 post type-post status-publish format-standard has-post-thumbnail hentry category-por-2021-2027 category-contract category-judetul-bihor\" data-id=\"9651\">\r\n\t\t<div class=\"w-grid-item-h\">\r\n\t\t\t\t\t\t<div class=\"w-vwrapper usg_vwrapper_3 align_none valign_top\" style=\"--vwrapper-gap: 2rem;\"><div class=\"w-post-elm post_image usg_post_image_1 has_ratio\"><a href=\"https:\/\/regionordvest.ro\/en\/oradea-va-avea-un-nou-parc-de-specializare-inteligenta-printr-un-proiect-de-peste-94-milioane-de-euro-finantat-in-cadrul-programului-regional-nord-vest-2021-2027\/\" aria-label=\"Oradea va avea un nou Parc de Specializare Inteligent\u0103, printr-un proiect de peste 9,4 milioane de euro finan\u021bat \u00een cadrul Programului Regional Nord-Vest 2021\u20132027\"><img loading=\"lazy\" decoding=\"async\" width=\"1024\" height=\"859\" src=\"https:\/\/regionordvest.ro\/wp-content\/uploads\/2025\/08\/327368-PSI-Oradea-2-Oradea-BH-1024x859.png\" class=\"attachment-large size-large wp-post-image\" alt=\"\" \/><\/a><div style=\"padding-bottom:75%\"><\/div><\/div><\/div><div class=\"w-vwrapper usg_vwrapper_1 align_none valign_middle\" style=\"--vwrapper-gap: 0.5rem;\"><h2 class=\"w-post-elm post_title usg_post_title_1 wrapper align_left color_link_inherit\"><a href=\"https:\/\/regionordvest.ro\/en\/oradea-va-avea-un-nou-parc-de-specializare-inteligenta-printr-un-proiect-de-peste-94-milioane-de-euro-finantat-in-cadrul-programului-regional-nord-vest-2021-2027\/\">Oradea va avea un nou Parc de Specializare Inteligent\u0103, printr-un proiect de peste 9,4 milioane de euro finan\u021bat \u00een cadrul Programului Regional Nord-Vest 2021\u20132027<\/a><\/h2><\/div><div class=\"w-vwrapper usg_vwrapper_2 align_none valign_bottom\" style=\"--vwrapper-gap: 0.4rem;\"><time class=\"w-post-elm post_date usg_post_date_2 icon-data entry-date published\" datetime=\"2025-07-04T16:33:26+03:00\"><i class=\"far fa-calendar\"><\/i>July 4, 2025<\/time><\/div>\t\t<\/div>\r\n\t\t\t<\/article>\r\n\t<article class=\"w-grid-item size_1x1 post-9645 post type-post status-publish format-standard has-post-thumbnail hentry category-contract category-judetul-salaj category-por-2021-2027\" data-id=\"9645\">\r\n\t\t<div class=\"w-grid-item-h\">\r\n\t\t\t\t\t\t<div class=\"w-vwrapper usg_vwrapper_3 align_none valign_top\" style=\"--vwrapper-gap: 2rem;\"><div class=\"w-post-elm post_image usg_post_image_1 has_ratio\"><a href=\"https:\/\/regionordvest.ro\/en\/trei-centre-multifunctionale-vor-fi-infiintate-in-localitatile-rona-cuceu-si-husia-printr-un-proiect-de-peste-32-milioane-de-euro-finantat-in-cadrul-programului-regional-nord-vest-2021-2027\/\" aria-label=\"Trei centre multifunc\u021bionale vor fi \u00eenfiin\u021bate \u00een localit\u0103\u021bile Rona, Cuceu \u0219i Husia, printr-un proiect de peste 3,2 milioane de euro finan\u021bat \u00een cadrul Programului Regional Nord-Vest 2021\u20132027\"><img loading=\"lazy\" decoding=\"async\" width=\"1024\" height=\"859\" src=\"https:\/\/regionordvest.ro\/wp-content\/uploads\/2025\/08\/321408-Centre-multifunctionale-Jibou-SJ-1024x859.png\" class=\"attachment-large size-large wp-post-image\" alt=\"\" \/><\/a><div style=\"padding-bottom:75%\"><\/div><\/div><\/div><div class=\"w-vwrapper usg_vwrapper_1 align_none valign_middle\" style=\"--vwrapper-gap: 0.5rem;\"><h2 class=\"w-post-elm post_title usg_post_title_1 wrapper align_left color_link_inherit\"><a href=\"https:\/\/regionordvest.ro\/en\/trei-centre-multifunctionale-vor-fi-infiintate-in-localitatile-rona-cuceu-si-husia-printr-un-proiect-de-peste-32-milioane-de-euro-finantat-in-cadrul-programului-regional-nord-vest-2021-2027\/\">Trei centre multifunc\u021bionale vor fi \u00eenfiin\u021bate \u00een localit\u0103\u021bile Rona, Cuceu \u0219i Husia, printr-un proiect de peste 3,2 milioane de euro finan\u021bat \u00een cadrul Programului Regional Nord-Vest 2021\u20132027<\/a><\/h2><\/div><div class=\"w-vwrapper usg_vwrapper_2 align_none valign_bottom\" style=\"--vwrapper-gap: 0.4rem;\"><time class=\"w-post-elm post_date usg_post_date_2 icon-data entry-date published\" datetime=\"2025-07-04T15:01:24+03:00\"><i class=\"far fa-calendar\"><\/i>July 4, 2025<\/time><\/div>\t\t<\/div>\r\n\t\t\t<\/article>\r\n\t<article class=\"w-grid-item size_1x1 post-9340 post type-post status-publish format-standard has-post-thumbnail hentry category-contract category-judetul-bistrita-nasaud category-por-2021-2027\" data-id=\"9340\">\r\n\t\t<div class=\"w-grid-item-h\">\r\n\t\t\t\t\t\t<div class=\"w-vwrapper usg_vwrapper_3 align_none valign_top\" style=\"--vwrapper-gap: 2rem;\"><div class=\"w-post-elm post_image usg_post_image_1 has_ratio\"><a href=\"https:\/\/regionordvest.ro\/en\/un-nou-parc-de-specializare-inteligenta-va-fi-construit-la-bistrita-printr-un-proiect-de-peste-54-milioane-de-euro-finantat-in-cadrul-programului-regional-nord-vest-2021-2027\/\" aria-label=\"Un nou parc de specializare inteligent\u0103 va fi construit la Bistri\u021ba, printr-un proiect de peste 5,4 milioane de euro finan\u021bat \u00een cadrul Programului Regional Nord-Vest 2021\u20132027\"><img loading=\"lazy\" decoding=\"async\" width=\"1024\" height=\"859\" src=\"https:\/\/regionordvest.ro\/wp-content\/uploads\/2025\/07\/318405-PSI-Bistrita-BN-1024x859.png\" class=\"attachment-large size-large wp-post-image\" alt=\"\" \/><\/a><div style=\"padding-bottom:75%\"><\/div><\/div><\/div><div class=\"w-vwrapper usg_vwrapper_1 align_none valign_middle\" style=\"--vwrapper-gap: 0.5rem;\"><h2 class=\"w-post-elm post_title usg_post_title_1 wrapper align_left color_link_inherit\"><a href=\"https:\/\/regionordvest.ro\/en\/un-nou-parc-de-specializare-inteligenta-va-fi-construit-la-bistrita-printr-un-proiect-de-peste-54-milioane-de-euro-finantat-in-cadrul-programului-regional-nord-vest-2021-2027\/\">Un nou parc de specializare inteligent\u0103 va fi construit la Bistri\u021ba, printr-un proiect de peste 5,4 milioane de euro finan\u021bat \u00een cadrul Programului Regional Nord-Vest 2021\u20132027<\/a><\/h2><\/div><div class=\"w-vwrapper usg_vwrapper_2 align_none valign_bottom\" style=\"--vwrapper-gap: 0.4rem;\"><time class=\"w-post-elm post_date usg_post_date_2 icon-data entry-date published\" datetime=\"2025-07-04T14:00:43+03:00\"><i class=\"far fa-calendar\"><\/i>July 4, 2025<\/time><\/div>\t\t<\/div>\r\n\t\t\t<\/article>\r\n\t<article class=\"w-grid-item size_1x1 post-9332 post type-post status-publish format-standard has-post-thumbnail hentry category-contract category-judetul-cluj category-por-2021-2027\" data-id=\"9332\">\r\n\t\t<div class=\"w-grid-item-h\">\r\n\t\t\t\t\t\t<div class=\"w-vwrapper usg_vwrapper_3 align_none valign_top\" style=\"--vwrapper-gap: 2rem;\"><div class=\"w-post-elm post_image usg_post_image_1 has_ratio\"><a href=\"https:\/\/regionordvest.ro\/en\/podul-garibaldi-din-cluj-napoca-va-fi-reconstruit-printr-un-proiect-de-aproape-12-milioane-de-euro-finantat-in-cadrul-programului-regional-nord-vest-2021-2027\/\" aria-label=\"Podul Garibaldi din Cluj-Napoca va fi reconstruit printr-un proiect de aproape 12 milioane de euro, finan\u021bat \u00een cadrul Programului Regional Nord-Vest 2021\u20132027\"><img loading=\"lazy\" decoding=\"async\" width=\"1024\" height=\"859\" src=\"https:\/\/regionordvest.ro\/wp-content\/uploads\/2025\/07\/323415-Pod-Garibaldi-Cluj-Napoca-CJ-1024x859.png\" class=\"attachment-large size-large wp-post-image\" alt=\"\" \/><\/a><div style=\"padding-bottom:75%\"><\/div><\/div><\/div><div class=\"w-vwrapper usg_vwrapper_1 align_none valign_middle\" style=\"--vwrapper-gap: 0.5rem;\"><h2 class=\"w-post-elm post_title usg_post_title_1 wrapper align_left color_link_inherit\"><a href=\"https:\/\/regionordvest.ro\/en\/podul-garibaldi-din-cluj-napoca-va-fi-reconstruit-printr-un-proiect-de-aproape-12-milioane-de-euro-finantat-in-cadrul-programului-regional-nord-vest-2021-2027\/\">Podul Garibaldi din Cluj-Napoca va fi reconstruit printr-un proiect de aproape 12 milioane de euro, finan\u021bat \u00een cadrul Programului Regional Nord-Vest 2021\u20132027<\/a><\/h2><\/div><div class=\"w-vwrapper usg_vwrapper_2 align_none valign_bottom\" style=\"--vwrapper-gap: 0.4rem;\"><time class=\"w-post-elm post_date usg_post_date_2 icon-data entry-date published\" datetime=\"2025-07-04T14:00:43+03:00\"><i class=\"far fa-calendar\"><\/i>July 4, 2025<\/time><\/div>\t\t<\/div>\r\n\t\t\t<\/article>\r\n\t<article class=\"w-grid-item size_1x1 post-9337 post type-post status-publish format-standard has-post-thumbnail hentry category-contract category-judetul-bistrita-nasaud category-por-2021-2027\" data-id=\"9337\">\r\n\t\t<div class=\"w-grid-item-h\">\r\n\t\t\t\t\t\t<div class=\"w-vwrapper usg_vwrapper_3 align_none valign_top\" style=\"--vwrapper-gap: 2rem;\"><div class=\"w-post-elm post_image usg_post_image_1 has_ratio\"><a href=\"https:\/\/regionordvest.ro\/en\/sieu-magherus-investeste-in-sport-si-comunitate-printr-un-proiect-de-peste-25-milioane-de-euro-finantat-in-cadrul-programului-regional-nord-vest-2021-2027\/\" aria-label=\"\u0218ieu-M\u0103gheru\u0219 investe\u0219te \u00een sport \u0219i comunitate printr-un proiect de peste 2,5 milioane de euro, finan\u021bat \u00een cadrul Programului Regional Nord-Vest 2021\u20132027\"><img loading=\"lazy\" decoding=\"async\" width=\"1024\" height=\"859\" src=\"https:\/\/regionordvest.ro\/wp-content\/uploads\/2025\/07\/320307-Sala-sport-Sieu-Magherus-BN-1024x859.png\" class=\"attachment-large size-large wp-post-image\" alt=\"\" \/><\/a><div style=\"padding-bottom:75%\"><\/div><\/div><\/div><div class=\"w-vwrapper usg_vwrapper_1 align_none valign_middle\" style=\"--vwrapper-gap: 0.5rem;\"><h2 class=\"w-post-elm post_title usg_post_title_1 wrapper align_left color_link_inherit\"><a href=\"https:\/\/regionordvest.ro\/en\/sieu-magherus-investeste-in-sport-si-comunitate-printr-un-proiect-de-peste-25-milioane-de-euro-finantat-in-cadrul-programului-regional-nord-vest-2021-2027\/\">\u0218ieu-M\u0103gheru\u0219 investe\u0219te \u00een sport \u0219i comunitate printr-un proiect de peste 2,5 milioane de euro, finan\u021bat \u00een cadrul Programului Regional Nord-Vest 2021\u20132027<\/a><\/h2><\/div><div class=\"w-vwrapper usg_vwrapper_2 align_none valign_bottom\" style=\"--vwrapper-gap: 0.4rem;\"><time class=\"w-post-elm post_date usg_post_date_2 icon-data entry-date published\" datetime=\"2025-07-04T14:00:40+03:00\"><i class=\"far fa-calendar\"><\/i>July 4, 2025<\/time><\/div>\t\t<\/div>\r\n\t\t\t<\/article>\r\n\t<article class=\"w-grid-item size_1x1 post-9328 post type-post status-publish format-standard has-post-thumbnail hentry category-contract category-judetul-cluj category-por-2021-2027\" data-id=\"9328\">\r\n\t\t<div class=\"w-grid-item-h\">\r\n\t\t\t\t\t\t<div class=\"w-vwrapper usg_vwrapper_3 align_none valign_top\" style=\"--vwrapper-gap: 2rem;\"><div class=\"w-post-elm post_image usg_post_image_1 has_ratio\"><a href=\"https:\/\/regionordvest.ro\/en\/salina-turda-se-extinde-mina-iosif-va-deveni-un-nou-punct-de-atractie-turistica-printr-un-contract-de-peste-25-de-milioane-de-euro-finantat-prin-pr-nv-2021-2027\/\" aria-label=\"Salina Turda se extinde: Mina Iosif va deveni un nou punct de atrac\u021bie turistic\u0103, printr-un contract de peste 25 de milioane de euro finan\u021bat \u00een cadrul Programului Regional Nord-Vest 2021\u20132027\"><img loading=\"lazy\" decoding=\"async\" width=\"1024\" height=\"859\" src=\"https:\/\/regionordvest.ro\/wp-content\/uploads\/2025\/07\/319993-Salina-Turda-Turda-CJ-1024x859.png\" class=\"attachment-large size-large wp-post-image\" alt=\"\" \/><\/a><div style=\"padding-bottom:75%\"><\/div><\/div><\/div><div class=\"w-vwrapper usg_vwrapper_1 align_none valign_middle\" style=\"--vwrapper-gap: 0.5rem;\"><h2 class=\"w-post-elm post_title usg_post_title_1 wrapper align_left color_link_inherit\"><a href=\"https:\/\/regionordvest.ro\/en\/salina-turda-se-extinde-mina-iosif-va-deveni-un-nou-punct-de-atractie-turistica-printr-un-contract-de-peste-25-de-milioane-de-euro-finantat-prin-pr-nv-2021-2027\/\">Salina Turda se extinde: Mina Iosif va deveni un nou punct de atrac\u021bie turistic\u0103, printr-un contract de peste 25 de milioane de euro finan\u021bat \u00een cadrul Programului Regional Nord-Vest 2021\u20132027<\/a><\/h2><\/div><div class=\"w-vwrapper usg_vwrapper_2 align_none valign_bottom\" style=\"--vwrapper-gap: 0.4rem;\"><time class=\"w-post-elm post_date usg_post_date_2 icon-data entry-date published\" datetime=\"2025-07-04T14:00:39+03:00\"><i class=\"far fa-calendar\"><\/i>July 4, 2025<\/time><\/div>\t\t<\/div>\r\n\t\t\t<\/article>\r\n\t<article class=\"w-grid-item size_1x1 post-9350 post type-post status-publish format-standard has-post-thumbnail hentry category-contract category-judetul-bihor category-por-2021-2027\" data-id=\"9350\">\r\n\t\t<div class=\"w-grid-item-h\">\r\n\t\t\t\t\t\t<div class=\"w-vwrapper usg_vwrapper_3 align_none valign_top\" style=\"--vwrapper-gap: 2rem;\"><div class=\"w-post-elm post_image usg_post_image_1 has_ratio\"><a href=\"https:\/\/regionordvest.ro\/en\/liceul-care-a-format-generatii-se-pregateste-pentru-viitor-colegiul-national-mihai-eminescu-din-oradea-va-fi-complet-reabilitat-printr-un-proiect-de-aproape-20-de-milioane-de-euro\/\" aria-label=\"Liceul care a format genera\u021bii se preg\u0103te\u0219te pentru viitor. Colegiul Na\u021bional \u201eMihai Eminescu\u201d din Oradea va fi complet reabilitat printr-un proiect de aproape 20 de milioane de euro\"><img loading=\"lazy\" decoding=\"async\" width=\"1024\" height=\"859\" src=\"https:\/\/regionordvest.ro\/wp-content\/uploads\/2025\/07\/316653-Reabilitare-CN-Mihai-Eminescu-Oradea-BH-1024x859.png\" class=\"attachment-large size-large wp-post-image\" alt=\"\" \/><\/a><div style=\"padding-bottom:75%\"><\/div><\/div><\/div><div class=\"w-vwrapper usg_vwrapper_1 align_none valign_middle\" style=\"--vwrapper-gap: 0.5rem;\"><h2 class=\"w-post-elm post_title usg_post_title_1 wrapper align_left color_link_inherit\"><a href=\"https:\/\/regionordvest.ro\/en\/liceul-care-a-format-generatii-se-pregateste-pentru-viitor-colegiul-national-mihai-eminescu-din-oradea-va-fi-complet-reabilitat-printr-un-proiect-de-aproape-20-de-milioane-de-euro\/\">Liceul care a format genera\u021bii se preg\u0103te\u0219te pentru viitor. Colegiul Na\u021bional \u201eMihai Eminescu\u201d din Oradea va fi complet reabilitat printr-un proiect de aproape 20 de milioane de euro<\/a><\/h2><\/div><div class=\"w-vwrapper usg_vwrapper_2 align_none valign_bottom\" style=\"--vwrapper-gap: 0.4rem;\"><time class=\"w-post-elm post_date usg_post_date_2 icon-data entry-date published\" datetime=\"2025-07-04T14:00:35+03:00\"><i class=\"far fa-calendar\"><\/i>July 4, 2025<\/time><\/div>\t\t<\/div>\r\n\t\t\t<\/article>\r\n\t<article class=\"w-grid-item size_1x1 post-9347 post type-post status-publish format-standard has-post-thumbnail hentry category-contract category-judetul-maramures category-por-2021-2027\" data-id=\"9347\">\r\n\t\t<div class=\"w-grid-item-h\">\r\n\t\t\t\t\t\t<div class=\"w-vwrapper usg_vwrapper_3 align_none valign_top\" style=\"--vwrapper-gap: 2rem;\"><div class=\"w-post-elm post_image usg_post_image_1 has_ratio\"><a href=\"https:\/\/regionordvest.ro\/en\/la-giulesti-se-construieste-viitorul-peste-44-milioane-de-euro-investiti-intr-un-parc-de-specializare-inteligenta-care-va-aduce-locuri-de-munca-si-dezvoltare-pentru-comunitate\/\" aria-label=\"La Giule\u0219ti se construie\u0219te viitorul: peste 4,4 milioane de euro investi\u021bi \u00eentr-un Parc de Specializare Inteligent\u0103 care va aduce locuri de munc\u0103 \u0219i dezvoltare pentru comunitate\"><img loading=\"lazy\" decoding=\"async\" width=\"1024\" height=\"859\" src=\"https:\/\/regionordvest.ro\/wp-content\/uploads\/2025\/07\/310857-PSI-Giulesti-MM-1024x859.png\" class=\"attachment-large size-large wp-post-image\" alt=\"\" \/><\/a><div style=\"padding-bottom:75%\"><\/div><\/div><\/div><div class=\"w-vwrapper usg_vwrapper_1 align_none valign_middle\" style=\"--vwrapper-gap: 0.5rem;\"><h2 class=\"w-post-elm post_title usg_post_title_1 wrapper align_left color_link_inherit\"><a href=\"https:\/\/regionordvest.ro\/en\/la-giulesti-se-construieste-viitorul-peste-44-milioane-de-euro-investiti-intr-un-parc-de-specializare-inteligenta-care-va-aduce-locuri-de-munca-si-dezvoltare-pentru-comunitate\/\">La Giule\u0219ti se construie\u0219te viitorul: peste 4,4 milioane de euro investi\u021bi \u00eentr-un Parc de Specializare Inteligent\u0103 care va aduce locuri de munc\u0103 \u0219i dezvoltare pentru comunitate<\/a><\/h2><\/div><div class=\"w-vwrapper usg_vwrapper_2 align_none valign_bottom\" style=\"--vwrapper-gap: 0.4rem;\"><time class=\"w-post-elm post_date usg_post_date_2 icon-data entry-date published\" datetime=\"2025-07-04T14:00:34+03:00\"><i class=\"far fa-calendar\"><\/i>July 4, 2025<\/time><\/div>\t\t<\/div>\r\n\t\t\t<\/article>\r\n\t<article class=\"w-grid-item size_1x1 post-9343 post type-post status-publish format-standard has-post-thumbnail hentry category-contract category-judetul-maramures category-por-2021-2027\" data-id=\"9343\">\r\n\t\t<div class=\"w-grid-item-h\">\r\n\t\t\t\t\t\t<div class=\"w-vwrapper usg_vwrapper_3 align_none valign_top\" style=\"--vwrapper-gap: 2rem;\"><div class=\"w-post-elm post_image usg_post_image_1 has_ratio\"><a href=\"https:\/\/regionordvest.ro\/en\/drumul-crucii-din-seini-va-fi-reamenajat-printr-un-proiect-de-aproape-29-milioane-de-euro-finantat-in-cadrul-programului-regional-nord-vest-2021-2027\/\" aria-label=\"Drumul Crucii din Seini va fi reamenajat printr-un proiect de aproape 2,9 milioane de euro, finan\u021bat \u00een cadrul Programului Regional Nord-Vest 2021\u20132027\"><img loading=\"lazy\" decoding=\"async\" width=\"1024\" height=\"859\" src=\"https:\/\/regionordvest.ro\/wp-content\/uploads\/2025\/07\/320603-Drumul-Crucii-Seini-MM-1024x859.png\" class=\"attachment-large size-large wp-post-image\" alt=\"\" \/><\/a><div style=\"padding-bottom:75%\"><\/div><\/div><\/div><div class=\"w-vwrapper usg_vwrapper_1 align_none valign_middle\" style=\"--vwrapper-gap: 0.5rem;\"><h2 class=\"w-post-elm post_title usg_post_title_1 wrapper align_left color_link_inherit\"><a href=\"https:\/\/regionordvest.ro\/en\/drumul-crucii-din-seini-va-fi-reamenajat-printr-un-proiect-de-aproape-29-milioane-de-euro-finantat-in-cadrul-programului-regional-nord-vest-2021-2027\/\">Drumul Crucii din Seini va fi reamenajat printr-un proiect de aproape 2,9 milioane de euro, finan\u021bat \u00een cadrul Programului Regional Nord-Vest 2021\u20132027<\/a><\/h2><\/div><div class=\"w-vwrapper usg_vwrapper_2 align_none valign_bottom\" style=\"--vwrapper-gap: 0.4rem;\"><time class=\"w-post-elm post_date usg_post_date_2 icon-data entry-date published\" datetime=\"2025-07-04T14:00:30+03:00\"><i class=\"far fa-calendar\"><\/i>July 4, 2025<\/time><\/div>\t\t<\/div>\r\n\t\t\t<\/article>\r\n\t<article class=\"w-grid-item size_1x1 post-9293 post type-post status-publish format-standard has-post-thumbnail hentry category-por-2021-2027 category-contract\" data-id=\"9293\">\r\n\t\t<div class=\"w-grid-item-h\">\r\n\t\t\t\t\t\t<div class=\"w-vwrapper usg_vwrapper_3 align_none valign_top\" style=\"--vwrapper-gap: 2rem;\"><div class=\"w-post-elm post_image usg_post_image_1 has_ratio\"><a href=\"https:\/\/regionordvest.ro\/en\/300-de-contracte-semnate-in-regiunea-nord-vest-300-de-proiecte-care-schimba-vieti\/\" aria-label=\"300 de contracte semnate \u00een Regiunea Nord-Vest. 300 de proiecte care schimb\u0103 vie\u021bi.\"><img loading=\"lazy\" decoding=\"async\" width=\"1024\" height=\"859\" src=\"https:\/\/regionordvest.ro\/wp-content\/uploads\/2025\/07\/300-de-contracte-2-1024x859.png\" class=\"attachment-large size-large wp-post-image\" alt=\"\" \/><\/a><div style=\"padding-bottom:75%\"><\/div><\/div><\/div><div class=\"w-vwrapper usg_vwrapper_1 align_none valign_middle\" style=\"--vwrapper-gap: 0.5rem;\"><h2 class=\"w-post-elm post_title usg_post_title_1 wrapper align_left color_link_inherit\"><a href=\"https:\/\/regionordvest.ro\/en\/300-de-contracte-semnate-in-regiunea-nord-vest-300-de-proiecte-care-schimba-vieti\/\">300 de contracte semnate \u00een Regiunea Nord-Vest. 300 de proiecte care schimb\u0103 vie\u021bi.<\/a><\/h2><\/div><div class=\"w-vwrapper usg_vwrapper_2 align_none valign_bottom\" style=\"--vwrapper-gap: 0.4rem;\"><time class=\"w-post-elm post_date usg_post_date_2 icon-data entry-date published\" datetime=\"2025-06-30T17:00:20+03:00\"><i class=\"far fa-calendar\"><\/i>June 30, 2025<\/time><\/div>\t\t<\/div>\r\n\t\t\t<\/article>\r\n\t<article class=\"w-grid-item size_1x1 post-8903 post type-post status-publish format-standard has-post-thumbnail hentry category-contract category-judetul-maramures category-por-2021-2027\" data-id=\"8903\">\r\n\t\t<div class=\"w-grid-item-h\">\r\n\t\t\t\t\t\t<div class=\"w-vwrapper usg_vwrapper_3 align_none valign_top\" style=\"--vwrapper-gap: 2rem;\"><div class=\"w-post-elm post_image usg_post_image_1 has_ratio\"><a href=\"https:\/\/regionordvest.ro\/en\/baia-mare-devine-mai-accesibila-si-mai-verde-printr-un-proiect-de-18-milioane-de-euro-finantat-prin-programul-regional-nord-vest-2021-2027\/\" aria-label=\"Baia Mare devine mai accesibil\u0103 \u0219i mai verde printr-un proiect de 18 milioane de euro finan\u021bat prin Programul Regional Nord-Vest 2021-2027\"><img loading=\"lazy\" decoding=\"async\" width=\"1024\" height=\"859\" src=\"https:\/\/regionordvest.ro\/wp-content\/uploads\/2025\/03\/304618-Modernizarea-bd.-Independentei-Decebal-Baia-Mare-MM-1024x859.png\" class=\"attachment-large size-large wp-post-image\" alt=\"\" \/><\/a><div style=\"padding-bottom:75%\"><\/div><\/div><\/div><div class=\"w-vwrapper usg_vwrapper_1 align_none valign_middle\" style=\"--vwrapper-gap: 0.5rem;\"><h2 class=\"w-post-elm post_title usg_post_title_1 wrapper align_left color_link_inherit\"><a href=\"https:\/\/regionordvest.ro\/en\/baia-mare-devine-mai-accesibila-si-mai-verde-printr-un-proiect-de-18-milioane-de-euro-finantat-prin-programul-regional-nord-vest-2021-2027\/\">Baia Mare devine mai accesibil\u0103 \u0219i mai verde printr-un proiect de 18 milioane de euro finan\u021bat prin Programul Regional Nord-Vest 2021-2027<\/a><\/h2><\/div><div class=\"w-vwrapper usg_vwrapper_2 align_none valign_bottom\" style=\"--vwrapper-gap: 0.4rem;\"><time class=\"w-post-elm post_date usg_post_date_2 icon-data entry-date published\" datetime=\"2025-02-10T15:00:23+02:00\"><i class=\"far fa-calendar\"><\/i>February 10, 2025<\/time><\/div>\t\t<\/div>\r\n\t\t\t<\/article>\r\n\t<article class=\"w-grid-item size_1x1 post-8858 post type-post status-publish format-standard has-post-thumbnail hentry category-contract category-judetul-cluj category-por-2021-2027\" data-id=\"8858\">\r\n\t\t<div class=\"w-grid-item-h\">\r\n\t\t\t\t\t\t<div class=\"w-vwrapper usg_vwrapper_3 align_none valign_top\" style=\"--vwrapper-gap: 2rem;\"><div class=\"w-post-elm post_image usg_post_image_1 has_ratio\"><a href=\"https:\/\/regionordvest.ro\/en\/ansamblul-octavian-goga-din-ciucea-prinde-viata-printr-o-investitie-de-peste-8-5-milioane-de-euro-in-cadrul-programului-regional-nord-vest-2021-2027\/\" aria-label=\"Ansamblul \u201eOctavian Goga\u201d din Ciucea prinde via\u021b\u0103 printr-o investi\u021bie de peste 8,5 milioane de euro \u00een cadrul Programului Regional Nord-Vest 2021-2027\"><img loading=\"lazy\" decoding=\"async\" width=\"1024\" height=\"859\" src=\"https:\/\/regionordvest.ro\/wp-content\/uploads\/2025\/02\/302219-Ansamblul-Octavian-Goga-Ciucea-Cluj-4-1024x859.png\" class=\"attachment-large size-large wp-post-image\" alt=\"\" \/><\/a><div style=\"padding-bottom:75%\"><\/div><\/div><\/div><div class=\"w-vwrapper usg_vwrapper_1 align_none valign_middle\" style=\"--vwrapper-gap: 0.5rem;\"><h2 class=\"w-post-elm post_title usg_post_title_1 wrapper align_left color_link_inherit\"><a href=\"https:\/\/regionordvest.ro\/en\/ansamblul-octavian-goga-din-ciucea-prinde-viata-printr-o-investitie-de-peste-8-5-milioane-de-euro-in-cadrul-programului-regional-nord-vest-2021-2027\/\">Ansamblul \u201eOctavian Goga\u201d din Ciucea prinde via\u021b\u0103 printr-o investi\u021bie de peste 8,5 milioane de euro \u00een cadrul Programului Regional Nord-Vest 2021-2027<\/a><\/h2><\/div><div class=\"w-vwrapper usg_vwrapper_2 align_none valign_bottom\" style=\"--vwrapper-gap: 0.4rem;\"><time class=\"w-post-elm post_date usg_post_date_2 icon-data entry-date published\" datetime=\"2025-02-07T15:00:29+02:00\"><i class=\"far fa-calendar\"><\/i>February 7, 2025<\/time><\/div>\t\t<\/div>\r\n\t\t\t<\/article>\r\n\t<article class=\"w-grid-item size_1x1 post-8864 post type-post status-publish format-standard has-post-thumbnail hentry category-contract category-judetul-bihor category-por-2021-2027\" data-id=\"8864\">\r\n\t\t<div class=\"w-grid-item-h\">\r\n\t\t\t\t\t\t<div class=\"w-vwrapper usg_vwrapper_3 align_none valign_top\" style=\"--vwrapper-gap: 2rem;\"><div class=\"w-post-elm post_image usg_post_image_1 has_ratio\"><a href=\"https:\/\/regionordvest.ro\/en\/municipiul-oradea-va-avea-un-parc-de-specializare-inteligenta-in-valoare-de-6-3-milioane-de-euro-in-cadrul-programului-regional-nord-vest-2021-2027\/\" aria-label=\"Municipiul Oradea va avea un Parc de Specializare Inteligent\u0103 \u00een valoare de 6,3 milioane de euro \u00een cadrul Programului Regional Nord-Vest 2021-2027\"><img loading=\"lazy\" decoding=\"async\" width=\"1024\" height=\"859\" src=\"https:\/\/regionordvest.ro\/wp-content\/uploads\/2025\/03\/318265-PSI-Oradea-BH-1024x859.png\" class=\"attachment-large size-large wp-post-image\" alt=\"\" \/><\/a><div style=\"padding-bottom:75%\"><\/div><\/div><\/div><div class=\"w-vwrapper usg_vwrapper_1 align_none valign_middle\" style=\"--vwrapper-gap: 0.5rem;\"><h2 class=\"w-post-elm post_title usg_post_title_1 wrapper align_left color_link_inherit\"><a href=\"https:\/\/regionordvest.ro\/en\/municipiul-oradea-va-avea-un-parc-de-specializare-inteligenta-in-valoare-de-6-3-milioane-de-euro-in-cadrul-programului-regional-nord-vest-2021-2027\/\">Municipiul Oradea va avea un Parc de Specializare Inteligent\u0103 \u00een valoare de 6,3 milioane de euro \u00een cadrul Programului Regional Nord-Vest 2021-2027<\/a><\/h2><\/div><div class=\"w-vwrapper usg_vwrapper_2 align_none valign_bottom\" style=\"--vwrapper-gap: 0.4rem;\"><time class=\"w-post-elm post_date usg_post_date_2 icon-data entry-date published\" datetime=\"2025-02-04T15:00:02+02:00\"><i class=\"far fa-calendar\"><\/i>February 4, 2025<\/time><\/div>\t\t<\/div>\r\n\t\t\t<\/article>\r\n\t<article class=\"w-grid-item size_1x1 post-8862 post type-post status-publish format-standard has-post-thumbnail hentry category-contract category-judetul-bistrita-nasaud category-por-2021-2027\" data-id=\"8862\">\r\n\t\t<div class=\"w-grid-item-h\">\r\n\t\t\t\t\t\t<div class=\"w-vwrapper usg_vwrapper_3 align_none valign_top\" style=\"--vwrapper-gap: 2rem;\"><div class=\"w-post-elm post_image usg_post_image_1 has_ratio\"><a href=\"https:\/\/regionordvest.ro\/en\/orasul-beclean-va-avea-un-parc-de-specializare-inteligenta-in-valoare-de-4-milioane-de-euro-in-cadrul-programului-regional-nord-vest-2021-2027\/\" aria-label=\"Ora\u0219ul Beclean va avea un Parc de Specializare Inteligent\u0103 \u00een valoare de 4 milioane de euro \u00een cadrul Programului Regional Nord-Vest 2021-2027\"><img loading=\"lazy\" decoding=\"async\" width=\"1024\" height=\"859\" src=\"https:\/\/regionordvest.ro\/wp-content\/uploads\/2025\/02\/310414-PSI-Beclean-BN-3-1024x859.png\" class=\"attachment-large size-large wp-post-image\" alt=\"\" \/><\/a><div style=\"padding-bottom:75%\"><\/div><\/div><\/div><div class=\"w-vwrapper usg_vwrapper_1 align_none valign_middle\" style=\"--vwrapper-gap: 0.5rem;\"><h2 class=\"w-post-elm post_title usg_post_title_1 wrapper align_left color_link_inherit\"><a href=\"https:\/\/regionordvest.ro\/en\/orasul-beclean-va-avea-un-parc-de-specializare-inteligenta-in-valoare-de-4-milioane-de-euro-in-cadrul-programului-regional-nord-vest-2021-2027\/\">Ora\u0219ul Beclean va avea un Parc de Specializare Inteligent\u0103 \u00een valoare de 4 milioane de euro \u00een cadrul Programului Regional Nord-Vest 2021-2027<\/a><\/h2><\/div><div class=\"w-vwrapper usg_vwrapper_2 align_none valign_bottom\" style=\"--vwrapper-gap: 0.4rem;\"><time class=\"w-post-elm post_date usg_post_date_2 icon-data entry-date published\" datetime=\"2025-02-03T12:00:48+02:00\"><i class=\"far fa-calendar\"><\/i>February 3, 2025<\/time><\/div>\t\t<\/div>\r\n\t\t\t<\/article>\r\n\t<article class=\"w-grid-item size_1x1 post-8860 post type-post status-publish format-standard has-post-thumbnail hentry category-contract category-judetul-bihor category-por-2021-2027\" data-id=\"8860\">\r\n\t\t<div class=\"w-grid-item-h\">\r\n\t\t\t\t\t\t<div class=\"w-vwrapper usg_vwrapper_3 align_none valign_top\" style=\"--vwrapper-gap: 2rem;\"><div class=\"w-post-elm post_image usg_post_image_1 has_ratio\"><a href=\"https:\/\/regionordvest.ro\/en\/turismul-din-sanmartin-impulsionat-de-un-aquapark-nou-de-40-de-milioane-de-euro-finantat-prin-programul-regional-nord-vest-2021-2027\/\" aria-label=\"Turismul din S\u00e2nmartin, impulsionat de un aquapark nou de 40 de milioane de euro, finan\u021bat prin Programul Regional Nord-Vest 2021-2027\"><img loading=\"lazy\" decoding=\"async\" width=\"1024\" height=\"859\" src=\"https:\/\/regionordvest.ro\/wp-content\/uploads\/2025\/03\/325406-Aquapark-Sanmartin-Sanmartin-Bihor-1024x859.png\" class=\"attachment-large size-large wp-post-image\" alt=\"\" \/><\/a><div style=\"padding-bottom:75%\"><\/div><\/div><\/div><div class=\"w-vwrapper usg_vwrapper_1 align_none valign_middle\" style=\"--vwrapper-gap: 0.5rem;\"><h2 class=\"w-post-elm post_title usg_post_title_1 wrapper align_left color_link_inherit\"><a href=\"https:\/\/regionordvest.ro\/en\/turismul-din-sanmartin-impulsionat-de-un-aquapark-nou-de-40-de-milioane-de-euro-finantat-prin-programul-regional-nord-vest-2021-2027\/\">Turismul din S\u00e2nmartin, impulsionat de un aquapark nou de 40 de milioane de euro, finan\u021bat prin Programul Regional Nord-Vest 2021-2027<\/a><\/h2><\/div><div class=\"w-vwrapper usg_vwrapper_2 align_none valign_bottom\" style=\"--vwrapper-gap: 0.4rem;\"><time class=\"w-post-elm post_date usg_post_date_2 icon-data entry-date published\" datetime=\"2025-01-30T12:00:01+02:00\"><i class=\"far fa-calendar\"><\/i>January 30, 2025<\/time><\/div>\t\t<\/div>\r\n\t\t\t<\/article>\r\n\t<article class=\"w-grid-item size_1x1 post-9705 post type-post status-publish format-standard has-post-thumbnail hentry category-contract category-judetul-maramures\" data-id=\"9705\">\r\n\t\t<div class=\"w-grid-item-h\">\r\n\t\t\t\t\t\t<div class=\"w-vwrapper usg_vwrapper_3 align_none valign_top\" style=\"--vwrapper-gap: 2rem;\"><div class=\"w-post-elm post_image usg_post_image_1 has_ratio\"><a href=\"https:\/\/regionordvest.ro\/en\/seini-va-avea-un-parc-de-specializare-inteligenta-printr-un-proiect-de-peste-46-milioane-de-euro-finantat-in-cadrul-programului-regional-nord-vest-2021-2027\/\" aria-label=\"Seini va avea un Parc de Specializare Inteligent\u0103, printr-un proiect de peste 4,6 milioane de euro finan\u021bat \u00een cadrul Programului Regional Nord-Vest 2021\u20132027\"><img loading=\"lazy\" decoding=\"async\" width=\"1024\" height=\"859\" src=\"https:\/\/regionordvest.ro\/wp-content\/uploads\/2025\/08\/310440-Parc-Specializare-Inteligenta-Seini-MM-1024x859.png\" class=\"attachment-large size-large wp-post-image\" alt=\"\" \/><\/a><div style=\"padding-bottom:75%\"><\/div><\/div><\/div><div class=\"w-vwrapper usg_vwrapper_1 align_none valign_middle\" style=\"--vwrapper-gap: 0.5rem;\"><h2 class=\"w-post-elm post_title usg_post_title_1 wrapper align_left color_link_inherit\"><a href=\"https:\/\/regionordvest.ro\/en\/seini-va-avea-un-parc-de-specializare-inteligenta-printr-un-proiect-de-peste-46-milioane-de-euro-finantat-in-cadrul-programului-regional-nord-vest-2021-2027\/\">Seini va avea un Parc de Specializare Inteligent\u0103, printr-un proiect de peste 4,6 milioane de euro finan\u021bat \u00een cadrul Programului Regional Nord-Vest 2021\u20132027<\/a><\/h2><\/div><div class=\"w-vwrapper usg_vwrapper_2 align_none valign_bottom\" style=\"--vwrapper-gap: 0.4rem;\"><time class=\"w-post-elm post_date usg_post_date_2 icon-data entry-date published\" datetime=\"2024-11-27T12:51:29+02:00\"><i class=\"far fa-calendar\"><\/i>November 27, 2024<\/time><\/div>\t\t<\/div>\r\n\t\t\t<\/article>\r\n\t<article class=\"w-grid-item size_1x1 post-9709 post type-post status-publish format-standard has-post-thumbnail hentry category-contract category-judetul-bihor\" data-id=\"9709\">\r\n\t\t<div class=\"w-grid-item-h\">\r\n\t\t\t\t\t\t<div class=\"w-vwrapper usg_vwrapper_3 align_none valign_top\" style=\"--vwrapper-gap: 2rem;\"><div class=\"w-post-elm post_image usg_post_image_1 has_ratio\"><a href=\"https:\/\/regionordvest.ro\/en\/oradea-va-avea-transport-public-mai-rapid-si-mai-curat-printr-un-proiect-de-aproape-29-de-milioane-de-euro-finantat-din-programul-regional-nord-vest-2021-2027\/\" aria-label=\"Oradea va avea transport public mai rapid \u0219i mai curat, printr-un proiect de aproape 29 de milioane de euro, finan\u021bat din Programul Regional Nord-Vest 2021\u20132027\"><img loading=\"lazy\" decoding=\"async\" width=\"1024\" height=\"859\" src=\"https:\/\/regionordvest.ro\/wp-content\/uploads\/2025\/08\/321758-Magheru-Republicii-II-Oradea-BH-1024x859.png\" class=\"attachment-large size-large wp-post-image\" alt=\"\" \/><\/a><div style=\"padding-bottom:75%\"><\/div><\/div><\/div><div class=\"w-vwrapper usg_vwrapper_1 align_none valign_middle\" style=\"--vwrapper-gap: 0.5rem;\"><h2 class=\"w-post-elm post_title usg_post_title_1 wrapper align_left color_link_inherit\"><a href=\"https:\/\/regionordvest.ro\/en\/oradea-va-avea-transport-public-mai-rapid-si-mai-curat-printr-un-proiect-de-aproape-29-de-milioane-de-euro-finantat-din-programul-regional-nord-vest-2021-2027\/\">Oradea va avea transport public mai rapid \u0219i mai curat, printr-un proiect de aproape 29 de milioane de euro, finan\u021bat din Programul Regional Nord-Vest 2021\u20132027<\/a><\/h2><\/div><div class=\"w-vwrapper usg_vwrapper_2 align_none valign_bottom\" style=\"--vwrapper-gap: 0.4rem;\"><time class=\"w-post-elm post_date usg_post_date_2 icon-data entry-date published\" datetime=\"2024-11-08T13:45:44+02:00\"><i class=\"far fa-calendar\"><\/i>November 8, 2024<\/time><\/div>\t\t<\/div>\r\n\t\t\t<\/article>\r\n\t<article class=\"w-grid-item size_1x1 post-8225 post type-post status-publish format-standard has-post-thumbnail hentry category-contract category-por-2021-2027\" data-id=\"8225\">\r\n\t\t<div class=\"w-grid-item-h\">\r\n\t\t\t\t\t\t<div class=\"w-vwrapper usg_vwrapper_3 align_none valign_top\" style=\"--vwrapper-gap: 2rem;\"><div class=\"w-post-elm post_image usg_post_image_1 has_ratio\"><a href=\"https:\/\/regionordvest.ro\/en\/companiile-nou-infiintate-au-semnat-primele-6-contracte-de-finantare-in-cadrul-programului-regional-nord-vest-2021-2027\/\" aria-label=\"Companiile nou \u00eenfiin\u021bate au semnat primele 6 contracte de finan\u021bare \u00een cadrul Programului Regional Nord-Vest 2021-2027\"><img loading=\"lazy\" decoding=\"async\" width=\"1024\" height=\"859\" src=\"https:\/\/regionordvest.ro\/wp-content\/uploads\/2024\/10\/112-1-1024x859.png\" class=\"attachment-large size-large wp-post-image\" alt=\"\" \/><\/a><div style=\"padding-bottom:75%\"><\/div><\/div><\/div><div class=\"w-vwrapper usg_vwrapper_1 align_none valign_middle\" style=\"--vwrapper-gap: 0.5rem;\"><h2 class=\"w-post-elm post_title usg_post_title_1 wrapper align_left color_link_inherit\"><a href=\"https:\/\/regionordvest.ro\/en\/companiile-nou-infiintate-au-semnat-primele-6-contracte-de-finantare-in-cadrul-programului-regional-nord-vest-2021-2027\/\">Companiile nou \u00eenfiin\u021bate au semnat primele 6 contracte de finan\u021bare \u00een cadrul Programului Regional Nord-Vest 2021-2027<\/a><\/h2><\/div><div class=\"w-vwrapper usg_vwrapper_2 align_none valign_bottom\" style=\"--vwrapper-gap: 0.4rem;\"><time class=\"w-post-elm post_date usg_post_date_2 icon-data entry-date published\" datetime=\"2024-11-01T16:12:19+02:00\"><i class=\"far fa-calendar\"><\/i>November 1, 2024<\/time><\/div>\t\t<\/div>\r\n\t\t\t<\/article>\r\n\t<article class=\"w-grid-item size_1x1 post-8213 post type-post status-publish format-standard has-post-thumbnail hentry category-contract category-judetul-cluj category-por-2021-2027\" data-id=\"8213\">\r\n\t\t<div class=\"w-grid-item-h\">\r\n\t\t\t\t\t\t<div class=\"w-vwrapper usg_vwrapper_3 align_none valign_top\" style=\"--vwrapper-gap: 2rem;\"><div class=\"w-post-elm post_image usg_post_image_1 has_ratio\"><a href=\"https:\/\/regionordvest.ro\/en\/usamv-cluj-napoca-isi-modernizeaza-infrastructura-cu-o-investitie-de-aproape-9-milioane-de-euro-in-cadrul-programului-regional-nord-vest-2021-2027\/\" aria-label=\"USAMV Cluj-Napoca \u00ee\u0219i modernizeaz\u0103 infrastructura cu o investi\u021bie de aproape 9 milioane de euro \u00een cadrul Programului Regional Nord-Vest 2021-2027\"><img loading=\"lazy\" decoding=\"async\" width=\"1024\" height=\"859\" src=\"https:\/\/regionordvest.ro\/wp-content\/uploads\/2024\/10\/319698-USAMV-Cluj-Napoca-1024x859.png\" class=\"attachment-large size-large wp-post-image\" alt=\"\" \/><\/a><div style=\"padding-bottom:75%\"><\/div><\/div><\/div><div class=\"w-vwrapper usg_vwrapper_1 align_none valign_middle\" style=\"--vwrapper-gap: 0.5rem;\"><h2 class=\"w-post-elm post_title usg_post_title_1 wrapper align_left color_link_inherit\"><a href=\"https:\/\/regionordvest.ro\/en\/usamv-cluj-napoca-isi-modernizeaza-infrastructura-cu-o-investitie-de-aproape-9-milioane-de-euro-in-cadrul-programului-regional-nord-vest-2021-2027\/\">USAMV Cluj-Napoca \u00ee\u0219i modernizeaz\u0103 infrastructura cu o investi\u021bie de aproape 9 milioane de euro \u00een cadrul Programului Regional Nord-Vest 2021-2027<\/a><\/h2><\/div><div class=\"w-vwrapper usg_vwrapper_2 align_none valign_bottom\" style=\"--vwrapper-gap: 0.4rem;\"><time class=\"w-post-elm post_date usg_post_date_2 icon-data entry-date published\" datetime=\"2024-10-23T14:38:01+03:00\"><i class=\"far fa-calendar\"><\/i>October 23, 2024<\/time><\/div>\t\t<\/div>\r\n\t\t\t<\/article>\r\n\t<article class=\"w-grid-item size_1x1 post-8208 post type-post status-publish format-standard has-post-thumbnail hentry category-contract category-judetul-salaj category-por-2021-2027\" data-id=\"8208\">\r\n\t\t<div class=\"w-grid-item-h\">\r\n\t\t\t\t\t\t<div class=\"w-vwrapper usg_vwrapper_3 align_none valign_top\" style=\"--vwrapper-gap: 2rem;\"><div class=\"w-post-elm post_image usg_post_image_1 has_ratio\"><a href=\"https:\/\/regionordvest.ro\/en\/municipiul-zalau-revitalizeaza-zona-cet-printr-un-proiect-de-11-milioane-de-euro-in-cadrul-programului-regional-nord-vest-2021-2027\/\" aria-label=\"Municipiul Zal\u0103u revitalizeaz\u0103 zona CET printr-un proiect de 11 milioane de euro \u00een cadrul Programului Regional Nord-Vest 2021-2027\"><img loading=\"lazy\" decoding=\"async\" width=\"1024\" height=\"859\" src=\"https:\/\/regionordvest.ro\/wp-content\/uploads\/2024\/10\/308455-Regenerare-CET-Zalau-1024x859.png\" class=\"attachment-large size-large wp-post-image\" alt=\"\" \/><\/a><div style=\"padding-bottom:75%\"><\/div><\/div><\/div><div class=\"w-vwrapper usg_vwrapper_1 align_none valign_middle\" style=\"--vwrapper-gap: 0.5rem;\"><h2 class=\"w-post-elm post_title usg_post_title_1 wrapper align_left color_link_inherit\"><a href=\"https:\/\/regionordvest.ro\/en\/municipiul-zalau-revitalizeaza-zona-cet-printr-un-proiect-de-11-milioane-de-euro-in-cadrul-programului-regional-nord-vest-2021-2027\/\">Municipiul Zal\u0103u revitalizeaz\u0103 zona CET printr-un proiect de 11 milioane de euro \u00een cadrul Programului Regional Nord-Vest 2021-2027<\/a><\/h2><\/div><div class=\"w-vwrapper usg_vwrapper_2 align_none valign_bottom\" style=\"--vwrapper-gap: 0.4rem;\"><time class=\"w-post-elm post_date usg_post_date_2 icon-data entry-date published\" datetime=\"2024-10-10T14:36:02+03:00\"><i class=\"far fa-calendar\"><\/i>October 10, 2024<\/time><\/div>\t\t<\/div>\r\n\t\t\t<\/article>\r\n\t<article class=\"w-grid-item size_1x1 post-8217 post type-post status-publish format-standard has-post-thumbnail hentry category-contract category-judetul-bihor category-por-2021-2027\" data-id=\"8217\">\r\n\t\t<div class=\"w-grid-item-h\">\r\n\t\t\t\t\t\t<div class=\"w-vwrapper usg_vwrapper_3 align_none valign_top\" style=\"--vwrapper-gap: 2rem;\"><div class=\"w-post-elm post_image usg_post_image_1 has_ratio\"><a href=\"https:\/\/regionordvest.ro\/en\/orasul-alesd-face-tranzitia-spre-transportul-verde-cu-o-investitie-de-peste-10-milioane-de-euro-in-cadrul-programului-regional-nord-vest-2021-2027\/\" aria-label=\"Ora\u0219ul Ale\u0219d face tranzi\u021bia spre transportul verde cu o investi\u021bie de peste 10 milioane de euro \u00een cadrul Programului Regional Nord-Vest 2021-2027\"><img loading=\"lazy\" decoding=\"async\" width=\"1024\" height=\"859\" src=\"https:\/\/regionordvest.ro\/wp-content\/uploads\/2024\/10\/301406-Alesd-1024x859.png\" class=\"attachment-large size-large wp-post-image\" alt=\"\" \/><\/a><div style=\"padding-bottom:75%\"><\/div><\/div><\/div><div class=\"w-vwrapper usg_vwrapper_1 align_none valign_middle\" style=\"--vwrapper-gap: 0.5rem;\"><h2 class=\"w-post-elm post_title usg_post_title_1 wrapper align_left color_link_inherit\"><a href=\"https:\/\/regionordvest.ro\/en\/orasul-alesd-face-tranzitia-spre-transportul-verde-cu-o-investitie-de-peste-10-milioane-de-euro-in-cadrul-programului-regional-nord-vest-2021-2027\/\">Ora\u0219ul Ale\u0219d face tranzi\u021bia spre transportul verde cu o investi\u021bie de peste 10 milioane de euro \u00een cadrul Programului Regional Nord-Vest 2021-2027<\/a><\/h2><\/div><div class=\"w-vwrapper usg_vwrapper_2 align_none valign_bottom\" style=\"--vwrapper-gap: 0.4rem;\"><time class=\"w-post-elm post_date usg_post_date_2 icon-data entry-date published\" datetime=\"2024-10-08T14:39:07+03:00\"><i class=\"far fa-calendar\"><\/i>October 8, 2024<\/time><\/div>\t\t<\/div>\r\n\t\t\t<\/article>\r\n\t<article class=\"w-grid-item size_1x1 post-8167 post type-post status-publish format-standard has-post-thumbnail hentry category-por-2021-2027 category-contract\" data-id=\"8167\">\r\n\t\t<div class=\"w-grid-item-h\">\r\n\t\t\t\t\t\t<div class=\"w-vwrapper usg_vwrapper_3 align_none valign_top\" style=\"--vwrapper-gap: 2rem;\"><div class=\"w-post-elm post_image usg_post_image_1 has_ratio\"><a href=\"https:\/\/regionordvest.ro\/en\/comunicat-de-presa-finalizarea-proiectului-sprijin-pentru-adr-nord-vest-in-calitate-de-autoritate-de-management-pentru-implementarea-prnv-2021-2027-in-perioada-2024-2025\/\" aria-label=\"Comunicat de pres\u0103 finalizarea proiectului &#8222;Sprijin pentru ADR Nord-Vest, \u00een calitate de Autoritate de Management, pentru implementarea Programului Regional Nord- Vest \u00een Regiunea de Dezvoltare Nord-Vest, \u00een perioada 2024-2025&#8221;\"><img loading=\"lazy\" decoding=\"async\" width=\"1024\" height=\"859\" src=\"https:\/\/regionordvest.ro\/wp-content\/uploads\/2024\/10\/AT2_Inceput-1024x859.png\" class=\"attachment-large size-large wp-post-image\" alt=\"\" \/><\/a><div style=\"padding-bottom:75%\"><\/div><\/div><\/div><div class=\"w-vwrapper usg_vwrapper_1 align_none valign_middle\" style=\"--vwrapper-gap: 0.5rem;\"><h2 class=\"w-post-elm post_title usg_post_title_1 wrapper align_left color_link_inherit\"><a href=\"https:\/\/regionordvest.ro\/en\/comunicat-de-presa-finalizarea-proiectului-sprijin-pentru-adr-nord-vest-in-calitate-de-autoritate-de-management-pentru-implementarea-prnv-2021-2027-in-perioada-2024-2025\/\">Comunicat de pres\u0103 finalizarea proiectului &#8222;Sprijin pentru ADR Nord-Vest, \u00een calitate de Autoritate de Management, pentru implementarea Programului Regional Nord- Vest \u00een Regiunea de Dezvoltare Nord-Vest, \u00een perioada 2024-2025&#8221;<\/a><\/h2><\/div><div class=\"w-vwrapper usg_vwrapper_2 align_none valign_bottom\" style=\"--vwrapper-gap: 0.4rem;\"><time class=\"w-post-elm post_date usg_post_date_2 icon-data entry-date published\" datetime=\"2024-10-04T11:00:10+03:00\"><i class=\"far fa-calendar\"><\/i>October 4, 2024<\/time><\/div>\t\t<\/div>\r\n\t\t\t<\/article>\r\n\t<article class=\"w-grid-item size_1x1 post-8218 post type-post status-publish format-standard has-post-thumbnail hentry category-contract category-por-2021-2027\" data-id=\"8218\">\r\n\t\t<div class=\"w-grid-item-h\">\r\n\t\t\t\t\t\t<div class=\"w-vwrapper usg_vwrapper_3 align_none valign_top\" style=\"--vwrapper-gap: 2rem;\"><div class=\"w-post-elm post_image usg_post_image_1 has_ratio\"><a href=\"https:\/\/regionordvest.ro\/en\/palatul-administrativ-al-judetului-maramures-va-fi-modernizat-cu-o-investitie-de-aproape-30-de-milioane-de-euro-in-cadrul-programului-regional-nord-vest-2021-2027\/\" aria-label=\"Palatul Administrativ al jude\u021bului Maramure\u0219 va fi modernizat cu o investi\u021bie de aproape 30 de milioane de euro \u00een cadrul Programului Regional Nord-Vest 2021-2027.\"><img loading=\"lazy\" decoding=\"async\" width=\"1024\" height=\"859\" src=\"https:\/\/regionordvest.ro\/wp-content\/uploads\/2024\/10\/302822-Palat-Administrativ-Maramures-1024x859.png\" class=\"attachment-large size-large wp-post-image\" alt=\"\" \/><\/a><div style=\"padding-bottom:75%\"><\/div><\/div><\/div><div class=\"w-vwrapper usg_vwrapper_1 align_none valign_middle\" style=\"--vwrapper-gap: 0.5rem;\"><h2 class=\"w-post-elm post_title usg_post_title_1 wrapper align_left color_link_inherit\"><a href=\"https:\/\/regionordvest.ro\/en\/palatul-administrativ-al-judetului-maramures-va-fi-modernizat-cu-o-investitie-de-aproape-30-de-milioane-de-euro-in-cadrul-programului-regional-nord-vest-2021-2027\/\">Palatul Administrativ al jude\u021bului Maramure\u0219 va fi modernizat cu o investi\u021bie de aproape 30 de milioane de euro \u00een cadrul Programului Regional Nord-Vest 2021-2027.<\/a><\/h2><\/div><div class=\"w-vwrapper usg_vwrapper_2 align_none valign_bottom\" style=\"--vwrapper-gap: 0.4rem;\"><time class=\"w-post-elm post_date usg_post_date_2 icon-data entry-date published\" datetime=\"2024-09-30T15:17:25+03:00\"><i class=\"far fa-calendar\"><\/i>September 30, 2024<\/time><\/div>\t\t<\/div>\r\n\t\t\t<\/article>\r\n\t<article class=\"w-grid-item size_1x1 post-7991 post type-post status-publish format-standard has-post-thumbnail hentry category-contract category-por-2021-2027\" data-id=\"7991\">\r\n\t\t<div class=\"w-grid-item-h\">\r\n\t\t\t\t\t\t<div class=\"w-vwrapper usg_vwrapper_3 align_none valign_top\" style=\"--vwrapper-gap: 2rem;\"><div class=\"w-post-elm post_image usg_post_image_1 has_ratio\"><a href=\"https:\/\/regionordvest.ro\/en\/trei-firme-nou-infiintate-au-semnat-primele-contracte-in-cadrul-programului-regional-nord-vest-2021-2027\/\" aria-label=\"Trei firme nou-\u00eenfiin\u021bate au semnat primele contracte \u00een cadrul Programului Regional Nord-Vest 2021-2027\"><img loading=\"lazy\" decoding=\"async\" width=\"1024\" height=\"859\" src=\"https:\/\/regionordvest.ro\/wp-content\/uploads\/2024\/09\/112-1024x859.png\" class=\"attachment-large size-large wp-post-image\" alt=\"\" \/><\/a><div style=\"padding-bottom:75%\"><\/div><\/div><\/div><div class=\"w-vwrapper usg_vwrapper_1 align_none valign_middle\" style=\"--vwrapper-gap: 0.5rem;\"><h2 class=\"w-post-elm post_title usg_post_title_1 wrapper align_left color_link_inherit\"><a href=\"https:\/\/regionordvest.ro\/en\/trei-firme-nou-infiintate-au-semnat-primele-contracte-in-cadrul-programului-regional-nord-vest-2021-2027\/\">Trei firme nou-\u00eenfiin\u021bate au semnat primele contracte \u00een cadrul Programului Regional Nord-Vest 2021-2027<\/a><\/h2><\/div><div class=\"w-vwrapper usg_vwrapper_2 align_none valign_bottom\" style=\"--vwrapper-gap: 0.4rem;\"><time class=\"w-post-elm post_date usg_post_date_2 icon-data entry-date published\" datetime=\"2024-09-26T14:19:52+03:00\"><i class=\"far fa-calendar\"><\/i>September 26, 2024<\/time><\/div>\t\t<\/div>\r\n\t\t\t<\/article>\r\n\t<article class=\"w-grid-item size_1x1 post-7969 post type-post status-publish format-standard has-post-thumbnail hentry category-contract category-judetul-bihor category-por-2021-2027\" data-id=\"7969\">\r\n\t\t<div class=\"w-grid-item-h\">\r\n\t\t\t\t\t\t<div class=\"w-vwrapper usg_vwrapper_3 align_none valign_top\" style=\"--vwrapper-gap: 2rem;\"><div class=\"w-post-elm post_image usg_post_image_1 has_ratio\"><a href=\"https:\/\/regionordvest.ro\/en\/320-de-copii-din-oradea-vor-avea-conditii-de-studiu-mai-bune-datorita-unei-investitii-de-5-milioane-de-euro-in-cadrul-programului-regional-nord-vest-2021-2027\/\" aria-label=\"320 de copii din Oradea vor avea condi\u021bii de studiu mai bune datorit\u0103 unei investi\u021bii de 5 milioane de euro \u00een cadrul Programului Regional Nord-Vest 2021-2027\"><img loading=\"lazy\" decoding=\"async\" width=\"1024\" height=\"859\" src=\"https:\/\/regionordvest.ro\/wp-content\/uploads\/2024\/09\/317063-Gradinita-si-cresa-Oradea-1024x859.png\" class=\"attachment-large size-large wp-post-image\" alt=\"\" \/><\/a><div style=\"padding-bottom:75%\"><\/div><\/div><\/div><div class=\"w-vwrapper usg_vwrapper_1 align_none valign_middle\" style=\"--vwrapper-gap: 0.5rem;\"><h2 class=\"w-post-elm post_title usg_post_title_1 wrapper align_left color_link_inherit\"><a href=\"https:\/\/regionordvest.ro\/en\/320-de-copii-din-oradea-vor-avea-conditii-de-studiu-mai-bune-datorita-unei-investitii-de-5-milioane-de-euro-in-cadrul-programului-regional-nord-vest-2021-2027\/\">320 de copii din Oradea vor avea condi\u021bii de studiu mai bune datorit\u0103 unei investi\u021bii de 5 milioane de euro \u00een cadrul Programului Regional Nord-Vest 2021-2027<\/a><\/h2><\/div><div class=\"w-vwrapper usg_vwrapper_2 align_none valign_bottom\" style=\"--vwrapper-gap: 0.4rem;\"><time class=\"w-post-elm post_date usg_post_date_2 icon-data entry-date published\" datetime=\"2024-09-25T15:37:23+03:00\"><i class=\"far fa-calendar\"><\/i>September 25, 2024<\/time><\/div>\t\t<\/div>\r\n\t\t\t<\/article>\r\n\t<article class=\"w-grid-item size_1x1 post-7979 post type-post status-publish format-standard has-post-thumbnail hentry category-contract category-judetul-salaj category-por-2021-2027\" data-id=\"7979\">\r\n\t\t<div class=\"w-grid-item-h\">\r\n\t\t\t\t\t\t<div class=\"w-vwrapper usg_vwrapper_3 align_none valign_top\" style=\"--vwrapper-gap: 2rem;\"><div class=\"w-post-elm post_image usg_post_image_1 has_ratio\"><a href=\"https:\/\/regionordvest.ro\/en\/simleu-silvaniei-se-transforma-intr-o-localitate-prietenoasa-cu-mediul-printr-o-investitie-de-20-de-milioane-de-euro-in-cadrul-programului-regional-nord-vest-2021-2027\/\" aria-label=\"\u0218imleu Silvaniei se transform\u0103 \u00eentr-o localitate prietenoas\u0103 cu mediul printr-o investi\u021bie de 20 de milioane de euro \u00een cadrul Programului Regional Nord-Vest 2021-2027.\"><img loading=\"lazy\" decoding=\"async\" width=\"1024\" height=\"859\" src=\"https:\/\/regionordvest.ro\/wp-content\/uploads\/2024\/09\/301395-Coridor-Simleu-Silvaniei-1024x859.png\" class=\"attachment-large size-large wp-post-image\" alt=\"\" \/><\/a><div style=\"padding-bottom:75%\"><\/div><\/div><\/div><div class=\"w-vwrapper usg_vwrapper_1 align_none valign_middle\" style=\"--vwrapper-gap: 0.5rem;\"><h2 class=\"w-post-elm post_title usg_post_title_1 wrapper align_left color_link_inherit\"><a href=\"https:\/\/regionordvest.ro\/en\/simleu-silvaniei-se-transforma-intr-o-localitate-prietenoasa-cu-mediul-printr-o-investitie-de-20-de-milioane-de-euro-in-cadrul-programului-regional-nord-vest-2021-2027\/\">\u0218imleu Silvaniei se transform\u0103 \u00eentr-o localitate prietenoas\u0103 cu mediul printr-o investi\u021bie de 20 de milioane de euro \u00een cadrul Programului Regional Nord-Vest 2021-2027.<\/a><\/h2><\/div><div class=\"w-vwrapper usg_vwrapper_2 align_none valign_bottom\" style=\"--vwrapper-gap: 0.4rem;\"><time class=\"w-post-elm post_date usg_post_date_2 icon-data entry-date published\" datetime=\"2024-09-25T15:15:20+03:00\"><i class=\"far fa-calendar\"><\/i>September 25, 2024<\/time><\/div>\t\t<\/div>\r\n\t\t\t<\/article>\r\n\t<article class=\"w-grid-item size_1x1 post-7936 post type-post status-publish format-standard has-post-thumbnail hentry category-contract category-judetul-cluj category-por-2021-2027\" data-id=\"7936\">\r\n\t\t<div class=\"w-grid-item-h\">\r\n\t\t\t\t\t\t<div class=\"w-vwrapper usg_vwrapper_3 align_none valign_top\" style=\"--vwrapper-gap: 2rem;\"><div class=\"w-post-elm post_image usg_post_image_1 has_ratio\"><a href=\"https:\/\/regionordvest.ro\/en\/copiii-din-tauti-vor-avea-o-gradinita-moderna-de-1-milion-de-euro-in-cadrul-programului-regional-nord-vest-2021-2027\/\" aria-label=\"Copiii din T\u0103u\u021bi vor avea o gr\u0103dini\u021b\u0103 modern\u0103 de 1 milion de euro \u00een cadrul Programului Regional Nord-Vest 2021-2027\"><img loading=\"lazy\" decoding=\"async\" width=\"1024\" height=\"859\" src=\"https:\/\/regionordvest.ro\/wp-content\/uploads\/2024\/09\/310573-Gradinita-Tauti-1024x859.png\" class=\"attachment-large size-large wp-post-image\" alt=\"\" \/><\/a><div style=\"padding-bottom:75%\"><\/div><\/div><\/div><div class=\"w-vwrapper usg_vwrapper_1 align_none valign_middle\" style=\"--vwrapper-gap: 0.5rem;\"><h2 class=\"w-post-elm post_title usg_post_title_1 wrapper align_left color_link_inherit\"><a href=\"https:\/\/regionordvest.ro\/en\/copiii-din-tauti-vor-avea-o-gradinita-moderna-de-1-milion-de-euro-in-cadrul-programului-regional-nord-vest-2021-2027\/\">Copiii din T\u0103u\u021bi vor avea o gr\u0103dini\u021b\u0103 modern\u0103 de 1 milion de euro \u00een cadrul Programului Regional Nord-Vest 2021-2027<\/a><\/h2><\/div><div class=\"w-vwrapper usg_vwrapper_2 align_none valign_bottom\" style=\"--vwrapper-gap: 0.4rem;\"><time class=\"w-post-elm post_date usg_post_date_2 icon-data entry-date published\" datetime=\"2024-09-24T15:57:33+03:00\"><i class=\"far fa-calendar\"><\/i>September 24, 2024<\/time><\/div>\t\t<\/div>\r\n\t\t\t<\/article>\r\n\t<article class=\"w-grid-item size_1x1 post-7940 post type-post status-publish format-standard has-post-thumbnail hentry category-por-2021-2027 category-contract category-judetul-cluj\" data-id=\"7940\">\r\n\t\t<div class=\"w-grid-item-h\">\r\n\t\t\t\t\t\t<div class=\"w-vwrapper usg_vwrapper_3 align_none valign_top\" style=\"--vwrapper-gap: 2rem;\"><div class=\"w-post-elm post_image usg_post_image_1 has_ratio\"><a href=\"https:\/\/regionordvest.ro\/en\/140000-de-pietoni-vor-fi-mai-protejati-pe-drumurile-judetene-din-cluj-datorita-unei-finantari-de-5-milioane-de-euro-in-cadrul-programului-regional-nord-vest-2021-2027\/\" aria-label=\"140.000 de pietoni vor fi mai proteja\u021bi pe drumurile jude\u021bene din Cluj datorit\u0103 unei finan\u021b\u0103ri de 5 milioane de euro \u00een cadrul Programului Regional Nord-Vest 2021-2027\"><img loading=\"lazy\" decoding=\"async\" width=\"1024\" height=\"859\" src=\"https:\/\/regionordvest.ro\/wp-content\/uploads\/2024\/09\/303584-Siguranta-Traficului-Cluj-1024x859.png\" class=\"attachment-large size-large wp-post-image\" alt=\"\" \/><\/a><div style=\"padding-bottom:75%\"><\/div><\/div><\/div><div class=\"w-vwrapper usg_vwrapper_1 align_none valign_middle\" style=\"--vwrapper-gap: 0.5rem;\"><h2 class=\"w-post-elm post_title usg_post_title_1 wrapper align_left color_link_inherit\"><a href=\"https:\/\/regionordvest.ro\/en\/140000-de-pietoni-vor-fi-mai-protejati-pe-drumurile-judetene-din-cluj-datorita-unei-finantari-de-5-milioane-de-euro-in-cadrul-programului-regional-nord-vest-2021-2027\/\">140.000 de pietoni vor fi mai proteja\u021bi pe drumurile jude\u021bene din Cluj datorit\u0103 unei finan\u021b\u0103ri de 5 milioane de euro \u00een cadrul Programului Regional Nord-Vest 2021-2027<\/a><\/h2><\/div><div class=\"w-vwrapper usg_vwrapper_2 align_none valign_bottom\" style=\"--vwrapper-gap: 0.4rem;\"><time class=\"w-post-elm post_date usg_post_date_2 icon-data entry-date published\" datetime=\"2024-09-24T15:53:38+03:00\"><i class=\"far fa-calendar\"><\/i>September 24, 2024<\/time><\/div>\t\t<\/div>\r\n\t\t\t<\/article>\r\n\t<article class=\"w-grid-item size_1x1 post-7923 post type-post status-publish format-standard has-post-thumbnail hentry category-contract category-judetul-bistrita-nasaud category-por-2021-2027\" data-id=\"7923\">\r\n\t\t<div class=\"w-grid-item-h\">\r\n\t\t\t\t\t\t<div class=\"w-vwrapper usg_vwrapper_3 align_none valign_top\" style=\"--vwrapper-gap: 2rem;\"><div class=\"w-post-elm post_image usg_post_image_1 has_ratio\"><a href=\"https:\/\/regionordvest.ro\/en\/singeorz-bai-se-revitalizeaza-pe-baza-unui-contract-semnat-de-300-000-de-euro-in-cadrul-programului-regional-nord-vest-2021-2027\/\" aria-label=\"S\u00eengeorz-B\u0103i se revitalizeaz\u0103 pe baza unui contract semnat de 300.000 de euro \u00een cadrul Programului Regional Nord-Vest 2021-2027\"><img loading=\"lazy\" decoding=\"async\" width=\"1024\" height=\"859\" src=\"https:\/\/regionordvest.ro\/wp-content\/uploads\/2024\/09\/324457-Singeorz-Bai-1024x859.png\" class=\"attachment-large size-large wp-post-image\" alt=\"\" \/><\/a><div style=\"padding-bottom:75%\"><\/div><\/div><\/div><div class=\"w-vwrapper usg_vwrapper_1 align_none valign_middle\" style=\"--vwrapper-gap: 0.5rem;\"><h2 class=\"w-post-elm post_title usg_post_title_1 wrapper align_left color_link_inherit\"><a href=\"https:\/\/regionordvest.ro\/en\/singeorz-bai-se-revitalizeaza-pe-baza-unui-contract-semnat-de-300-000-de-euro-in-cadrul-programului-regional-nord-vest-2021-2027\/\">S\u00eengeorz-B\u0103i se revitalizeaz\u0103 pe baza unui contract semnat de 300.000 de euro \u00een cadrul Programului Regional Nord-Vest 2021-2027<\/a><\/h2><\/div><div class=\"w-vwrapper usg_vwrapper_2 align_none valign_bottom\" style=\"--vwrapper-gap: 0.4rem;\"><time class=\"w-post-elm post_date usg_post_date_2 icon-data entry-date published\" datetime=\"2024-09-23T14:47:50+03:00\"><i class=\"far fa-calendar\"><\/i>September 23, 2024<\/time><\/div>\t\t<\/div>\r\n\t\t\t<\/article>\r\n\t<article class=\"w-grid-item size_1x1 post-7918 post type-post status-publish format-standard has-post-thumbnail hentry category-contract category-judetul-maramures category-por-2021-2027\" data-id=\"7918\">\r\n\t\t<div class=\"w-grid-item-h\">\r\n\t\t\t\t\t\t<div class=\"w-vwrapper usg_vwrapper_3 align_none valign_top\" style=\"--vwrapper-gap: 2rem;\"><div class=\"w-post-elm post_image usg_post_image_1 has_ratio\"><a href=\"https:\/\/regionordvest.ro\/en\/comuna-farcasa-va-avea-un-parc-de-specializare-inteligenta-in-valoare-de-84-milioane-de-euro-in-cadrul-programului-regional-nord-vest-2021-2027\/\" aria-label=\"Comuna F\u0103rca\u0219a va avea un Parc de Specializare Inteligent\u0103 \u00een valoare de 8,4 milioane de euro \u00een cadrul Programului Regional Nord-Vest 2021-2027\"><img loading=\"lazy\" decoding=\"async\" width=\"1024\" height=\"859\" src=\"https:\/\/regionordvest.ro\/wp-content\/uploads\/2024\/09\/301603-PSI-Farcasa-1024x859.png\" class=\"attachment-large size-large wp-post-image\" alt=\"\" \/><\/a><div style=\"padding-bottom:75%\"><\/div><\/div><\/div><div class=\"w-vwrapper usg_vwrapper_1 align_none valign_middle\" style=\"--vwrapper-gap: 0.5rem;\"><h2 class=\"w-post-elm post_title usg_post_title_1 wrapper align_left color_link_inherit\"><a href=\"https:\/\/regionordvest.ro\/en\/comuna-farcasa-va-avea-un-parc-de-specializare-inteligenta-in-valoare-de-84-milioane-de-euro-in-cadrul-programului-regional-nord-vest-2021-2027\/\">Comuna F\u0103rca\u0219a va avea un Parc de Specializare Inteligent\u0103 \u00een valoare de 8,4 milioane de euro \u00een cadrul Programului Regional Nord-Vest 2021-2027<\/a><\/h2><\/div><div class=\"w-vwrapper usg_vwrapper_2 align_none valign_bottom\" style=\"--vwrapper-gap: 0.4rem;\"><time class=\"w-post-elm post_date usg_post_date_2 icon-data entry-date published\" datetime=\"2024-09-23T12:55:55+03:00\"><i class=\"far fa-calendar\"><\/i>September 23, 2024<\/time><\/div>\t\t<\/div>\r\n\t\t\t<\/article>\r\n\t<article class=\"w-grid-item size_1x1 post-7895 post type-post status-publish format-standard has-post-thumbnail hentry category-contract category-judetul-maramures category-por-2021-2027\" data-id=\"7895\">\r\n\t\t<div class=\"w-grid-item-h\">\r\n\t\t\t\t\t\t<div class=\"w-vwrapper usg_vwrapper_3 align_none valign_top\" style=\"--vwrapper-gap: 2rem;\"><div class=\"w-post-elm post_image usg_post_image_1 has_ratio\"><a href=\"https:\/\/regionordvest.ro\/en\/baia-mare-se-transforma-intr-un-oras-verde-si-investeste-in-confortul-si-sanatatea-locuitorilor-prin-intermediul-unei-finantari-in-valoare-de-aproape-65-milioane-de-euro-in-cadrul-p\/\" aria-label=\"Baia Mare se transform\u0103 \u00eentr-un ora\u0219 \u201everde\u201d \u0219i investe\u0219te \u00een confortul \u0219i s\u0103n\u0103tatea locuitorilor prin intermediul unei finan\u021b\u0103ri \u00een valoare de aproape 6,5 milioane de euro \u00een cadrul Programului Regional Nord-Vest 2021-2027\"><img loading=\"lazy\" decoding=\"async\" width=\"1024\" height=\"859\" src=\"https:\/\/regionordvest.ro\/wp-content\/uploads\/2024\/09\/2-contracte-Baia-Mare-1-1024x859.png\" class=\"attachment-large size-large wp-post-image\" alt=\"\" \/><\/a><div style=\"padding-bottom:75%\"><\/div><\/div><\/div><div class=\"w-vwrapper usg_vwrapper_1 align_none valign_middle\" style=\"--vwrapper-gap: 0.5rem;\"><h2 class=\"w-post-elm post_title usg_post_title_1 wrapper align_left color_link_inherit\"><a href=\"https:\/\/regionordvest.ro\/en\/baia-mare-se-transforma-intr-un-oras-verde-si-investeste-in-confortul-si-sanatatea-locuitorilor-prin-intermediul-unei-finantari-in-valoare-de-aproape-65-milioane-de-euro-in-cadrul-p\/\">Baia Mare se transform\u0103 \u00eentr-un ora\u0219 \u201everde\u201d \u0219i investe\u0219te \u00een confortul \u0219i s\u0103n\u0103tatea locuitorilor prin intermediul unei finan\u021b\u0103ri \u00een valoare de aproape 6,5 milioane de euro \u00een cadrul Programului Regional Nord-Vest 2021-2027<\/a><\/h2><\/div><div class=\"w-vwrapper usg_vwrapper_2 align_none valign_bottom\" style=\"--vwrapper-gap: 0.4rem;\"><time class=\"w-post-elm post_date usg_post_date_2 icon-data entry-date published\" datetime=\"2024-09-20T15:39:39+03:00\"><i class=\"far fa-calendar\"><\/i>September 20, 2024<\/time><\/div>\t\t<\/div>\r\n\t\t\t<\/article>\r\n\t<article class=\"w-grid-item size_1x1 post-7885 post type-post status-publish format-standard has-post-thumbnail hentry category-contract category-judetul-maramures category-por-2021-2027\" data-id=\"7885\">\r\n\t\t<div class=\"w-grid-item-h\">\r\n\t\t\t\t\t\t<div class=\"w-vwrapper usg_vwrapper_3 align_none valign_top\" style=\"--vwrapper-gap: 2rem;\"><div class=\"w-post-elm post_image usg_post_image_1 has_ratio\"><a href=\"https:\/\/regionordvest.ro\/en\/muzeul-judetean-de-istorie-si-arheologie-maramures-renaste-cu-ajutorul-unei-investitii-de-8-milioane-de-euro-in-cadrul-programului-regional-nord-vest-2021-2027\/\" aria-label=\"\u201eMuzeul Jude\u021bean de Istorie \u0219i Arheologie Maramure\u0219\u201d rena\u0219te cu ajutorul unei investi\u021bii de 8 milioane de euro \u00een cadrul Programului Regional Nord-Vest 2021-2027\"><img loading=\"lazy\" decoding=\"async\" width=\"1024\" height=\"859\" src=\"https:\/\/regionordvest.ro\/wp-content\/uploads\/2024\/09\/302107-Muzeul-de-Istorie-si-Arheologie-Maramures-1024x859.png\" class=\"attachment-large size-large wp-post-image\" alt=\"\" \/><\/a><div style=\"padding-bottom:75%\"><\/div><\/div><\/div><div class=\"w-vwrapper usg_vwrapper_1 align_none valign_middle\" style=\"--vwrapper-gap: 0.5rem;\"><h2 class=\"w-post-elm post_title usg_post_title_1 wrapper align_left color_link_inherit\"><a href=\"https:\/\/regionordvest.ro\/en\/muzeul-judetean-de-istorie-si-arheologie-maramures-renaste-cu-ajutorul-unei-investitii-de-8-milioane-de-euro-in-cadrul-programului-regional-nord-vest-2021-2027\/\">\u201eMuzeul Jude\u021bean de Istorie \u0219i Arheologie Maramure\u0219\u201d rena\u0219te cu ajutorul unei investi\u021bii de 8 milioane de euro \u00een cadrul Programului Regional Nord-Vest 2021-2027<\/a><\/h2><\/div><div class=\"w-vwrapper usg_vwrapper_2 align_none valign_bottom\" style=\"--vwrapper-gap: 0.4rem;\"><time class=\"w-post-elm post_date usg_post_date_2 icon-data entry-date published\" datetime=\"2024-09-20T10:22:08+03:00\"><i class=\"far fa-calendar\"><\/i>September 20, 2024<\/time><\/div>\t\t<\/div>\r\n\t\t\t<\/article>\r\n\t<article class=\"w-grid-item size_1x1 post-7874 post type-post status-publish format-standard has-post-thumbnail hentry category-contract category-judetul-salaj category-por-2021-2027\" data-id=\"7874\">\r\n\t\t<div class=\"w-grid-item-h\">\r\n\t\t\t\t\t\t<div class=\"w-vwrapper usg_vwrapper_3 align_none valign_top\" style=\"--vwrapper-gap: 2rem;\"><div class=\"w-post-elm post_image usg_post_image_1 has_ratio\"><a href=\"https:\/\/regionordvest.ro\/en\/incepe-festivalul-medieval-bathory-fest-din-simleu-silvaniei\/\" aria-label=\"\u00cencepe festivalul medieval \u201eBathory Fest\u201d din \u0218imleu Silvaniei\"><img loading=\"lazy\" decoding=\"async\" width=\"1024\" height=\"859\" src=\"https:\/\/regionordvest.ro\/wp-content\/uploads\/2024\/09\/Imagine-Bathory-Fest-1024x859.png\" class=\"attachment-large size-large wp-post-image\" alt=\"\" \/><\/a><div style=\"padding-bottom:75%\"><\/div><\/div><\/div><div class=\"w-vwrapper usg_vwrapper_1 align_none valign_middle\" style=\"--vwrapper-gap: 0.5rem;\"><h2 class=\"w-post-elm post_title usg_post_title_1 wrapper align_left color_link_inherit\"><a href=\"https:\/\/regionordvest.ro\/en\/incepe-festivalul-medieval-bathory-fest-din-simleu-silvaniei\/\">\u00cencepe festivalul medieval \u201eBathory Fest\u201d din \u0218imleu Silvaniei<\/a><\/h2><\/div><div class=\"w-vwrapper usg_vwrapper_2 align_none valign_bottom\" style=\"--vwrapper-gap: 0.4rem;\"><time class=\"w-post-elm post_date usg_post_date_2 icon-data entry-date published\" datetime=\"2024-09-20T07:58:13+03:00\"><i class=\"far fa-calendar\"><\/i>September 20, 2024<\/time><\/div>\t\t<\/div>\r\n\t\t\t<\/article>\r\n\t<article class=\"w-grid-item size_1x1 post-7865 post type-post status-publish format-standard has-post-thumbnail hentry category-contract category-judetul-bihor category-por-2021-2027\" data-id=\"7865\">\r\n\t\t<div class=\"w-grid-item-h\">\r\n\t\t\t\t\t\t<div class=\"w-vwrapper usg_vwrapper_3 align_none valign_top\" style=\"--vwrapper-gap: 2rem;\"><div class=\"w-post-elm post_image usg_post_image_1 has_ratio\"><a href=\"https:\/\/regionordvest.ro\/en\/orasul-stei-va-avea-acces-la-noi-activitati-sociale-si-culturale-datorita-unei-investitii-de-2-milioane-de-euro-in-cadrul-programului-regional-nord-vest-2021-2027\/\" aria-label=\"Ora\u0219ul \u0218tei va avea acces la noi activit\u0103\u021bi sociale \u0219i culturale datorit\u0103 unei investi\u021bii de 2 milioane de euro \u00een cadrul Programului Regional Nord-Vest 2021-2027\"><img loading=\"lazy\" decoding=\"async\" width=\"1024\" height=\"859\" src=\"https:\/\/regionordvest.ro\/wp-content\/uploads\/2024\/09\/318582-Centrul-Multifunctional-Minerul-1024x859.png\" class=\"attachment-large size-large wp-post-image\" alt=\"\" \/><\/a><div style=\"padding-bottom:75%\"><\/div><\/div><\/div><div class=\"w-vwrapper usg_vwrapper_1 align_none valign_middle\" style=\"--vwrapper-gap: 0.5rem;\"><h2 class=\"w-post-elm post_title usg_post_title_1 wrapper align_left color_link_inherit\"><a href=\"https:\/\/regionordvest.ro\/en\/orasul-stei-va-avea-acces-la-noi-activitati-sociale-si-culturale-datorita-unei-investitii-de-2-milioane-de-euro-in-cadrul-programului-regional-nord-vest-2021-2027\/\">Ora\u0219ul \u0218tei va avea acces la noi activit\u0103\u021bi sociale \u0219i culturale datorit\u0103 unei investi\u021bii de 2 milioane de euro \u00een cadrul Programului Regional Nord-Vest 2021-2027<\/a><\/h2><\/div><div class=\"w-vwrapper usg_vwrapper_2 align_none valign_bottom\" style=\"--vwrapper-gap: 0.4rem;\"><time class=\"w-post-elm post_date usg_post_date_2 icon-data entry-date published\" datetime=\"2024-09-18T09:29:46+03:00\"><i class=\"far fa-calendar\"><\/i>September 18, 2024<\/time><\/div>\t\t<\/div>\r\n\t\t\t<\/article>\r\n\t<article class=\"w-grid-item size_1x1 post-7837 post type-post status-publish format-standard has-post-thumbnail hentry category-contract category-judetul-bihor category-por-2021-2027\" data-id=\"7837\">\r\n\t\t<div class=\"w-grid-item-h\">\r\n\t\t\t\t\t\t<div class=\"w-vwrapper usg_vwrapper_3 align_none valign_top\" style=\"--vwrapper-gap: 2rem;\"><div class=\"w-post-elm post_image usg_post_image_1 has_ratio\"><a href=\"https:\/\/regionordvest.ro\/en\/municipiul-salonta-devine-mai-atractiv-cu-o-investitie-de-peste-1-milion-de-euro-in-cadrul-programului-regional-nord-vest-2021-2027\/\" aria-label=\"Municipiul Salonta devine mai atractiv cu o investi\u021bie de peste 1 milion de euro \u00een cadrul Programului Regional Nord-Vest 2021-2027\"><img loading=\"lazy\" decoding=\"async\" width=\"1024\" height=\"859\" src=\"https:\/\/regionordvest.ro\/wp-content\/uploads\/2024\/09\/311797-Casa-ROTH-ARMIN-1024x859.png\" class=\"attachment-large size-large wp-post-image\" alt=\"\" \/><\/a><div style=\"padding-bottom:75%\"><\/div><\/div><\/div><div class=\"w-vwrapper usg_vwrapper_1 align_none valign_middle\" style=\"--vwrapper-gap: 0.5rem;\"><h2 class=\"w-post-elm post_title usg_post_title_1 wrapper align_left color_link_inherit\"><a href=\"https:\/\/regionordvest.ro\/en\/municipiul-salonta-devine-mai-atractiv-cu-o-investitie-de-peste-1-milion-de-euro-in-cadrul-programului-regional-nord-vest-2021-2027\/\">Municipiul Salonta devine mai atractiv cu o investi\u021bie de peste 1 milion de euro \u00een cadrul Programului Regional Nord-Vest 2021-2027<\/a><\/h2><\/div><div class=\"w-vwrapper usg_vwrapper_2 align_none valign_bottom\" style=\"--vwrapper-gap: 0.4rem;\"><time class=\"w-post-elm post_date usg_post_date_2 icon-data entry-date published\" datetime=\"2024-09-17T13:43:23+03:00\"><i class=\"far fa-calendar\"><\/i>September 17, 2024<\/time><\/div>\t\t<\/div>\r\n\t\t\t<\/article>\r\n\t<article class=\"w-grid-item size_1x1 post-7834 post type-post status-publish format-standard has-post-thumbnail hentry category-contract category-judetul-maramures category-por-2021-2027\" data-id=\"7834\">\r\n\t\t<div class=\"w-grid-item-h\">\r\n\t\t\t\t\t\t<div class=\"w-vwrapper usg_vwrapper_3 align_none valign_top\" style=\"--vwrapper-gap: 2rem;\"><div class=\"w-post-elm post_image usg_post_image_1 has_ratio\"><a href=\"https:\/\/regionordvest.ro\/en\/colegiul-tehnic-transilvania-din-baia-mare-va-fi-modernizat-cu-aproape-3-5-milioane-de-euro-prin-programul-regional-nord-vest-2021-2027\/\" aria-label=\"Colegiul Tehnic &#8222;Transilvania&#8221; din Baia Mare va fi modernizat cu aproape 3.5 milioane de euro prin Programul Regional Nord-Vest 2021-2027\"><img loading=\"lazy\" decoding=\"async\" width=\"1024\" height=\"859\" src=\"https:\/\/regionordvest.ro\/wp-content\/uploads\/2024\/09\/324336-Reabilitare-Colegiu-Tehnic-Transilvania-1024x859.png\" class=\"attachment-large size-large wp-post-image\" alt=\"\" \/><\/a><div style=\"padding-bottom:75%\"><\/div><\/div><\/div><div class=\"w-vwrapper usg_vwrapper_1 align_none valign_middle\" style=\"--vwrapper-gap: 0.5rem;\"><h2 class=\"w-post-elm post_title usg_post_title_1 wrapper align_left color_link_inherit\"><a href=\"https:\/\/regionordvest.ro\/en\/colegiul-tehnic-transilvania-din-baia-mare-va-fi-modernizat-cu-aproape-3-5-milioane-de-euro-prin-programul-regional-nord-vest-2021-2027\/\">Colegiul Tehnic &#8222;Transilvania&#8221; din Baia Mare va fi modernizat cu aproape 3.5 milioane de euro prin Programul Regional Nord-Vest 2021-2027<\/a><\/h2><\/div><div class=\"w-vwrapper usg_vwrapper_2 align_none valign_bottom\" style=\"--vwrapper-gap: 0.4rem;\"><time class=\"w-post-elm post_date usg_post_date_2 icon-data entry-date published\" datetime=\"2024-09-17T13:18:10+03:00\"><i class=\"far fa-calendar\"><\/i>September 17, 2024<\/time><\/div>\t\t<\/div>\r\n\t\t\t<\/article>\r\n\t<article class=\"w-grid-item size_1x1 post-7820 post type-post status-publish format-standard has-post-thumbnail hentry category-contract category-judetul-cluj category-por-2021-2027\" data-id=\"7820\">\r\n\t\t<div class=\"w-grid-item-h\">\r\n\t\t\t\t\t\t<div class=\"w-vwrapper usg_vwrapper_3 align_none valign_top\" style=\"--vwrapper-gap: 2rem;\"><div class=\"w-post-elm post_image usg_post_image_1 has_ratio\"><a href=\"https:\/\/regionordvest.ro\/en\/campia-turzii-se-transforma-intr-un-municipiu-modern-si-dinamic-datorita-unor-finantari-in-valoare-de-aproape-75-milioane-de-euro-in-cadrul-programului-regional-nord-vest-2021-2027\/\" aria-label=\"C\u00e2mpia Turzii se transform\u0103 \u00eentr-un municipiu modern \u0219i dinamic datorit\u0103 unor finan\u021b\u0103ri \u00een valoare de aproape 7,5 milioane de euro \u00een cadrul Programului Regional Nord-Vest 2021-2027\"><img loading=\"lazy\" decoding=\"async\" width=\"1024\" height=\"859\" src=\"https:\/\/regionordvest.ro\/wp-content\/uploads\/2024\/09\/Campia-Turzii-4-contracte-1024x859.png\" class=\"attachment-large size-large wp-post-image\" alt=\"\" \/><\/a><div style=\"padding-bottom:75%\"><\/div><\/div><\/div><div class=\"w-vwrapper usg_vwrapper_1 align_none valign_middle\" style=\"--vwrapper-gap: 0.5rem;\"><h2 class=\"w-post-elm post_title usg_post_title_1 wrapper align_left color_link_inherit\"><a href=\"https:\/\/regionordvest.ro\/en\/campia-turzii-se-transforma-intr-un-municipiu-modern-si-dinamic-datorita-unor-finantari-in-valoare-de-aproape-75-milioane-de-euro-in-cadrul-programului-regional-nord-vest-2021-2027\/\">C\u00e2mpia Turzii se transform\u0103 \u00eentr-un municipiu modern \u0219i dinamic datorit\u0103 unor finan\u021b\u0103ri \u00een valoare de aproape 7,5 milioane de euro \u00een cadrul Programului Regional Nord-Vest 2021-2027<\/a><\/h2><\/div><div class=\"w-vwrapper usg_vwrapper_2 align_none valign_bottom\" style=\"--vwrapper-gap: 0.4rem;\"><time class=\"w-post-elm post_date usg_post_date_2 icon-data entry-date published\" datetime=\"2024-09-13T15:06:12+03:00\"><i class=\"far fa-calendar\"><\/i>September 13, 2024<\/time><\/div>\t\t<\/div>\r\n\t\t\t<\/article>\r\n\t<article class=\"w-grid-item size_1x1 post-7791 post type-post status-publish format-standard has-post-thumbnail hentry category-contract category-judetul-cluj category-por-2021-2027\" data-id=\"7791\">\r\n\t\t<div class=\"w-grid-item-h\">\r\n\t\t\t\t\t\t<div class=\"w-vwrapper usg_vwrapper_3 align_none valign_top\" style=\"--vwrapper-gap: 2rem;\"><div class=\"w-post-elm post_image usg_post_image_1 has_ratio\"><a href=\"https:\/\/regionordvest.ro\/en\/se-deschide-stagiunea-de-toamna-a-teatrului-national-aurel-manea-din-turda-a-carui-emblemtica-cladire-se-afla-in-proces-de-restaurare-in-cadrul-programului-regional-nord-vest-2021-20\/\" aria-label=\"Se deschide stagiunea de toamn\u0103 a Teatrului Na\u021bional \u201eAurel Manea\u201d din Turda a c\u0103rui emblemtic\u0103 cl\u0103dire se afl\u0103 \u00een proces de restaurare \u00een cadrul Programului Regional Nord-Vest 2021-2027\"><img loading=\"lazy\" decoding=\"async\" width=\"1024\" height=\"682\" src=\"https:\/\/regionordvest.ro\/wp-content\/uploads\/2024\/09\/vrajitorul-din-oz-1024x682.jpg\" class=\"attachment-large size-large wp-post-image\" alt=\"\" \/><\/a><div style=\"padding-bottom:75%\"><\/div><\/div><\/div><div class=\"w-vwrapper usg_vwrapper_1 align_none valign_middle\" style=\"--vwrapper-gap: 0.5rem;\"><h2 class=\"w-post-elm post_title usg_post_title_1 wrapper align_left color_link_inherit\"><a href=\"https:\/\/regionordvest.ro\/en\/se-deschide-stagiunea-de-toamna-a-teatrului-national-aurel-manea-din-turda-a-carui-emblemtica-cladire-se-afla-in-proces-de-restaurare-in-cadrul-programului-regional-nord-vest-2021-20\/\">Se deschide stagiunea de toamn\u0103 a Teatrului Na\u021bional \u201eAurel Manea\u201d din Turda a c\u0103rui emblemtic\u0103 cl\u0103dire se afl\u0103 \u00een proces de restaurare \u00een cadrul Programului Regional Nord-Vest 2021-2027<\/a><\/h2><\/div><div class=\"w-vwrapper usg_vwrapper_2 align_none valign_bottom\" style=\"--vwrapper-gap: 0.4rem;\"><time class=\"w-post-elm post_date usg_post_date_2 icon-data entry-date published\" datetime=\"2024-09-13T09:24:31+03:00\"><i class=\"far fa-calendar\"><\/i>September 13, 2024<\/time><\/div>\t\t<\/div>\r\n\t\t\t<\/article>\r\n\t<article class=\"w-grid-item size_1x1 post-7774 post type-post status-publish format-standard has-post-thumbnail hentry category-contract category-judetul-maramures category-por-2021-2027\" data-id=\"7774\">\r\n\t\t<div class=\"w-grid-item-h\">\r\n\t\t\t\t\t\t<div class=\"w-vwrapper usg_vwrapper_3 align_none valign_top\" style=\"--vwrapper-gap: 2rem;\"><div class=\"w-post-elm post_image usg_post_image_1 has_ratio\"><a href=\"https:\/\/regionordvest.ro\/en\/viata-culturala-a-orasului-baia-sprie-reinvie-datorita-unei-investitii-de-36-milioane-de-euro-din-cadrul-programului-regional-nord-vest-2021-2027\/\" aria-label=\"Via\u021ba cultural\u0103 a ora\u0219ului Baia Sprie re\u00eenvie datorit\u0103 unei investi\u021bii de 3,6 milioane de euro din cadrul Programului Regional Nord-Vest 2021-2027\"><img loading=\"lazy\" decoding=\"async\" width=\"1024\" height=\"859\" src=\"https:\/\/regionordvest.ro\/wp-content\/uploads\/2024\/09\/Centrul-multicultural-Baia-Sprie-1024x859.png\" class=\"attachment-large size-large wp-post-image\" alt=\"\" \/><\/a><div style=\"padding-bottom:75%\"><\/div><\/div><\/div><div class=\"w-vwrapper usg_vwrapper_1 align_none valign_middle\" style=\"--vwrapper-gap: 0.5rem;\"><h2 class=\"w-post-elm post_title usg_post_title_1 wrapper align_left color_link_inherit\"><a href=\"https:\/\/regionordvest.ro\/en\/viata-culturala-a-orasului-baia-sprie-reinvie-datorita-unei-investitii-de-36-milioane-de-euro-din-cadrul-programului-regional-nord-vest-2021-2027\/\">Via\u021ba cultural\u0103 a ora\u0219ului Baia Sprie re\u00eenvie datorit\u0103 unei investi\u021bii de 3,6 milioane de euro din cadrul Programului Regional Nord-Vest 2021-2027<\/a><\/h2><\/div><div class=\"w-vwrapper usg_vwrapper_2 align_none valign_bottom\" style=\"--vwrapper-gap: 0.4rem;\"><time class=\"w-post-elm post_date usg_post_date_2 icon-data entry-date published\" datetime=\"2024-09-12T15:55:46+03:00\"><i class=\"far fa-calendar\"><\/i>September 12, 2024<\/time><\/div>\t\t<\/div>\r\n\t\t\t<\/article>\r\n\t<article class=\"w-grid-item size_1x1 post-7741 post type-post status-publish format-standard has-post-thumbnail hentry category-contract category-judetul-bihor category-por-2021-2027\" data-id=\"7741\">\r\n\t\t<div class=\"w-grid-item-h\">\r\n\t\t\t\t\t\t<div class=\"w-vwrapper usg_vwrapper_3 align_none valign_top\" style=\"--vwrapper-gap: 2rem;\"><div class=\"w-post-elm post_image usg_post_image_1 has_ratio\"><a href=\"https:\/\/regionordvest.ro\/en\/orasul-valea-lui-mihai-investeste-3-2-milioane-de-euro-in-educatie-si-spatii-moderne-pentru-recreere-datorita-unor-proiecte-finantate-prin-programul-regional-nord-vest-2021-2027\/\" aria-label=\"Ora\u0219ul Valea lui Mihai investe\u0219te 3.2 milioane de euro \u00een educa\u021bie \u0219i spa\u021bii moderne pentru recreere datorit\u0103 unor proiecte finan\u021bate prin Programul Regional Nord-Vest 2021-2027\"><img loading=\"lazy\" decoding=\"async\" width=\"1024\" height=\"859\" src=\"https:\/\/regionordvest.ro\/wp-content\/uploads\/2024\/09\/324461462-Valea-lui-Mihai-1024x859.png\" class=\"attachment-large size-large wp-post-image\" alt=\"\" \/><\/a><div style=\"padding-bottom:75%\"><\/div><\/div><\/div><div class=\"w-vwrapper usg_vwrapper_1 align_none valign_middle\" style=\"--vwrapper-gap: 0.5rem;\"><h2 class=\"w-post-elm post_title usg_post_title_1 wrapper align_left color_link_inherit\"><a href=\"https:\/\/regionordvest.ro\/en\/orasul-valea-lui-mihai-investeste-3-2-milioane-de-euro-in-educatie-si-spatii-moderne-pentru-recreere-datorita-unor-proiecte-finantate-prin-programul-regional-nord-vest-2021-2027\/\">Ora\u0219ul Valea lui Mihai investe\u0219te 3.2 milioane de euro \u00een educa\u021bie \u0219i spa\u021bii moderne pentru recreere datorit\u0103 unor proiecte finan\u021bate prin Programul Regional Nord-Vest 2021-2027<\/a><\/h2><\/div><div class=\"w-vwrapper usg_vwrapper_2 align_none valign_bottom\" style=\"--vwrapper-gap: 0.4rem;\"><time class=\"w-post-elm post_date usg_post_date_2 icon-data entry-date published\" datetime=\"2024-09-11T17:04:22+03:00\"><i class=\"far fa-calendar\"><\/i>September 11, 2024<\/time><\/div>\t\t<\/div>\r\n\t\t\t<\/article>\r\n\t<article class=\"w-grid-item size_1x1 post-7735 post type-post status-publish format-standard has-post-thumbnail hentry category-contract category-judetul-bistrita-nasaud category-por-2021-2027\" data-id=\"7735\">\r\n\t\t<div class=\"w-grid-item-h\">\r\n\t\t\t\t\t\t<div class=\"w-vwrapper usg_vwrapper_3 align_none valign_top\" style=\"--vwrapper-gap: 2rem;\"><div class=\"w-post-elm post_image usg_post_image_1 has_ratio\"><a href=\"https:\/\/regionordvest.ro\/en\/orasul-nasaud-investeste-7-milioane-de-euro-pentru-modernizarea-scolii-gimnaziale-mihai-eminescu-si-a-spatiilor-publice-din-jurul-acesteia-prin-intermediul-programului-regional-nord\/\" aria-label=\"Ora\u0219ul N\u0103s\u0103ud investe\u0219te 7 milioane de euro pentru modernizarea \u0218colii Gimnaziale \u201dMihai Eminescu\u201d \u0219i a spa\u021biilor publice din jurul acesteia prin intermediul Programului Regional Nord-Vest 2021-2027\"><img loading=\"lazy\" decoding=\"async\" width=\"1024\" height=\"859\" src=\"https:\/\/regionordvest.ro\/wp-content\/uploads\/2024\/09\/324338-Reabilitare-Scoala-Gimnaziala-Nasaud-1024x859.png\" class=\"attachment-large size-large wp-post-image\" alt=\"\" \/><\/a><div style=\"padding-bottom:75%\"><\/div><\/div><\/div><div class=\"w-vwrapper usg_vwrapper_1 align_none valign_middle\" style=\"--vwrapper-gap: 0.5rem;\"><h2 class=\"w-post-elm post_title usg_post_title_1 wrapper align_left color_link_inherit\"><a href=\"https:\/\/regionordvest.ro\/en\/orasul-nasaud-investeste-7-milioane-de-euro-pentru-modernizarea-scolii-gimnaziale-mihai-eminescu-si-a-spatiilor-publice-din-jurul-acesteia-prin-intermediul-programului-regional-nord\/\">Ora\u0219ul N\u0103s\u0103ud investe\u0219te 7 milioane de euro pentru modernizarea \u0218colii Gimnaziale \u201dMihai Eminescu\u201d \u0219i a spa\u021biilor publice din jurul acesteia prin intermediul Programului Regional Nord-Vest 2021-2027<\/a><\/h2><\/div><div class=\"w-vwrapper usg_vwrapper_2 align_none valign_bottom\" style=\"--vwrapper-gap: 0.4rem;\"><time class=\"w-post-elm post_date usg_post_date_2 icon-data entry-date published\" datetime=\"2024-09-11T16:43:06+03:00\"><i class=\"far fa-calendar\"><\/i>September 11, 2024<\/time><\/div>\t\t<\/div>\r\n\t\t\t<\/article>\r\n\t<article class=\"w-grid-item size_1x1 post-7696 post type-post status-publish format-standard has-post-thumbnail hentry category-contract category-judetul-bihor category-por-2021-2027\" data-id=\"7696\">\r\n\t\t<div class=\"w-grid-item-h\">\r\n\t\t\t\t\t\t<div class=\"w-vwrapper usg_vwrapper_3 align_none valign_top\" style=\"--vwrapper-gap: 2rem;\"><div class=\"w-post-elm post_image usg_post_image_1 has_ratio\"><a href=\"https:\/\/regionordvest.ro\/en\/marghita-investeste-8-milioane-de-euro-pentru-dezvoltarea-activitatilor-sociale-si-culturale-prin-programul-regional-nord-vest-2021-2027\/\" aria-label=\"Marghita investe\u0219te 8 milioane de euro pentru dezvoltarea activit\u0103\u021bilor sociale \u0219i culturale prin Programul Regional Nord-Vest 2021-2027\"><img loading=\"lazy\" decoding=\"async\" width=\"1024\" height=\"859\" src=\"https:\/\/regionordvest.ro\/wp-content\/uploads\/2024\/09\/324520324515324557-Reamenajare-Marghita-1024x859.png\" class=\"attachment-large size-large wp-post-image\" alt=\"\" \/><\/a><div style=\"padding-bottom:75%\"><\/div><\/div><\/div><div class=\"w-vwrapper usg_vwrapper_1 align_none valign_middle\" style=\"--vwrapper-gap: 0.5rem;\"><h2 class=\"w-post-elm post_title usg_post_title_1 wrapper align_left color_link_inherit\"><a href=\"https:\/\/regionordvest.ro\/en\/marghita-investeste-8-milioane-de-euro-pentru-dezvoltarea-activitatilor-sociale-si-culturale-prin-programul-regional-nord-vest-2021-2027\/\">Marghita investe\u0219te 8 milioane de euro pentru dezvoltarea activit\u0103\u021bilor sociale \u0219i culturale prin Programul Regional Nord-Vest 2021-2027<\/a><\/h2><\/div><div class=\"w-vwrapper usg_vwrapper_2 align_none valign_bottom\" style=\"--vwrapper-gap: 0.4rem;\"><time class=\"w-post-elm post_date usg_post_date_2 icon-data entry-date published\" datetime=\"2024-09-06T15:32:41+03:00\"><i class=\"far fa-calendar\"><\/i>September 6, 2024<\/time><\/div>\t\t<\/div>\r\n\t\t\t<\/article>\r\n\t<article class=\"w-grid-item size_1x1 post-7669 post type-post status-publish format-standard has-post-thumbnail hentry category-contract category-judetul-bihor category-por-2021-2027\" data-id=\"7669\">\r\n\t\t<div class=\"w-grid-item-h\">\r\n\t\t\t\t\t\t<div class=\"w-vwrapper usg_vwrapper_3 align_none valign_top\" style=\"--vwrapper-gap: 2rem;\"><div class=\"w-post-elm post_image usg_post_image_1 has_ratio\"><a href=\"https:\/\/regionordvest.ro\/en\/orasul-stei-va-avea-o-retea-de-biciclete-pe-o-lungime-de-9-km-datorita-programului-regional-nord-vest-2021-2027\/\" aria-label=\"Ora\u0219ul \u0218tei va avea o re\u021bea de biciclete pe o lungime de 9 km datorit\u0103 Programului Regional Nord-Vest 2021-2027\"><img loading=\"lazy\" decoding=\"async\" width=\"1024\" height=\"859\" src=\"https:\/\/regionordvest.ro\/wp-content\/uploads\/2024\/09\/301427-Reamenajare-Stei-1024x859.png\" class=\"attachment-large size-large wp-post-image\" alt=\"\" \/><\/a><div style=\"padding-bottom:75%\"><\/div><\/div><\/div><div class=\"w-vwrapper usg_vwrapper_1 align_none valign_middle\" style=\"--vwrapper-gap: 0.5rem;\"><h2 class=\"w-post-elm post_title usg_post_title_1 wrapper align_left color_link_inherit\"><a href=\"https:\/\/regionordvest.ro\/en\/orasul-stei-va-avea-o-retea-de-biciclete-pe-o-lungime-de-9-km-datorita-programului-regional-nord-vest-2021-2027\/\">Ora\u0219ul \u0218tei va avea o re\u021bea de biciclete pe o lungime de 9 km datorit\u0103 Programului Regional Nord-Vest 2021-2027<\/a><\/h2><\/div><div class=\"w-vwrapper usg_vwrapper_2 align_none valign_bottom\" style=\"--vwrapper-gap: 0.4rem;\"><time class=\"w-post-elm post_date usg_post_date_2 icon-data entry-date published\" datetime=\"2024-09-06T15:18:07+03:00\"><i class=\"far fa-calendar\"><\/i>September 6, 2024<\/time><\/div>\t\t<\/div>\r\n\t\t\t<\/article>\r\n\t<article class=\"w-grid-item size_1x1 post-7679 post type-post status-publish format-standard has-post-thumbnail hentry category-contract category-judetul-maramures category-por-2021-2027\" data-id=\"7679\">\r\n\t\t<div class=\"w-grid-item-h\">\r\n\t\t\t\t\t\t<div class=\"w-vwrapper usg_vwrapper_3 align_none valign_top\" style=\"--vwrapper-gap: 2rem;\"><div class=\"w-post-elm post_image usg_post_image_1 has_ratio\"><a href=\"https:\/\/regionordvest.ro\/en\/castelul-teleki-de-la-comlod-va-fi-in-curand-un-nou-superb-castel-de-pe-harta-turistica-a-regiunii-noastre\/\" aria-label=\"Castelul Teleki de la Comlod va fi \u00een cur\u00e2nd un nou superb castel de pe harta turistic\u0103 a regiunii noastre\"><img loading=\"lazy\" decoding=\"async\" width=\"1024\" height=\"859\" src=\"https:\/\/regionordvest.ro\/wp-content\/uploads\/2024\/09\/302215-Castel-Teleki-Comlod-1024x859.png\" class=\"attachment-large size-large wp-post-image\" alt=\"\" \/><\/a><div style=\"padding-bottom:75%\"><\/div><\/div><\/div><div class=\"w-vwrapper usg_vwrapper_1 align_none valign_middle\" style=\"--vwrapper-gap: 0.5rem;\"><h2 class=\"w-post-elm post_title usg_post_title_1 wrapper align_left color_link_inherit\"><a href=\"https:\/\/regionordvest.ro\/en\/castelul-teleki-de-la-comlod-va-fi-in-curand-un-nou-superb-castel-de-pe-harta-turistica-a-regiunii-noastre\/\">Castelul Teleki de la Comlod va fi \u00een cur\u00e2nd un nou superb castel de pe harta turistic\u0103 a regiunii noastre<\/a><\/h2><\/div><div class=\"w-vwrapper usg_vwrapper_2 align_none valign_bottom\" style=\"--vwrapper-gap: 0.4rem;\"><time class=\"w-post-elm post_date usg_post_date_2 icon-data entry-date published\" datetime=\"2024-09-06T14:18:14+03:00\"><i class=\"far fa-calendar\"><\/i>September 6, 2024<\/time><\/div>\t\t<\/div>\r\n\t\t\t<\/article>\r\n\t<article class=\"w-grid-item size_1x1 post-7593 post type-post status-publish format-standard has-post-thumbnail hentry category-contract category-judetul-maramures category-por-2021-2027\" data-id=\"7593\">\r\n\t\t<div class=\"w-grid-item-h\">\r\n\t\t\t\t\t\t<div class=\"w-vwrapper usg_vwrapper_3 align_none valign_top\" style=\"--vwrapper-gap: 2rem;\"><div class=\"w-post-elm post_image usg_post_image_1 has_ratio\"><a href=\"https:\/\/regionordvest.ro\/en\/seini-devine-mai-verde-si-mai-atractiv-datorita-unui-contract-de-6-milioane-de-euro-in-cadrul-programului-regional-nord-vest-2021-2027\/\" aria-label=\"Seini devine mai verde \u0219i mai atractiv datorit\u0103 unui contract de 6 milioane de euro \u00een cadrul Programului Regional Nord-Vest 2021-2027\"><img loading=\"lazy\" decoding=\"async\" width=\"1024\" height=\"859\" src=\"https:\/\/regionordvest.ro\/wp-content\/uploads\/2024\/08\/303534-Amenajare-spatiu-public-Seini-1-1024x859.png\" class=\"attachment-large size-large wp-post-image\" alt=\"\" \/><\/a><div style=\"padding-bottom:75%\"><\/div><\/div><\/div><div class=\"w-vwrapper usg_vwrapper_1 align_none valign_middle\" style=\"--vwrapper-gap: 0.5rem;\"><h2 class=\"w-post-elm post_title usg_post_title_1 wrapper align_left color_link_inherit\"><a href=\"https:\/\/regionordvest.ro\/en\/seini-devine-mai-verde-si-mai-atractiv-datorita-unui-contract-de-6-milioane-de-euro-in-cadrul-programului-regional-nord-vest-2021-2027\/\">Seini devine mai verde \u0219i mai atractiv datorit\u0103 unui contract de 6 milioane de euro \u00een cadrul Programului Regional Nord-Vest 2021-2027<\/a><\/h2><\/div><div class=\"w-vwrapper usg_vwrapper_2 align_none valign_bottom\" style=\"--vwrapper-gap: 0.4rem;\"><time class=\"w-post-elm post_date usg_post_date_2 icon-data entry-date published\" datetime=\"2024-08-30T14:38:46+03:00\"><i class=\"far fa-calendar\"><\/i>August 30, 2024<\/time><\/div>\t\t<\/div>\r\n\t\t\t<\/article>\r\n\t<article class=\"w-grid-item size_1x1 post-7571 post type-post status-publish format-standard has-post-thumbnail hentry category-contract category-judetul-bihor category-por-2021-2027\" data-id=\"7571\">\r\n\t\t<div class=\"w-grid-item-h\">\r\n\t\t\t\t\t\t<div class=\"w-vwrapper usg_vwrapper_3 align_none valign_top\" style=\"--vwrapper-gap: 2rem;\"><div class=\"w-post-elm post_image usg_post_image_1 has_ratio\"><a href=\"https:\/\/regionordvest.ro\/en\/liceul-de-arte-din-oradea-va-fi-reabilitat-datorita-unei-finantari-de-4-milioane-de-euro-in-cadrul-programului-regional-nord-vest-2021-2027\/\" aria-label=\"Liceul de Arte din Oradea va fi reabilitat datorit\u0103 unei finan\u021b\u0103ri de 4 milioane de euro \u00een cadrul Programului Regional Nord-Vest 2021-2027\"><img loading=\"lazy\" decoding=\"async\" width=\"1024\" height=\"859\" src=\"https:\/\/regionordvest.ro\/wp-content\/uploads\/2024\/08\/304982-Liceu-Arte-Oradea-1024x859.png\" class=\"attachment-large size-large wp-post-image\" alt=\"\" \/><\/a><div style=\"padding-bottom:75%\"><\/div><\/div><\/div><div class=\"w-vwrapper usg_vwrapper_1 align_none valign_middle\" style=\"--vwrapper-gap: 0.5rem;\"><h2 class=\"w-post-elm post_title usg_post_title_1 wrapper align_left color_link_inherit\"><a href=\"https:\/\/regionordvest.ro\/en\/liceul-de-arte-din-oradea-va-fi-reabilitat-datorita-unei-finantari-de-4-milioane-de-euro-in-cadrul-programului-regional-nord-vest-2021-2027\/\">Liceul de Arte din Oradea va fi reabilitat datorit\u0103 unei finan\u021b\u0103ri de 4 milioane de euro \u00een cadrul Programului Regional Nord-Vest 2021-2027<\/a><\/h2><\/div><div class=\"w-vwrapper usg_vwrapper_2 align_none valign_bottom\" style=\"--vwrapper-gap: 0.4rem;\"><time class=\"w-post-elm post_date usg_post_date_2 icon-data entry-date published\" datetime=\"2024-08-28T16:46:15+03:00\"><i class=\"far fa-calendar\"><\/i>August 28, 2024<\/time><\/div>\t\t<\/div>\r\n\t\t\t<\/article>\r\n\t<article class=\"w-grid-item size_1x1 post-7590 post type-post status-publish format-standard has-post-thumbnail hentry category-contract category-por-2021-2027\" data-id=\"7590\">\r\n\t\t<div class=\"w-grid-item-h\">\r\n\t\t\t\t\t\t<div class=\"w-vwrapper usg_vwrapper_3 align_none valign_top\" style=\"--vwrapper-gap: 2rem;\"><div class=\"w-post-elm post_image usg_post_image_1 has_ratio\"><a href=\"https:\/\/regionordvest.ro\/en\/imm-urile-din-turism-si-sanatate-au-semnat-inca-5-contracte-de-finantare-in-cadrul-programului-regional-nord-vest-2021-2027\/\" aria-label=\"IMM-urile din turism \u0219i s\u0103n\u0103tate au semnat \u00eenc\u0103 5 contracte de finan\u021bare \u00een cadrul Programului Regional Nord-Vest 2021-2027\"><img loading=\"lazy\" decoding=\"async\" width=\"1024\" height=\"859\" src=\"https:\/\/regionordvest.ro\/wp-content\/uploads\/2024\/08\/131.D-1-1024x859.png\" class=\"attachment-large size-large wp-post-image\" alt=\"\" \/><\/a><div style=\"padding-bottom:75%\"><\/div><\/div><\/div><div class=\"w-vwrapper usg_vwrapper_1 align_none valign_middle\" style=\"--vwrapper-gap: 0.5rem;\"><h2 class=\"w-post-elm post_title usg_post_title_1 wrapper align_left color_link_inherit\"><a href=\"https:\/\/regionordvest.ro\/en\/imm-urile-din-turism-si-sanatate-au-semnat-inca-5-contracte-de-finantare-in-cadrul-programului-regional-nord-vest-2021-2027\/\">IMM-urile din turism \u0219i s\u0103n\u0103tate au semnat \u00eenc\u0103 5 contracte de finan\u021bare \u00een cadrul Programului Regional Nord-Vest 2021-2027<\/a><\/h2><\/div><div class=\"w-vwrapper usg_vwrapper_2 align_none valign_bottom\" style=\"--vwrapper-gap: 0.4rem;\"><time class=\"w-post-elm post_date usg_post_date_2 icon-data entry-date published\" datetime=\"2024-08-28T14:36:17+03:00\"><i class=\"far fa-calendar\"><\/i>August 28, 2024<\/time><\/div>\t\t<\/div>\r\n\t\t\t<\/article>\r\n\t<article class=\"w-grid-item size_1x1 post-7532 post type-post status-publish format-standard has-post-thumbnail hentry category-contract category-por-2021-2027\" data-id=\"7532\">\r\n\t\t<div class=\"w-grid-item-h\">\r\n\t\t\t\t\t\t<div class=\"w-vwrapper usg_vwrapper_3 align_none valign_top\" style=\"--vwrapper-gap: 2rem;\"><div class=\"w-post-elm post_image usg_post_image_1 has_ratio\"><a href=\"https:\/\/regionordvest.ro\/en\/esti-antreprenor-si-vrei-sa-introduci-pe-piata-un-produs-sau-un-serviciu-inovativ\/\" aria-label=\"E\u0219ti antreprenor \u0219i vrei s\u0103 introduci pe pia\u021b\u0103 un produs sau un serviciu inovativ? Te ajut\u0103m noi, finan\u021b\u0103m 100 de IMM-uri care \u00ee\u0219i propun s\u0103 dezvolte astfel de proiecte \u00een parcurile de specializare inteligent\u0103 din Regiunea de Dezvoltare Nord-Vest!\"><img loading=\"lazy\" decoding=\"async\" width=\"1024\" height=\"1024\" src=\"https:\/\/regionordvest.ro\/wp-content\/uploads\/2024\/08\/Parcurile-RIS3-din-cadrul-PRNV-21-27-v4-1024x1024.png\" class=\"attachment-large size-large wp-post-image\" alt=\"\" \/><\/a><div style=\"padding-bottom:75%\"><\/div><\/div><\/div><div class=\"w-vwrapper usg_vwrapper_1 align_none valign_middle\" style=\"--vwrapper-gap: 0.5rem;\"><h2 class=\"w-post-elm post_title usg_post_title_1 wrapper align_left color_link_inherit\"><a href=\"https:\/\/regionordvest.ro\/en\/esti-antreprenor-si-vrei-sa-introduci-pe-piata-un-produs-sau-un-serviciu-inovativ\/\">E\u0219ti antreprenor \u0219i vrei s\u0103 introduci pe pia\u021b\u0103 un produs sau un serviciu inovativ? Te ajut\u0103m noi, finan\u021b\u0103m 100 de IMM-uri care \u00ee\u0219i propun s\u0103 dezvolte astfel de proiecte \u00een parcurile de specializare inteligent\u0103 din Regiunea de Dezvoltare Nord-Vest!<\/a><\/h2><\/div><div class=\"w-vwrapper usg_vwrapper_2 align_none valign_bottom\" style=\"--vwrapper-gap: 0.4rem;\"><time class=\"w-post-elm post_date usg_post_date_2 icon-data entry-date published\" datetime=\"2024-08-26T09:15:26+03:00\"><i class=\"far fa-calendar\"><\/i>August 26, 2024<\/time><\/div>\t\t<\/div>\r\n\t\t\t<\/article>\r\n\t<article class=\"w-grid-item size_1x1 post-7436 post type-post status-publish format-standard has-post-thumbnail hentry category-contract category-judetul-cluj category-por-2021-2027\" data-id=\"7436\">\r\n\t\t<div class=\"w-grid-item-h\">\r\n\t\t\t\t\t\t<div class=\"w-vwrapper usg_vwrapper_3 align_none valign_top\" style=\"--vwrapper-gap: 2rem;\"><div class=\"w-post-elm post_image usg_post_image_1 has_ratio\"><a href=\"https:\/\/regionordvest.ro\/en\/teatrul-national-din-turda-va-fi-restaurat-prin-intermediul-unei-finantari-de-peste-43-milioane-de-euro-in-cadrul-programului-regional-nord-vest-2021-2027\/\" aria-label=\"Teatrul Na\u021bional din Turda va fi restaurat prin intermediul unei finan\u021b\u0103ri de peste 4,3 milioane de euro \u00een cadrul Programului Regional Nord-Vest 2021-2027\"><img loading=\"lazy\" decoding=\"async\" width=\"1024\" height=\"859\" src=\"https:\/\/regionordvest.ro\/wp-content\/uploads\/2024\/08\/Teatrul-National-din-Turda-1024x859.png\" class=\"attachment-large size-large wp-post-image\" alt=\"\" \/><\/a><div style=\"padding-bottom:75%\"><\/div><\/div><\/div><div class=\"w-vwrapper usg_vwrapper_1 align_none valign_middle\" style=\"--vwrapper-gap: 0.5rem;\"><h2 class=\"w-post-elm post_title usg_post_title_1 wrapper align_left color_link_inherit\"><a href=\"https:\/\/regionordvest.ro\/en\/teatrul-national-din-turda-va-fi-restaurat-prin-intermediul-unei-finantari-de-peste-43-milioane-de-euro-in-cadrul-programului-regional-nord-vest-2021-2027\/\">Teatrul Na\u021bional din Turda va fi restaurat prin intermediul unei finan\u021b\u0103ri de peste 4,3 milioane de euro \u00een cadrul Programului Regional Nord-Vest 2021-2027<\/a><\/h2><\/div><div class=\"w-vwrapper usg_vwrapper_2 align_none valign_bottom\" style=\"--vwrapper-gap: 0.4rem;\"><time class=\"w-post-elm post_date usg_post_date_2 icon-data entry-date published\" datetime=\"2024-08-05T12:57:02+03:00\"><i class=\"far fa-calendar\"><\/i>August 5, 2024<\/time><\/div>\t\t<\/div>\r\n\t\t\t<\/article>\r\n\t<article class=\"w-grid-item size_1x1 post-9697 post type-post status-publish format-standard has-post-thumbnail hentry category-contract category-judetul-maramures category-por-2021-2027\" data-id=\"9697\">\r\n\t\t<div class=\"w-grid-item-h\">\r\n\t\t\t\t\t\t<div class=\"w-vwrapper usg_vwrapper_3 align_none valign_top\" style=\"--vwrapper-gap: 2rem;\"><div class=\"w-post-elm post_image usg_post_image_1 has_ratio\"><a href=\"https:\/\/regionordvest.ro\/en\/baia-mare-va-avea-cel-mai-modern-complex-acvatic-de-agrement-din-regiune-printr-un-proiect-de-peste-30-de-milioane-de-euro-finantat-in-cadrul-programului-regional-nord-vest-2021-2027\/\" aria-label=\"Baia Mare va avea cel mai modern complex acvatic de agrement din regiune, printr-un proiect de peste 30 de milioane de euro finan\u021bat \u00een cadrul Programului Regional Nord-Vest 2021\u20132027\"><img loading=\"lazy\" decoding=\"async\" width=\"1024\" height=\"859\" src=\"https:\/\/regionordvest.ro\/wp-content\/uploads\/2025\/08\/324741-Complex-acvatic-Baia-Mare-Maramures-1024x859.png\" class=\"attachment-large size-large wp-post-image\" alt=\"\" \/><\/a><div style=\"padding-bottom:75%\"><\/div><\/div><\/div><div class=\"w-vwrapper usg_vwrapper_1 align_none valign_middle\" style=\"--vwrapper-gap: 0.5rem;\"><h2 class=\"w-post-elm post_title usg_post_title_1 wrapper align_left color_link_inherit\"><a href=\"https:\/\/regionordvest.ro\/en\/baia-mare-va-avea-cel-mai-modern-complex-acvatic-de-agrement-din-regiune-printr-un-proiect-de-peste-30-de-milioane-de-euro-finantat-in-cadrul-programului-regional-nord-vest-2021-2027\/\">Baia Mare va avea cel mai modern complex acvatic de agrement din regiune, printr-un proiect de peste 30 de milioane de euro finan\u021bat \u00een cadrul Programului Regional Nord-Vest 2021\u20132027<\/a><\/h2><\/div><div class=\"w-vwrapper usg_vwrapper_2 align_none valign_bottom\" style=\"--vwrapper-gap: 0.4rem;\"><time class=\"w-post-elm post_date usg_post_date_2 icon-data entry-date published\" datetime=\"2024-07-30T16:36:48+03:00\"><i class=\"far fa-calendar\"><\/i>July 30, 2024<\/time><\/div>\t\t<\/div>\r\n\t\t\t<\/article>\r\n\t<article class=\"w-grid-item size_1x1 post-8937 post type-post status-publish format-standard has-post-thumbnail hentry category-contract category-judetul-bihor category-por-2021-2027\" data-id=\"8937\">\r\n\t\t<div class=\"w-grid-item-h\">\r\n\t\t\t\t\t\t<div class=\"w-vwrapper usg_vwrapper_3 align_none valign_top\" style=\"--vwrapper-gap: 2rem;\"><div class=\"w-post-elm post_image usg_post_image_1 has_ratio\"><a href=\"https:\/\/regionordvest.ro\/en\/nojorid-se-imbogateste-cu-un-nou-spatiu-verde-printr-un-proiect-de-peste-31-milioane-de-euro-finantat-in-cadrul-programului-regional-nord-vest-2021-2027\/\" aria-label=\"Nojorid se \u00eembog\u0103\u021be\u0219te cu un nou spa\u021biu verde printr-un proiect de peste 3,1 milioane de euro finan\u021bat \u00een cadrul Programului Regional Nord-Vest 2021\u20132027\"><img loading=\"lazy\" decoding=\"async\" width=\"1024\" height=\"859\" src=\"https:\/\/regionordvest.ro\/wp-content\/uploads\/2025\/03\/318456-Construire-Spatiu-Verde-Nojorid-BH-1024x859.png\" class=\"attachment-large size-large wp-post-image\" alt=\"\" \/><\/a><div style=\"padding-bottom:75%\"><\/div><\/div><\/div><div class=\"w-vwrapper usg_vwrapper_1 align_none valign_middle\" style=\"--vwrapper-gap: 0.5rem;\"><h2 class=\"w-post-elm post_title usg_post_title_1 wrapper align_left color_link_inherit\"><a href=\"https:\/\/regionordvest.ro\/en\/nojorid-se-imbogateste-cu-un-nou-spatiu-verde-printr-un-proiect-de-peste-31-milioane-de-euro-finantat-in-cadrul-programului-regional-nord-vest-2021-2027\/\">Nojorid se \u00eembog\u0103\u021be\u0219te cu un nou spa\u021biu verde printr-un proiect de peste 3,1 milioane de euro finan\u021bat \u00een cadrul Programului Regional Nord-Vest 2021\u20132027<\/a><\/h2><\/div><div class=\"w-vwrapper usg_vwrapper_2 align_none valign_bottom\" style=\"--vwrapper-gap: 0.4rem;\"><time class=\"w-post-elm post_date usg_post_date_2 icon-data entry-date published\" datetime=\"2024-07-24T16:13:00+03:00\"><i class=\"far fa-calendar\"><\/i>July 24, 2024<\/time><\/div>\t\t<\/div>\r\n\t\t\t<\/article>\r\n\t<article class=\"w-grid-item size_1x1 post-8933 post type-post status-publish format-standard has-post-thumbnail hentry category-contract category-judetul-cluj category-por-2021-2027\" data-id=\"8933\">\r\n\t\t<div class=\"w-grid-item-h\">\r\n\t\t\t\t\t\t<div class=\"w-vwrapper usg_vwrapper_3 align_none valign_top\" style=\"--vwrapper-gap: 2rem;\"><div class=\"w-post-elm post_image usg_post_image_1 has_ratio\"><a href=\"https:\/\/regionordvest.ro\/en\/doua-cladiri-importante-din-cluj-napoca-devin-mai-eficiente-energetic-printr-un-proiect-de-peste-8-4-milioane-de-euro-finantat-prin-programul-regional-nord-vest-2021-2027\/\" aria-label=\"Dou\u0103 cl\u0103diri importante din Cluj-Napoca devin mai eficiente energetic printr-un proiect de peste 8,4 milioane de euro finan\u021bat prin Programul Regional Nord-Vest 2021\u20132027\"><img loading=\"lazy\" decoding=\"async\" width=\"1024\" height=\"859\" src=\"https:\/\/regionordvest.ro\/wp-content\/uploads\/2025\/03\/324731-Reabilitare-IPJ-Cluj-Cluj-Napoca-CJ-1024x859.png\" class=\"attachment-large size-large wp-post-image\" alt=\"\" \/><\/a><div style=\"padding-bottom:75%\"><\/div><\/div><\/div><div class=\"w-vwrapper usg_vwrapper_1 align_none valign_middle\" style=\"--vwrapper-gap: 0.5rem;\"><h2 class=\"w-post-elm post_title usg_post_title_1 wrapper align_left color_link_inherit\"><a href=\"https:\/\/regionordvest.ro\/en\/doua-cladiri-importante-din-cluj-napoca-devin-mai-eficiente-energetic-printr-un-proiect-de-peste-8-4-milioane-de-euro-finantat-prin-programul-regional-nord-vest-2021-2027\/\">Dou\u0103 cl\u0103diri importante din Cluj-Napoca devin mai eficiente energetic printr-un proiect de peste 8,4 milioane de euro finan\u021bat prin Programul Regional Nord-Vest 2021\u20132027<\/a><\/h2><\/div><div class=\"w-vwrapper usg_vwrapper_2 align_none valign_bottom\" style=\"--vwrapper-gap: 0.4rem;\"><time class=\"w-post-elm post_date usg_post_date_2 icon-data entry-date published\" datetime=\"2024-07-24T14:30:32+03:00\"><i class=\"far fa-calendar\"><\/i>July 24, 2024<\/time><\/div>\t\t<\/div>\r\n\t\t\t<\/article>\r\n\t<article class=\"w-grid-item size_1x1 post-7279 post type-post status-publish format-standard has-post-thumbnail hentry category-contract category-judetul-cluj category-por-2021-2027\" data-id=\"7279\">\r\n\t\t<div class=\"w-grid-item-h\">\r\n\t\t\t\t\t\t<div class=\"w-vwrapper usg_vwrapper_3 align_none valign_top\" style=\"--vwrapper-gap: 2rem;\"><div class=\"w-post-elm post_image usg_post_image_1 has_ratio\"><a href=\"https:\/\/regionordvest.ro\/en\/orasul-dej-se-modernizeaza-cu-un-coridor-de-mobilitate-urbana-datorita-unui-contract-de-28-milioane-de-euro-in-cadrul-programului-regional-nord-vest-2021-2027\/\" aria-label=\"Ora\u0219ul Dej se modernizeaz\u0103 cu un coridor de mobilitate urban\u0103 datorit\u0103 unui contract de 2,8 milioane de euro \u00een cadrul Programului Regional Nord-Vest 2021-2027\"><img loading=\"lazy\" decoding=\"async\" width=\"1024\" height=\"859\" src=\"https:\/\/regionordvest.ro\/wp-content\/uploads\/2024\/07\/324086-Dej-1024x859.png\" class=\"attachment-large size-large wp-post-image\" alt=\"\" \/><\/a><div style=\"padding-bottom:75%\"><\/div><\/div><\/div><div class=\"w-vwrapper usg_vwrapper_1 align_none valign_middle\" style=\"--vwrapper-gap: 0.5rem;\"><h2 class=\"w-post-elm post_title usg_post_title_1 wrapper align_left color_link_inherit\"><a href=\"https:\/\/regionordvest.ro\/en\/orasul-dej-se-modernizeaza-cu-un-coridor-de-mobilitate-urbana-datorita-unui-contract-de-28-milioane-de-euro-in-cadrul-programului-regional-nord-vest-2021-2027\/\">Ora\u0219ul Dej se modernizeaz\u0103 cu un coridor de mobilitate urban\u0103 datorit\u0103 unui contract de 2,8 milioane de euro \u00een cadrul Programului Regional Nord-Vest 2021-2027<\/a><\/h2><\/div><div class=\"w-vwrapper usg_vwrapper_2 align_none valign_bottom\" style=\"--vwrapper-gap: 0.4rem;\"><time class=\"w-post-elm post_date usg_post_date_2 icon-data entry-date published\" datetime=\"2024-07-19T15:37:52+03:00\"><i class=\"far fa-calendar\"><\/i>July 19, 2024<\/time><\/div>\t\t<\/div>\r\n\t\t\t<\/article>\r\n\t<article class=\"w-grid-item size_1x1 post-7271 post type-post status-publish format-standard has-post-thumbnail hentry category-contract category-judetul-cluj category-por-2021-2027\" data-id=\"7271\">\r\n\t\t<div class=\"w-grid-item-h\">\r\n\t\t\t\t\t\t<div class=\"w-vwrapper usg_vwrapper_3 align_none valign_top\" style=\"--vwrapper-gap: 2rem;\"><div class=\"w-post-elm post_image usg_post_image_1 has_ratio\"><a href=\"https:\/\/regionordvest.ro\/en\/dej-devine-mai-ecologic-prin-intermediul-unei-finantari-de-4-milioane-de-euro-in-cadrul-programului-regional-nord-vest-2021-2027\/\" aria-label=\"Dej devine mai ecologic prin intermediul unei finan\u021b\u0103ri de 4 milioane de euro \u00een cadrul Programului Regional Nord-Vest 2021-2027\"><img loading=\"lazy\" decoding=\"async\" width=\"1024\" height=\"859\" src=\"https:\/\/regionordvest.ro\/wp-content\/uploads\/2024\/07\/324118-324199-Dej-1024x859.png\" class=\"attachment-large size-large wp-post-image\" alt=\"\" \/><\/a><div style=\"padding-bottom:75%\"><\/div><\/div><\/div><div class=\"w-vwrapper usg_vwrapper_1 align_none valign_middle\" style=\"--vwrapper-gap: 0.5rem;\"><h2 class=\"w-post-elm post_title usg_post_title_1 wrapper align_left color_link_inherit\"><a href=\"https:\/\/regionordvest.ro\/en\/dej-devine-mai-ecologic-prin-intermediul-unei-finantari-de-4-milioane-de-euro-in-cadrul-programului-regional-nord-vest-2021-2027\/\">Dej devine mai ecologic prin intermediul unei finan\u021b\u0103ri de 4 milioane de euro \u00een cadrul Programului Regional Nord-Vest 2021-2027<\/a><\/h2><\/div><div class=\"w-vwrapper usg_vwrapper_2 align_none valign_bottom\" style=\"--vwrapper-gap: 0.4rem;\"><time class=\"w-post-elm post_date usg_post_date_2 icon-data entry-date published\" datetime=\"2024-07-19T09:32:03+03:00\"><i class=\"far fa-calendar\"><\/i>July 19, 2024<\/time><\/div>\t\t<\/div>\r\n\t\t\t<\/article>\r\n\t<article class=\"w-grid-item size_1x1 post-7268 post type-post status-publish format-standard has-post-thumbnail hentry category-contract category-judetul-maramures category-por-2021-2027\" data-id=\"7268\">\r\n\t\t<div class=\"w-grid-item-h\">\r\n\t\t\t\t\t\t<div class=\"w-vwrapper usg_vwrapper_3 align_none valign_top\" style=\"--vwrapper-gap: 2rem;\"><div class=\"w-post-elm post_image usg_post_image_1 has_ratio\"><a href=\"https:\/\/regionordvest.ro\/en\/primele-loturi-concesionate-in-parcul-de-specializare-inteligenta-de-la-baia-sprie\/\" aria-label=\"Primele loturi concesionate \u00een Parcul de Specializare Inteligent\u0103 de la Baia Sprie\"><img loading=\"lazy\" decoding=\"async\" width=\"1024\" height=\"859\" src=\"https:\/\/regionordvest.ro\/wp-content\/uploads\/2024\/07\/Patru-loturi-concesionate-1024x859.png\" class=\"attachment-large size-large wp-post-image\" alt=\"\" \/><\/a><div style=\"padding-bottom:75%\"><\/div><\/div><\/div><div class=\"w-vwrapper usg_vwrapper_1 align_none valign_middle\" style=\"--vwrapper-gap: 0.5rem;\"><h2 class=\"w-post-elm post_title usg_post_title_1 wrapper align_left color_link_inherit\"><a href=\"https:\/\/regionordvest.ro\/en\/primele-loturi-concesionate-in-parcul-de-specializare-inteligenta-de-la-baia-sprie\/\">Primele loturi concesionate \u00een Parcul de Specializare Inteligent\u0103 de la Baia Sprie<\/a><\/h2><\/div><div class=\"w-vwrapper usg_vwrapper_2 align_none valign_bottom\" style=\"--vwrapper-gap: 0.4rem;\"><time class=\"w-post-elm post_date usg_post_date_2 icon-data entry-date published\" datetime=\"2024-07-18T16:32:43+03:00\"><i class=\"far fa-calendar\"><\/i>July 18, 2024<\/time><\/div>\t\t<\/div>\r\n\t\t\t<\/article>\r\n\t<article class=\"w-grid-item size_1x1 post-7261 post type-post status-publish format-standard has-post-thumbnail hentry category-contract category-judetul-bihor category-por-2021-2027\" data-id=\"7261\">\r\n\t\t<div class=\"w-grid-item-h\">\r\n\t\t\t\t\t\t<div class=\"w-vwrapper usg_vwrapper_3 align_none valign_top\" style=\"--vwrapper-gap: 2rem;\"><div class=\"w-post-elm post_image usg_post_image_1 has_ratio\"><a href=\"https:\/\/regionordvest.ro\/en\/orasul-stei-va-avea-o-zona-de-agrement-moderna-prin-intermediului-unui-contract-in-cadrul-programului-regional-nord-vest-2021-2027\/\" aria-label=\"Ora\u0219ul \u0218tei va avea o zon\u0103 de agrement modern\u0103 prin intermediului unui contract \u00een cadrul Programului Regional Nord-Vest 2021-2027\"><img loading=\"lazy\" decoding=\"async\" width=\"1024\" height=\"859\" src=\"https:\/\/regionordvest.ro\/wp-content\/uploads\/2024\/07\/324429-Amenajare-Lac-Stei-1024x859.png\" class=\"attachment-large size-large wp-post-image\" alt=\"\" \/><\/a><div style=\"padding-bottom:75%\"><\/div><\/div><\/div><div class=\"w-vwrapper usg_vwrapper_1 align_none valign_middle\" style=\"--vwrapper-gap: 0.5rem;\"><h2 class=\"w-post-elm post_title usg_post_title_1 wrapper align_left color_link_inherit\"><a href=\"https:\/\/regionordvest.ro\/en\/orasul-stei-va-avea-o-zona-de-agrement-moderna-prin-intermediului-unui-contract-in-cadrul-programului-regional-nord-vest-2021-2027\/\">Ora\u0219ul \u0218tei va avea o zon\u0103 de agrement modern\u0103 prin intermediului unui contract \u00een cadrul Programului Regional Nord-Vest 2021-2027<\/a><\/h2><\/div><div class=\"w-vwrapper usg_vwrapper_2 align_none valign_bottom\" style=\"--vwrapper-gap: 0.4rem;\"><time class=\"w-post-elm post_date usg_post_date_2 icon-data entry-date published\" datetime=\"2024-07-17T14:46:48+03:00\"><i class=\"far fa-calendar\"><\/i>July 17, 2024<\/time><\/div>\t\t<\/div>\r\n\t\t\t<\/article>\r\n\t<article class=\"w-grid-item size_1x1 post-7256 post type-post status-publish format-standard has-post-thumbnail hentry category-contract category-judetul-bihor category-por-2021-2027\" data-id=\"7256\">\r\n\t\t<div class=\"w-grid-item-h\">\r\n\t\t\t\t\t\t<div class=\"w-vwrapper usg_vwrapper_3 align_none valign_top\" style=\"--vwrapper-gap: 2rem;\"><div class=\"w-post-elm post_image usg_post_image_1 has_ratio\"><a href=\"https:\/\/regionordvest.ro\/en\/spitalul-clinic-municipal-din-oradea-se-modernizeaza-datorita-unei-finantari-de-26-milioane-de-euro-in-cadrul-programului-regional-nord-vest-2021-2027\/\" aria-label=\"Spitalul Clinic Municipal din Oradea se modernizeaz\u0103 datorit\u0103 unei finan\u021b\u0103ri de 2,6 milioane de euro \u00een cadrul Programului Regional Nord-Vest 2021-2027\"><img loading=\"lazy\" decoding=\"async\" width=\"1024\" height=\"859\" src=\"https:\/\/regionordvest.ro\/wp-content\/uploads\/2024\/07\/324376-Spitalul-Clinic-Municipal-Oradea-1024x859.png\" class=\"attachment-large size-large wp-post-image\" alt=\"\" \/><\/a><div style=\"padding-bottom:75%\"><\/div><\/div><\/div><div class=\"w-vwrapper usg_vwrapper_1 align_none valign_middle\" style=\"--vwrapper-gap: 0.5rem;\"><h2 class=\"w-post-elm post_title usg_post_title_1 wrapper align_left color_link_inherit\"><a href=\"https:\/\/regionordvest.ro\/en\/spitalul-clinic-municipal-din-oradea-se-modernizeaza-datorita-unei-finantari-de-26-milioane-de-euro-in-cadrul-programului-regional-nord-vest-2021-2027\/\">Spitalul Clinic Municipal din Oradea se modernizeaz\u0103 datorit\u0103 unei finan\u021b\u0103ri de 2,6 milioane de euro \u00een cadrul Programului Regional Nord-Vest 2021-2027<\/a><\/h2><\/div><div class=\"w-vwrapper usg_vwrapper_2 align_none valign_bottom\" style=\"--vwrapper-gap: 0.4rem;\"><time class=\"w-post-elm post_date usg_post_date_2 icon-data entry-date published\" datetime=\"2024-07-17T11:27:26+03:00\"><i class=\"far fa-calendar\"><\/i>July 17, 2024<\/time><\/div>\t\t<\/div>\r\n\t\t\t<\/article>\r\n\t<article class=\"w-grid-item size_1x1 post-7231 post type-post status-publish format-standard has-post-thumbnail hentry category-contract category-judetul-bihor category-por-2021-2027\" data-id=\"7231\">\r\n\t\t<div class=\"w-grid-item-h\">\r\n\t\t\t\t\t\t<div class=\"w-vwrapper usg_vwrapper_3 align_none valign_top\" style=\"--vwrapper-gap: 2rem;\"><div class=\"w-post-elm post_image usg_post_image_1 has_ratio\"><a href=\"https:\/\/regionordvest.ro\/en\/comuna-sanmartin-se-dezvolta-prin-extinderea-si-modernizarea-parcurilor-in-cinci-localitati-datorita-unui-proiect-de-48-milioane-de-euro-in-cadrul-programului-regional-nord-vest-2021-2027\/\" aria-label=\"Comuna S\u00e2nmartin se dezvolt\u0103 prin extinderea \u0219i modernizarea parcurilor \u00een cinci localit\u0103\u021bi datorit\u0103 unui proiect de 4,8 milioane de euro \u00een cadrul Programului Regional Nord-Vest 2021-2027\"><img loading=\"lazy\" decoding=\"async\" width=\"1024\" height=\"859\" src=\"https:\/\/regionordvest.ro\/wp-content\/uploads\/2024\/07\/316955-Sanmartin-1024x859.png\" class=\"attachment-large size-large wp-post-image\" alt=\"\" \/><\/a><div style=\"padding-bottom:75%\"><\/div><\/div><\/div><div class=\"w-vwrapper usg_vwrapper_1 align_none valign_middle\" style=\"--vwrapper-gap: 0.5rem;\"><h2 class=\"w-post-elm post_title usg_post_title_1 wrapper align_left color_link_inherit\"><a href=\"https:\/\/regionordvest.ro\/en\/comuna-sanmartin-se-dezvolta-prin-extinderea-si-modernizarea-parcurilor-in-cinci-localitati-datorita-unui-proiect-de-48-milioane-de-euro-in-cadrul-programului-regional-nord-vest-2021-2027\/\">Comuna S\u00e2nmartin se dezvolt\u0103 prin extinderea \u0219i modernizarea parcurilor \u00een cinci localit\u0103\u021bi datorit\u0103 unui proiect de 4,8 milioane de euro \u00een cadrul Programului Regional Nord-Vest 2021-2027<\/a><\/h2><\/div><div class=\"w-vwrapper usg_vwrapper_2 align_none valign_bottom\" style=\"--vwrapper-gap: 0.4rem;\"><time class=\"w-post-elm post_date usg_post_date_2 icon-data entry-date published\" datetime=\"2024-07-15T15:24:17+03:00\"><i class=\"far fa-calendar\"><\/i>July 15, 2024<\/time><\/div>\t\t<\/div>\r\n\t\t\t<\/article>\r\n\t<article class=\"w-grid-item size_1x1 post-7226 post type-post status-publish format-standard has-post-thumbnail hentry category-contract category-judetul-cluj category-por-2021-2027\" data-id=\"7226\">\r\n\t\t<div class=\"w-grid-item-h\">\r\n\t\t\t\t\t\t<div class=\"w-vwrapper usg_vwrapper_3 align_none valign_top\" style=\"--vwrapper-gap: 2rem;\"><div class=\"w-post-elm post_image usg_post_image_1 has_ratio\"><a href=\"https:\/\/regionordvest.ro\/en\/turda-devine-un-oras-mai-verde-datorita-unei-investitii-de-75-milioane-de-euro-in-cadrul-programului-regional-nord-vest-2021-2027\/\" aria-label=\"Turda devine un ora\u0219 mai verde datorit\u0103 unei investi\u021bii de 7,5 milioane de euro \u00een cadrul Programului Regional Nord-Vest 2021-2027\"><img loading=\"lazy\" decoding=\"async\" width=\"1024\" height=\"859\" src=\"https:\/\/regionordvest.ro\/wp-content\/uploads\/2024\/07\/324407-324092-324112_Turda-1024x859.png\" class=\"attachment-large size-large wp-post-image\" alt=\"\" \/><\/a><div style=\"padding-bottom:75%\"><\/div><\/div><\/div><div class=\"w-vwrapper usg_vwrapper_1 align_none valign_middle\" style=\"--vwrapper-gap: 0.5rem;\"><h2 class=\"w-post-elm post_title usg_post_title_1 wrapper align_left color_link_inherit\"><a href=\"https:\/\/regionordvest.ro\/en\/turda-devine-un-oras-mai-verde-datorita-unei-investitii-de-75-milioane-de-euro-in-cadrul-programului-regional-nord-vest-2021-2027\/\">Turda devine un ora\u0219 mai verde datorit\u0103 unei investi\u021bii de 7,5 milioane de euro \u00een cadrul Programului Regional Nord-Vest 2021-2027<\/a><\/h2><\/div><div class=\"w-vwrapper usg_vwrapper_2 align_none valign_bottom\" style=\"--vwrapper-gap: 0.4rem;\"><time class=\"w-post-elm post_date usg_post_date_2 icon-data entry-date published\" datetime=\"2024-07-15T10:43:56+03:00\"><i class=\"far fa-calendar\"><\/i>July 15, 2024<\/time><\/div>\t\t<\/div>\r\n\t\t\t<\/article>\r\n\t<article class=\"w-grid-item size_1x1 post-7141 post type-post status-publish format-standard has-post-thumbnail hentry category-contract category-judetul-bistrita-nasaud category-por-2021-2027\" data-id=\"7141\">\r\n\t\t<div class=\"w-grid-item-h\">\r\n\t\t\t\t\t\t<div class=\"w-vwrapper usg_vwrapper_3 align_none valign_top\" style=\"--vwrapper-gap: 2rem;\"><div class=\"w-post-elm post_image usg_post_image_1 has_ratio\"><a href=\"https:\/\/regionordvest.ro\/en\/singeorz-bai-devine-mai-verde-si-mai-accesibil-datorita-unui-contract-in-valoare-de-1-milion-de-euro-din-cadrul-programului-regional-nord-vest-2021-2027\/\" aria-label=\"S\u00eengeorz-B\u0103i devine mai verde \u0219i mai accesibil datorit\u0103 unui contract \u00een valoare de 1 milion de euro din cadrul Programului Regional Nord-Vest 2021-2027\"><img loading=\"lazy\" decoding=\"async\" width=\"1024\" height=\"859\" src=\"https:\/\/regionordvest.ro\/wp-content\/uploads\/2024\/07\/324411-Singeorz-Bai-1024x859.png\" class=\"attachment-large size-large wp-post-image\" alt=\"\" \/><\/a><div style=\"padding-bottom:75%\"><\/div><\/div><\/div><div class=\"w-vwrapper usg_vwrapper_1 align_none valign_middle\" style=\"--vwrapper-gap: 0.5rem;\"><h2 class=\"w-post-elm post_title usg_post_title_1 wrapper align_left color_link_inherit\"><a href=\"https:\/\/regionordvest.ro\/en\/singeorz-bai-devine-mai-verde-si-mai-accesibil-datorita-unui-contract-in-valoare-de-1-milion-de-euro-din-cadrul-programului-regional-nord-vest-2021-2027\/\">S\u00eengeorz-B\u0103i devine mai verde \u0219i mai accesibil datorit\u0103 unui contract \u00een valoare de 1 milion de euro din cadrul Programului Regional Nord-Vest 2021-2027<\/a><\/h2><\/div><div class=\"w-vwrapper usg_vwrapper_2 align_none valign_bottom\" style=\"--vwrapper-gap: 0.4rem;\"><time class=\"w-post-elm post_date usg_post_date_2 icon-data entry-date published\" datetime=\"2024-07-11T13:22:00+03:00\"><i class=\"far fa-calendar\"><\/i>July 11, 2024<\/time><\/div>\t\t<\/div>\r\n\t\t\t<\/article>\r\n\t<article class=\"w-grid-item size_1x1 post-7138 post type-post status-publish format-standard has-post-thumbnail hentry category-contract category-judetul-cluj category-por-2021-2027\" data-id=\"7138\">\r\n\t\t<div class=\"w-grid-item-h\">\r\n\t\t\t\t\t\t<div class=\"w-vwrapper usg_vwrapper_3 align_none valign_top\" style=\"--vwrapper-gap: 2rem;\"><div class=\"w-post-elm post_image usg_post_image_1 has_ratio\"><a href=\"https:\/\/regionordvest.ro\/en\/gherla-investeste-in-educatie-scoala-gimnaziala-nr-1-se-modernizeaza-cu-6-6-milioane-de-euro-in-cadrul-programului-regional-nord-vest-2021-2027\/\" aria-label=\"Gherla investe\u0219te \u00een educa\u021bie: \u0218coala Gimnazial\u0103 Nr. 1 se modernizeaz\u0103 cu 6.6 milioane de euro \u00een cadrul Programului Regional Nord-Vest 2021-2027\"><img loading=\"lazy\" decoding=\"async\" width=\"1024\" height=\"859\" src=\"https:\/\/regionordvest.ro\/wp-content\/uploads\/2024\/07\/324159-Scoala-Gimnaziala-nr.-1-Gherla-1024x859.png\" class=\"attachment-large size-large wp-post-image\" alt=\"\" \/><\/a><div style=\"padding-bottom:75%\"><\/div><\/div><\/div><div class=\"w-vwrapper usg_vwrapper_1 align_none valign_middle\" style=\"--vwrapper-gap: 0.5rem;\"><h2 class=\"w-post-elm post_title usg_post_title_1 wrapper align_left color_link_inherit\"><a href=\"https:\/\/regionordvest.ro\/en\/gherla-investeste-in-educatie-scoala-gimnaziala-nr-1-se-modernizeaza-cu-6-6-milioane-de-euro-in-cadrul-programului-regional-nord-vest-2021-2027\/\">Gherla investe\u0219te \u00een educa\u021bie: \u0218coala Gimnazial\u0103 Nr. 1 se modernizeaz\u0103 cu 6.6 milioane de euro \u00een cadrul Programului Regional Nord-Vest 2021-2027<\/a><\/h2><\/div><div class=\"w-vwrapper usg_vwrapper_2 align_none valign_bottom\" style=\"--vwrapper-gap: 0.4rem;\"><time class=\"w-post-elm post_date usg_post_date_2 icon-data entry-date published\" datetime=\"2024-07-11T13:09:52+03:00\"><i class=\"far fa-calendar\"><\/i>July 11, 2024<\/time><\/div>\t\t<\/div>\r\n\t\t\t<\/article>\r\n\t<article class=\"w-grid-item size_1x1 post-7145 post type-post status-publish format-standard has-post-thumbnail hentry category-contract category-judetul-maramures category-por-2021-2027\" data-id=\"7145\">\r\n\t\t<div class=\"w-grid-item-h\">\r\n\t\t\t\t\t\t<div class=\"w-vwrapper usg_vwrapper_3 align_none valign_top\" style=\"--vwrapper-gap: 2rem;\"><div class=\"w-post-elm post_image usg_post_image_1 has_ratio\"><a href=\"https:\/\/regionordvest.ro\/en\/orasul-tautii-magheraus-a-semnat-un-contract-de-17-milioane-de-euro-in-cadrul-programului-regional-nord-vest-2021-2027\/\" aria-label=\"Ora\u0219ul T\u0103u\u021bii M\u0103gher\u0103u\u0219 a semnat un contract de 1,7 milioane de euro \u00een cadrul Programului Regional Nord-Vest 2021-2027\"><img loading=\"lazy\" decoding=\"async\" width=\"1024\" height=\"859\" src=\"https:\/\/regionordvest.ro\/wp-content\/uploads\/2024\/07\/300445-Tautii-Magheraus-1024x859.png\" class=\"attachment-large size-large wp-post-image\" alt=\"\" \/><\/a><div style=\"padding-bottom:75%\"><\/div><\/div><\/div><div class=\"w-vwrapper usg_vwrapper_1 align_none valign_middle\" style=\"--vwrapper-gap: 0.5rem;\"><h2 class=\"w-post-elm post_title usg_post_title_1 wrapper align_left color_link_inherit\"><a href=\"https:\/\/regionordvest.ro\/en\/orasul-tautii-magheraus-a-semnat-un-contract-de-17-milioane-de-euro-in-cadrul-programului-regional-nord-vest-2021-2027\/\">Ora\u0219ul T\u0103u\u021bii M\u0103gher\u0103u\u0219 a semnat un contract de 1,7 milioane de euro \u00een cadrul Programului Regional Nord-Vest 2021-2027<\/a><\/h2><\/div><div class=\"w-vwrapper usg_vwrapper_2 align_none valign_bottom\" style=\"--vwrapper-gap: 0.4rem;\"><time class=\"w-post-elm post_date usg_post_date_2 icon-data entry-date published\" datetime=\"2024-07-11T13:01:05+03:00\"><i class=\"far fa-calendar\"><\/i>July 11, 2024<\/time><\/div>\t\t<\/div>\r\n\t\t\t<\/article>\r\n\t<article class=\"w-grid-item size_1x1 post-7135 post type-post status-publish format-standard has-post-thumbnail hentry category-contract category-judetul-maramures category-por-2021-2027\" data-id=\"7135\">\r\n\t\t<div class=\"w-grid-item-h\">\r\n\t\t\t\t\t\t<div class=\"w-vwrapper usg_vwrapper_3 align_none valign_top\" style=\"--vwrapper-gap: 2rem;\"><div class=\"w-post-elm post_image usg_post_image_1 has_ratio\"><a href=\"https:\/\/regionordvest.ro\/en\/baia-mare-renoveaza-blocuri-de-locuinte-sociale-datorita-unor-contracte-de-4-4-milioane-de-euro-in-cadrul-programului-regional-nord-vest-2021-2027\/\" aria-label=\"Baia-Mare renoveaz\u0103 blocuri de locuin\u021be sociale datorit\u0103 unor contracte de 4.4 milioane de euro \u00een cadrul Programului Regional Nord-Vest 2021-2027\"><img loading=\"lazy\" decoding=\"async\" width=\"1024\" height=\"859\" src=\"https:\/\/regionordvest.ro\/wp-content\/uploads\/2024\/07\/324397-324396-Blocuri-sociale-Baia-Mare-1024x859.png\" class=\"attachment-large size-large wp-post-image\" alt=\"\" \/><\/a><div style=\"padding-bottom:75%\"><\/div><\/div><\/div><div class=\"w-vwrapper usg_vwrapper_1 align_none valign_middle\" style=\"--vwrapper-gap: 0.5rem;\"><h2 class=\"w-post-elm post_title usg_post_title_1 wrapper align_left color_link_inherit\"><a href=\"https:\/\/regionordvest.ro\/en\/baia-mare-renoveaza-blocuri-de-locuinte-sociale-datorita-unor-contracte-de-4-4-milioane-de-euro-in-cadrul-programului-regional-nord-vest-2021-2027\/\">Baia-Mare renoveaz\u0103 blocuri de locuin\u021be sociale datorit\u0103 unor contracte de 4.4 milioane de euro \u00een cadrul Programului Regional Nord-Vest 2021-2027<\/a><\/h2><\/div><div class=\"w-vwrapper usg_vwrapper_2 align_none valign_bottom\" style=\"--vwrapper-gap: 0.4rem;\"><time class=\"w-post-elm post_date usg_post_date_2 icon-data entry-date published\" datetime=\"2024-07-08T16:41:14+03:00\"><i class=\"far fa-calendar\"><\/i>July 8, 2024<\/time><\/div>\t\t<\/div>\r\n\t\t\t<\/article>\r\n\t<article class=\"w-grid-item size_1x1 post-7132 post type-post status-publish format-standard has-post-thumbnail hentry category-contract category-judetul-bihor category-por-2021-2027\" data-id=\"7132\">\r\n\t\t<div class=\"w-grid-item-h\">\r\n\t\t\t\t\t\t<div class=\"w-vwrapper usg_vwrapper_3 align_none valign_top\" style=\"--vwrapper-gap: 2rem;\"><div class=\"w-post-elm post_image usg_post_image_1 has_ratio\"><a href=\"https:\/\/regionordvest.ro\/en\/orasul-sacueni-renaste-cu-un-sprijin-financiar-european-de-1-milion-de-euro-prin-intermediul-programului-regional-nord-vest-2021-2027\/\" aria-label=\"Ora\u0219ul S\u0103cueni rena\u0219te cu un sprijin financiar european de 1 milion de euro prin intermediul Programului Regional Nord-Vest 2021-2027\"><img loading=\"lazy\" decoding=\"async\" width=\"1024\" height=\"859\" src=\"https:\/\/regionordvest.ro\/wp-content\/uploads\/2024\/07\/324347-Revitalizare-Sacueni-1024x859.png\" class=\"attachment-large size-large wp-post-image\" alt=\"\" \/><\/a><div style=\"padding-bottom:75%\"><\/div><\/div><\/div><div class=\"w-vwrapper usg_vwrapper_1 align_none valign_middle\" style=\"--vwrapper-gap: 0.5rem;\"><h2 class=\"w-post-elm post_title usg_post_title_1 wrapper align_left color_link_inherit\"><a href=\"https:\/\/regionordvest.ro\/en\/orasul-sacueni-renaste-cu-un-sprijin-financiar-european-de-1-milion-de-euro-prin-intermediul-programului-regional-nord-vest-2021-2027\/\">Ora\u0219ul S\u0103cueni rena\u0219te cu un sprijin financiar european de 1 milion de euro prin intermediul Programului Regional Nord-Vest 2021-2027<\/a><\/h2><\/div><div class=\"w-vwrapper usg_vwrapper_2 align_none valign_bottom\" style=\"--vwrapper-gap: 0.4rem;\"><time class=\"w-post-elm post_date usg_post_date_2 icon-data entry-date published\" datetime=\"2024-07-08T16:29:25+03:00\"><i class=\"far fa-calendar\"><\/i>July 8, 2024<\/time><\/div>\t\t<\/div>\r\n\t\t\t<\/article>\r\n\t<article class=\"w-grid-item size_1x1 post-7083 post type-post status-publish format-standard has-post-thumbnail hentry category-contract category-judetul-bistrita-nasaud category-por-2021-2027\" data-id=\"7083\">\r\n\t\t<div class=\"w-grid-item-h\">\r\n\t\t\t\t\t\t<div class=\"w-vwrapper usg_vwrapper_3 align_none valign_top\" style=\"--vwrapper-gap: 2rem;\"><div class=\"w-post-elm post_image usg_post_image_1 has_ratio\"><a href=\"https:\/\/regionordvest.ro\/en\/sangeorz-bai-devine-mai-verde-si-mai-sigur-datorita-unui-contract-in-valoare-de-3-milioane-de-euro-in-cadrul-programului-regional-nord-vest\/\" aria-label=\"S\u00e2ngeorz-B\u0103i devine mai verde \u0219i mai sigur datorit\u0103 unui contract \u00een valoare de 3 milioane de euro \u00een cadrul Programului Regional Nord-Vest\"><img loading=\"lazy\" decoding=\"async\" width=\"1024\" height=\"859\" src=\"https:\/\/regionordvest.ro\/wp-content\/uploads\/2024\/07\/303536-Regenerare-urbana-Sangeorz-Bai-1024x859.png\" class=\"attachment-large size-large wp-post-image\" alt=\"\" \/><\/a><div style=\"padding-bottom:75%\"><\/div><\/div><\/div><div class=\"w-vwrapper usg_vwrapper_1 align_none valign_middle\" style=\"--vwrapper-gap: 0.5rem;\"><h2 class=\"w-post-elm post_title usg_post_title_1 wrapper align_left color_link_inherit\"><a href=\"https:\/\/regionordvest.ro\/en\/sangeorz-bai-devine-mai-verde-si-mai-sigur-datorita-unui-contract-in-valoare-de-3-milioane-de-euro-in-cadrul-programului-regional-nord-vest\/\">S\u00e2ngeorz-B\u0103i devine mai verde \u0219i mai sigur datorit\u0103 unui contract \u00een valoare de 3 milioane de euro \u00een cadrul Programului Regional Nord-Vest<\/a><\/h2><\/div><div class=\"w-vwrapper usg_vwrapper_2 align_none valign_bottom\" style=\"--vwrapper-gap: 0.4rem;\"><time class=\"w-post-elm post_date usg_post_date_2 icon-data entry-date published\" datetime=\"2024-07-08T16:15:29+03:00\"><i class=\"far fa-calendar\"><\/i>July 8, 2024<\/time><\/div>\t\t<\/div>\r\n\t\t\t<\/article>\r\n\t<article class=\"w-grid-item size_1x1 post-7118 post type-post status-publish format-standard has-post-thumbnail hentry category-contract category-judetul-bihor category-por-2021-2027\" data-id=\"7118\">\r\n\t\t<div class=\"w-grid-item-h\">\r\n\t\t\t\t\t\t<div class=\"w-vwrapper usg_vwrapper_3 align_none valign_top\" style=\"--vwrapper-gap: 2rem;\"><div class=\"w-post-elm post_image usg_post_image_1 has_ratio\"><a href=\"https:\/\/regionordvest.ro\/en\/oradea-va-avea-un-trafic-mai-sigur-datorita-unei-finantari-de-aproape-18-5-milioane-de-euro-in-cadrul-prnv-2021-2027\/\" aria-label=\"Oradea va avea un trafic mai sigur datorit\u0103 unei finan\u021b\u0103ri de aproape 18.5 milioane de euro \u00een cadrul Programului Regional Nord-Vest 2021-2027\"><img loading=\"lazy\" decoding=\"async\" width=\"1024\" height=\"859\" src=\"https:\/\/regionordvest.ro\/wp-content\/uploads\/2024\/07\/301478-Siguranta-traficului-Bihor-1-1024x859.png\" class=\"attachment-large size-large wp-post-image\" alt=\"\" \/><\/a><div style=\"padding-bottom:75%\"><\/div><\/div><\/div><div class=\"w-vwrapper usg_vwrapper_1 align_none valign_middle\" style=\"--vwrapper-gap: 0.5rem;\"><h2 class=\"w-post-elm post_title usg_post_title_1 wrapper align_left color_link_inherit\"><a href=\"https:\/\/regionordvest.ro\/en\/oradea-va-avea-un-trafic-mai-sigur-datorita-unei-finantari-de-aproape-18-5-milioane-de-euro-in-cadrul-prnv-2021-2027\/\">Oradea va avea un trafic mai sigur datorit\u0103 unei finan\u021b\u0103ri de aproape 18.5 milioane de euro \u00een cadrul Programului Regional Nord-Vest 2021-2027<\/a><\/h2><\/div><div class=\"w-vwrapper usg_vwrapper_2 align_none valign_bottom\" style=\"--vwrapper-gap: 0.4rem;\"><time class=\"w-post-elm post_date usg_post_date_2 icon-data entry-date published\" datetime=\"2024-07-08T16:07:58+03:00\"><i class=\"far fa-calendar\"><\/i>July 8, 2024<\/time><\/div>\t\t<\/div>\r\n\t\t\t<\/article>\r\n\t<article class=\"w-grid-item size_1x1 post-7079 post type-post status-publish format-standard has-post-thumbnail hentry category-contract category-judetul-cluj category-por-2021-2027\" data-id=\"7079\">\r\n\t\t<div class=\"w-grid-item-h\">\r\n\t\t\t\t\t\t<div class=\"w-vwrapper usg_vwrapper_3 align_none valign_top\" style=\"--vwrapper-gap: 2rem;\"><div class=\"w-post-elm post_image usg_post_image_1 has_ratio\"><a href=\"https:\/\/regionordvest.ro\/en\/municipiul-dej-a-semnat-2-contracte-in-valoare-de-8-8-milioane-de-euro-in-cadrul-programului-regional-nord-vest-2021-2027\/\" aria-label=\"Municipiul Dej a semnat 2 contracte \u00een valoare de 8.8 milioane de euro \u00een cadrul Programului Regional Nord-Vest 2021-2027\"><img loading=\"lazy\" decoding=\"async\" width=\"1024\" height=\"859\" src=\"https:\/\/regionordvest.ro\/wp-content\/uploads\/2024\/07\/324100324120-Dej-1024x859.png\" class=\"attachment-large size-large wp-post-image\" alt=\"\" \/><\/a><div style=\"padding-bottom:75%\"><\/div><\/div><\/div><div class=\"w-vwrapper usg_vwrapper_1 align_none valign_middle\" style=\"--vwrapper-gap: 0.5rem;\"><h2 class=\"w-post-elm post_title usg_post_title_1 wrapper align_left color_link_inherit\"><a href=\"https:\/\/regionordvest.ro\/en\/municipiul-dej-a-semnat-2-contracte-in-valoare-de-8-8-milioane-de-euro-in-cadrul-programului-regional-nord-vest-2021-2027\/\">Municipiul Dej a semnat 2 contracte \u00een valoare de 8.8 milioane de euro \u00een cadrul Programului Regional Nord-Vest 2021-2027<\/a><\/h2><\/div><div class=\"w-vwrapper usg_vwrapper_2 align_none valign_bottom\" style=\"--vwrapper-gap: 0.4rem;\"><time class=\"w-post-elm post_date usg_post_date_2 icon-data entry-date published\" datetime=\"2024-07-03T09:56:41+03:00\"><i class=\"far fa-calendar\"><\/i>July 3, 2024<\/time><\/div>\t\t<\/div>\r\n\t\t\t<\/article>\r\n\t<article class=\"w-grid-item size_1x1 post-7075 post type-post status-publish format-standard has-post-thumbnail hentry category-contract category-judetul-bihor category-por-2021-2027\" data-id=\"7075\">\r\n\t\t<div class=\"w-grid-item-h\">\r\n\t\t\t\t\t\t<div class=\"w-vwrapper usg_vwrapper_3 align_none valign_top\" style=\"--vwrapper-gap: 2rem;\"><div class=\"w-post-elm post_image usg_post_image_1 has_ratio\"><a href=\"https:\/\/regionordvest.ro\/en\/studentii-universitatii-oradea-se-vor-putea-bucura-in-curand-de-dotarile-de-top-ale-laboratoarelor-din-cadrul-centrului-de-transfer-tehnologic-smart-industries\/\" aria-label=\"Studen\u021bii Universit\u0103\u021bii Oradea se vor putea bucura \u00een cur\u00e2nd de dot\u0103rile de top ale laboratoarelor din cadrul Centrului de transfer tehnologic \u201eSmart Industries\"><img loading=\"lazy\" decoding=\"async\" width=\"1024\" height=\"859\" src=\"https:\/\/regionordvest.ro\/wp-content\/uploads\/2024\/07\/324666-Oradea-1024x859.png\" class=\"attachment-large size-large wp-post-image\" alt=\"\" \/><\/a><div style=\"padding-bottom:75%\"><\/div><\/div><\/div><div class=\"w-vwrapper usg_vwrapper_1 align_none valign_middle\" style=\"--vwrapper-gap: 0.5rem;\"><h2 class=\"w-post-elm post_title usg_post_title_1 wrapper align_left color_link_inherit\"><a href=\"https:\/\/regionordvest.ro\/en\/studentii-universitatii-oradea-se-vor-putea-bucura-in-curand-de-dotarile-de-top-ale-laboratoarelor-din-cadrul-centrului-de-transfer-tehnologic-smart-industries\/\">Studen\u021bii Universit\u0103\u021bii Oradea se vor putea bucura \u00een cur\u00e2nd de dot\u0103rile de top ale laboratoarelor din cadrul Centrului de transfer tehnologic \u201eSmart Industries<\/a><\/h2><\/div><div class=\"w-vwrapper usg_vwrapper_2 align_none valign_bottom\" style=\"--vwrapper-gap: 0.4rem;\"><time class=\"w-post-elm post_date usg_post_date_2 icon-data entry-date published\" datetime=\"2024-07-02T16:45:20+03:00\"><i class=\"far fa-calendar\"><\/i>July 2, 2024<\/time><\/div>\t\t<\/div>\r\n\t\t\t<\/article>\r\n\t<article class=\"w-grid-item size_1x1 post-7071 post type-post status-publish format-standard has-post-thumbnail hentry category-contract category-por-2021-2027\" data-id=\"7071\">\r\n\t\t<div class=\"w-grid-item-h\">\r\n\t\t\t\t\t\t<div class=\"w-vwrapper usg_vwrapper_3 align_none valign_top\" style=\"--vwrapper-gap: 2rem;\"><div class=\"w-post-elm post_image usg_post_image_1 has_ratio\"><a href=\"https:\/\/regionordvest.ro\/en\/primele-3-contracte-semnate-cu-imm-urile-din-turism-si-sanatate\/\" aria-label=\"Primele 3 contracte semnate cu IMM-urile din turism \u0219i s\u0103n\u0103tate\"><img loading=\"lazy\" decoding=\"async\" width=\"1024\" height=\"858\" src=\"https:\/\/regionordvest.ro\/wp-content\/uploads\/2024\/07\/131.D-1024x858.png\" class=\"attachment-large size-large wp-post-image\" alt=\"\" \/><\/a><div style=\"padding-bottom:75%\"><\/div><\/div><\/div><div class=\"w-vwrapper usg_vwrapper_1 align_none valign_middle\" style=\"--vwrapper-gap: 0.5rem;\"><h2 class=\"w-post-elm post_title usg_post_title_1 wrapper align_left color_link_inherit\"><a href=\"https:\/\/regionordvest.ro\/en\/primele-3-contracte-semnate-cu-imm-urile-din-turism-si-sanatate\/\">Primele 3 contracte semnate cu IMM-urile din turism \u0219i s\u0103n\u0103tate<\/a><\/h2><\/div><div class=\"w-vwrapper usg_vwrapper_2 align_none valign_bottom\" style=\"--vwrapper-gap: 0.4rem;\"><time class=\"w-post-elm post_date usg_post_date_2 icon-data entry-date published\" datetime=\"2024-07-02T12:40:07+03:00\"><i class=\"far fa-calendar\"><\/i>July 2, 2024<\/time><\/div>\t\t<\/div>\r\n\t\t\t<\/article>\r\n\t<article class=\"w-grid-item size_1x1 post-7068 post type-post status-publish format-standard has-post-thumbnail hentry category-contract category-judetul-satu-mare category-por-2021-2027\" data-id=\"7068\">\r\n\t\t<div class=\"w-grid-item-h\">\r\n\t\t\t\t\t\t<div class=\"w-vwrapper usg_vwrapper_3 align_none valign_top\" style=\"--vwrapper-gap: 2rem;\"><div class=\"w-post-elm post_image usg_post_image_1 has_ratio\"><a href=\"https:\/\/regionordvest.ro\/en\/municipiul-carei-a-semnat-inca-2-contracte-in-valoare-de-3-4-milioane-de-euro-in-cadrul-programului-regional-nord-vest-2021-2027\/\" aria-label=\"Municipiul Carei a semnat \u00eenc\u0103 2 contracte \u00een valoare de 3.4 milioane de euro \u00een cadrul Programului Regional Nord-Vest 2021-2027\"><img loading=\"lazy\" decoding=\"async\" width=\"1024\" height=\"859\" src=\"https:\/\/regionordvest.ro\/wp-content\/uploads\/2024\/07\/324472324493-Carei-1024x859.png\" class=\"attachment-large size-large wp-post-image\" alt=\"\" \/><\/a><div style=\"padding-bottom:75%\"><\/div><\/div><\/div><div class=\"w-vwrapper usg_vwrapper_1 align_none valign_middle\" style=\"--vwrapper-gap: 0.5rem;\"><h2 class=\"w-post-elm post_title usg_post_title_1 wrapper align_left color_link_inherit\"><a href=\"https:\/\/regionordvest.ro\/en\/municipiul-carei-a-semnat-inca-2-contracte-in-valoare-de-3-4-milioane-de-euro-in-cadrul-programului-regional-nord-vest-2021-2027\/\">Municipiul Carei a semnat \u00eenc\u0103 2 contracte \u00een valoare de 3.4 milioane de euro \u00een cadrul Programului Regional Nord-Vest 2021-2027<\/a><\/h2><\/div><div class=\"w-vwrapper usg_vwrapper_2 align_none valign_bottom\" style=\"--vwrapper-gap: 0.4rem;\"><time class=\"w-post-elm post_date usg_post_date_2 icon-data entry-date published\" datetime=\"2024-07-02T12:35:42+03:00\"><i class=\"far fa-calendar\"><\/i>July 2, 2024<\/time><\/div>\t\t<\/div>\r\n\t\t\t<\/article>\r\n\t<article class=\"w-grid-item size_1x1 post-7048 post type-post status-publish format-standard has-post-thumbnail hentry category-contract category-por-2021-2027\" data-id=\"7048\">\r\n\t\t<div class=\"w-grid-item-h\">\r\n\t\t\t\t\t\t<div class=\"w-vwrapper usg_vwrapper_3 align_none valign_top\" style=\"--vwrapper-gap: 2rem;\"><div class=\"w-post-elm post_image usg_post_image_1 has_ratio\"><a href=\"https:\/\/regionordvest.ro\/en\/adr-nord-vest-sprijina-beneficiarii-contractelor-semnate-sa-implementeze-cu-succes-proiectele-europene-pentru-dezvoltarea-regiunii-de-nord-vest\/\" aria-label=\"ADR Nord-Vest sprijin\u0103 beneficiarii contractelor semnate s\u0103 implementeze cu succes proiectele europene pentru dezvoltarea regiunii de Nord-Vest\"><img loading=\"lazy\" decoding=\"async\" width=\"1024\" height=\"859\" src=\"https:\/\/regionordvest.ro\/wp-content\/uploads\/2024\/07\/Sesiune-de-instruire-ADR-Nord-Vest-1024x859.png\" class=\"attachment-large size-large wp-post-image\" alt=\"\" \/><\/a><div style=\"padding-bottom:75%\"><\/div><\/div><\/div><div class=\"w-vwrapper usg_vwrapper_1 align_none valign_middle\" style=\"--vwrapper-gap: 0.5rem;\"><h2 class=\"w-post-elm post_title usg_post_title_1 wrapper align_left color_link_inherit\"><a href=\"https:\/\/regionordvest.ro\/en\/adr-nord-vest-sprijina-beneficiarii-contractelor-semnate-sa-implementeze-cu-succes-proiectele-europene-pentru-dezvoltarea-regiunii-de-nord-vest\/\">ADR Nord-Vest sprijin\u0103 beneficiarii contractelor semnate s\u0103 implementeze cu succes proiectele europene pentru dezvoltarea regiunii de Nord-Vest<\/a><\/h2><\/div><div class=\"w-vwrapper usg_vwrapper_2 align_none valign_bottom\" style=\"--vwrapper-gap: 0.4rem;\"><time class=\"w-post-elm post_date usg_post_date_2 icon-data entry-date published\" datetime=\"2024-07-01T19:00:28+03:00\"><i class=\"far fa-calendar\"><\/i>July 1, 2024<\/time><\/div>\t\t<\/div>\r\n\t\t\t<\/article>\r\n\t<article class=\"w-grid-item size_1x1 post-8927 post type-post status-publish format-standard has-post-thumbnail hentry category-contract category-judetul-cluj category-por-2021-2027\" data-id=\"8927\">\r\n\t\t<div class=\"w-grid-item-h\">\r\n\t\t\t\t\t\t<div class=\"w-vwrapper usg_vwrapper_3 align_none valign_top\" style=\"--vwrapper-gap: 2rem;\"><div class=\"w-post-elm post_image usg_post_image_1 has_ratio\"><a href=\"https:\/\/regionordvest.ro\/en\/municipiul-dej-devine-mai-verde-si-mai-accesibil-printr-un-proiect-de-1-milion-de-euro-finantat-prin-programul-regional-nord-vest-2021-2027\/\" aria-label=\"Municipiul Dej devine mai verde \u0219i mai accesibil printr-un proiect de 1 milion de euro finan\u021bat din Programul Regional Nord-Vest 2021\u20132027\"><img loading=\"lazy\" decoding=\"async\" width=\"1024\" height=\"859\" src=\"https:\/\/regionordvest.ro\/wp-content\/uploads\/2025\/03\/324087-Imbunatatire-transport-Dej-CJ-1024x859.png\" class=\"attachment-large size-large wp-post-image\" alt=\"\" \/><\/a><div style=\"padding-bottom:75%\"><\/div><\/div><\/div><div class=\"w-vwrapper usg_vwrapper_1 align_none valign_middle\" style=\"--vwrapper-gap: 0.5rem;\"><h2 class=\"w-post-elm post_title usg_post_title_1 wrapper align_left color_link_inherit\"><a href=\"https:\/\/regionordvest.ro\/en\/municipiul-dej-devine-mai-verde-si-mai-accesibil-printr-un-proiect-de-1-milion-de-euro-finantat-prin-programul-regional-nord-vest-2021-2027\/\">Municipiul Dej devine mai verde \u0219i mai accesibil printr-un proiect de 1 milion de euro finan\u021bat din Programul Regional Nord-Vest 2021\u20132027<\/a><\/h2><\/div><div class=\"w-vwrapper usg_vwrapper_2 align_none valign_bottom\" style=\"--vwrapper-gap: 0.4rem;\"><time class=\"w-post-elm post_date usg_post_date_2 icon-data entry-date published\" datetime=\"2024-07-01T13:12:32+03:00\"><i class=\"far fa-calendar\"><\/i>July 1, 2024<\/time><\/div>\t\t<\/div>\r\n\t\t\t<\/article>\r\n\t<article class=\"w-grid-item size_1x1 post-8923 post type-post status-publish format-standard has-post-thumbnail hentry category-contract category-judetul-cluj category-por-2021-2027\" data-id=\"8923\">\r\n\t\t<div class=\"w-grid-item-h\">\r\n\t\t\t\t\t\t<div class=\"w-vwrapper usg_vwrapper_3 align_none valign_top\" style=\"--vwrapper-gap: 2rem;\"><div class=\"w-post-elm post_image usg_post_image_1 has_ratio\"><a href=\"https:\/\/regionordvest.ro\/en\/fosta-judecatorie-din-turda-este-transformata-printr-un-proiect-de-peste-2-6-milioane-de-euro-finantat-in-cadrul-programului-regional-nord-vest-2021-2027\/\" aria-label=\"Fosta Judec\u0103torie din Turda este transformat\u0103 printr-un proiect de peste 2,6 milioane de euro, finan\u021bat \u00een cadrul Programului Regional Nord-Vest 2021\u20132027\"><img loading=\"lazy\" decoding=\"async\" width=\"1024\" height=\"859\" src=\"https:\/\/regionordvest.ro\/wp-content\/uploads\/2025\/03\/324931-Reabilitare-Fosta-Judecatorie-Turda-CJ-Curte-Liceul-Tehnologic-Ionita-G.-Andron-Negresti-Oas-SM-1024x859.png\" class=\"attachment-large size-large wp-post-image\" alt=\"\" \/><\/a><div style=\"padding-bottom:75%\"><\/div><\/div><\/div><div class=\"w-vwrapper usg_vwrapper_1 align_none valign_middle\" style=\"--vwrapper-gap: 0.5rem;\"><h2 class=\"w-post-elm post_title usg_post_title_1 wrapper align_left color_link_inherit\"><a href=\"https:\/\/regionordvest.ro\/en\/fosta-judecatorie-din-turda-este-transformata-printr-un-proiect-de-peste-2-6-milioane-de-euro-finantat-in-cadrul-programului-regional-nord-vest-2021-2027\/\">Fosta Judec\u0103torie din Turda este transformat\u0103 printr-un proiect de peste 2,6 milioane de euro, finan\u021bat \u00een cadrul Programului Regional Nord-Vest 2021\u20132027<\/a><\/h2><\/div><div class=\"w-vwrapper usg_vwrapper_2 align_none valign_bottom\" style=\"--vwrapper-gap: 0.4rem;\"><time class=\"w-post-elm post_date usg_post_date_2 icon-data entry-date published\" datetime=\"2024-06-26T16:00:07+03:00\"><i class=\"far fa-calendar\"><\/i>June 26, 2024<\/time><\/div>\t\t<\/div>\r\n\t\t\t<\/article>\r\n\t<article class=\"w-grid-item size_1x1 post-7020 post type-post status-publish format-standard has-post-thumbnail hentry category-contract category-judetul-bihor category-por-2021-2027\" data-id=\"7020\">\r\n\t\t<div class=\"w-grid-item-h\">\r\n\t\t\t\t\t\t<div class=\"w-vwrapper usg_vwrapper_3 align_none valign_top\" style=\"--vwrapper-gap: 2rem;\"><div class=\"w-post-elm post_image usg_post_image_1 has_ratio\"><a href=\"https:\/\/regionordvest.ro\/en\/orasul-stei-va-avea-un-parc-de-specializare-inteligenta-in-valoare-de-peste-55-milioane-de-euro\/\" aria-label=\"Ora\u0219ul \u0218tei va avea un Parc de Specializare Inteligent\u0103 \u00een valoare de peste 5,5 milioane de euro \u00een cadrul Programului Regional Nord-Vest 2021-2027\"><img loading=\"lazy\" decoding=\"async\" width=\"1024\" height=\"859\" src=\"https:\/\/regionordvest.ro\/wp-content\/uploads\/2024\/06\/Parcul-S3-din-Stei-1024x859.png\" class=\"attachment-large size-large wp-post-image\" alt=\"\" \/><\/a><div style=\"padding-bottom:75%\"><\/div><\/div><\/div><div class=\"w-vwrapper usg_vwrapper_1 align_none valign_middle\" style=\"--vwrapper-gap: 0.5rem;\"><h2 class=\"w-post-elm post_title usg_post_title_1 wrapper align_left color_link_inherit\"><a href=\"https:\/\/regionordvest.ro\/en\/orasul-stei-va-avea-un-parc-de-specializare-inteligenta-in-valoare-de-peste-55-milioane-de-euro\/\">Ora\u0219ul \u0218tei va avea un Parc de Specializare Inteligent\u0103 \u00een valoare de peste 5,5 milioane de euro \u00een cadrul Programului Regional Nord-Vest 2021-2027<\/a><\/h2><\/div><div class=\"w-vwrapper usg_vwrapper_2 align_none valign_bottom\" style=\"--vwrapper-gap: 0.4rem;\"><time class=\"w-post-elm post_date usg_post_date_2 icon-data entry-date published\" datetime=\"2024-06-26T15:26:35+03:00\"><i class=\"far fa-calendar\"><\/i>June 26, 2024<\/time><\/div>\t\t<\/div>\r\n\t\t\t<\/article>\r\n\t<article class=\"w-grid-item size_1x1 post-7014 post type-post status-publish format-standard has-post-thumbnail hentry category-contract category-judetul-bistrita-nasaud category-por-2021-2027\" data-id=\"7014\">\r\n\t\t<div class=\"w-grid-item-h\">\r\n\t\t\t\t\t\t<div class=\"w-vwrapper usg_vwrapper_3 align_none valign_top\" style=\"--vwrapper-gap: 2rem;\"><div class=\"w-post-elm post_image usg_post_image_1 has_ratio\"><a href=\"https:\/\/regionordvest.ro\/en\/statiunea-balneara-sangeorz-bai-va-fi-modernizata-prin-intermediul-unei-finantari-in-valoare-de-360-000-euro\/\" aria-label=\"Sta\u021biunea balnear\u0103 \u201eS\u00e2ngeorz-B\u0103i\u201d, renumit\u0103 pentru apele minerale t\u0103m\u0103duitoare va fi modernizat\u0103 prin intermediul unei finan\u021b\u0103ri \u00een valoare de peste 360.000 de euro\"><img loading=\"lazy\" decoding=\"async\" width=\"1024\" height=\"859\" src=\"https:\/\/regionordvest.ro\/wp-content\/uploads\/2024\/06\/Sangeorz-Bai-1024x859.png\" class=\"attachment-large size-large wp-post-image\" alt=\"\" \/><\/a><div style=\"padding-bottom:75%\"><\/div><\/div><\/div><div class=\"w-vwrapper usg_vwrapper_1 align_none valign_middle\" style=\"--vwrapper-gap: 0.5rem;\"><h2 class=\"w-post-elm post_title usg_post_title_1 wrapper align_left color_link_inherit\"><a href=\"https:\/\/regionordvest.ro\/en\/statiunea-balneara-sangeorz-bai-va-fi-modernizata-prin-intermediul-unei-finantari-in-valoare-de-360-000-euro\/\">Sta\u021biunea balnear\u0103 \u201eS\u00e2ngeorz-B\u0103i\u201d, renumit\u0103 pentru apele minerale t\u0103m\u0103duitoare va fi modernizat\u0103 prin intermediul unei finan\u021b\u0103ri \u00een valoare de peste 360.000 de euro<\/a><\/h2><\/div><div class=\"w-vwrapper usg_vwrapper_2 align_none valign_bottom\" style=\"--vwrapper-gap: 0.4rem;\"><time class=\"w-post-elm post_date usg_post_date_2 icon-data entry-date published\" datetime=\"2024-06-26T12:41:42+03:00\"><i class=\"far fa-calendar\"><\/i>June 26, 2024<\/time><\/div>\t\t<\/div>\r\n\t\t\t<\/article>\r\n\t<article class=\"w-grid-item size_1x1 post-7001 post type-post status-publish format-standard has-post-thumbnail hentry category-contract category-judetul-maramures category-por-2021-2027\" data-id=\"7001\">\r\n\t\t<div class=\"w-grid-item-h\">\r\n\t\t\t\t\t\t<div class=\"w-vwrapper usg_vwrapper_3 align_none valign_top\" style=\"--vwrapper-gap: 2rem;\"><div class=\"w-post-elm post_image usg_post_image_1 has_ratio\"><a href=\"https:\/\/regionordvest.ro\/en\/targu-lapus-continua-modernizarea-pe-baza-unui-contract-semnat-de-2-2-milioane-de-euro-in-cadrul-programului-regional-nord-vest\/\" aria-label=\"T\u00e2rgu L\u0103pu\u0219 continu\u0103 modernizarea pe baza unui contract semnat de 2.2 milioane de euro \u00een cadrul Programului Regional Nord-Vest\"><img loading=\"lazy\" decoding=\"async\" width=\"1024\" height=\"859\" src=\"https:\/\/regionordvest.ro\/wp-content\/uploads\/2024\/06\/324124-Targu-Lapus-Revitalizare-urbana-1024x859.png\" class=\"attachment-large size-large wp-post-image\" alt=\"\" \/><\/a><div style=\"padding-bottom:75%\"><\/div><\/div><\/div><div class=\"w-vwrapper usg_vwrapper_1 align_none valign_middle\" style=\"--vwrapper-gap: 0.5rem;\"><h2 class=\"w-post-elm post_title usg_post_title_1 wrapper align_left color_link_inherit\"><a href=\"https:\/\/regionordvest.ro\/en\/targu-lapus-continua-modernizarea-pe-baza-unui-contract-semnat-de-2-2-milioane-de-euro-in-cadrul-programului-regional-nord-vest\/\">T\u00e2rgu L\u0103pu\u0219 continu\u0103 modernizarea pe baza unui contract semnat de 2.2 milioane de euro \u00een cadrul Programului Regional Nord-Vest<\/a><\/h2><\/div><div class=\"w-vwrapper usg_vwrapper_2 align_none valign_bottom\" style=\"--vwrapper-gap: 0.4rem;\"><time class=\"w-post-elm post_date usg_post_date_2 icon-data entry-date published\" datetime=\"2024-06-21T12:33:58+03:00\"><i class=\"far fa-calendar\"><\/i>June 21, 2024<\/time><\/div>\t\t<\/div>\r\n\t\t\t<\/article>\r\n\t<article class=\"w-grid-item size_1x1 post-6990 post type-post status-publish format-standard has-post-thumbnail hentry category-contract category-judetul-maramures category-por-2021-2027\" data-id=\"6990\">\r\n\t\t<div class=\"w-grid-item-h\">\r\n\t\t\t\t\t\t<div class=\"w-vwrapper usg_vwrapper_3 align_none valign_top\" style=\"--vwrapper-gap: 2rem;\"><div class=\"w-post-elm post_image usg_post_image_1 has_ratio\"><a href=\"https:\/\/regionordvest.ro\/en\/dupa-decenii-de-uitare-castelul-teleki-din-pribilesti-va-fi-restaurat\/\" aria-label=\"Dup\u0103 decenii de uitare, Castelul Teleki din Pribile\u0219ti va fi restaurat \u0219i transformat \u00een muzeu prin intermediul unei finan\u021b\u0103ri de peste 12 milioane de EURO\"><img loading=\"lazy\" decoding=\"async\" width=\"1024\" height=\"859\" src=\"https:\/\/regionordvest.ro\/wp-content\/uploads\/2024\/06\/Castelul-Teleki-din-Pribilesti-1024x859.png\" class=\"attachment-large size-large wp-post-image\" alt=\"\" \/><\/a><div style=\"padding-bottom:75%\"><\/div><\/div><\/div><div class=\"w-vwrapper usg_vwrapper_1 align_none valign_middle\" style=\"--vwrapper-gap: 0.5rem;\"><h2 class=\"w-post-elm post_title usg_post_title_1 wrapper align_left color_link_inherit\"><a href=\"https:\/\/regionordvest.ro\/en\/dupa-decenii-de-uitare-castelul-teleki-din-pribilesti-va-fi-restaurat\/\">Dup\u0103 decenii de uitare, Castelul Teleki din Pribile\u0219ti va fi restaurat \u0219i transformat \u00een muzeu prin intermediul unei finan\u021b\u0103ri de peste 12 milioane de EURO<\/a><\/h2><\/div><div class=\"w-vwrapper usg_vwrapper_2 align_none valign_bottom\" style=\"--vwrapper-gap: 0.4rem;\"><time class=\"w-post-elm post_date usg_post_date_2 icon-data entry-date published\" datetime=\"2024-06-21T08:19:16+03:00\"><i class=\"far fa-calendar\"><\/i>June 21, 2024<\/time><\/div>\t\t<\/div>\r\n\t\t\t<\/article>\r\n\t<article class=\"w-grid-item size_1x1 post-6961 post type-post status-publish format-standard has-post-thumbnail hentry category-contract category-judetul-bihor category-por-2021-2027\" data-id=\"6961\">\r\n\t\t<div class=\"w-grid-item-h\">\r\n\t\t\t\t\t\t<div class=\"w-vwrapper usg_vwrapper_3 align_none valign_top\" style=\"--vwrapper-gap: 2rem;\"><div class=\"w-post-elm post_image usg_post_image_1 has_ratio\"><a href=\"https:\/\/regionordvest.ro\/en\/o-finantare-in-valoare-de-aproape-125-milioane-de-euro-va-asigura-siguranta-rutiera-pe-dj767m\/\" aria-label=\"O finan\u021bare \u00een valoare de aproape 12,5 milioane de EURO va asigura siguran\u021ba rutier\u0103 pe drumurile jude\u021bene 767M \u0219i CD44\"><img loading=\"lazy\" decoding=\"async\" width=\"1024\" height=\"859\" src=\"https:\/\/regionordvest.ro\/wp-content\/uploads\/2024\/06\/Intersectie-denivelata-DJ767M-1024x859.png\" class=\"attachment-large size-large wp-post-image\" alt=\"\" \/><\/a><div style=\"padding-bottom:75%\"><\/div><\/div><\/div><div class=\"w-vwrapper usg_vwrapper_1 align_none valign_middle\" style=\"--vwrapper-gap: 0.5rem;\"><h2 class=\"w-post-elm post_title usg_post_title_1 wrapper align_left color_link_inherit\"><a href=\"https:\/\/regionordvest.ro\/en\/o-finantare-in-valoare-de-aproape-125-milioane-de-euro-va-asigura-siguranta-rutiera-pe-dj767m\/\">O finan\u021bare \u00een valoare de aproape 12,5 milioane de EURO va asigura siguran\u021ba rutier\u0103 pe drumurile jude\u021bene 767M \u0219i CD44<\/a><\/h2><\/div><div class=\"w-vwrapper usg_vwrapper_2 align_none valign_bottom\" style=\"--vwrapper-gap: 0.4rem;\"><time class=\"w-post-elm post_date usg_post_date_2 icon-data entry-date published\" datetime=\"2024-06-20T09:07:47+03:00\"><i class=\"far fa-calendar\"><\/i>June 20, 2024<\/time><\/div>\t\t<\/div>\r\n\t\t\t<\/article>\r\n\t<article class=\"w-grid-item size_1x1 post-6943 post type-post status-publish format-standard has-post-thumbnail hentry category-contract category-judetul-maramures category-por-2021-2027\" data-id=\"6943\">\r\n\t\t<div class=\"w-grid-item-h\">\r\n\t\t\t\t\t\t<div class=\"w-vwrapper usg_vwrapper_3 align_none valign_top\" style=\"--vwrapper-gap: 2rem;\"><div class=\"w-post-elm post_image usg_post_image_1 has_ratio\"><a href=\"https:\/\/regionordvest.ro\/en\/targu-lapus-se-revitalizeaza-pe-baza-unui-contract-semnat-de-1-44-milioane-de-euro-in-cadrul-programului-regional-nord-vest\/\" aria-label=\"T\u00e2rgu L\u0103pu\u0219 se revitalizeaz\u0103 pe baza unui contract semnat de 1.44 milioane de euro \u00een cadrul Programului Regional Nord-Vest\"><img loading=\"lazy\" decoding=\"async\" width=\"1024\" height=\"859\" src=\"https:\/\/regionordvest.ro\/wp-content\/uploads\/2024\/06\/324125-Targu-Lapus-Revitalizare-urbana-1024x859.png\" class=\"attachment-large size-large wp-post-image\" alt=\"\" \/><\/a><div style=\"padding-bottom:75%\"><\/div><\/div><\/div><div class=\"w-vwrapper usg_vwrapper_1 align_none valign_middle\" style=\"--vwrapper-gap: 0.5rem;\"><h2 class=\"w-post-elm post_title usg_post_title_1 wrapper align_left color_link_inherit\"><a href=\"https:\/\/regionordvest.ro\/en\/targu-lapus-se-revitalizeaza-pe-baza-unui-contract-semnat-de-1-44-milioane-de-euro-in-cadrul-programului-regional-nord-vest\/\">T\u00e2rgu L\u0103pu\u0219 se revitalizeaz\u0103 pe baza unui contract semnat de 1.44 milioane de euro \u00een cadrul Programului Regional Nord-Vest<\/a><\/h2><\/div><div class=\"w-vwrapper usg_vwrapper_2 align_none valign_bottom\" style=\"--vwrapper-gap: 0.4rem;\"><time class=\"w-post-elm post_date usg_post_date_2 icon-data entry-date published\" datetime=\"2024-06-19T09:50:26+03:00\"><i class=\"far fa-calendar\"><\/i>June 19, 2024<\/time><\/div>\t\t<\/div>\r\n\t\t\t<\/article>\r\n\t<article class=\"w-grid-item size_1x1 post-6937 post type-post status-publish format-standard has-post-thumbnail hentry category-contract category-judetul-cluj category-por-2021-2027\" data-id=\"6937\">\r\n\t\t<div class=\"w-grid-item-h\">\r\n\t\t\t\t\t\t<div class=\"w-vwrapper usg_vwrapper_3 align_none valign_top\" style=\"--vwrapper-gap: 2rem;\"><div class=\"w-post-elm post_image usg_post_image_1 has_ratio\"><a href=\"https:\/\/regionordvest.ro\/en\/locuitorii-orasului-gherla-vor-avea-un-sistem-de-transport-public-ecologic-piste-de-biciclete-si-sisteme-de-bike-sharing\/\" aria-label=\"Locuitorii ora\u0219ului Gherla vor avea un sistem de transport public ecologic, piste de biciclete \u0219i sisteme de bike-sharing\"><img loading=\"lazy\" decoding=\"async\" width=\"1024\" height=\"859\" src=\"https:\/\/regionordvest.ro\/wp-content\/uploads\/2024\/06\/Coridor-Gherla-1-1024x859.png\" class=\"attachment-large size-large wp-post-image\" alt=\"\" \/><\/a><div style=\"padding-bottom:75%\"><\/div><\/div><\/div><div class=\"w-vwrapper usg_vwrapper_1 align_none valign_middle\" style=\"--vwrapper-gap: 0.5rem;\"><h2 class=\"w-post-elm post_title usg_post_title_1 wrapper align_left color_link_inherit\"><a href=\"https:\/\/regionordvest.ro\/en\/locuitorii-orasului-gherla-vor-avea-un-sistem-de-transport-public-ecologic-piste-de-biciclete-si-sisteme-de-bike-sharing\/\">Locuitorii ora\u0219ului Gherla vor avea un sistem de transport public ecologic, piste de biciclete \u0219i sisteme de bike-sharing<\/a><\/h2><\/div><div class=\"w-vwrapper usg_vwrapper_2 align_none valign_bottom\" style=\"--vwrapper-gap: 0.4rem;\"><time class=\"w-post-elm post_date usg_post_date_2 icon-data entry-date published\" datetime=\"2024-06-19T08:06:40+03:00\"><i class=\"far fa-calendar\"><\/i>June 19, 2024<\/time><\/div>\t\t<\/div>\r\n\t\t\t<\/article>\r\n\t<article class=\"w-grid-item size_1x1 post-6927 post type-post status-publish format-standard has-post-thumbnail hentry category-contract category-judetul-cluj category-por-2021-2027\" data-id=\"6927\">\r\n\t\t<div class=\"w-grid-item-h\">\r\n\t\t\t\t\t\t<div class=\"w-vwrapper usg_vwrapper_3 align_none valign_top\" style=\"--vwrapper-gap: 2rem;\"><div class=\"w-post-elm post_image usg_post_image_1 has_ratio\"><a href=\"https:\/\/regionordvest.ro\/en\/scoala-gimnaziala-nr-1-din-dej-va-fi-modernizata-prin-intermediul-programului-regional-nord-vest-2021-2027\/\" aria-label=\"\u0218coala Gimnazial\u0103 nr. 1 din Dej va fi modernizat\u0103 prin intermediul Programului Regional Nord-Vest 2021-2027\"><img loading=\"lazy\" decoding=\"async\" width=\"1024\" height=\"859\" src=\"https:\/\/regionordvest.ro\/wp-content\/uploads\/2024\/06\/324121-Scoala-Gimnaziala-nr.-1-Dej-1024x859.png\" class=\"attachment-large size-large wp-post-image\" alt=\"\" \/><\/a><div style=\"padding-bottom:75%\"><\/div><\/div><\/div><div class=\"w-vwrapper usg_vwrapper_1 align_none valign_middle\" style=\"--vwrapper-gap: 0.5rem;\"><h2 class=\"w-post-elm post_title usg_post_title_1 wrapper align_left color_link_inherit\"><a href=\"https:\/\/regionordvest.ro\/en\/scoala-gimnaziala-nr-1-din-dej-va-fi-modernizata-prin-intermediul-programului-regional-nord-vest-2021-2027\/\">\u0218coala Gimnazial\u0103 nr. 1 din Dej va fi modernizat\u0103 prin intermediul Programului Regional Nord-Vest 2021-2027<\/a><\/h2><\/div><div class=\"w-vwrapper usg_vwrapper_2 align_none valign_bottom\" style=\"--vwrapper-gap: 0.4rem;\"><time class=\"w-post-elm post_date usg_post_date_2 icon-data entry-date published\" datetime=\"2024-06-18T15:30:19+03:00\"><i class=\"far fa-calendar\"><\/i>June 18, 2024<\/time><\/div>\t\t<\/div>\r\n\t\t\t<\/article>\r\n\t<article class=\"w-grid-item size_1x1 post-6924 post type-post status-publish format-standard has-post-thumbnail hentry category-contract category-por-2021-2027\" data-id=\"6924\">\r\n\t\t<div class=\"w-grid-item-h\">\r\n\t\t\t\t\t\t<div class=\"w-vwrapper usg_vwrapper_3 align_none valign_top\" style=\"--vwrapper-gap: 2rem;\"><div class=\"w-post-elm post_image usg_post_image_1 has_ratio\"><a href=\"https:\/\/regionordvest.ro\/en\/primele-5-contracte-semnate-cu-imm-urile-din-domeniile-robotica-si-nanotehnologii\/\" aria-label=\"Primele 5 contracte semnate cu IMM-urile din domeniile robotic\u0103 \u0219i nanotehnologii\"><img loading=\"lazy\" decoding=\"async\" width=\"1024\" height=\"858\" src=\"https:\/\/regionordvest.ro\/wp-content\/uploads\/2024\/06\/Apelurile-de-proiecte-1-1024x858.png\" class=\"attachment-large size-large wp-post-image\" alt=\"\" \/><\/a><div style=\"padding-bottom:75%\"><\/div><\/div><\/div><div class=\"w-vwrapper usg_vwrapper_1 align_none valign_middle\" style=\"--vwrapper-gap: 0.5rem;\"><h2 class=\"w-post-elm post_title usg_post_title_1 wrapper align_left color_link_inherit\"><a href=\"https:\/\/regionordvest.ro\/en\/primele-5-contracte-semnate-cu-imm-urile-din-domeniile-robotica-si-nanotehnologii\/\">Primele 5 contracte semnate cu IMM-urile din domeniile robotic\u0103 \u0219i nanotehnologii<\/a><\/h2><\/div><div class=\"w-vwrapper usg_vwrapper_2 align_none valign_bottom\" style=\"--vwrapper-gap: 0.4rem;\"><time class=\"w-post-elm post_date usg_post_date_2 icon-data entry-date published\" datetime=\"2024-06-17T17:24:20+03:00\"><i class=\"far fa-calendar\"><\/i>June 17, 2024<\/time><\/div>\t\t<\/div>\r\n\t\t\t<\/article>\r\n\t<article class=\"w-grid-item size_1x1 post-6918 post type-post status-publish format-standard has-post-thumbnail hentry category-contract category-judetul-maramures category-por-2021-2027\" data-id=\"6918\">\r\n\t\t<div class=\"w-grid-item-h\">\r\n\t\t\t\t\t\t<div class=\"w-vwrapper usg_vwrapper_3 align_none valign_top\" style=\"--vwrapper-gap: 2rem;\"><div class=\"w-post-elm post_image usg_post_image_1 has_ratio\"><a href=\"https:\/\/regionordvest.ro\/en\/baia-sprie-va-avea-un-coridor-de-mobilitate-urbana-in-valoare-de-193-milioane-de-euro-in-cadrul-programului-regional-nord-vest-2021-2027\/\" aria-label=\"Baia Sprie va avea un coridor de mobilitate urban\u0103 \u00een valoare de 19,3 milioane de euro \u00een cadrul Programului Regional Nord-Vest 2021-2027\"><img loading=\"lazy\" decoding=\"async\" width=\"1024\" height=\"859\" src=\"https:\/\/regionordvest.ro\/wp-content\/uploads\/2024\/06\/301400-Coridor-urban-Baia-Sprie-1024x859.png\" class=\"attachment-large size-large wp-post-image\" alt=\"\" \/><\/a><div style=\"padding-bottom:75%\"><\/div><\/div><\/div><div class=\"w-vwrapper usg_vwrapper_1 align_none valign_middle\" style=\"--vwrapper-gap: 0.5rem;\"><h2 class=\"w-post-elm post_title usg_post_title_1 wrapper align_left color_link_inherit\"><a href=\"https:\/\/regionordvest.ro\/en\/baia-sprie-va-avea-un-coridor-de-mobilitate-urbana-in-valoare-de-193-milioane-de-euro-in-cadrul-programului-regional-nord-vest-2021-2027\/\">Baia Sprie va avea un coridor de mobilitate urban\u0103 \u00een valoare de 19,3 milioane de euro \u00een cadrul Programului Regional Nord-Vest 2021-2027<\/a><\/h2><\/div><div class=\"w-vwrapper usg_vwrapper_2 align_none valign_bottom\" style=\"--vwrapper-gap: 0.4rem;\"><time class=\"w-post-elm post_date usg_post_date_2 icon-data entry-date published\" datetime=\"2024-06-17T17:09:05+03:00\"><i class=\"far fa-calendar\"><\/i>June 17, 2024<\/time><\/div>\t\t<\/div>\r\n\t\t\t<\/article>\r\n\t<article class=\"w-grid-item size_1x1 post-6911 post type-post status-publish format-standard has-post-thumbnail hentry category-contract category-judetul-salaj category-por-2021-2027\" data-id=\"6911\">\r\n\t\t<div class=\"w-grid-item-h\">\r\n\t\t\t\t\t\t<div class=\"w-vwrapper usg_vwrapper_3 align_none valign_top\" style=\"--vwrapper-gap: 2rem;\"><div class=\"w-post-elm post_image usg_post_image_1 has_ratio\"><a href=\"https:\/\/regionordvest.ro\/en\/drumurile-din-tara-silvaniei-se-modernizeaza-datorita-unui-contract-de-838-milioane-de-euro-din-cadrul-programului-regional-nord-vest-2021-2027\/\" aria-label=\"Drumurile din \u021aara Silvaniei se modernizeaz\u0103 datorit\u0103 unui contract de 83,8 milioane de euro din cadrul Programului Regional  Nord-Vest 2021-2027\"><img loading=\"lazy\" decoding=\"async\" width=\"1024\" height=\"859\" src=\"https:\/\/regionordvest.ro\/wp-content\/uploads\/2024\/06\/306247-Drumuri-Tara-Silvaniei-1024x859.png\" class=\"attachment-large size-large wp-post-image\" alt=\"\" \/><\/a><div style=\"padding-bottom:75%\"><\/div><\/div><\/div><div class=\"w-vwrapper usg_vwrapper_1 align_none valign_middle\" style=\"--vwrapper-gap: 0.5rem;\"><h2 class=\"w-post-elm post_title usg_post_title_1 wrapper align_left color_link_inherit\"><a href=\"https:\/\/regionordvest.ro\/en\/drumurile-din-tara-silvaniei-se-modernizeaza-datorita-unui-contract-de-838-milioane-de-euro-din-cadrul-programului-regional-nord-vest-2021-2027\/\">Drumurile din \u021aara Silvaniei se modernizeaz\u0103 datorit\u0103 unui contract de 83,8 milioane de euro din cadrul Programului Regional  Nord-Vest 2021-2027<\/a><\/h2><\/div><div class=\"w-vwrapper usg_vwrapper_2 align_none valign_bottom\" style=\"--vwrapper-gap: 0.4rem;\"><time class=\"w-post-elm post_date usg_post_date_2 icon-data entry-date published\" datetime=\"2024-06-14T16:19:03+03:00\"><i class=\"far fa-calendar\"><\/i>June 14, 2024<\/time><\/div>\t\t<\/div>\r\n\t\t\t<\/article>\r\n\t<article class=\"w-grid-item size_1x1 post-6893 post type-post status-publish format-standard has-post-thumbnail hentry category-contract category-judetul-cluj category-por-2021-2027\" data-id=\"6893\">\r\n\t\t<div class=\"w-grid-item-h\">\r\n\t\t\t\t\t\t<div class=\"w-vwrapper usg_vwrapper_3 align_none valign_top\" style=\"--vwrapper-gap: 2rem;\"><div class=\"w-post-elm post_image usg_post_image_1 has_ratio\"><a href=\"https:\/\/regionordvest.ro\/en\/turda-se-inverzeste-datorita-unui-contract-semnat-de-500000-de-euro-in-cadrul-programului-regional-nord-vest-2021-2027\/\" aria-label=\"Turda se \u00eenverze\u0219te datorit\u0103 unui contract semnat de 500,000 de EURO \u00een cadrul Programului Regional Nord-Vest 2021-2027\"><img loading=\"lazy\" decoding=\"async\" width=\"1024\" height=\"859\" src=\"https:\/\/regionordvest.ro\/wp-content\/uploads\/2024\/06\/324161-Obelisc-Turda-1024x859.png\" class=\"attachment-large size-large wp-post-image\" alt=\"\" \/><\/a><div style=\"padding-bottom:75%\"><\/div><\/div><\/div><div class=\"w-vwrapper usg_vwrapper_1 align_none valign_middle\" style=\"--vwrapper-gap: 0.5rem;\"><h2 class=\"w-post-elm post_title usg_post_title_1 wrapper align_left color_link_inherit\"><a href=\"https:\/\/regionordvest.ro\/en\/turda-se-inverzeste-datorita-unui-contract-semnat-de-500000-de-euro-in-cadrul-programului-regional-nord-vest-2021-2027\/\">Turda se \u00eenverze\u0219te datorit\u0103 unui contract semnat de 500,000 de EURO \u00een cadrul Programului Regional Nord-Vest 2021-2027<\/a><\/h2><\/div><div class=\"w-vwrapper usg_vwrapper_2 align_none valign_bottom\" style=\"--vwrapper-gap: 0.4rem;\"><time class=\"w-post-elm post_date usg_post_date_2 icon-data entry-date published\" datetime=\"2024-06-13T16:50:06+03:00\"><i class=\"far fa-calendar\"><\/i>June 13, 2024<\/time><\/div>\t\t<\/div>\r\n\t\t\t<\/article>\r\n\t<article class=\"w-grid-item size_1x1 post-6883 post type-post status-publish format-standard has-post-thumbnail hentry category-contract category-judetul-bihor category-por-2021-2027\" data-id=\"6883\">\r\n\t\t<div class=\"w-grid-item-h\">\r\n\t\t\t\t\t\t<div class=\"w-vwrapper usg_vwrapper_3 align_none valign_top\" style=\"--vwrapper-gap: 2rem;\"><div class=\"w-post-elm post_image usg_post_image_1 has_ratio\"><a href=\"https:\/\/regionordvest.ro\/en\/salonta-va-avea-noi-piste-de-biciclete-bike-sharing-si-infrastructura-de-transport-public-moderna-datorita-finantarii-din-cadrul-pr-nv-21-27\/\" aria-label=\"Salonta va avea noi piste de biciclete, sisteme de bike-sharing \u0219i o infrastructur\u0103 de transport public modern\u0103 datorit\u0103 unei finan\u021b\u0103ri \u00een valoare de peste 15 milioane de euro \u00een cadrul Programului Regional Nord-Vest 2021-2027\"><img loading=\"lazy\" decoding=\"async\" width=\"1024\" height=\"859\" src=\"https:\/\/regionordvest.ro\/wp-content\/uploads\/2024\/06\/Coridoare-de-mobilitate-eco-Salonta-1-1024x859.png\" class=\"attachment-large size-large wp-post-image\" alt=\"\" \/><\/a><div style=\"padding-bottom:75%\"><\/div><\/div><\/div><div class=\"w-vwrapper usg_vwrapper_1 align_none valign_middle\" style=\"--vwrapper-gap: 0.5rem;\"><h2 class=\"w-post-elm post_title usg_post_title_1 wrapper align_left color_link_inherit\"><a href=\"https:\/\/regionordvest.ro\/en\/salonta-va-avea-noi-piste-de-biciclete-bike-sharing-si-infrastructura-de-transport-public-moderna-datorita-finantarii-din-cadrul-pr-nv-21-27\/\">Salonta va avea noi piste de biciclete, sisteme de bike-sharing \u0219i o infrastructur\u0103 de transport public modern\u0103 datorit\u0103 unei finan\u021b\u0103ri \u00een valoare de peste 15 milioane de euro \u00een cadrul Programului Regional Nord-Vest 2021-2027<\/a><\/h2><\/div><div class=\"w-vwrapper usg_vwrapper_2 align_none valign_bottom\" style=\"--vwrapper-gap: 0.4rem;\"><time class=\"w-post-elm post_date usg_post_date_2 icon-data entry-date published\" datetime=\"2024-06-13T15:31:13+03:00\"><i class=\"far fa-calendar\"><\/i>June 13, 2024<\/time><\/div>\t\t<\/div>\r\n\t\t\t<\/article>\r\n\t<article class=\"w-grid-item size_1x1 post-6872 post type-post status-publish format-standard has-post-thumbnail hentry category-contract category-judetul-satu-mare category-por-2021-2027\" data-id=\"6872\">\r\n\t\t<div class=\"w-grid-item-h\">\r\n\t\t\t\t\t\t<div class=\"w-vwrapper usg_vwrapper_3 align_none valign_top\" style=\"--vwrapper-gap: 2rem;\"><div class=\"w-post-elm post_image usg_post_image_1 has_ratio\"><a href=\"https:\/\/regionordvest.ro\/en\/municipiul-carei-construieste-locuinte-sociale-prin-intermediul-pr-nv-21-27\/\" aria-label=\"Municipiul Carei construie\u0219te locuin\u021be sociale prin intermediul unei finan\u021b\u0103ri \u00een valoare de peste 750.000 de euro \u00een cadrul Programului Regional Nord-Vest 2021-2027\"><img loading=\"lazy\" decoding=\"async\" width=\"1024\" height=\"859\" src=\"https:\/\/regionordvest.ro\/wp-content\/uploads\/2024\/06\/Locuinte-sociale-Carei-1-1024x859.png\" class=\"attachment-large size-large wp-post-image\" alt=\"\" \/><\/a><div style=\"padding-bottom:75%\"><\/div><\/div><\/div><div class=\"w-vwrapper usg_vwrapper_1 align_none valign_middle\" style=\"--vwrapper-gap: 0.5rem;\"><h2 class=\"w-post-elm post_title usg_post_title_1 wrapper align_left color_link_inherit\"><a href=\"https:\/\/regionordvest.ro\/en\/municipiul-carei-construieste-locuinte-sociale-prin-intermediul-pr-nv-21-27\/\">Municipiul Carei construie\u0219te locuin\u021be sociale prin intermediul unei finan\u021b\u0103ri \u00een valoare de peste 750.000 de euro \u00een cadrul Programului Regional Nord-Vest 2021-2027<\/a><\/h2><\/div><div class=\"w-vwrapper usg_vwrapper_2 align_none valign_bottom\" style=\"--vwrapper-gap: 0.4rem;\"><time class=\"w-post-elm post_date usg_post_date_2 icon-data entry-date published\" datetime=\"2024-06-13T13:25:25+03:00\"><i class=\"far fa-calendar\"><\/i>June 13, 2024<\/time><\/div>\t\t<\/div>\r\n\t\t\t<\/article>\r\n\t<article class=\"w-grid-item size_1x1 post-6869 post type-post status-publish format-standard has-post-thumbnail hentry category-contract category-judetul-bihor category-por-2021-2027\" data-id=\"6869\">\r\n\t\t<div class=\"w-grid-item-h\">\r\n\t\t\t\t\t\t<div class=\"w-vwrapper usg_vwrapper_3 align_none valign_top\" style=\"--vwrapper-gap: 2rem;\"><div class=\"w-post-elm post_image usg_post_image_1 has_ratio\"><a href=\"https:\/\/regionordvest.ro\/en\/comuna-santandrei-va-avea-parcuri-noi-datorita-unui-contract-de-5-milioane-de-euro-in-cadrul-programului-regional-nord-vest-2021-2027\/\" aria-label=\"Comuna S\u00e2ntandrei va avea parcuri noi datorit\u0103 unui contract de 5 milioane de euro \u00een cadrul Programului Regional Nord-Vest 2021-2027\"><img loading=\"lazy\" decoding=\"async\" width=\"1024\" height=\"859\" src=\"https:\/\/regionordvest.ro\/wp-content\/uploads\/2024\/06\/300351-UAT-Santandrei-Parc-1024x859.png\" class=\"attachment-large size-large wp-post-image\" alt=\"\" \/><\/a><div style=\"padding-bottom:75%\"><\/div><\/div><\/div><div class=\"w-vwrapper usg_vwrapper_1 align_none valign_middle\" style=\"--vwrapper-gap: 0.5rem;\"><h2 class=\"w-post-elm post_title usg_post_title_1 wrapper align_left color_link_inherit\"><a href=\"https:\/\/regionordvest.ro\/en\/comuna-santandrei-va-avea-parcuri-noi-datorita-unui-contract-de-5-milioane-de-euro-in-cadrul-programului-regional-nord-vest-2021-2027\/\">Comuna S\u00e2ntandrei va avea parcuri noi datorit\u0103 unui contract de 5 milioane de euro \u00een cadrul Programului Regional Nord-Vest 2021-2027<\/a><\/h2><\/div><div class=\"w-vwrapper usg_vwrapper_2 align_none valign_bottom\" style=\"--vwrapper-gap: 0.4rem;\"><time class=\"w-post-elm post_date usg_post_date_2 icon-data entry-date published\" datetime=\"2024-06-12T16:31:05+03:00\"><i class=\"far fa-calendar\"><\/i>June 12, 2024<\/time><\/div>\t\t<\/div>\r\n\t\t\t<\/article>\r\n\t<article class=\"w-grid-item size_1x1 post-6866 post type-post status-publish format-standard has-post-thumbnail hentry category-contract category-judetul-bihor category-por-2021-2027\" data-id=\"6866\">\r\n\t\t<div class=\"w-grid-item-h\">\r\n\t\t\t\t\t\t<div class=\"w-vwrapper usg_vwrapper_3 align_none valign_top\" style=\"--vwrapper-gap: 2rem;\"><div class=\"w-post-elm post_image usg_post_image_1 has_ratio\"><a href=\"https:\/\/regionordvest.ro\/en\/municipiul-marghita-va-avea-un-parc-de-specializare-inteligenta-in-valoare-de-61-milioane-de-euro-in-cadrul-programului-regional-nord-vest-2021-2027\/\" aria-label=\"Municipiul Marghita va avea un Parc de Specializare Inteligent\u0103 \u00een valoare de 6,1 milioane de euro \u00een cadrul Programului Regional Nord-Vest 2021-2027\"><img loading=\"lazy\" decoding=\"async\" width=\"1024\" height=\"859\" src=\"https:\/\/regionordvest.ro\/wp-content\/uploads\/2024\/06\/301612-PSI-Marghita-1-1024x859.png\" class=\"attachment-large size-large wp-post-image\" alt=\"\" \/><\/a><div style=\"padding-bottom:75%\"><\/div><\/div><\/div><div class=\"w-vwrapper usg_vwrapper_1 align_none valign_middle\" style=\"--vwrapper-gap: 0.5rem;\"><h2 class=\"w-post-elm post_title usg_post_title_1 wrapper align_left color_link_inherit\"><a href=\"https:\/\/regionordvest.ro\/en\/municipiul-marghita-va-avea-un-parc-de-specializare-inteligenta-in-valoare-de-61-milioane-de-euro-in-cadrul-programului-regional-nord-vest-2021-2027\/\">Municipiul Marghita va avea un Parc de Specializare Inteligent\u0103 \u00een valoare de 6,1 milioane de euro \u00een cadrul Programului Regional Nord-Vest 2021-2027<\/a><\/h2><\/div><div class=\"w-vwrapper usg_vwrapper_2 align_none valign_bottom\" style=\"--vwrapper-gap: 0.4rem;\"><time class=\"w-post-elm post_date usg_post_date_2 icon-data entry-date published\" datetime=\"2024-06-12T16:28:18+03:00\"><i class=\"far fa-calendar\"><\/i>June 12, 2024<\/time><\/div>\t\t<\/div>\r\n\t\t\t<\/article>\r\n\t<article class=\"w-grid-item size_1x1 post-6858 post type-post status-publish format-standard has-post-thumbnail hentry category-contract category-judetul-bihor category-por-2021-2027\" data-id=\"6858\">\r\n\t\t<div class=\"w-grid-item-h\">\r\n\t\t\t\t\t\t<div class=\"w-vwrapper usg_vwrapper_3 align_none valign_top\" style=\"--vwrapper-gap: 2rem;\"><div class=\"w-post-elm post_image usg_post_image_1 has_ratio\"><a href=\"https:\/\/regionordvest.ro\/en\/municipiul-beius-va-avea-un-parc-de-specializare-inteligenta-in-valoare-de-88-milioane-de-euro-in-cadrul-programului-regional-nord-vest-2021-2027\/\" aria-label=\"Municipiul Beiu\u0219 va avea un Parc de Specializare Inteligent\u0103 \u00een valoare de 8,8 milioane de euro \u00een cadrul Programului Regional Nord-Vest 2021-2027\"><img loading=\"lazy\" decoding=\"async\" width=\"1024\" height=\"859\" src=\"https:\/\/regionordvest.ro\/wp-content\/uploads\/2024\/06\/301609-PSI-Beius-1024x859.png\" class=\"attachment-large size-large wp-post-image\" alt=\"\" \/><\/a><div style=\"padding-bottom:75%\"><\/div><\/div><\/div><div class=\"w-vwrapper usg_vwrapper_1 align_none valign_middle\" style=\"--vwrapper-gap: 0.5rem;\"><h2 class=\"w-post-elm post_title usg_post_title_1 wrapper align_left color_link_inherit\"><a href=\"https:\/\/regionordvest.ro\/en\/municipiul-beius-va-avea-un-parc-de-specializare-inteligenta-in-valoare-de-88-milioane-de-euro-in-cadrul-programului-regional-nord-vest-2021-2027\/\">Municipiul Beiu\u0219 va avea un Parc de Specializare Inteligent\u0103 \u00een valoare de 8,8 milioane de euro \u00een cadrul Programului Regional Nord-Vest 2021-2027<\/a><\/h2><\/div><div class=\"w-vwrapper usg_vwrapper_2 align_none valign_bottom\" style=\"--vwrapper-gap: 0.4rem;\"><time class=\"w-post-elm post_date usg_post_date_2 icon-data entry-date published\" datetime=\"2024-06-12T09:33:59+03:00\"><i class=\"far fa-calendar\"><\/i>June 12, 2024<\/time><\/div>\t\t<\/div>\r\n\t\t\t<\/article>\r\n\t<article class=\"w-grid-item size_1x1 post-6852 post type-post status-publish format-standard has-post-thumbnail hentry category-contract category-judetul-satu-mare category-por-2021-2027\" data-id=\"6852\">\r\n\t\t<div class=\"w-grid-item-h\">\r\n\t\t\t\t\t\t<div class=\"w-vwrapper usg_vwrapper_3 align_none valign_top\" style=\"--vwrapper-gap: 2rem;\"><div class=\"w-post-elm post_image usg_post_image_1 has_ratio\"><a href=\"https:\/\/regionordvest.ro\/en\/continuam-restaurarea-castelului-karolyi-in-cadrul-programului-regional-nord-vest-2021-2027\/\" aria-label=\"Continu\u0103m restaurarea Castelului Karolyi din Carei \u00een cadrul Programului Regional Nord-Vest 2021-2027 prin intermediul unei finan\u021b\u0103ri \u00een valoare de peste 8 milioane de euro\"><img loading=\"lazy\" decoding=\"async\" width=\"1024\" height=\"859\" src=\"https:\/\/regionordvest.ro\/wp-content\/uploads\/2024\/06\/Castelul-Karolyi-1-1024x859.png\" class=\"attachment-large size-large wp-post-image\" alt=\"\" \/><\/a><div style=\"padding-bottom:75%\"><\/div><\/div><\/div><div class=\"w-vwrapper usg_vwrapper_1 align_none valign_middle\" style=\"--vwrapper-gap: 0.5rem;\"><h2 class=\"w-post-elm post_title usg_post_title_1 wrapper align_left color_link_inherit\"><a href=\"https:\/\/regionordvest.ro\/en\/continuam-restaurarea-castelului-karolyi-in-cadrul-programului-regional-nord-vest-2021-2027\/\">Continu\u0103m restaurarea Castelului Karolyi din Carei \u00een cadrul Programului Regional Nord-Vest 2021-2027 prin intermediul unei finan\u021b\u0103ri \u00een valoare de peste 8 milioane de euro<\/a><\/h2><\/div><div class=\"w-vwrapper usg_vwrapper_2 align_none valign_bottom\" style=\"--vwrapper-gap: 0.4rem;\"><time class=\"w-post-elm post_date usg_post_date_2 icon-data entry-date published\" datetime=\"2024-06-11T17:08:36+03:00\"><i class=\"far fa-calendar\"><\/i>June 11, 2024<\/time><\/div>\t\t<\/div>\r\n\t\t\t<\/article>\r\n\t<article class=\"w-grid-item size_1x1 post-6846 post type-post status-publish format-standard has-post-thumbnail hentry category-contract category-judetul-bihor category-por-2021-2027\" data-id=\"6846\">\r\n\t\t<div class=\"w-grid-item-h\">\r\n\t\t\t\t\t\t<div class=\"w-vwrapper usg_vwrapper_3 align_none valign_top\" style=\"--vwrapper-gap: 2rem;\"><div class=\"w-post-elm post_image usg_post_image_1 has_ratio\"><a href=\"https:\/\/regionordvest.ro\/en\/scoala-gimnaziala-juhasz-gyula-din-oradea-se-va-moderniza-datorita-unui-contract-de-22-milioane-de-euro-in-cadrul-programului-regional-nord-vest-2021-2027\/\" aria-label=\"\u0218coala Gimnazial\u0103 &#8222;Juhasz Gyula&#8221; din Oradea se va moderniza datorit\u0103 unui contract de 2,2 milioane de EURO \u00een cadrul Programului Regional Nord-Vest 2021-2027\"><img loading=\"lazy\" decoding=\"async\" width=\"1024\" height=\"859\" src=\"https:\/\/regionordvest.ro\/wp-content\/uploads\/2024\/06\/302109-Scoala-Gimnaziala-Juhasz-Gyula-1-1024x859.png\" class=\"attachment-large size-large wp-post-image\" alt=\"\" \/><\/a><div style=\"padding-bottom:75%\"><\/div><\/div><\/div><div class=\"w-vwrapper usg_vwrapper_1 align_none valign_middle\" style=\"--vwrapper-gap: 0.5rem;\"><h2 class=\"w-post-elm post_title usg_post_title_1 wrapper align_left color_link_inherit\"><a href=\"https:\/\/regionordvest.ro\/en\/scoala-gimnaziala-juhasz-gyula-din-oradea-se-va-moderniza-datorita-unui-contract-de-22-milioane-de-euro-in-cadrul-programului-regional-nord-vest-2021-2027\/\">\u0218coala Gimnazial\u0103 &#8222;Juhasz Gyula&#8221; din Oradea se va moderniza datorit\u0103 unui contract de 2,2 milioane de EURO \u00een cadrul Programului Regional Nord-Vest 2021-2027<\/a><\/h2><\/div><div class=\"w-vwrapper usg_vwrapper_2 align_none valign_bottom\" style=\"--vwrapper-gap: 0.4rem;\"><time class=\"w-post-elm post_date usg_post_date_2 icon-data entry-date published\" datetime=\"2024-06-11T13:37:18+03:00\"><i class=\"far fa-calendar\"><\/i>June 11, 2024<\/time><\/div>\t\t<\/div>\r\n\t\t\t<\/article>\r\n\t<article class=\"w-grid-item size_1x1 post-6843 post type-post status-publish format-standard has-post-thumbnail hentry category-por-2021-2027 category-contract category-judetul-cluj\" data-id=\"6843\">\r\n\t\t<div class=\"w-grid-item-h\">\r\n\t\t\t\t\t\t<div class=\"w-vwrapper usg_vwrapper_3 align_none valign_top\" style=\"--vwrapper-gap: 2rem;\"><div class=\"w-post-elm post_image usg_post_image_1 has_ratio\"><a href=\"https:\/\/regionordvest.ro\/en\/municipiul-gherla-a-semnat-contractul-de-finantare-pentru-dezvoltarea-unui-coridor-de-mobilitate-urbana\/\" aria-label=\"Municipiul Gherla a semnat contractul de finan\u021bare pentru dezvoltarea unui coridor de mobilitate urban\u0103\"><img loading=\"lazy\" decoding=\"async\" width=\"1024\" height=\"859\" src=\"https:\/\/regionordvest.ro\/wp-content\/uploads\/2024\/06\/301405-Coridor-Gherla-2-1024x859.png\" class=\"attachment-large size-large wp-post-image\" alt=\"\" \/><\/a><div style=\"padding-bottom:75%\"><\/div><\/div><\/div><div class=\"w-vwrapper usg_vwrapper_1 align_none valign_middle\" style=\"--vwrapper-gap: 0.5rem;\"><h2 class=\"w-post-elm post_title usg_post_title_1 wrapper align_left color_link_inherit\"><a href=\"https:\/\/regionordvest.ro\/en\/municipiul-gherla-a-semnat-contractul-de-finantare-pentru-dezvoltarea-unui-coridor-de-mobilitate-urbana\/\">Municipiul Gherla a semnat contractul de finan\u021bare pentru dezvoltarea unui coridor de mobilitate urban\u0103<\/a><\/h2><\/div><div class=\"w-vwrapper usg_vwrapper_2 align_none valign_bottom\" style=\"--vwrapper-gap: 0.4rem;\"><time class=\"w-post-elm post_date usg_post_date_2 icon-data entry-date published\" datetime=\"2024-06-11T10:03:16+03:00\"><i class=\"far fa-calendar\"><\/i>June 11, 2024<\/time><\/div>\t\t<\/div>\r\n\t\t\t<\/article>\r\n\t<article class=\"w-grid-item size_1x1 post-6839 post type-post status-publish format-standard has-post-thumbnail hentry category-contract category-judetul-bihor category-por-2021-2027\" data-id=\"6839\">\r\n\t\t<div class=\"w-grid-item-h\">\r\n\t\t\t\t\t\t<div class=\"w-vwrapper usg_vwrapper_3 align_none valign_top\" style=\"--vwrapper-gap: 2rem;\"><div class=\"w-post-elm post_image usg_post_image_1 has_ratio\"><a href=\"https:\/\/regionordvest.ro\/en\/beius-va-avea-un-muzeu-modern-datorita-unui-contract-semnat-de-36-milioane-de-euro-in-cadrul-programului-regional-nord-vest-2021-2027\/\" aria-label=\"Beiu\u0219 va avea un muzeu modern datorit\u0103 unui contract semnat de 3,6 milioane de euro \u00een cadrul Programului Regional Nord-Vest 2021-2027\"><img loading=\"lazy\" decoding=\"async\" width=\"1024\" height=\"859\" src=\"https:\/\/regionordvest.ro\/wp-content\/uploads\/2024\/06\/Muzeu-Municipal-Beius-1-1024x859.png\" class=\"attachment-large size-large wp-post-image\" alt=\"\" \/><\/a><div style=\"padding-bottom:75%\"><\/div><\/div><\/div><div class=\"w-vwrapper usg_vwrapper_1 align_none valign_middle\" style=\"--vwrapper-gap: 0.5rem;\"><h2 class=\"w-post-elm post_title usg_post_title_1 wrapper align_left color_link_inherit\"><a href=\"https:\/\/regionordvest.ro\/en\/beius-va-avea-un-muzeu-modern-datorita-unui-contract-semnat-de-36-milioane-de-euro-in-cadrul-programului-regional-nord-vest-2021-2027\/\">Beiu\u0219 va avea un muzeu modern datorit\u0103 unui contract semnat de 3,6 milioane de euro \u00een cadrul Programului Regional Nord-Vest 2021-2027<\/a><\/h2><\/div><div class=\"w-vwrapper usg_vwrapper_2 align_none valign_bottom\" style=\"--vwrapper-gap: 0.4rem;\"><time class=\"w-post-elm post_date usg_post_date_2 icon-data entry-date published\" datetime=\"2024-06-11T09:42:08+03:00\"><i class=\"far fa-calendar\"><\/i>June 11, 2024<\/time><\/div>\t\t<\/div>\r\n\t\t\t<\/article>\r\n\t<article class=\"w-grid-item size_1x1 post-6836 post type-post status-publish format-standard has-post-thumbnail hentry category-contract category-judetul-bihor category-por-2021-2027\" data-id=\"6836\">\r\n\t\t<div class=\"w-grid-item-h\">\r\n\t\t\t\t\t\t<div class=\"w-vwrapper usg_vwrapper_3 align_none valign_top\" style=\"--vwrapper-gap: 2rem;\"><div class=\"w-post-elm post_image usg_post_image_1 has_ratio\"><a href=\"https:\/\/regionordvest.ro\/en\/liceul-din-cadea-va-fi-reabilitat-cu-ajutorul-unui-contract-de-finantare-in-valoare-de-2-milioane-de-euro-in-cadrul-programului-regional-nord-vest-2021-2027\/\" aria-label=\"Liceul din Cadea va fi reabilitat cu ajutorul unui contract de finan\u021bare \u00een valoare de 2 milioane de euro \u00een cadrul Programului Regional Nord-Vest 2021-2027\"><img loading=\"lazy\" decoding=\"async\" width=\"1024\" height=\"859\" src=\"https:\/\/regionordvest.ro\/wp-content\/uploads\/2024\/06\/313339-Liceul-Tehnologic-nr.-1-Cadea-1024x859.png\" class=\"attachment-large size-large wp-post-image\" alt=\"\" \/><\/a><div style=\"padding-bottom:75%\"><\/div><\/div><\/div><div class=\"w-vwrapper usg_vwrapper_1 align_none valign_middle\" style=\"--vwrapper-gap: 0.5rem;\"><h2 class=\"w-post-elm post_title usg_post_title_1 wrapper align_left color_link_inherit\"><a href=\"https:\/\/regionordvest.ro\/en\/liceul-din-cadea-va-fi-reabilitat-cu-ajutorul-unui-contract-de-finantare-in-valoare-de-2-milioane-de-euro-in-cadrul-programului-regional-nord-vest-2021-2027\/\">Liceul din Cadea va fi reabilitat cu ajutorul unui contract de finan\u021bare \u00een valoare de 2 milioane de euro \u00een cadrul Programului Regional Nord-Vest 2021-2027<\/a><\/h2><\/div><div class=\"w-vwrapper usg_vwrapper_2 align_none valign_bottom\" style=\"--vwrapper-gap: 0.4rem;\"><time class=\"w-post-elm post_date usg_post_date_2 icon-data entry-date published\" datetime=\"2024-06-10T17:17:44+03:00\"><i class=\"far fa-calendar\"><\/i>June 10, 2024<\/time><\/div>\t\t<\/div>\r\n\t\t\t<\/article>\r\n\t<article class=\"w-grid-item size_1x1 post-6811 post type-post status-publish format-standard has-post-thumbnail hentry category-contract category-judetul-salaj category-por-2021-2027\" data-id=\"6811\">\r\n\t\t<div class=\"w-grid-item-h\">\r\n\t\t\t\t\t\t<div class=\"w-vwrapper usg_vwrapper_3 align_none valign_top\" style=\"--vwrapper-gap: 2rem;\"><div class=\"w-post-elm post_image usg_post_image_1 has_ratio\"><a href=\"https:\/\/regionordvest.ro\/en\/simleu-silvaniei-se-modernizeaza-datorita-unui-contract-semnat-de-46-milioane-de-euro-in-cadrul-programului-regional-nord-vest-2021-2027\/\" aria-label=\"\u0218imleu Silvaniei se modernizeaz\u0103 datorit\u0103 unui contract semnat de 4,6 milioane de euro \u00een cadrul Programului Regional Nord-Vest 2021-2027\"><img loading=\"lazy\" decoding=\"async\" width=\"1024\" height=\"859\" src=\"https:\/\/regionordvest.ro\/wp-content\/uploads\/2024\/06\/303539-Regenerare-urbana-Simleul-Silvaniei-1024x859.png\" class=\"attachment-large size-large wp-post-image\" alt=\"\" \/><\/a><div style=\"padding-bottom:75%\"><\/div><\/div><\/div><div class=\"w-vwrapper usg_vwrapper_1 align_none valign_middle\" style=\"--vwrapper-gap: 0.5rem;\"><h2 class=\"w-post-elm post_title usg_post_title_1 wrapper align_left color_link_inherit\"><a href=\"https:\/\/regionordvest.ro\/en\/simleu-silvaniei-se-modernizeaza-datorita-unui-contract-semnat-de-46-milioane-de-euro-in-cadrul-programului-regional-nord-vest-2021-2027\/\">\u0218imleu Silvaniei se modernizeaz\u0103 datorit\u0103 unui contract semnat de 4,6 milioane de euro \u00een cadrul Programului Regional Nord-Vest 2021-2027<\/a><\/h2><\/div><div class=\"w-vwrapper usg_vwrapper_2 align_none valign_bottom\" style=\"--vwrapper-gap: 0.4rem;\"><time class=\"w-post-elm post_date usg_post_date_2 icon-data entry-date published\" datetime=\"2024-06-10T09:20:24+03:00\"><i class=\"far fa-calendar\"><\/i>June 10, 2024<\/time><\/div>\t\t<\/div>\r\n\t\t\t<\/article>\r\n\t<article class=\"w-grid-item size_1x1 post-6768 post type-post status-publish format-standard has-post-thumbnail hentry category-contract category-judetul-satu-mare category-por-2021-2027\" data-id=\"6768\">\r\n\t\t<div class=\"w-grid-item-h\">\r\n\t\t\t\t\t\t<div class=\"w-vwrapper usg_vwrapper_3 align_none valign_top\" style=\"--vwrapper-gap: 2rem;\"><div class=\"w-post-elm post_image usg_post_image_1 has_ratio\"><a href=\"https:\/\/regionordvest.ro\/en\/eveniment-prezentare-contractul-finantare-semnat-orasul-tasnad-programul-regional-nord-vest-2021-2027\/\" aria-label=\"Se schimb\u0103 via\u021ba la T\u0103\u0219nad datorit\u0103 unui contract semnat \u00een valoare de 6,6 milioane de EURO \u00een cadrul Programului Regional Nord-Vest 2021-2027\"><img loading=\"lazy\" decoding=\"async\" width=\"1024\" height=\"859\" src=\"https:\/\/regionordvest.ro\/wp-content\/uploads\/2024\/06\/301378-Mobilitate-Urbana-Tasnad_2-1-1024x859.png\" class=\"attachment-large size-large wp-post-image\" alt=\"\" \/><\/a><div style=\"padding-bottom:75%\"><\/div><\/div><\/div><div class=\"w-vwrapper usg_vwrapper_1 align_none valign_middle\" style=\"--vwrapper-gap: 0.5rem;\"><h2 class=\"w-post-elm post_title usg_post_title_1 wrapper align_left color_link_inherit\"><a href=\"https:\/\/regionordvest.ro\/en\/eveniment-prezentare-contractul-finantare-semnat-orasul-tasnad-programul-regional-nord-vest-2021-2027\/\">Se schimb\u0103 via\u021ba la T\u0103\u0219nad datorit\u0103 unui contract semnat \u00een valoare de 6,6 milioane de EURO \u00een cadrul Programului Regional Nord-Vest 2021-2027<\/a><\/h2><\/div><div class=\"w-vwrapper usg_vwrapper_2 align_none valign_bottom\" style=\"--vwrapper-gap: 0.4rem;\"><time class=\"w-post-elm post_date usg_post_date_2 icon-data entry-date published\" datetime=\"2024-06-06T16:50:32+03:00\"><i class=\"far fa-calendar\"><\/i>June 6, 2024<\/time><\/div>\t\t<\/div>\r\n\t\t\t<\/article>\r\n\t<article class=\"w-grid-item size_1x1 post-6756 post type-post status-publish format-standard has-post-thumbnail hentry category-contract category-judetul-maramures category-por-2021-2027\" data-id=\"6756\">\r\n\t\t<div class=\"w-grid-item-h\">\r\n\t\t\t\t\t\t<div class=\"w-vwrapper usg_vwrapper_3 align_none valign_top\" style=\"--vwrapper-gap: 2rem;\"><div class=\"w-post-elm post_image usg_post_image_1 has_ratio\"><a href=\"https:\/\/regionordvest.ro\/en\/adr-nord-vest-si-consiliul-judetean-maramures-au-semnat-contractul-de-finantare-pentru-cel-de-al-treilea-parc-de-specializare-inteligenta-din-maramures-parcul-de-la-targu-lapus\/\" aria-label=\"ADR Nord-Vest \u0219i Consiliul Jude\u021bean Maramure\u0219 au semnat contractul de finan\u021bare pentru cel de-al treilea parc de specializare inteligent\u0103 din Maramure\u0219 \u2013 Parcul de la T\u00e2rgu L\u0103pu\u0219\"><img loading=\"lazy\" decoding=\"async\" width=\"1024\" height=\"859\" src=\"https:\/\/regionordvest.ro\/wp-content\/uploads\/2024\/06\/301604-PSI-Targu-Lapus-1024x859.png\" class=\"attachment-large size-large wp-post-image\" alt=\"\" \/><\/a><div style=\"padding-bottom:75%\"><\/div><\/div><\/div><div class=\"w-vwrapper usg_vwrapper_1 align_none valign_middle\" style=\"--vwrapper-gap: 0.5rem;\"><h2 class=\"w-post-elm post_title usg_post_title_1 wrapper align_left color_link_inherit\"><a href=\"https:\/\/regionordvest.ro\/en\/adr-nord-vest-si-consiliul-judetean-maramures-au-semnat-contractul-de-finantare-pentru-cel-de-al-treilea-parc-de-specializare-inteligenta-din-maramures-parcul-de-la-targu-lapus\/\">ADR Nord-Vest \u0219i Consiliul Jude\u021bean Maramure\u0219 au semnat contractul de finan\u021bare pentru cel de-al treilea parc de specializare inteligent\u0103 din Maramure\u0219 \u2013 Parcul de la T\u00e2rgu L\u0103pu\u0219<\/a><\/h2><\/div><div class=\"w-vwrapper usg_vwrapper_2 align_none valign_bottom\" style=\"--vwrapper-gap: 0.4rem;\"><time class=\"w-post-elm post_date usg_post_date_2 icon-data entry-date published\" datetime=\"2024-06-06T14:59:08+03:00\"><i class=\"far fa-calendar\"><\/i>June 6, 2024<\/time><\/div>\t\t<\/div>\r\n\t\t\t<\/article>\r\n\t<article class=\"w-grid-item size_1x1 post-6727 post type-post status-publish format-standard has-post-thumbnail hentry category-contract category-judetul-satu-mare category-por-2021-2027\" data-id=\"6727\">\r\n\t\t<div class=\"w-grid-item-h\">\r\n\t\t\t\t\t\t<div class=\"w-vwrapper usg_vwrapper_3 align_none valign_top\" style=\"--vwrapper-gap: 2rem;\"><div class=\"w-post-elm post_image usg_post_image_1 has_ratio\"><a href=\"https:\/\/regionordvest.ro\/en\/orasul-tasnad-a-semnat-contractul-de-finantare-pentru-dezvoltarea-unui-coridor-de-mobilitate-urbana\/\" aria-label=\"Ora\u0219ul T\u0103\u0219nad a semnat contractul de finan\u021bare pentru dezvoltarea unui coridor de mobilitate urban\u0103\"><img loading=\"lazy\" decoding=\"async\" width=\"1024\" height=\"859\" src=\"https:\/\/regionordvest.ro\/wp-content\/uploads\/2024\/06\/301378-Mobilitate-Urbana-Tasnad-1024x859.png\" class=\"attachment-large size-large wp-post-image\" alt=\"\" \/><\/a><div style=\"padding-bottom:75%\"><\/div><\/div><\/div><div class=\"w-vwrapper usg_vwrapper_1 align_none valign_middle\" style=\"--vwrapper-gap: 0.5rem;\"><h2 class=\"w-post-elm post_title usg_post_title_1 wrapper align_left color_link_inherit\"><a href=\"https:\/\/regionordvest.ro\/en\/orasul-tasnad-a-semnat-contractul-de-finantare-pentru-dezvoltarea-unui-coridor-de-mobilitate-urbana\/\">Ora\u0219ul T\u0103\u0219nad a semnat contractul de finan\u021bare pentru dezvoltarea unui coridor de mobilitate urban\u0103<\/a><\/h2><\/div><div class=\"w-vwrapper usg_vwrapper_2 align_none valign_bottom\" style=\"--vwrapper-gap: 0.4rem;\"><time class=\"w-post-elm post_date usg_post_date_2 icon-data entry-date published\" datetime=\"2024-06-04T15:32:00+03:00\"><i class=\"far fa-calendar\"><\/i>June 4, 2024<\/time><\/div>\t\t<\/div>\r\n\t\t\t<\/article>\r\n\t<article class=\"w-grid-item size_1x1 post-6681 post type-post status-publish format-standard has-post-thumbnail hentry category-contract category-judetul-satu-mare category-por-2021-2027\" data-id=\"6681\">\r\n\t\t<div class=\"w-grid-item-h\">\r\n\t\t\t\t\t\t<div class=\"w-vwrapper usg_vwrapper_3 align_none valign_top\" style=\"--vwrapper-gap: 2rem;\"><div class=\"w-post-elm post_image usg_post_image_1 has_ratio\"><a href=\"https:\/\/regionordvest.ro\/en\/scoala-gimnaziala-1-carei-modernizata-intermediul-pr-nv-2021-2027\/\" aria-label=\"\u0218coala Gimnazial\u0103 nr. 1 din Carei va fi modernizat\u0103 prin intermediul Programului Regional Nord-Vest 2021-2027\"><img loading=\"lazy\" decoding=\"async\" width=\"1024\" height=\"859\" src=\"https:\/\/regionordvest.ro\/wp-content\/uploads\/2024\/06\/324556-Scoala-Gimnaziala-nr.-1-Carei_vizual-1024x859.png\" class=\"attachment-large size-large wp-post-image\" alt=\"\" \/><\/a><div style=\"padding-bottom:75%\"><\/div><\/div><\/div><div class=\"w-vwrapper usg_vwrapper_1 align_none valign_middle\" style=\"--vwrapper-gap: 0.5rem;\"><h2 class=\"w-post-elm post_title usg_post_title_1 wrapper align_left color_link_inherit\"><a href=\"https:\/\/regionordvest.ro\/en\/scoala-gimnaziala-1-carei-modernizata-intermediul-pr-nv-2021-2027\/\">\u0218coala Gimnazial\u0103 nr. 1 din Carei va fi modernizat\u0103 prin intermediul Programului Regional Nord-Vest 2021-2027<\/a><\/h2><\/div><div class=\"w-vwrapper usg_vwrapper_2 align_none valign_bottom\" style=\"--vwrapper-gap: 0.4rem;\"><time class=\"w-post-elm post_date usg_post_date_2 icon-data entry-date published\" datetime=\"2024-06-04T12:00:46+03:00\"><i class=\"far fa-calendar\"><\/i>June 4, 2024<\/time><\/div>\t\t<\/div>\r\n\t\t\t<\/article>\r\n\t<article class=\"w-grid-item size_1x1 post-6674 post type-post status-publish format-standard has-post-thumbnail hentry category-contract category-judetul-cluj category-por-2021-2027\" data-id=\"6674\">\r\n\t\t<div class=\"w-grid-item-h\">\r\n\t\t\t\t\t\t<div class=\"w-vwrapper usg_vwrapper_3 align_none valign_top\" style=\"--vwrapper-gap: 2rem;\"><div class=\"w-post-elm post_image usg_post_image_1 has_ratio\"><a href=\"https:\/\/regionordvest.ro\/en\/cea-mai-veche-biserica-ortodoxa-din-cluj-napoca-va-fi-restuarata\/\" aria-label=\"\u201eBiserica din Deal\u201d, cea mai veche biseric\u0103 ortodox\u0103 din Cluj-Napoca va fi restaurat\u0103 prin intermediul Programului Regional Nord-Vest 2021-2027\"><img loading=\"lazy\" decoding=\"async\" width=\"1024\" height=\"859\" src=\"https:\/\/regionordvest.ro\/wp-content\/uploads\/2024\/06\/302040-Biserica-Sf.-Treime-CJ-1024x859.png\" class=\"attachment-large size-large wp-post-image\" alt=\"\" \/><\/a><div style=\"padding-bottom:75%\"><\/div><\/div><\/div><div class=\"w-vwrapper usg_vwrapper_1 align_none valign_middle\" style=\"--vwrapper-gap: 0.5rem;\"><h2 class=\"w-post-elm post_title usg_post_title_1 wrapper align_left color_link_inherit\"><a href=\"https:\/\/regionordvest.ro\/en\/cea-mai-veche-biserica-ortodoxa-din-cluj-napoca-va-fi-restuarata\/\">\u201eBiserica din Deal\u201d, cea mai veche biseric\u0103 ortodox\u0103 din Cluj-Napoca va fi restaurat\u0103 prin intermediul Programului Regional Nord-Vest 2021-2027<\/a><\/h2><\/div><div class=\"w-vwrapper usg_vwrapper_2 align_none valign_bottom\" style=\"--vwrapper-gap: 0.4rem;\"><time class=\"w-post-elm post_date usg_post_date_2 icon-data entry-date published\" datetime=\"2024-06-03T14:33:30+03:00\"><i class=\"far fa-calendar\"><\/i>June 3, 2024<\/time><\/div>\t\t<\/div>\r\n\t\t\t<\/article>\r\n\t<article class=\"w-grid-item size_1x1 post-6667 post type-post status-publish format-standard has-post-thumbnail hentry category-contract category-judetul-cluj category-por-2021-2027\" data-id=\"6667\">\r\n\t\t<div class=\"w-grid-item-h\">\r\n\t\t\t\t\t\t<div class=\"w-vwrapper usg_vwrapper_3 align_none valign_top\" style=\"--vwrapper-gap: 2rem;\"><div class=\"w-post-elm post_image usg_post_image_1 has_ratio\"><a href=\"https:\/\/regionordvest.ro\/en\/spitalul-de-boli-infectioase-cluj-napoca-va-fi-reabilitat\/\" aria-label=\"Spitalul de Boli Infec\u021bioase din Cluj-Napoca va fi reabilitat prin Programul Regional Nord-Vest 2021-2027\"><img loading=\"lazy\" decoding=\"async\" width=\"1024\" height=\"859\" src=\"https:\/\/regionordvest.ro\/wp-content\/uploads\/2024\/06\/300584-Boli-Infectioase-2-1024x859.png\" class=\"attachment-large size-large wp-post-image\" alt=\"\" \/><\/a><div style=\"padding-bottom:75%\"><\/div><\/div><\/div><div class=\"w-vwrapper usg_vwrapper_1 align_none valign_middle\" style=\"--vwrapper-gap: 0.5rem;\"><h2 class=\"w-post-elm post_title usg_post_title_1 wrapper align_left color_link_inherit\"><a href=\"https:\/\/regionordvest.ro\/en\/spitalul-de-boli-infectioase-cluj-napoca-va-fi-reabilitat\/\">Spitalul de Boli Infec\u021bioase din Cluj-Napoca va fi reabilitat prin Programul Regional Nord-Vest 2021-2027<\/a><\/h2><\/div><div class=\"w-vwrapper usg_vwrapper_2 align_none valign_bottom\" style=\"--vwrapper-gap: 0.4rem;\"><time class=\"w-post-elm post_date usg_post_date_2 icon-data entry-date published\" datetime=\"2024-06-03T14:27:38+03:00\"><i class=\"far fa-calendar\"><\/i>June 3, 2024<\/time><\/div>\t\t<\/div>\r\n\t\t\t<\/article>\r\n\t<article class=\"w-grid-item size_1x1 post-6660 post type-post status-publish format-standard has-post-thumbnail hentry category-contract category-judetul-cluj category-por-2021-2027\" data-id=\"6660\">\r\n\t\t<div class=\"w-grid-item-h\">\r\n\t\t\t\t\t\t<div class=\"w-vwrapper usg_vwrapper_3 align_none valign_top\" style=\"--vwrapper-gap: 2rem;\"><div class=\"w-post-elm post_image usg_post_image_1 has_ratio\"><a href=\"https:\/\/regionordvest.ro\/en\/spitalul-clinic-de-recuperare-cluj-napoca-va-fi-reabilitat-prin-prnv-21-27\/\" aria-label=\"Spitalul Clinic de Recuperare Cluj-Napoca va fi reabilitat prin intermediul Programului Regional Nord-Vest 2021-2027\"><img loading=\"lazy\" decoding=\"async\" width=\"1024\" height=\"859\" src=\"https:\/\/regionordvest.ro\/wp-content\/uploads\/2024\/06\/300583-Spitalul-Clinic-de-Recuperare_vizual-1024x859.png\" class=\"attachment-large size-large wp-post-image\" alt=\"\" \/><\/a><div style=\"padding-bottom:75%\"><\/div><\/div><\/div><div class=\"w-vwrapper usg_vwrapper_1 align_none valign_middle\" style=\"--vwrapper-gap: 0.5rem;\"><h2 class=\"w-post-elm post_title usg_post_title_1 wrapper align_left color_link_inherit\"><a href=\"https:\/\/regionordvest.ro\/en\/spitalul-clinic-de-recuperare-cluj-napoca-va-fi-reabilitat-prin-prnv-21-27\/\">Spitalul Clinic de Recuperare Cluj-Napoca va fi reabilitat prin intermediul Programului Regional Nord-Vest 2021-2027<\/a><\/h2><\/div><div class=\"w-vwrapper usg_vwrapper_2 align_none valign_bottom\" style=\"--vwrapper-gap: 0.4rem;\"><time class=\"w-post-elm post_date usg_post_date_2 icon-data entry-date published\" datetime=\"2024-06-03T14:18:53+03:00\"><i class=\"far fa-calendar\"><\/i>June 3, 2024<\/time><\/div>\t\t<\/div>\r\n\t\t\t<\/article>\r\n\t<article class=\"w-grid-item size_1x1 post-6649 post type-post status-publish format-standard has-post-thumbnail hentry category-contract category-judetul-maramures category-por-2021-2027\" data-id=\"6649\">\r\n\t\t<div class=\"w-grid-item-h\">\r\n\t\t\t\t\t\t<div class=\"w-vwrapper usg_vwrapper_3 align_none valign_top\" style=\"--vwrapper-gap: 2rem;\"><div class=\"w-post-elm post_image usg_post_image_1 has_ratio\"><a href=\"https:\/\/regionordvest.ro\/en\/contractul-de-finantare-pentru-parcul-de-specializare-inteligenta-somcuta-mare-a-fost-semnat-intre-adr-nord-vest-si-consiliul-judetean-maramures\/\" aria-label=\"Contractul de finan\u021bare pentru Parcul de Specializare Inteligent\u0103 \u0218omcuta Mare a fost semnat \u00eentre ADR Nord-Vest \u0219i Consiliul Jude\u021bean Maramure\u0219\"><img loading=\"lazy\" decoding=\"async\" width=\"1024\" height=\"859\" src=\"https:\/\/regionordvest.ro\/wp-content\/uploads\/2024\/06\/Somcuta-Mare-6-1024x859.png\" class=\"attachment-large size-large wp-post-image\" alt=\"\" \/><\/a><div style=\"padding-bottom:75%\"><\/div><\/div><\/div><div class=\"w-vwrapper usg_vwrapper_1 align_none valign_middle\" style=\"--vwrapper-gap: 0.5rem;\"><h2 class=\"w-post-elm post_title usg_post_title_1 wrapper align_left color_link_inherit\"><a href=\"https:\/\/regionordvest.ro\/en\/contractul-de-finantare-pentru-parcul-de-specializare-inteligenta-somcuta-mare-a-fost-semnat-intre-adr-nord-vest-si-consiliul-judetean-maramures\/\">Contractul de finan\u021bare pentru Parcul de Specializare Inteligent\u0103 \u0218omcuta Mare a fost semnat \u00eentre ADR Nord-Vest \u0219i Consiliul Jude\u021bean Maramure\u0219<\/a><\/h2><\/div><div class=\"w-vwrapper usg_vwrapper_2 align_none valign_bottom\" style=\"--vwrapper-gap: 0.4rem;\"><time class=\"w-post-elm post_date usg_post_date_2 icon-data entry-date published\" datetime=\"2024-06-02T17:49:30+03:00\"><i class=\"far fa-calendar\"><\/i>June 2, 2024<\/time><\/div>\t\t<\/div>\r\n\t\t\t<\/article>\r\n\t<article class=\"w-grid-item size_1x1 post-6298 post type-post status-publish format-standard has-post-thumbnail hentry category-por-2021-2027 category-contract category-judetul-cluj category-newsletter\" data-id=\"6298\">\r\n\t\t<div class=\"w-grid-item-h\">\r\n\t\t\t\t\t\t<div class=\"w-vwrapper usg_vwrapper_3 align_none valign_top\" style=\"--vwrapper-gap: 2rem;\"><div class=\"w-post-elm post_image usg_post_image_1 has_ratio\"><a href=\"https:\/\/regionordvest.ro\/en\/a-fost-semnat-contractul-pentru-modernizarea-campusului-utcn\/\" aria-label=\"A fost semnat contractul pentru modernizarea campusului UTCN\"><img loading=\"lazy\" decoding=\"async\" width=\"1024\" height=\"859\" src=\"https:\/\/regionordvest.ro\/wp-content\/uploads\/2024\/04\/IMG_8730-1024x859.jpeg\" class=\"attachment-large size-large wp-post-image\" alt=\"\" \/><\/a><div style=\"padding-bottom:75%\"><\/div><\/div><\/div><div class=\"w-vwrapper usg_vwrapper_1 align_none valign_middle\" style=\"--vwrapper-gap: 0.5rem;\"><h2 class=\"w-post-elm post_title usg_post_title_1 wrapper align_left color_link_inherit\"><a href=\"https:\/\/regionordvest.ro\/en\/a-fost-semnat-contractul-pentru-modernizarea-campusului-utcn\/\">A fost semnat contractul pentru modernizarea campusului UTCN<\/a><\/h2><\/div><div class=\"w-vwrapper usg_vwrapper_2 align_none valign_bottom\" style=\"--vwrapper-gap: 0.4rem;\"><time class=\"w-post-elm post_date usg_post_date_2 icon-data entry-date published\" datetime=\"2024-04-19T08:22:09+03:00\"><i class=\"far fa-calendar\"><\/i>April 19, 2024<\/time><\/div>\t\t<\/div>\r\n\t\t\t<\/article>\r\n\t<article class=\"w-grid-item size_1x1 post-6267 post type-post status-publish format-standard has-post-thumbnail hentry category-por-2021-2027 category-contract category-judetul-maramures category-newsletter\" data-id=\"6267\">\r\n\t\t<div class=\"w-grid-item-h\">\r\n\t\t\t\t\t\t<div class=\"w-vwrapper usg_vwrapper_3 align_none valign_top\" style=\"--vwrapper-gap: 2rem;\"><div class=\"w-post-elm post_image usg_post_image_1 has_ratio\"><a href=\"https:\/\/regionordvest.ro\/en\/orasul-seini-a-semnat-contractul-de-finantare-pentru-transformarea-sinagogii-in-muzeu-evreiesc\/\" aria-label=\"Ora\u0219ul Seini a semnat contractul de finan\u021bare pentru transformarea Sinagogii \u00een Muzeu evreiesc\"><img loading=\"lazy\" decoding=\"async\" width=\"1024\" height=\"859\" src=\"https:\/\/regionordvest.ro\/wp-content\/uploads\/2024\/04\/Sinagoga-Seini-1024x859.png\" class=\"attachment-large size-large wp-post-image\" alt=\"\" \/><\/a><div style=\"padding-bottom:75%\"><\/div><\/div><\/div><div class=\"w-vwrapper usg_vwrapper_1 align_none valign_middle\" style=\"--vwrapper-gap: 0.5rem;\"><h2 class=\"w-post-elm post_title usg_post_title_1 wrapper align_left color_link_inherit\"><a href=\"https:\/\/regionordvest.ro\/en\/orasul-seini-a-semnat-contractul-de-finantare-pentru-transformarea-sinagogii-in-muzeu-evreiesc\/\">Ora\u0219ul Seini a semnat contractul de finan\u021bare pentru transformarea Sinagogii \u00een Muzeu evreiesc<\/a><\/h2><\/div><div class=\"w-vwrapper usg_vwrapper_2 align_none valign_bottom\" style=\"--vwrapper-gap: 0.4rem;\"><time class=\"w-post-elm post_date usg_post_date_2 icon-data entry-date published\" datetime=\"2024-04-17T14:39:15+03:00\"><i class=\"far fa-calendar\"><\/i>April 17, 2024<\/time><\/div>\t\t<\/div>\r\n\t\t\t<\/article>\r\n\t<article class=\"w-grid-item size_1x1 post-6246 post type-post status-publish format-standard has-post-thumbnail hentry category-por-2021-2027 category-contract category-judetul-cluj category-newsletter\" data-id=\"6246\">\r\n\t\t<div class=\"w-grid-item-h\">\r\n\t\t\t\t\t\t<div class=\"w-vwrapper usg_vwrapper_3 align_none valign_top\" style=\"--vwrapper-gap: 2rem;\"><div class=\"w-post-elm post_image usg_post_image_1 has_ratio\"><a href=\"https:\/\/regionordvest.ro\/en\/umf-iuliu-hatieganu-cluj-napoca-a-semnat-contractul-pentru-restaurarea-si-modernizarea-cladirii-de-anatomie\/\" aria-label=\"UMF \u201eIuliu Ha\u021bieganu\u201d Cluj-Napoca a semnat contractul pentru restaurarea \u0219i modernizarea Cl\u0103dirii de Anatomie\"><img loading=\"lazy\" decoding=\"async\" width=\"750\" height=\"629\" src=\"https:\/\/regionordvest.ro\/wp-content\/uploads\/2024\/04\/UMF-Cladire-Anatomie.png\" class=\"attachment-large size-large wp-post-image\" alt=\"\" \/><\/a><div style=\"padding-bottom:75%\"><\/div><\/div><\/div><div class=\"w-vwrapper usg_vwrapper_1 align_none valign_middle\" style=\"--vwrapper-gap: 0.5rem;\"><h2 class=\"w-post-elm post_title usg_post_title_1 wrapper align_left color_link_inherit\"><a href=\"https:\/\/regionordvest.ro\/en\/umf-iuliu-hatieganu-cluj-napoca-a-semnat-contractul-pentru-restaurarea-si-modernizarea-cladirii-de-anatomie\/\">UMF \u201eIuliu Ha\u021bieganu\u201d Cluj-Napoca a semnat contractul pentru restaurarea \u0219i modernizarea Cl\u0103dirii de Anatomie<\/a><\/h2><\/div><div class=\"w-vwrapper usg_vwrapper_2 align_none valign_bottom\" style=\"--vwrapper-gap: 0.4rem;\"><time class=\"w-post-elm post_date usg_post_date_2 icon-data entry-date published\" datetime=\"2024-04-16T10:01:30+03:00\"><i class=\"far fa-calendar\"><\/i>April 16, 2024<\/time><\/div>\t\t<\/div>\r\n\t\t\t<\/article>\r\n\t<article class=\"w-grid-item size_1x1 post-6198 post type-post status-publish format-standard has-post-thumbnail hentry category-por-2021-2027 category-contract category-judetul-maramures category-newsletter\" data-id=\"6198\">\r\n\t\t<div class=\"w-grid-item-h\">\r\n\t\t\t\t\t\t<div class=\"w-vwrapper usg_vwrapper_3 align_none valign_top\" style=\"--vwrapper-gap: 2rem;\"><div class=\"w-post-elm post_image usg_post_image_1 has_ratio\"><a href=\"https:\/\/regionordvest.ro\/en\/consiliul-judetean-maramures-a-semnat-contractul-pentru-dezvoltarea-unui-parc-de-specializare-inteligenta-in-orasul-baia-sprie\/\" aria-label=\"Consiliul Jude\u021bean Maramure\u0219 a semnat contractul pentru dezvoltarea unui Parc de Specializare Inteligent\u0103 \u00een ora\u0219ul Baia Sprie\"><img loading=\"lazy\" decoding=\"async\" width=\"1024\" height=\"859\" src=\"https:\/\/regionordvest.ro\/wp-content\/uploads\/2024\/04\/PSI-Baia-Sprie-2-1024x859.png\" class=\"attachment-large size-large wp-post-image\" alt=\"\" \/><\/a><div style=\"padding-bottom:75%\"><\/div><\/div><\/div><div class=\"w-vwrapper usg_vwrapper_1 align_none valign_middle\" style=\"--vwrapper-gap: 0.5rem;\"><h2 class=\"w-post-elm post_title usg_post_title_1 wrapper align_left color_link_inherit\"><a href=\"https:\/\/regionordvest.ro\/en\/consiliul-judetean-maramures-a-semnat-contractul-pentru-dezvoltarea-unui-parc-de-specializare-inteligenta-in-orasul-baia-sprie\/\">Consiliul Jude\u021bean Maramure\u0219 a semnat contractul pentru dezvoltarea unui Parc de Specializare Inteligent\u0103 \u00een ora\u0219ul Baia Sprie<\/a><\/h2><\/div><div class=\"w-vwrapper usg_vwrapper_2 align_none valign_bottom\" style=\"--vwrapper-gap: 0.4rem;\"><time class=\"w-post-elm post_date usg_post_date_2 icon-data entry-date published\" datetime=\"2024-04-12T15:00:23+03:00\"><i class=\"far fa-calendar\"><\/i>April 12, 2024<\/time><\/div>\t\t<\/div>\r\n\t\t\t<\/article>\r\n\t<article class=\"w-grid-item size_1x1 post-6174 post type-post status-publish format-standard has-post-thumbnail hentry category-por-2021-2027 category-contract category-judetul-bihor category-newsletter\" data-id=\"6174\">\r\n\t\t<div class=\"w-grid-item-h\">\r\n\t\t\t\t\t\t<div class=\"w-vwrapper usg_vwrapper_3 align_none valign_top\" style=\"--vwrapper-gap: 2rem;\"><div class=\"w-post-elm post_image usg_post_image_1 has_ratio\"><a href=\"https:\/\/regionordvest.ro\/en\/consiliul-judetean-bihor-a-semnat-primul-contract-pentru-crearea-unui-parc-de-specializare-inteligenta-in-regiunea-de-dezvoltare-nord-vest-in-orasul-alesd\/\" aria-label=\"Consiliul Jude\u021bean Bihor a semnat primul contract pentru crearea unui Parc de Specializare Inteligent\u0103 \u00een Regiunea de Dezvoltare Nord-Vest \u00een ora\u0219ul Ale\u0219d\"><img loading=\"lazy\" decoding=\"async\" width=\"1024\" height=\"859\" src=\"https:\/\/regionordvest.ro\/wp-content\/uploads\/2024\/04\/PSI-Alesd-1-1024x859.png\" class=\"attachment-large size-large wp-post-image\" alt=\"\" \/><\/a><div style=\"padding-bottom:75%\"><\/div><\/div><\/div><div class=\"w-vwrapper usg_vwrapper_1 align_none valign_middle\" style=\"--vwrapper-gap: 0.5rem;\"><h2 class=\"w-post-elm post_title usg_post_title_1 wrapper align_left color_link_inherit\"><a href=\"https:\/\/regionordvest.ro\/en\/consiliul-judetean-bihor-a-semnat-primul-contract-pentru-crearea-unui-parc-de-specializare-inteligenta-in-regiunea-de-dezvoltare-nord-vest-in-orasul-alesd\/\">Consiliul Jude\u021bean Bihor a semnat primul contract pentru crearea unui Parc de Specializare Inteligent\u0103 \u00een Regiunea de Dezvoltare Nord-Vest \u00een ora\u0219ul Ale\u0219d<\/a><\/h2><\/div><div class=\"w-vwrapper usg_vwrapper_2 align_none valign_bottom\" style=\"--vwrapper-gap: 0.4rem;\"><time class=\"w-post-elm post_date usg_post_date_2 icon-data entry-date published\" datetime=\"2024-04-11T09:46:07+03:00\"><i class=\"far fa-calendar\"><\/i>April 11, 2024<\/time><\/div>\t\t<\/div>\r\n\t\t\t<\/article>\r\n\t<article class=\"w-grid-item size_1x1 post-6070 post type-post status-publish format-standard has-post-thumbnail hentry category-por-2021-2027 category-contract category-judetul-cluj\" data-id=\"6070\">\r\n\t\t<div class=\"w-grid-item-h\">\r\n\t\t\t\t\t\t<div class=\"w-vwrapper usg_vwrapper_3 align_none valign_top\" style=\"--vwrapper-gap: 2rem;\"><div class=\"w-post-elm post_image usg_post_image_1 has_ratio\"><a href=\"https:\/\/regionordvest.ro\/en\/a-fost-semnat-proiectul-echipamente-pentru-cresterea-sigurantei-traficului-in-judetul-cluj-cod-smis-303552-intre-adr-nord-vest-si-consiliul-judetean-cluj\/\" aria-label=\"A fost semnat proiectul \u201cEchipamente pentru cre\u0219terea siguran\u021bei traficului \u00een jude\u021bul Cluj  \u2013 Cod SMIS 303552\u201d \u00eentre ADR Nord-Vest \u0219i Consiliul Jude\u021bean Cluj\"><img loading=\"lazy\" decoding=\"async\" width=\"1024\" height=\"859\" src=\"https:\/\/regionordvest.ro\/wp-content\/uploads\/2024\/03\/Siguranta-Traficului-CJ-Cluj-1024x859.png\" class=\"attachment-large size-large wp-post-image\" alt=\"\" \/><\/a><div style=\"padding-bottom:75%\"><\/div><\/div><\/div><div class=\"w-vwrapper usg_vwrapper_1 align_none valign_middle\" style=\"--vwrapper-gap: 0.5rem;\"><h2 class=\"w-post-elm post_title usg_post_title_1 wrapper align_left color_link_inherit\"><a href=\"https:\/\/regionordvest.ro\/en\/a-fost-semnat-proiectul-echipamente-pentru-cresterea-sigurantei-traficului-in-judetul-cluj-cod-smis-303552-intre-adr-nord-vest-si-consiliul-judetean-cluj\/\">A fost semnat proiectul \u201cEchipamente pentru cre\u0219terea siguran\u021bei traficului \u00een jude\u021bul Cluj  \u2013 Cod SMIS 303552\u201d \u00eentre ADR Nord-Vest \u0219i Consiliul Jude\u021bean Cluj<\/a><\/h2><\/div><div class=\"w-vwrapper usg_vwrapper_2 align_none valign_bottom\" style=\"--vwrapper-gap: 0.4rem;\"><time class=\"w-post-elm post_date usg_post_date_2 icon-data entry-date published\" datetime=\"2024-03-27T15:27:04+02:00\"><i class=\"far fa-calendar\"><\/i>March 27, 2024<\/time><\/div>\t\t<\/div>\r\n\t\t\t<\/article>\r\n\t<article class=\"w-grid-item size_1x1 post-5990 post type-post status-publish format-standard has-post-thumbnail hentry category-por-2021-2027 category-contract category-judetul-salaj\" data-id=\"5990\">\r\n\t\t<div class=\"w-grid-item-h\">\r\n\t\t\t\t\t\t<div class=\"w-vwrapper usg_vwrapper_3 align_none valign_top\" style=\"--vwrapper-gap: 2rem;\"><div class=\"w-post-elm post_image usg_post_image_1 has_ratio\"><a href=\"https:\/\/regionordvest.ro\/en\/a-fost-semnat-proiectul-reabilitarea-si-punerea-in-valoare-a-ansamblului-cetatii-bathory\/\" aria-label=\"A fost semnat proiectul \u201cReabilitarea \u0219i punerea \u00een valoare a ansamblului cet\u0103\u021bii Bathory &#8211; Cod SMIS 302104\u201d \u00eentre ADR Nord-Vest \u0219i ora\u0219ul \u0218imleu Silvaniei\"><img loading=\"lazy\" decoding=\"async\" width=\"1024\" height=\"859\" src=\"https:\/\/regionordvest.ro\/wp-content\/uploads\/2024\/03\/Cetatea-Bathory-1024x859.png\" class=\"attachment-large size-large wp-post-image\" alt=\"\" \/><\/a><div style=\"padding-bottom:75%\"><\/div><\/div><\/div><div class=\"w-vwrapper usg_vwrapper_1 align_none valign_middle\" style=\"--vwrapper-gap: 0.5rem;\"><h2 class=\"w-post-elm post_title usg_post_title_1 wrapper align_left color_link_inherit\"><a href=\"https:\/\/regionordvest.ro\/en\/a-fost-semnat-proiectul-reabilitarea-si-punerea-in-valoare-a-ansamblului-cetatii-bathory\/\">A fost semnat proiectul \u201cReabilitarea \u0219i punerea \u00een valoare a ansamblului cet\u0103\u021bii Bathory &#8211; Cod SMIS 302104\u201d \u00eentre ADR Nord-Vest \u0219i ora\u0219ul \u0218imleu Silvaniei<\/a><\/h2><\/div><div class=\"w-vwrapper usg_vwrapper_2 align_none valign_bottom\" style=\"--vwrapper-gap: 0.4rem;\"><time class=\"w-post-elm post_date usg_post_date_2 icon-data entry-date published\" datetime=\"2024-03-18T14:02:04+02:00\"><i class=\"far fa-calendar\"><\/i>March 18, 2024<\/time><\/div>\t\t<\/div>\r\n\t\t\t<\/article>\r\n\t<article class=\"w-grid-item size_1x1 post-5912 post type-post status-publish format-standard has-post-thumbnail hentry category-por-2021-2027 category-contract category-judetul-bihor\" data-id=\"5912\">\r\n\t\t<div class=\"w-grid-item-h\">\r\n\t\t\t\t\t\t<div class=\"w-vwrapper usg_vwrapper_3 align_none valign_top\" style=\"--vwrapper-gap: 2rem;\"><div class=\"w-post-elm post_image usg_post_image_1 has_ratio\"><a href=\"https:\/\/regionordvest.ro\/en\/a-fost-semnat-proiectul-modernizarea-infrastructurii-educationale-pentru-studentii-facultatii-de-medicina-si-farmacie\/\" aria-label=\"A fost semnat proiectul \u201eModernizarea infrastructurii educa\u021bionale pentru studen\u021bii Facult\u0103\u021bii de Medicin\u0103 \u0219i Farmacie &#8211; corp C2, campus III \u2013 Cod SMIS 304295 \u00eentre ADR Nord-Vest \u0219i Universitatea Oradea\"><img loading=\"lazy\" decoding=\"async\" width=\"1024\" height=\"859\" src=\"https:\/\/regionordvest.ro\/wp-content\/uploads\/2024\/03\/Universitatea-din-Oradea-1024x859.png\" class=\"attachment-large size-large wp-post-image\" alt=\"\" \/><\/a><div style=\"padding-bottom:75%\"><\/div><\/div><\/div><div class=\"w-vwrapper usg_vwrapper_1 align_none valign_middle\" style=\"--vwrapper-gap: 0.5rem;\"><h2 class=\"w-post-elm post_title usg_post_title_1 wrapper align_left color_link_inherit\"><a href=\"https:\/\/regionordvest.ro\/en\/a-fost-semnat-proiectul-modernizarea-infrastructurii-educationale-pentru-studentii-facultatii-de-medicina-si-farmacie\/\">A fost semnat proiectul \u201eModernizarea infrastructurii educa\u021bionale pentru studen\u021bii Facult\u0103\u021bii de Medicin\u0103 \u0219i Farmacie &#8211; corp C2, campus III \u2013 Cod SMIS 304295 \u00eentre ADR Nord-Vest \u0219i Universitatea Oradea<\/a><\/h2><\/div><div class=\"w-vwrapper usg_vwrapper_2 align_none valign_bottom\" style=\"--vwrapper-gap: 0.4rem;\"><time class=\"w-post-elm post_date usg_post_date_2 icon-data entry-date published\" datetime=\"2024-03-15T09:26:52+02:00\"><i class=\"far fa-calendar\"><\/i>March 15, 2024<\/time><\/div>\t\t<\/div>\r\n\t\t\t<\/article>\r\n\t<article class=\"w-grid-item size_1x1 post-5728 post type-post status-publish format-standard has-post-thumbnail hentry category-por-2021-2027 category-contract category-judetul-bihor\" data-id=\"5728\">\r\n\t\t<div class=\"w-grid-item-h\">\r\n\t\t\t\t\t\t<div class=\"w-vwrapper usg_vwrapper_3 align_none valign_top\" style=\"--vwrapper-gap: 2rem;\"><div class=\"w-post-elm post_image usg_post_image_1 has_ratio\"><a href=\"https:\/\/regionordvest.ro\/en\/a-fost-semnat-proiectul-cresterea-eficientei-energetice-liceul-german-friedrich-schiller-cod-smis-300543-adr-nord-vest-uat-oradea\/\" aria-label=\"A fost semnat proiectul &#8222;Cre\u0219terea eficien\u021bei energetice \u0219i gestionarea inteligent\u0103 a energiei \u00een cl\u0103dirile publice cu destina\u021bie de unit\u0103\u021bi de \u00eenv\u0103\u021b\u0103m\u00e2nt \u2013 Liceul Teoretic German F. Schiller &#8211; Cod SMIS 300543&#8221; \u00eentre ADR Nord-Vest \u0219i UAT Oradea\"><img loading=\"lazy\" decoding=\"async\" width=\"1024\" height=\"859\" src=\"https:\/\/regionordvest.ro\/wp-content\/uploads\/2024\/02\/UAT-Oradea-Liceul-Schiller-Articol-Site-1-1024x859.png\" class=\"attachment-large size-large wp-post-image\" alt=\"\" \/><\/a><div style=\"padding-bottom:75%\"><\/div><\/div><\/div><div class=\"w-vwrapper usg_vwrapper_1 align_none valign_middle\" style=\"--vwrapper-gap: 0.5rem;\"><h2 class=\"w-post-elm post_title usg_post_title_1 wrapper align_left color_link_inherit\"><a href=\"https:\/\/regionordvest.ro\/en\/a-fost-semnat-proiectul-cresterea-eficientei-energetice-liceul-german-friedrich-schiller-cod-smis-300543-adr-nord-vest-uat-oradea\/\">A fost semnat proiectul &#8222;Cre\u0219terea eficien\u021bei energetice \u0219i gestionarea inteligent\u0103 a energiei \u00een cl\u0103dirile publice cu destina\u021bie de unit\u0103\u021bi de \u00eenv\u0103\u021b\u0103m\u00e2nt \u2013 Liceul Teoretic German F. Schiller &#8211; Cod SMIS 300543&#8221; \u00eentre ADR Nord-Vest \u0219i UAT Oradea<\/a><\/h2><\/div><div class=\"w-vwrapper usg_vwrapper_2 align_none valign_bottom\" style=\"--vwrapper-gap: 0.4rem;\"><time class=\"w-post-elm post_date usg_post_date_2 icon-data entry-date published\" datetime=\"2024-02-23T11:50:01+02:00\"><i class=\"far fa-calendar\"><\/i>February 23, 2024<\/time><\/div>\t\t<\/div>\r\n\t\t\t<\/article>\r\n\t<article class=\"w-grid-item size_1x1 post-5685 post type-post status-publish format-standard has-post-thumbnail hentry category-por-2021-2027 category-contract category-judetul-satu-mare\" data-id=\"5685\">\r\n\t\t<div class=\"w-grid-item-h\">\r\n\t\t\t\t\t\t<div class=\"w-vwrapper usg_vwrapper_3 align_none valign_top\" style=\"--vwrapper-gap: 2rem;\"><div class=\"w-post-elm post_image usg_post_image_1 has_ratio\"><a href=\"https:\/\/regionordvest.ro\/en\/a-fost-semnat-proiectul-infiintare-si-amenajare-gradina-urbana-tasnad-cod-smis-300350-intre-adr-nord-vest-si-uat-tasnad\/\" aria-label=\"A fost semnat proiectul &#8222;\u00cenfiin\u021bare \u0219i amenajare Gr\u0103dina Urban\u0103 T\u0103\u0219nad, Cod SMIS 300350&#8221; \u00eentre ADR Nord-Vest \u0219i UAT T\u0103\u0219nad\"><img loading=\"lazy\" decoding=\"async\" width=\"1024\" height=\"859\" src=\"https:\/\/regionordvest.ro\/wp-content\/uploads\/2024\/02\/UAT-TASNAD-Articol-Site-1024x859.png\" class=\"attachment-large size-large wp-post-image\" alt=\"\" \/><\/a><div style=\"padding-bottom:75%\"><\/div><\/div><\/div><div class=\"w-vwrapper usg_vwrapper_1 align_none valign_middle\" style=\"--vwrapper-gap: 0.5rem;\"><h2 class=\"w-post-elm post_title usg_post_title_1 wrapper align_left color_link_inherit\"><a href=\"https:\/\/regionordvest.ro\/en\/a-fost-semnat-proiectul-infiintare-si-amenajare-gradina-urbana-tasnad-cod-smis-300350-intre-adr-nord-vest-si-uat-tasnad\/\">A fost semnat proiectul &#8222;\u00cenfiin\u021bare \u0219i amenajare Gr\u0103dina Urban\u0103 T\u0103\u0219nad, Cod SMIS 300350&#8221; \u00eentre ADR Nord-Vest \u0219i UAT T\u0103\u0219nad<\/a><\/h2><\/div><div class=\"w-vwrapper usg_vwrapper_2 align_none valign_bottom\" style=\"--vwrapper-gap: 0.4rem;\"><time class=\"w-post-elm post_date usg_post_date_2 icon-data entry-date published\" datetime=\"2024-02-20T16:46:25+02:00\"><i class=\"far fa-calendar\"><\/i>February 20, 2024<\/time><\/div>\t\t<\/div>\r\n\t\t\t<\/article>\r\n\t<article class=\"w-grid-item size_1x1 post-5552 post type-post status-publish format-standard has-post-thumbnail hentry category-por-2021-2027 category-contract category-judetul-bihor\" data-id=\"5552\">\r\n\t\t<div class=\"w-grid-item-h\">\r\n\t\t\t\t\t\t<div class=\"w-vwrapper usg_vwrapper_3 align_none valign_top\" style=\"--vwrapper-gap: 2rem;\"><div class=\"w-post-elm post_image usg_post_image_1 has_ratio\"><a href=\"https:\/\/regionordvest.ro\/en\/a-fost-semnat-proiectul-cresterea-eficientei-energetice-si-reabilitarea-cladirii-situate-in-oradea-strada-republicii-nr-35-cod-smis-300542\/\" aria-label=\"A fost semnat proiectul \u201eCre\u0219terea eficien\u021bei energetice \u0219i reabilitarea cl\u0103dirii situate \u00een Oradea strada Republicii nr.35, Cod SMIS 300542\u201d\"><img loading=\"lazy\" decoding=\"async\" width=\"1024\" height=\"859\" src=\"https:\/\/regionordvest.ro\/wp-content\/uploads\/2024\/02\/CJ-Bihor-Articol-Site-3-1024x859.png\" class=\"attachment-large size-large wp-post-image\" alt=\"\" \/><\/a><div style=\"padding-bottom:75%\"><\/div><\/div><\/div><div class=\"w-vwrapper usg_vwrapper_1 align_none valign_middle\" style=\"--vwrapper-gap: 0.5rem;\"><h2 class=\"w-post-elm post_title usg_post_title_1 wrapper align_left color_link_inherit\"><a href=\"https:\/\/regionordvest.ro\/en\/a-fost-semnat-proiectul-cresterea-eficientei-energetice-si-reabilitarea-cladirii-situate-in-oradea-strada-republicii-nr-35-cod-smis-300542\/\">A fost semnat proiectul \u201eCre\u0219terea eficien\u021bei energetice \u0219i reabilitarea cl\u0103dirii situate \u00een Oradea strada Republicii nr.35, Cod SMIS 300542\u201d<\/a><\/h2><\/div><div class=\"w-vwrapper usg_vwrapper_2 align_none valign_bottom\" style=\"--vwrapper-gap: 0.4rem;\"><time class=\"w-post-elm post_date usg_post_date_2 icon-data entry-date published\" datetime=\"2024-02-06T12:17:02+02:00\"><i class=\"far fa-calendar\"><\/i>February 6, 2024<\/time><\/div>\t\t<\/div>\r\n\t\t\t<\/article>\r\n\t<article class=\"w-grid-item size_1x1 post-5543 post type-post status-publish format-standard has-post-thumbnail hentry category-contract category-judetul-bistrita-nasaud category-por-2021-2027\" data-id=\"5543\">\r\n\t\t<div class=\"w-grid-item-h\">\r\n\t\t\t\t\t\t<div class=\"w-vwrapper usg_vwrapper_3 align_none valign_top\" style=\"--vwrapper-gap: 2rem;\"><div class=\"w-post-elm post_image usg_post_image_1 has_ratio\"><a href=\"https:\/\/regionordvest.ro\/en\/a-fost-semnat-proiectul-infiintare-si-amenajare-parc-botanic-gradina-urbana-transilvania-cod-smis-300352\/\" aria-label=\"A fost semnat proiectul &#8222;\u00cenfiin\u021bare \u0219i Amenajare Parc Botanic \u201cGr\u0103dina Urban\u0103 Transilvania, Cod SMIS 300352\u201d\"><img loading=\"lazy\" decoding=\"async\" width=\"1024\" height=\"859\" src=\"https:\/\/regionordvest.ro\/wp-content\/uploads\/2024\/02\/Beclean-1024x859.png\" class=\"attachment-large size-large wp-post-image\" alt=\"\" \/><\/a><div style=\"padding-bottom:75%\"><\/div><\/div><\/div><div class=\"w-vwrapper usg_vwrapper_1 align_none valign_middle\" style=\"--vwrapper-gap: 0.5rem;\"><h2 class=\"w-post-elm post_title usg_post_title_1 wrapper align_left color_link_inherit\"><a href=\"https:\/\/regionordvest.ro\/en\/a-fost-semnat-proiectul-infiintare-si-amenajare-parc-botanic-gradina-urbana-transilvania-cod-smis-300352\/\">A fost semnat proiectul &#8222;\u00cenfiin\u021bare \u0219i Amenajare Parc Botanic \u201cGr\u0103dina Urban\u0103 Transilvania, Cod SMIS 300352\u201d<\/a><\/h2><\/div><div class=\"w-vwrapper usg_vwrapper_2 align_none valign_bottom\" style=\"--vwrapper-gap: 0.4rem;\"><time class=\"w-post-elm post_date usg_post_date_2 icon-data entry-date published\" datetime=\"2024-02-05T16:28:15+02:00\"><i class=\"far fa-calendar\"><\/i>February 5, 2024<\/time><\/div>\t\t<\/div>\r\n\t\t\t<\/article>\r\n\t<article class=\"w-grid-item size_1x1 post-8165 post type-post status-publish format-standard has-post-thumbnail hentry category-por-2021-2027 category-contract\" data-id=\"8165\">\r\n\t\t<div class=\"w-grid-item-h\">\r\n\t\t\t\t\t\t<div class=\"w-vwrapper usg_vwrapper_3 align_none valign_top\" style=\"--vwrapper-gap: 2rem;\"><div class=\"w-post-elm post_image usg_post_image_1 has_ratio\"><a href=\"https:\/\/regionordvest.ro\/en\/comunicat-de-presa-finalizarea-proiectului-sprijin-pentru-adr-nord-vest-in-calitate-de-autoritate-de-management-pentru-implementarea-programului-regional-nord-vest-in-regiunea-de-dezvoltare-nord-ves\/\" aria-label=\"Comunicat de pres\u0103 finalizarea proiectului &#8222;Sprijin pentru ADR Nord-Vest, \u00een calitate de Autoritate de Management, pentru implementarea Programului Regional Nord- Vest \u00een Regiunea de Dezvoltare Nord-Vest, \u00een perioada 2021-2023&#8221;\"><img loading=\"lazy\" decoding=\"async\" width=\"1024\" height=\"859\" src=\"https:\/\/regionordvest.ro\/wp-content\/uploads\/2024\/10\/AT1_Finalizare-1024x859.png\" class=\"attachment-large size-large wp-post-image\" alt=\"\" \/><\/a><div style=\"padding-bottom:75%\"><\/div><\/div><\/div><div class=\"w-vwrapper usg_vwrapper_1 align_none valign_middle\" style=\"--vwrapper-gap: 0.5rem;\"><h2 class=\"w-post-elm post_title usg_post_title_1 wrapper align_left color_link_inherit\"><a href=\"https:\/\/regionordvest.ro\/en\/comunicat-de-presa-finalizarea-proiectului-sprijin-pentru-adr-nord-vest-in-calitate-de-autoritate-de-management-pentru-implementarea-programului-regional-nord-vest-in-regiunea-de-dezvoltare-nord-ves\/\">Comunicat de pres\u0103 finalizarea proiectului &#8222;Sprijin pentru ADR Nord-Vest, \u00een calitate de Autoritate de Management, pentru implementarea Programului Regional Nord- Vest \u00een Regiunea de Dezvoltare Nord-Vest, \u00een perioada 2021-2023&#8221;<\/a><\/h2><\/div><div class=\"w-vwrapper usg_vwrapper_2 align_none valign_bottom\" style=\"--vwrapper-gap: 0.4rem;\"><time class=\"w-post-elm post_date usg_post_date_2 icon-data entry-date published\" datetime=\"2023-12-28T14:30:09+02:00\"><i class=\"far fa-calendar\"><\/i>December 28, 2023<\/time><\/div>\t\t<\/div>\r\n\t\t\t<\/article>\r\n\t<article class=\"w-grid-item size_1x1 post-5147 post type-post status-publish format-standard has-post-thumbnail hentry category-por-2021-2027 category-contract category-judetul-cluj\" data-id=\"5147\">\r\n\t\t<div class=\"w-grid-item-h\">\r\n\t\t\t\t\t\t<div class=\"w-vwrapper usg_vwrapper_3 align_none valign_top\" style=\"--vwrapper-gap: 2rem;\"><div class=\"w-post-elm post_image usg_post_image_1 has_ratio\"><a href=\"https:\/\/regionordvest.ro\/en\/a-fost-semnat-proiectul-reabilitare-restaurare-si-introducere-in-circuitul-turistic-a-catedralei-mitropolitane-din-cluj-smis-302121\/\" aria-label=\"A fost semnat proiectul \u201eReabilitare, restaurare \u0219i introducere \u00een circuitul turistic a Catedralei Mitropolitane din Cluj, SMIS 302121\u201d\"><img loading=\"lazy\" decoding=\"async\" width=\"1024\" height=\"618\" src=\"https:\/\/regionordvest.ro\/wp-content\/uploads\/2023\/12\/IMG_8191-1024x618.jpg\" class=\"attachment-large size-large wp-post-image\" alt=\"\" \/><\/a><div style=\"padding-bottom:75%\"><\/div><\/div><\/div><div class=\"w-vwrapper usg_vwrapper_1 align_none valign_middle\" style=\"--vwrapper-gap: 0.5rem;\"><h2 class=\"w-post-elm post_title usg_post_title_1 wrapper align_left color_link_inherit\"><a href=\"https:\/\/regionordvest.ro\/en\/a-fost-semnat-proiectul-reabilitare-restaurare-si-introducere-in-circuitul-turistic-a-catedralei-mitropolitane-din-cluj-smis-302121\/\">A fost semnat proiectul \u201eReabilitare, restaurare \u0219i introducere \u00een circuitul turistic a Catedralei Mitropolitane din Cluj, SMIS 302121\u201d<\/a><\/h2><\/div><div class=\"w-vwrapper usg_vwrapper_2 align_none valign_bottom\" style=\"--vwrapper-gap: 0.4rem;\"><time class=\"w-post-elm post_date usg_post_date_2 icon-data entry-date published\" datetime=\"2023-12-22T14:16:39+02:00\"><i class=\"far fa-calendar\"><\/i>December 22, 2023<\/time><\/div>\t\t<\/div>\r\n\t\t\t<\/article>\r\n\t<article class=\"w-grid-item size_1x1 post-4949 post type-post status-publish format-standard has-post-thumbnail hentry category-por-2021-2027 category-contract category-judetul-bihor\" data-id=\"4949\">\r\n\t\t<div class=\"w-grid-item-h\">\r\n\t\t\t\t\t\t<div class=\"w-vwrapper usg_vwrapper_3 align_none valign_top\" style=\"--vwrapper-gap: 2rem;\"><div class=\"w-post-elm post_image usg_post_image_1 has_ratio\"><a href=\"https:\/\/regionordvest.ro\/en\/primul-proiect-finantat-prin-programul-regional-nord-vest-2021-2027\/\" aria-label=\"Primul proiect finan\u021bat prin Programul Regional Nord-Vest 2021-2027\"><img loading=\"lazy\" decoding=\"async\" width=\"1024\" height=\"859\" src=\"https:\/\/regionordvest.ro\/wp-content\/uploads\/2023\/12\/Chenar-site-Articol-131.B-4-1024x859.png\" class=\"attachment-large size-large wp-post-image\" alt=\"\" \/><\/a><div style=\"padding-bottom:75%\"><\/div><\/div><\/div><div class=\"w-vwrapper usg_vwrapper_1 align_none valign_middle\" style=\"--vwrapper-gap: 0.5rem;\"><h2 class=\"w-post-elm post_title usg_post_title_1 wrapper align_left color_link_inherit\"><a href=\"https:\/\/regionordvest.ro\/en\/primul-proiect-finantat-prin-programul-regional-nord-vest-2021-2027\/\">Primul proiect finan\u021bat prin Programul Regional Nord-Vest 2021-2027<\/a><\/h2><\/div><div class=\"w-vwrapper usg_vwrapper_2 align_none valign_bottom\" style=\"--vwrapper-gap: 0.4rem;\"><time class=\"w-post-elm post_date usg_post_date_2 icon-data entry-date published\" datetime=\"2023-12-04T14:55:03+02:00\"><i class=\"far fa-calendar\"><\/i>December 4, 2023<\/time><\/div>\t\t<\/div>\r\n\t\t\t<\/article>\r\n\t<article class=\"w-grid-item size_1x1 post-8159 post type-post status-publish format-standard has-post-thumbnail hentry category-por-2021-2027 category-contract\" data-id=\"8159\">\r\n\t\t<div class=\"w-grid-item-h\">\r\n\t\t\t\t\t\t<div class=\"w-vwrapper usg_vwrapper_3 align_none valign_top\" style=\"--vwrapper-gap: 2rem;\"><div class=\"w-post-elm post_image usg_post_image_1 has_ratio\"><a href=\"https:\/\/regionordvest.ro\/en\/comunicat-de-presa-inceperea-proiectului-sprijin-pentru-adr-nord-vest-in-calitate-de-autoritate-de-management-pentru-implementarea-programului-regional-nord-vest-in-regiunea-de-dezvoltare-nord-ve\/\" aria-label=\"Comunicat de pres\u0103 \u00eenceperea proiectului &#8222;Sprijin pentru ADR Nord-Vest, \u00een calitate de Autoritate de Management, pentru implementarea Programului Regional Nord- Vest \u00een Regiunea de Dezvoltare Nord-Vest, \u00een perioada 2021-2023&#8221;\"><img loading=\"lazy\" decoding=\"async\" width=\"1024\" height=\"859\" src=\"https:\/\/regionordvest.ro\/wp-content\/uploads\/2024\/10\/AT1_Inceput-1024x859.png\" class=\"attachment-large size-large wp-post-image\" alt=\"\" \/><\/a><div style=\"padding-bottom:75%\"><\/div><\/div><\/div><div class=\"w-vwrapper usg_vwrapper_1 align_none valign_middle\" style=\"--vwrapper-gap: 0.5rem;\"><h2 class=\"w-post-elm post_title usg_post_title_1 wrapper align_left color_link_inherit\"><a href=\"https:\/\/regionordvest.ro\/en\/comunicat-de-presa-inceperea-proiectului-sprijin-pentru-adr-nord-vest-in-calitate-de-autoritate-de-management-pentru-implementarea-programului-regional-nord-vest-in-regiunea-de-dezvoltare-nord-ve\/\">Comunicat de pres\u0103 \u00eenceperea proiectului &#8222;Sprijin pentru ADR Nord-Vest, \u00een calitate de Autoritate de Management, pentru implementarea Programului Regional Nord- Vest \u00een Regiunea de Dezvoltare Nord-Vest, \u00een perioada 2021-2023&#8221;<\/a><\/h2><\/div><div class=\"w-vwrapper usg_vwrapper_2 align_none valign_bottom\" style=\"--vwrapper-gap: 0.4rem;\"><time class=\"w-post-elm post_date usg_post_date_2 icon-data entry-date published\" datetime=\"2023-07-21T12:30:26+03:00\"><i class=\"far fa-calendar\"><\/i>July 21, 2023<\/time><\/div>\t\t<\/div>\r\n\t\t\t<\/article>\r\n<\/div><div class=\"w-grid-carousel-json hidden\" onclick='return {&quot;carousel_settings&quot;:{&quot;aria_labels&quot;:{&quot;prev&quot;:&quot;Previous&quot;,&quot;next&quot;:&quot;Next&quot;},&quot;autoplayContinual&quot;:true,&quot;autoplayContinualCss&quot;:false,&quot;autoplayHoverPause&quot;:true,&quot;autoplayTimeout&quot;:3000,&quot;autoWidth&quot;:false,&quot;smartSpeed&quot;:350,&quot;margin&quot;:0,&quot;mouseDrag&quot;:true,&quot;rtl&quot;:false,&quot;slideBy&quot;:&quot;1&quot;,&quot;touchDrag&quot;:true,&quot;slideTransition&quot;:&quot;&quot;,&quot;responsive&quot;:{&quot;0&quot;:{&quot;autoHeight&quot;:false,&quot;autoplay&quot;:false,&quot;autoplayContinualCss&quot;:false,&quot;autoWidth&quot;:false,&quot;center&quot;:false,&quot;dots&quot;:false,&quot;items&quot;:1,&quot;loop&quot;:false,&quot;nav&quot;:false,&quot;stagePadding&quot;:0,&quot;slideBy&quot;:&quot;1&quot;,&quot;touchDrag&quot;:true,&quot;mouseDrag&quot;:true},&quot;701&quot;:{&quot;items&quot;:4,&quot;autoplay&quot;:true,&quot;autoplayContinualCss&quot;:false,&quot;center&quot;:false,&quot;dots&quot;:false,&quot;nav&quot;:true,&quot;autoHeight&quot;:false,&quot;autoWidth&quot;:false,&quot;loop&quot;:true,&quot;stagePadding&quot;:0}}}}'><\/div><\/div><\/div><\/div><\/div><\/div><\/section><section class=\"l-section wpb_row height_small\"><div class=\"l-section-h i-cf\"><div class=\"g-cols vc_row via_grid cols_1 laptops-cols_inherit tablets-cols_inherit mobiles-cols_1 valign_top type_default stacking_default\"><div class=\"wpb_column vc_column_container\"><div class=\"vc_column-inner\"><\/div><\/div><\/div><\/div><\/section>\n","protected":false},"excerpt":{"rendered":"Data: iulie 2023 Agen\u021bia de Dezvoltare Regional\u0103 Nord-Vest, \u00een calitate de Autoritate de Management pentru Programul Regional Nord-Vest 2021-2027, comunic\u0103 lansarea proiectului \u201eSprijin pentru ADR Nord-Vest, \u00een calitate de Autoritate de Management, pentru implementarea Programului Regional Nord- Vest \u00een Regiunea de Dezvoltare Nord-Vest, \u00een perioada 2021-2023 \u2013 Cod SMIS 322335\u201d. Proiectul este finan\u021bat prin Programul...","protected":false},"author":1,"featured_media":0,"parent":0,"menu_order":0,"comment_status":"closed","ping_status":"closed","template":"","meta":{"footnotes":""},"class_list":["post-8","page","type-page","status-publish","hentry"],"_links":{"self":[{"href":"https:\/\/regionordvest.ro\/en\/wp-json\/wp\/v2\/pages\/8","targetHints":{"allow":["GET"]}}],"collection":[{"href":"https:\/\/regionordvest.ro\/en\/wp-json\/wp\/v2\/pages"}],"about":[{"href":"https:\/\/regionordvest.ro\/en\/wp-json\/wp\/v2\/types\/page"}],"author":[{"embeddable":true,"href":"https:\/\/regionordvest.ro\/en\/wp-json\/wp\/v2\/users\/1"}],"replies":[{"embeddable":true,"href":"https:\/\/regionordvest.ro\/en\/wp-json\/wp\/v2\/comments?post=8"}],"version-history":[{"count":220,"href":"https:\/\/regionordvest.ro\/en\/wp-json\/wp\/v2\/pages\/8\/revisions"}],"predecessor-version":[{"id":11685,"href":"https:\/\/regionordvest.ro\/en\/wp-json\/wp\/v2\/pages\/8\/revisions\/11685"}],"wp:attachment":[{"href":"https:\/\/regionordvest.ro\/en\/wp-json\/wp\/v2\/media?parent=8"}],"curies":[{"name":"wp","href":"https:\/\/api.w.org\/{rel}","templated":true}]}}